{"id":5747,"date":"2021-07-09T11:18:26","date_gmt":"2021-07-09T09:18:26","guid":{"rendered":"https:\/\/www.fieger-lamellenfenster.de\/produits\/produits-fds\/"},"modified":"2025-08-27T14:21:56","modified_gmt":"2025-08-27T12:21:56","slug":"produits-fds","status":"publish","type":"page","link":"https:\/\/www.fieger-lamellenfenster.de\/fr\/produits\/produits-fds\/","title":{"rendered":"Produits FDS"},"content":{"rendered":"<div class=\"wp-block-themepunch-revslider revslider\" data-modal=\"false\" data-slidertitle=\"FDS_fr\" style=\"\">\n\t\t\t<!-- START FDS_fr REVOLUTION SLIDER 6.6.20 --><p class=\"rs-p-wp-fix\"><\/p>\n\t\t\t<rs-module-wrap id=\"rev_slider_29_1_wrapper\" data-source=\"gallery\" style=\"visibility:hidden;background:transparent;padding:0;margin:0px auto;margin-top:0;margin-bottom:0;\">\n\t\t\t\t<rs-module id=\"rev_slider_29_1\" style=\"\" data-version=\"6.6.20\">\n\t\t\t\t\t<rs-slides style=\"overflow: hidden; position: absolute;\">\n\t\t\t\t\t\t<rs-slide style=\"position: absolute;\" data-key=\"rs-43\" data-title=\"Slide2\" data-duration=\"4000ms\" data-in=\"o:0;\" data-out=\"a:false;\" data-d3=\"f:turn;d:vertical;su:true;\">\n\t\t\t\t\t\t\t<img decoding=\"async\" src=\"\/\/www.fieger-lamellenfenster.de\/wp-content\/plugins\/revslider\/public\/assets\/assets\/dummy.png\" alt=\"FDS Entwicklung von Systemen mit beweglichen und\/oder starren Lamellen aus Aluminium oder Glas\" title=\"FDS_slider\" width=\"1500\" height=\"300\" class=\"rev-slidebg tp-rs-img rs-lazyload\" data-lazyload=\"\/\/www.fieger-lamellenfenster.de\/wp-content\/uploads\/2021\/04\/FDS_slider.jpg\" data-no-retina>\n<!--\n\t\t\t\t\t\t\t--><rs-layer\n\t\t\t\t\t\t\t\tid=\"slider-29-slide-43-layer-2\" \n\t\t\t\t\t\t\t\tdata-type=\"text\"\n\t\t\t\t\t\t\t\tdata-color=\"#000000\"\n\t\t\t\t\t\t\t\tdata-rsp_ch=\"on\"\n\t\t\t\t\t\t\t\tdata-xy=\"x:-350px;y:92px;\"\n\t\t\t\t\t\t\t\tdata-text=\"w:nowrap;s:32;l:41;fw:700;a:right;\"\n\t\t\t\t\t\t\t\tdata-dim=\"w:867px;\"\n\t\t\t\t\t\t\t\tdata-vbility=\"t,t,t,f\"\n\t\t\t\t\t\t\t\tdata-padding=\"t:5;r:15;b:5;l:80;\"\n\t\t\t\t\t\t\t\tdata-frame_0=\"x:right;\"\n\t\t\t\t\t\t\t\tdata-frame_1=\"sp:1000;\"\n\t\t\t\t\t\t\t\tdata-frame_999=\"o:0;st:w;\"\n\t\t\t\t\t\t\t\tstyle=\"z-index:8;background-color:rgba(255,255,255,0.9);font-family:'Oswald';\"\n\t\t\t\t\t\t\t><font color=\"#c02126\">FDS  <\/font>LA CR\u00c9ATIVIT\u00c9 SANS LIMITE \n\t\t\t\t\t\t\t<\/rs-layer><!--\n-->\t\t\t\t\t\t<\/rs-slide>\n\t\t\t\t\t<\/rs-slides>\n\t\t\t\t\t<rs-static-layers><!--\n\t\t\t\t\t--><\/rs-static-layers>\n\t\t\t\t<\/rs-module>\n\t\t\t\t<script>\n\t\t\t\t\tsetREVStartSize({c: 'rev_slider_29_1',rl:[1240,1024,778,480],el:[300],gw:[1240],gh:[300],type:'standard',justify:'',layout:'fullwidth',mh:\"0\"});if (window.RS_MODULES!==undefined && window.RS_MODULES.modules!==undefined && window.RS_MODULES.modules[\"revslider291\"]!==undefined) {window.RS_MODULES.modules[\"revslider291\"].once = false;window.revapi29 = undefined;if (window.RS_MODULES.checkMinimal!==undefined) window.RS_MODULES.checkMinimal()}\n\t\t\t\t<\/script>\n\t\t\t<\/rs-module-wrap>\n\t\t\t<!-- END REVOLUTION SLIDER -->\n<\/div>\n\n\n\n\n\n<p><\/p><!--themify_builder_content-->\n<div id=\"themify_builder_content-5747\" data-postid=\"5747\" class=\"themify_builder_content themify_builder_content-5747 themify_builder tf_clear\">\n    \t\t\t<!-- module_row -->\n\t<div  data-lazy=\"1\" class=\"module_row themify_builder_row tb_6it8069 tb_first tf_w tf_clearfix\">\n\t    \t\t\t<div class=\"row_inner col_align_top tb_col_count_1 tf_box tf_rel\">\n\t\t            <div  data-lazy=\"1\" class=\"module_column tb-column col-full tb_1avu010 first\">\n                                                        <div class=\"tb-column-inner tf_box tf_w\">\n                        <!-- module fancy heading -->\n<div  class=\"module module-fancy-heading tb_b1h1020 \" data-lazy=\"1\">\n        <h1 class=\"fancy-heading tf_textc\">\n    <span class=\"main-head tf_block\">\n\t\t\t\t\tFen\u00eatres \u00e0 lames\u00a0FIEGER\u00a0FDS\t\t    <\/span>\n\n\t\n    <span class=\"sub-head tf_block tf_rel\">\n\t\t\t\t\tPour les designs et les structures sp\u00e9ciales les plus imaginatifs\t\t    <\/span>\n    <\/h1>\n<\/div>\n<!-- \/module fancy heading -->\n\t<div  data-lazy=\"1\" class=\"module_subrow themify_builder_sub_row tb_bf7o290 tf_w tf_clearfix\">\n\t    \t\t\t<div class=\"subrow_inner col_align_top tb_col_count_2 tf_box tf_w\">\n\t\t            <div  data-lazy=\"1\" class=\"module_column sub_column tb_yy85900 first\">\n                                                        <div class=\"tb-column-inner tf_box tf_w\">\n                        <!-- module text -->\n<div  class=\"module module-text tb_jg3j000   \" data-lazy=\"1\">\n        <div  class=\"tb_text_wrap\">\n    <p>Les fen\u00eatres FDS vous permettent de laisser libre cours \u00e0 votre cr\u00e9ativit\u00e9. Pour vous, nous mettons en \u0153uvre tout ce qui est techniquement possible pour r\u00e9aliser vos fen\u00eatres \u00e0 lames.<\/p>    <\/div>\n<\/div>\n<!-- \/module text -->                    <\/div>\n                            <\/div>\n                        <div  data-lazy=\"1\" class=\"module_column sub_column tb_5um6000 last\">\n                                                        <div class=\"tb-column-inner tf_box tf_w\">\n                        <!-- module text -->\n<div  class=\"module module-text tb_3fvs092   \" data-lazy=\"1\">\n        <div  class=\"tb_text_wrap\">\n    <p>Nos prestations vont ainsi de l&rsquo;adaptation des syst\u00e8mes existants \u00e0 l&rsquo;innovation compl\u00e8te de syst\u00e8mes de ch\u00e2ssis.<\/p>    <\/div>\n<\/div>\n<!-- \/module text -->                    <\/div>\n                            <\/div>\n            \t    <\/div>\n\t<\/div><!-- \/themify_builder_sub_row -->\n\t                    <\/div>\n                            <\/div>\n            \t    <\/div>\n\t    <!-- \/row_inner -->\n\t<\/div>\n\t<!-- \/module_row -->\n\t\t\t\t<!-- module_row -->\n\t<div  data-lazy=\"1\" class=\"module_row themify_builder_row tb_ibwf090 tf_w tf_clearfix\">\n\t    \t\t\t<div class=\"row_inner col_align_top tb_col_count_2 tf_box tf_rel\">\n\t\t            <div  data-lazy=\"1\" class=\"module_column tb-column col4-1 tb_vp5z522 first\">\n                                                        <div class=\"tb-column-inner tf_box tf_w\">\n                        \t<div  data-sticky-active=\"{&quot;d&quot;:{&quot;stick&quot;:{&quot;v&quot;:&quot;100&quot;},&quot;unstick&quot;:{&quot;type&quot;:&quot;row&quot;,&quot;el&quot;:&quot;v0x2100&quot;}},&quot;m&quot;:0}\" data-lazy=\"1\" class=\"module_subrow themify_builder_sub_row tb_tryu433 hide-mobile tf_w tf_clearfix\">\n\t    \t\t\t<div class=\"subrow_inner col_align_top tb_col_count_1 tf_box tf_w\">\n\t\t            <div  data-lazy=\"1\" class=\"module_column sub_column col-full tb_i3w7433 first\">\n                                                        <div class=\"tb-column-inner tf_box tf_w\">\n                        <!-- module text -->\n<div  class=\"module module-text tb_wupb433   \" data-lazy=\"1\">\n        <div  class=\"tb_text_wrap\">\n    <p style=\"text-align: left;\">Avec isolation thermique<\/p>    <\/div>\n<\/div>\n<!-- \/module text --><!-- module image -->\n<div  class=\"module module-image tb_em15433   image-left tf_mw\" data-lazy=\"1\">\n        <div class=\"image-wrap tf_rel tf_mw\">\n\t\t    <a href=\"https:\/\/www.fieger-lamellenfenster.de\/fr\/produits\/produits-flw-32\/\"\n\t       \t       >\n\t\t   \t\t<img loading=\"lazy\" decoding=\"async\" width=\"180\" height=\"57\" src=\"https:\/\/www.fieger-lamellenfenster.de\/wp-content\/uploads\/2021\/04\/FLW_32_AIRSMO_RGB_180x57.png\" class=\"wp-post-image wp-image-2213\" title=\"FLW_32_AIR+SMO_RGB_180x57\" alt=\"FLW 32 airtec smotec\">\t    <\/a>\n\t\n\t\t<\/div>\n\t<!-- \/image-wrap -->\n    \n    \t<\/div>\n<!-- \/module image --><!-- module image -->\n<div  class=\"module module-image tb_iico433   image-left tf_mw\" data-lazy=\"1\">\n        <div class=\"image-wrap tf_rel tf_mw\">\n\t\t    <a href=\"https:\/\/www.fieger-lamellenfenster.de\/fr\/produits\/produits-flw-40\/\"\n\t       \t       >\n\t\t   \t\t<img loading=\"lazy\" decoding=\"async\" width=\"180\" height=\"57\" src=\"https:\/\/www.fieger-lamellenfenster.de\/wp-content\/uploads\/2021\/04\/FLW_40_AIRSMO_RGB_180x57.png\" class=\"wp-post-image wp-image-2247\" title=\"FLW_40_AIR+SMO_RGB_180x57\" alt=\"FLW 40 airtec + smotec\">\t    <\/a>\n\t\n\t\t<\/div>\n\t<!-- \/image-wrap -->\n    \n    \t<\/div>\n<!-- \/module image --><!-- module image -->\n<div  class=\"module module-image tb_gbig433   image-left tf_mw\" data-lazy=\"1\">\n        <div class=\"image-wrap tf_rel tf_mw\">\n\t\t    <a href=\"https:\/\/www.fieger-lamellenfenster.de\/fr\/produits\/produits-fll-131\/\"\n\t       \t       >\n\t\t   \t\t<img loading=\"lazy\" decoding=\"async\" width=\"180\" height=\"57\" src=\"https:\/\/www.fieger-lamellenfenster.de\/wp-content\/uploads\/2021\/04\/FLL_131_AIRSMO_RGB_180x57.png\" class=\"wp-post-image wp-image-2223\" title=\"FLL_131_AIR+SMO_RGB_180x57\" alt=\"FLL 131 aitec smotec\">\t    <\/a>\n\t\n\t\t<\/div>\n\t<!-- \/image-wrap -->\n    \n    \t<\/div>\n<!-- \/module image --><!-- module text -->\n<div  class=\"module module-text tb_s9s0433   \" data-lazy=\"1\">\n        <div  class=\"tb_text_wrap\">\n    <p style=\"text-align: left;\">Sans isolation thermique<\/p>    <\/div>\n<\/div>\n<!-- \/module text --><!-- module image -->\n<div  class=\"module module-image tb_fqmr433   image-left tf_mw\" data-lazy=\"1\">\n        <div class=\"image-wrap tf_rel tf_mw\">\n\t\t    <a href=\"https:\/\/www.fieger-lamellenfenster.de\/fr\/produits\/produits-flm-pg-flm-lg\/\"\n\t       \t       >\n\t\t   \t\t<img loading=\"lazy\" decoding=\"async\" width=\"180\" height=\"57\" src=\"https:\/\/www.fieger-lamellenfenster.de\/wp-content\/uploads\/2021\/04\/FLM_PG_LG_AIRSMO_RGB_180x57.png\" class=\"wp-post-image wp-image-2235\" title=\"FLM_PG_LG_AIR+SMO_RGB_180x57\" alt=\"FLM PG LG airtec smotec\">\t    <\/a>\n\t\n\t\t<\/div>\n\t<!-- \/image-wrap -->\n    \n    \t<\/div>\n<!-- \/module image --><!-- module image -->\n<div  class=\"module module-image tb_nb0z434   image-left tf_mw\" data-lazy=\"1\">\n        <div class=\"image-wrap tf_rel tf_mw\">\n\t\t    <a href=\"https:\/\/www.fieger-lamellenfenster.de\/fr\/produits\/produits-fds\/\"\n\t       \t       >\n\t\t   \t\t<img loading=\"lazy\" decoding=\"async\" width=\"180\" height=\"57\" src=\"https:\/\/www.fieger-lamellenfenster.de\/wp-content\/uploads\/2021\/04\/FDS_AIRSMO_RGB_180x57.png\" class=\"wp-post-image wp-image-2219\" title=\"FDS_AIR+SMO_RGB_180x57\" alt=\"FDS airtec smotec\">\t    <\/a>\n\t\n\t\t<\/div>\n\t<!-- \/image-wrap -->\n    \n    \t<\/div>\n<!-- \/module image --><!-- module text -->\n<div  class=\"module module-text tb_epfr434   \" data-lazy=\"1\">\n        <div  class=\"tb_text_wrap\">\n    <h4 style=\"text-align: left;\"><a href=\"https:\/\/www.fieger-lamellenfenster.de\/fr\/produits\/entrainements-accessoires-et-assistance\/#entrainement\">Entra\u00eenements<\/a><\/h4>\n    <\/div>\n<\/div>\n<!-- \/module text --><!-- module text -->\n<div  class=\"module module-text tb_efbm434   \" data-lazy=\"1\">\n        <div  class=\"tb_text_wrap\">\n    <h4 style=\"text-align: left;\"><a href=\"https:\/\/www.fieger-lamellenfenster.de\/fr\/produits\/entrainements-accessoires-et-assistance\/\/#homezubehoer\">Accessoires<\/a><\/h4>\n    <\/div>\n<\/div>\n<!-- \/module text --><!-- module text -->\n<div  class=\"module module-text tb_koid434   \" data-lazy=\"1\">\n        <div  class=\"tb_text_wrap\">\n    <h4 style=\"text-align: left;\"><a href=\"https:\/\/www.fieger-lamellenfenster.de\/fr\/produits\/entrainements-accessoires-et-assistance\/#homeservice\">Assistance<\/a><\/h4>\n    <\/div>\n<\/div>\n<!-- \/module text --><!-- module buttons -->\n<div  class=\"module module-buttons tb_lbfp434 buttons-horizontal solid  small squared\" data-lazy=\"1\">\n    \t<div class=\"module-buttons-item tf_inline_b\">\n\t\t\t\t\t\t\t<a href=\"https:\/\/www.fieger-lamellenfenster.de\/downloads\/\" class=\"ui builder_button red\" target=\"_blank\" rel=\"noopener\">\n\t\t\t\t\t\t\t\t\t\t\t<span class=\"tf_inline_b tf_vmiddle\">T\u00e9l\u00e9chargements<\/span>\n\t\t\t\t\t\t\t\t\t\t\t<\/a>\n\t\t\t    \t<\/div>\n    <\/div>\n<!-- \/module buttons -->\n                    <\/div>\n                            <\/div>\n            \t    <\/div>\n\t<\/div><!-- \/themify_builder_sub_row -->\n\t                    <\/div>\n                            <\/div>\n                        <div  data-lazy=\"1\" class=\"module_column tb-column col4-3 tb_njns100 last\">\n                                                        <div class=\"tb-column-inner tf_box tf_w\">\n                        <!-- module text -->\n<div  class=\"module module-text tb_goj9121  repeat \" data-lazy=\"1\">\n        <div  class=\"tb_text_wrap\">\n    <h4>Nos domaines d&rsquo;expertise sont les suivants\u00a0:<\/h4>    <\/div>\n<\/div>\n<!-- \/module text --><!-- module icon -->\n<div  class=\"module module-icon tb_lcmz620  small squared icon_vertical \" data-lazy=\"1\">\n        <div class=\"module-icon-item\">\n\t    \t\t\t\t\t\t    <img loading=\"lazy\" decoding=\"async\" width=\"74\" height=\"74\" src=\"https:\/\/www.fieger-lamellenfenster.de\/wp-content\/uploads\/2021\/03\/FIEGER_icon_Liste.png\" class=\"tf_box wp-post-image wp-image-1120\" title=\"D\u00e9veloppement de syst\u00e8mes avec des lames mobiles et\/ou fixes en aluminium ou en verre avec des profil\u00e9s propres \u00e0 chaque projet.\" alt=\"D\u00e9veloppement de syst\u00e8mes avec des lames mobiles et\/ou fixes en aluminium ou en verre avec des profil\u00e9s propres \u00e0 chaque projet.\">\t\t\t\t\t\t    \t    \t    <span>D\u00e9veloppement de syst\u00e8mes avec des lames mobiles et\/ou fixes en aluminium ou en verre avec des profil\u00e9s propres \u00e0 chaque projet.<\/span>\n\t\t    \t\t\t\t        <\/div>\n\t        <div class=\"module-icon-item\">\n\t    \t\t\t\t\t\t    <img loading=\"lazy\" decoding=\"async\" width=\"74\" height=\"74\" src=\"https:\/\/www.fieger-lamellenfenster.de\/wp-content\/uploads\/2021\/03\/FIEGER_icon_Liste.png\" class=\"tf_box wp-post-image wp-image-1120\" title=\"Description, fabrication de prototypes et contr\u00f4le des nouveaux syst\u00e8mes, conform\u00e9ment aux exigences de vos domaines d&#039;application.\" alt=\"Description, fabrication de prototypes et contr\u00f4le des nouveaux syst\u00e8mes, conform\u00e9ment aux exigences de vos domaines d&#039;application.\">\t\t\t\t\t\t    \t    \t    <span>Description, fabrication de prototypes et contr\u00f4le des nouveaux syst\u00e8mes, conform\u00e9ment aux exigences de vos domaines d'application.<\/span>\n\t\t    \t\t\t\t        <\/div>\n\t        <div class=\"module-icon-item\">\n\t    \t\t\t\t\t\t    <img loading=\"lazy\" decoding=\"async\" width=\"74\" height=\"74\" src=\"https:\/\/www.fieger-lamellenfenster.de\/wp-content\/uploads\/2021\/03\/FIEGER_icon_Liste.png\" class=\"tf_box wp-post-image wp-image-1120\" title=\"D\u00e9veloppement de nouvelles technologies d&#039;entra\u00eenement, de syst\u00e8me de pilotage et de contr\u00f4le adapt\u00e9 \u00e0 nos fen\u00eatres \u00e0 lames.\" alt=\"D\u00e9veloppement de nouvelles technologies d&#039;entra\u00eenement, de syst\u00e8me de pilotage et de contr\u00f4le adapt\u00e9 \u00e0 nos fen\u00eatres \u00e0 lames.\">\t\t\t\t\t\t    \t    \t    <span>D\u00e9veloppement de nouvelles technologies d'entra\u00eenement, de syst\u00e8me de pilotage et de contr\u00f4le adapt\u00e9 \u00e0 nos fen\u00eatres \u00e0 lames.<\/span>\n\t\t    \t\t\t\t        <\/div>\n\t<\/div>\n<!-- \/module icon -->\n<!-- module image -->\n<div  class=\"module module-image tb_2a68458   image-top tf_mw\" data-lazy=\"1\" id=\"bmw-muenchen\">\n        <div class=\"image-wrap tf_rel tf_mw\">\n\t\t    <img loading=\"lazy\" decoding=\"async\" width=\"928\" height=\"644\" src=\"https:\/\/www.fieger-lamellenfenster.de\/wp-content\/uploads\/2021\/04\/FDS-BMW-Welt-Muenchen.jpg\" class=\"wp-post-image wp-image-3180\" title=\"FDS-BMW-Welt-Muenchen\" alt=\" Fieger FDS Lamellen Design und Sonderbau in allen denkbaren Formen wie hier in der BMW-Welt M\u00fcnchen\" srcset=\"https:\/\/www.fieger-lamellenfenster.de\/wp-content\/uploads\/2021\/04\/FDS-BMW-Welt-Muenchen.jpg 928w, https:\/\/www.fieger-lamellenfenster.de\/wp-content\/uploads\/2021\/04\/FDS-BMW-Welt-Muenchen-300x208.jpg 300w, https:\/\/www.fieger-lamellenfenster.de\/wp-content\/uploads\/2021\/04\/FDS-BMW-Welt-Muenchen-768x533.jpg 768w\" sizes=\"(max-width: 928px) 100vw, 928px\" \/>\t\n\t\t<\/div>\n\t<!-- \/image-wrap -->\n    \n    \t<\/div>\n<!-- \/module image --><!-- module text -->\n<div  class=\"module module-text tb_5cc1801   \" data-lazy=\"1\" id=\"emptybox\">\n        <div  class=\"tb_text_wrap\">\n        <\/div>\n<\/div>\n<!-- \/module text -->                    <\/div>\n                            <\/div>\n            \t    <\/div>\n\t    <!-- \/row_inner -->\n\t<\/div>\n\t<!-- \/module_row -->\n\t\t\t\t<!-- module_row -->\n\t<div  id=\"CAT\" data-lazy=\"1\" class=\"module_row themify_builder_row tb_v0x2100 tf_w tf_clearfix\">\n\t    \t\t\t<div class=\"row_inner col_align_top tb_col_count_1 tf_box tf_rel\">\n\t\t            <div  data-lazy=\"1\" class=\"module_column tb-column col-full tb_8u08020 first\">\n                                                        <div class=\"tb-column-inner tf_box tf_w\">\n                        \t<div  data-lazy=\"1\" class=\"module_subrow themify_builder_sub_row tb_3i7j224 tf_w tf_clearfix\">\n\t    \t\t\t<div class=\"subrow_inner col_align_middle tb_col_count_2 tf_box tf_w\">\n\t\t            <div  data-lazy=\"1\" class=\"module_column sub_column col3-1 tb_5utp022 first\">\n                                                <\/div>\n                        <div  data-lazy=\"1\" class=\"module_column sub_column col3-2 tb_4cz8020 last\">\n                                                        <div class=\"tb-column-inner tf_box tf_w\">\n                        <!-- module text -->\n<div  class=\"module module-text tb_ff3c005   \" data-lazy=\"1\">\n        <div  class=\"tb_text_wrap\">\n    <h4>Vous avez besoin de mod\u00e8les sp\u00e9ciaux ? Notre service de d\u00e9veloppement interne \u00e9labore pour vous des solutions de ch\u00e2ssis sur mesure. <br>Contactez-nous\u00a0:<\/h4>    <\/div>\n<\/div>\n<!-- \/module text --><!-- module buttons -->\n<div  class=\"module module-buttons tb_7ha2800 buttons-horizontal solid  squared\" data-lazy=\"1\">\n    \t<div class=\"module-buttons-item tf_inline_b\">\n\t\t\t\t\t\t\t<a href=\"https:\/\/www.fieger-lamellenfenster.de\/fr\/contact\/\" class=\"ui builder_button red\" >\n\t\t\t\t\t\t\t\t\t\t\t<span class=\"tf_inline_b tf_vmiddle\">Contact<\/span>\n\t\t\t\t\t\t\t\t\t\t\t<\/a>\n\t\t\t    \t<\/div>\n    <\/div>\n<!-- \/module buttons -->\n<!-- module text -->\n<div  class=\"module module-text tb_esyy015   \" data-lazy=\"1\">\n        <div  class=\"tb_text_wrap\">\n    <p><strong>Ou profitez directement des conseils de notre \u00e9quipe de professionnels\u00a0:<\/strong><br \/>info@fieger-lamellenfenster.de <br \/>+49 6201 84434-0<\/p>    <\/div>\n<\/div>\n<!-- \/module text -->                    <\/div>\n                            <\/div>\n            \t    <\/div>\n\t<\/div><!-- \/themify_builder_sub_row -->\n\t                    <\/div>\n                            <\/div>\n            \t    <\/div>\n\t    <!-- \/row_inner -->\n\t<\/div>\n\t<!-- \/module_row -->\n\t\t\t\t<!-- module_row -->\n\t<div  data-lazy=\"1\" class=\"module_row themify_builder_row tb_i29z408 tf_w tf_clearfix\">\n\t    \t\t\t<div class=\"row_inner col_align_top tb_col_count_1 tf_box tf_rel\">\n\t\t            <div  data-lazy=\"1\" class=\"module_column tb-column col-full tb_d0dr409 first\">\n                                                        <div class=\"tb-column-inner tf_box tf_w\">\n                        <!-- module fancy heading -->\n<div  class=\"module module-fancy-heading tb_llu3409 \" data-lazy=\"1\">\n        <h1 class=\"fancy-heading tf_textc\">\n    <span class=\"main-head tf_block\">\n\t\t\t\t\tProjects Actuels\t\t    <\/span>\n\n\t\n    <span class=\"sub-head tf_block tf_rel\">\n\t\t\t\t\t\t\t    <\/span>\n    <\/h1>\n<\/div>\n<!-- \/module fancy heading -->\n<!-- module post -->\n<div  class=\"module module-portfolio tb_9awf409 \">\n        <ul class=\"post-filter tf_textc tf_opacity\">\n\t\t\t<li class=\"cat-item cat-item-113\"><a href=\"https:\/\/www.fieger-lamellenfenster.de\/fr\/portfolio-category\/flm-pg-lg-fr\/\">FLM PG \/ LG<\/a>\n<\/li>\n\t<li class=\"cat-item cat-item-117\"><a href=\"https:\/\/www.fieger-lamellenfenster.de\/fr\/portfolio-category\/flw-fr\/\">FLW<\/a>\n<\/li>\n\t<li class=\"cat-item cat-item-127\"><a href=\"https:\/\/www.fieger-lamellenfenster.de\/fr\/portfolio-category\/smotec-fr\/\">smotec<\/a>\n<\/li>\n\t<li class=\"cat-item cat-item-105\"><a href=\"https:\/\/www.fieger-lamellenfenster.de\/fr\/portfolio-category\/tous-fr\/\">Tous<\/a>\n<\/li>\n\t\t    <\/ul>\n\t    <div  class=\"builder-posts-wrap loops-wrapper portfolio tf_tiles_more auto_tiles masonry polaroid classic tf_rel tf_clear tf_clearfix\" data-lazy=\"1\">\n\t<article id=\"portfolio-8002\" class=\"post tf_clearfix portfolio-post cat-113 cat-127 cat-105 post-8002 portfolio type-portfolio status-publish has-post-thumbnail hentry portfolio-category-flm-pg-lg-fr portfolio-category-smotec-fr portfolio-category-tous-fr has-post-title no-post-date has-post-category has-post-tag has-post-comment has-post-author   cat-113  cat-127  cat-105\">\n\t\n\t\n\t\t\t\t<figure class=\"post-image tf_clearfix\">\n\t\t\t    \t\t\t\t\t\t\t\t<a href=\"https:\/\/www.fieger-lamellenfenster.de\/fr\/projekt\/chartwell-court\/\">\n\t\t\t\t\t\t\t\t<img loading=\"lazy\" decoding=\"async\" width=\"1500\" height=\"1130\" src=\"https:\/\/www.fieger-lamellenfenster.de\/wp-content\/uploads\/2021\/11\/ChartwellCourtBrighton1500x1130.jpg\" class=\"wp-post-image wp-image-6762\" title=\"ChartwellCourtBrighton1500x1130\" alt=\"Smotec Fieger Lamellenfenster - Chartwell Court Brighton Gro\u00dfbritannien\" srcset=\"https:\/\/www.fieger-lamellenfenster.de\/wp-content\/uploads\/2021\/11\/ChartwellCourtBrighton1500x1130.jpg 1500w, https:\/\/www.fieger-lamellenfenster.de\/wp-content\/uploads\/2021\/11\/ChartwellCourtBrighton1500x1130-300x226.jpg 300w, https:\/\/www.fieger-lamellenfenster.de\/wp-content\/uploads\/2021\/11\/ChartwellCourtBrighton1500x1130-1024x771.jpg 1024w, https:\/\/www.fieger-lamellenfenster.de\/wp-content\/uploads\/2021\/11\/ChartwellCourtBrighton1500x1130-768x579.jpg 768w\" sizes=\"(max-width: 1500px) 100vw, 1500px\" \/>\t\t\t\t\t\t\t\t    \t\t\t\t<\/a>\n\t\t\t\t\t\t\t    \t\t\t<\/figure>\n\t\t\t\n\t<div class=\"post-content\">\n\n\t\t\n\t\t\t<div class=\"post-content-inner\">\n\n\t\t\t\t\t\t\n\t\t\t\t\t\t\n\t\t\t\t\t\t<h2 class=\"post-title entry-title\"><a href=\"https:\/\/www.fieger-lamellenfenster.de\/fr\/projekt\/chartwell-court\/\">Chartwell Court<\/a><\/h2>\n\t\t\n\t\t\t<div class=\"entry-content\">\n\n        \n\t<\/div><!-- \/.entry-content -->\n\t\n\t\t\n\t\t\t<\/div>\n\t\t\t<!-- \/.post-content-inner -->\n\t\t\n\t<\/div>\n\t<!-- \/.post-content -->\n\t<\/article>\n<!-- \/.post -->\n<article id=\"portfolio-8004\" class=\"post tf_clearfix portfolio-post cat-113 cat-127 cat-105 post-8004 portfolio type-portfolio status-publish has-post-thumbnail hentry portfolio-category-flm-pg-lg-fr portfolio-category-smotec-fr portfolio-category-tous-fr has-post-title no-post-date has-post-category has-post-tag has-post-comment has-post-author   cat-113  cat-127  cat-105\">\n\t\n\t\n\t\t\t\t<figure class=\"post-image tf_clearfix\">\n\t\t\t    \t\t\t\t\t\t\t\t<a href=\"https:\/\/www.fieger-lamellenfenster.de\/fr\/projekt\/north-sighthill-regeneration\/\">\n\t\t\t\t\t\t\t\t<img loading=\"lazy\" decoding=\"async\" width=\"1500\" height=\"1130\" src=\"https:\/\/www.fieger-lamellenfenster.de\/wp-content\/uploads\/2021\/11\/NorthSighthillRegenerationEdinburgh_1500x1130.jpg\" class=\"wp-post-image wp-image-6740\" title=\"NorthSighthillRegenerationEdinburgh_1500x1130\" alt=\" North Sighthill Regeneration Edinburgh FIEGER FLM  Lamellenfenster, \u201eDIN EN 12101-2\u201c-zertifizierte NRWG Nat\u00fcrliche Rauch- und W\u00e4rmeabzugsger\u00e4te\" srcset=\"https:\/\/www.fieger-lamellenfenster.de\/wp-content\/uploads\/2021\/11\/NorthSighthillRegenerationEdinburgh_1500x1130.jpg 1500w, https:\/\/www.fieger-lamellenfenster.de\/wp-content\/uploads\/2021\/11\/NorthSighthillRegenerationEdinburgh_1500x1130-300x226.jpg 300w, https:\/\/www.fieger-lamellenfenster.de\/wp-content\/uploads\/2021\/11\/NorthSighthillRegenerationEdinburgh_1500x1130-1024x771.jpg 1024w, https:\/\/www.fieger-lamellenfenster.de\/wp-content\/uploads\/2021\/11\/NorthSighthillRegenerationEdinburgh_1500x1130-768x579.jpg 768w\" sizes=\"(max-width: 1500px) 100vw, 1500px\" \/>\t\t\t\t\t\t\t\t    \t\t\t\t<\/a>\n\t\t\t\t\t\t\t    \t\t\t<\/figure>\n\t\t\t\n\t<div class=\"post-content\">\n\n\t\t\n\t\t\t<div class=\"post-content-inner\">\n\n\t\t\t\t\t\t\n\t\t\t\t\t\t\n\t\t\t\t\t\t<h2 class=\"post-title entry-title\"><a href=\"https:\/\/www.fieger-lamellenfenster.de\/fr\/projekt\/north-sighthill-regeneration\/\">North Sighthill Regeneration<\/a><\/h2>\n\t\t\n\t\t\t<div class=\"entry-content\">\n\n        \n\t<\/div><!-- \/.entry-content -->\n\t\n\t\t\n\t\t\t<\/div>\n\t\t\t<!-- \/.post-content-inner -->\n\t\t\n\t<\/div>\n\t<!-- \/.post-content -->\n\t<\/article>\n<!-- \/.post -->\n<article id=\"portfolio-8006\" class=\"post tf_clearfix portfolio-post cat-117 cat-127 cat-105 post-8006 portfolio type-portfolio status-publish has-post-thumbnail hentry portfolio-category-flw-fr portfolio-category-smotec-fr portfolio-category-tous-fr has-post-title no-post-date has-post-category has-post-tag has-post-comment has-post-author   cat-117  cat-127  cat-105\">\n\t\n\t\n\t\t\t\t<figure class=\"post-image tf_clearfix\">\n\t\t\t    \t\t\t\t\t\t\t\t<a href=\"https:\/\/www.fieger-lamellenfenster.de\/fr\/projekt\/banbridge-health-care-centre\/\">\n\t\t\t\t\t\t\t\t<img loading=\"lazy\" decoding=\"async\" width=\"1500\" height=\"1130\" src=\"https:\/\/www.fieger-lamellenfenster.de\/wp-content\/uploads\/2021\/06\/Banbridge-Health-and-Care-CentreTitel-2.jpg\" class=\"wp-post-image wp-image-5412\" title=\"Banbridge-Health-and-Care-CentreTitel\" alt=\"Das Banbridge Health and Care Centre in Nord Irland mit FLW 28 airtec Lamellenfenster von Fieger ist Gewinner des RIBA National Award 2016 \" srcset=\"https:\/\/www.fieger-lamellenfenster.de\/wp-content\/uploads\/2021\/06\/Banbridge-Health-and-Care-CentreTitel-2.jpg 1500w, https:\/\/www.fieger-lamellenfenster.de\/wp-content\/uploads\/2021\/06\/Banbridge-Health-and-Care-CentreTitel-2-300x226.jpg 300w, https:\/\/www.fieger-lamellenfenster.de\/wp-content\/uploads\/2021\/06\/Banbridge-Health-and-Care-CentreTitel-2-1024x771.jpg 1024w, https:\/\/www.fieger-lamellenfenster.de\/wp-content\/uploads\/2021\/06\/Banbridge-Health-and-Care-CentreTitel-2-768x579.jpg 768w\" sizes=\"(max-width: 1500px) 100vw, 1500px\" \/>\t\t\t\t\t\t\t\t    \t\t\t\t<\/a>\n\t\t\t\t\t\t\t    \t\t\t<\/figure>\n\t\t\t\n\t<div class=\"post-content\">\n\n\t\t\n\t\t\t<div class=\"post-content-inner\">\n\n\t\t\t\t\t\t\n\t\t\t\t\t\t\n\t\t\t\t\t\t<h2 class=\"post-title entry-title\"><a href=\"https:\/\/www.fieger-lamellenfenster.de\/fr\/projekt\/banbridge-health-care-centre\/\">Banbridge Health &#038; Care Centre<\/a><\/h2>\n\t\t\n\t\t\t<div class=\"entry-content\">\n\n        \n\t<\/div><!-- \/.entry-content -->\n\t\n\t\t\n\t\t\t<\/div>\n\t\t\t<!-- \/.post-content-inner -->\n\t\t\n\t<\/div>\n\t<!-- \/.post-content -->\n\t<\/article>\n<!-- \/.post -->\n<article id=\"portfolio-8008\" class=\"post tf_clearfix portfolio-post cat-117 cat-127 cat-105 post-8008 portfolio type-portfolio status-publish has-post-thumbnail hentry portfolio-category-flw-fr portfolio-category-smotec-fr portfolio-category-tous-fr has-post-title no-post-date has-post-category has-post-tag has-post-comment has-post-author   cat-117  cat-127  cat-105\">\n\t\n\t\n\t\t\t\t<figure class=\"post-image tf_clearfix\">\n\t\t\t    \t\t\t\t\t\t\t\t<a href=\"https:\/\/www.fieger-lamellenfenster.de\/fr\/projekt\/boroughmuir-high-school\/\">\n\t\t\t\t\t\t\t\t<img loading=\"lazy\" decoding=\"async\" width=\"1027\" height=\"685\" src=\"https:\/\/www.fieger-lamellenfenster.de\/wp-content\/uploads\/2021\/06\/Boroughmuir-High-School_titel.jpg\" class=\"wp-post-image wp-image-5349\" title=\"Boroughmuir-High-School_titel\" alt=\"Boroughmuir High School Edinburgh mit Fieger Lamellenfester FLW 28 die L\u00f6sung f\u00fcr nat\u00fcrliche Be und Entl\u00fcftung Airtec \" srcset=\"https:\/\/www.fieger-lamellenfenster.de\/wp-content\/uploads\/2021\/06\/Boroughmuir-High-School_titel.jpg 1027w, https:\/\/www.fieger-lamellenfenster.de\/wp-content\/uploads\/2021\/06\/Boroughmuir-High-School_titel-300x200.jpg 300w, https:\/\/www.fieger-lamellenfenster.de\/wp-content\/uploads\/2021\/06\/Boroughmuir-High-School_titel-1024x683.jpg 1024w, https:\/\/www.fieger-lamellenfenster.de\/wp-content\/uploads\/2021\/06\/Boroughmuir-High-School_titel-768x512.jpg 768w\" sizes=\"(max-width: 1027px) 100vw, 1027px\" \/>\t\t\t\t\t\t\t\t    \t\t\t\t<\/a>\n\t\t\t\t\t\t\t    \t\t\t<\/figure>\n\t\t\t\n\t<div class=\"post-content\">\n\n\t\t\n\t\t\t<div class=\"post-content-inner\">\n\n\t\t\t\t\t\t\n\t\t\t\t\t\t\n\t\t\t\t\t\t<h2 class=\"post-title entry-title\"><a href=\"https:\/\/www.fieger-lamellenfenster.de\/fr\/projekt\/boroughmuir-high-school\/\">Boroughmuir High School<\/a><\/h2>\n\t\t\n\t\t\t<div class=\"entry-content\">\n\n        \n\t<\/div><!-- \/.entry-content -->\n\t\n\t\t\n\t\t\t<\/div>\n\t\t\t<!-- \/.post-content-inner -->\n\t\t\n\t<\/div>\n\t<!-- \/.post-content -->\n\t<\/article>\n<!-- \/.post -->\n<\/div><!-- .builder-posts-wrap -->\n    <\/div>\n    <!-- \/module post -->\n                    <\/div>\n                            <\/div>\n            \t    <\/div>\n\t    <!-- \/row_inner -->\n\t<\/div>\n\t<!-- \/module_row -->\n\t<\/div>\n<!--\/themify_builder_content-->","protected":false},"excerpt":{"rendered":"<p>Fen\u00eatres \u00e0 lames\u00a0FIEGER\u00a0FDSPour les designs et les structures sp\u00e9ciales les plus imaginatifs Les fen\u00eatres FDS vous permettent de laisser libre cours \u00e0 votre cr\u00e9ativit\u00e9. Pour vous, nous mettons en \u0153uvre tout ce qui est techniquement possible pour r\u00e9aliser vos fen\u00eatres \u00e0 lames. Nos prestations vont ainsi de l&rsquo;adaptation des syst\u00e8mes existants \u00e0 l&rsquo;innovation compl\u00e8te de [&hellip;]<\/p>\n","protected":false},"author":18,"featured_media":0,"parent":5731,"menu_order":0,"comment_status":"closed","ping_status":"closed","template":"","meta":{"footnotes":""},"_links":{"self":[{"href":"https:\/\/www.fieger-lamellenfenster.de\/fr\/wp-json\/wp\/v2\/pages\/5747"}],"collection":[{"href":"https:\/\/www.fieger-lamellenfenster.de\/fr\/wp-json\/wp\/v2\/pages"}],"about":[{"href":"https:\/\/www.fieger-lamellenfenster.de\/fr\/wp-json\/wp\/v2\/types\/page"}],"author":[{"embeddable":true,"href":"https:\/\/www.fieger-lamellenfenster.de\/fr\/wp-json\/wp\/v2\/users\/18"}],"replies":[{"embeddable":true,"href":"https:\/\/www.fieger-lamellenfenster.de\/fr\/wp-json\/wp\/v2\/comments?post=5747"}],"version-history":[{"count":18,"href":"https:\/\/www.fieger-lamellenfenster.de\/fr\/wp-json\/wp\/v2\/pages\/5747\/revisions"}],"predecessor-version":[{"id":11698,"href":"https:\/\/www.fieger-lamellenfenster.de\/fr\/wp-json\/wp\/v2\/pages\/5747\/revisions\/11698"}],"up":[{"embeddable":true,"href":"https:\/\/www.fieger-lamellenfenster.de\/fr\/wp-json\/wp\/v2\/pages\/5731"}],"wp:attachment":[{"href":"https:\/\/www.fieger-lamellenfenster.de\/fr\/wp-json\/wp\/v2\/media?parent=5747"}],"curies":[{"name":"wp","href":"https:\/\/api.w.org\/{rel}","templated":true}]}}