{"id":5745,"date":"2021-07-09T11:18:03","date_gmt":"2021-07-09T09:18:03","guid":{"rendered":"https:\/\/www.fieger-lamellenfenster.de\/produits\/produits-flm-pg-flm-lg\/"},"modified":"2025-09-04T11:35:18","modified_gmt":"2025-09-04T09:35:18","slug":"produits-flm-pg-flm-lg","status":"publish","type":"page","link":"https:\/\/www.fieger-lamellenfenster.de\/fr\/produits\/produits-flm-pg-flm-lg\/","title":{"rendered":"Produits\u00a0FLM\u00a0PG\u00a0\/\u00a0FLM\u00a0LG"},"content":{"rendered":"<div class=\"wp-block-themepunch-revslider revslider\" data-modal=\"false\" data-slidertitle=\"FLM_fr\" style=\"\">\n\t\t\t<!-- START FLM_fr REVOLUTION SLIDER 6.6.20 --><p class=\"rs-p-wp-fix\"><\/p>\n\t\t\t<rs-module-wrap id=\"rev_slider_30_1_wrapper\" data-source=\"gallery\" style=\"visibility:hidden;background:transparent;padding:0;margin:0px auto;margin-top:0;margin-bottom:0;\">\n\t\t\t\t<rs-module id=\"rev_slider_30_1\" style=\"\" data-version=\"6.6.20\">\n\t\t\t\t\t<rs-slides style=\"overflow: hidden; position: absolute;\">\n\t\t\t\t\t\t<rs-slide style=\"position: absolute;\" data-key=\"rs-44\" data-title=\"Slide2\" data-duration=\"4000ms\" data-in=\"o:0;\" data-out=\"a:false;\" data-d3=\"f:turn;d:vertical;su:true;\">\n\t\t\t\t\t\t\t<img decoding=\"async\" src=\"\/\/www.fieger-lamellenfenster.de\/wp-content\/plugins\/revslider\/public\/assets\/assets\/dummy.png\" alt=\"FIEGER FLM Lamellenfester ohne Lamellenprofile\" title=\"FLM_slider\" width=\"1500\" height=\"301\" class=\"rev-slidebg tp-rs-img rs-lazyload\" data-lazyload=\"\/\/www.fieger-lamellenfenster.de\/wp-content\/uploads\/2021\/04\/FLM_slider.jpg\" data-no-retina>\n<!--\n\t\t\t\t\t\t\t--><rs-layer\n\t\t\t\t\t\t\t\tid=\"slider-30-slide-44-layer-2\" \n\t\t\t\t\t\t\t\tdata-type=\"text\"\n\t\t\t\t\t\t\t\tdata-color=\"#000000\"\n\t\t\t\t\t\t\t\tdata-rsp_ch=\"on\"\n\t\t\t\t\t\t\t\tdata-xy=\"x:-350px;y:92px;\"\n\t\t\t\t\t\t\t\tdata-text=\"w:nowrap;s:32;l:41;fw:700;a:right;\"\n\t\t\t\t\t\t\t\tdata-dim=\"w:1035px;\"\n\t\t\t\t\t\t\t\tdata-vbility=\"t,t,t,f\"\n\t\t\t\t\t\t\t\tdata-padding=\"t:5;r:15;b:5;l:80;\"\n\t\t\t\t\t\t\t\tdata-frame_0=\"x:right;\"\n\t\t\t\t\t\t\t\tdata-frame_1=\"sp:1000;\"\n\t\t\t\t\t\t\t\tdata-frame_999=\"o:0;st:w;\"\n\t\t\t\t\t\t\t\tstyle=\"z-index:8;background-color:rgba(255,255,255,0.9);font-family:'Oswald';\"\n\t\t\t\t\t\t\t><font color=\"#c02126\">FLM  <\/font>LES PRODUITS EN VERRE ADAPTABLES \n\t\t\t\t\t\t\t<\/rs-layer><!--\n-->\t\t\t\t\t\t<\/rs-slide>\n\t\t\t\t\t<\/rs-slides>\n\t\t\t\t\t<rs-static-layers><!--\n\t\t\t\t\t--><\/rs-static-layers>\n\t\t\t\t<\/rs-module>\n\t\t\t\t<script>\n\t\t\t\t\tsetREVStartSize({c: 'rev_slider_30_1',rl:[1240,1024,778,480],el:[300],gw:[1240],gh:[300],type:'standard',justify:'',layout:'fullwidth',mh:\"0\"});if (window.RS_MODULES!==undefined && window.RS_MODULES.modules!==undefined && window.RS_MODULES.modules[\"revslider301\"]!==undefined) {window.RS_MODULES.modules[\"revslider301\"].once = false;window.revapi30 = undefined;if (window.RS_MODULES.checkMinimal!==undefined) window.RS_MODULES.checkMinimal()}\n\t\t\t\t<\/script>\n\t\t\t<\/rs-module-wrap>\n\t\t\t<!-- END REVOLUTION SLIDER -->\n<\/div>\n\n\n\n\n\n<p><\/p>\n\n\n<p><\/p>\n<!--themify_builder_content-->\n<div id=\"themify_builder_content-5745\" data-postid=\"5745\" class=\"themify_builder_content themify_builder_content-5745 themify_builder tf_clear\">\n    \t\t\t<!-- module_row -->\n\t<div  data-lazy=\"1\" class=\"module_row themify_builder_row tb_0s4d259 tb_first tf_w tf_clearfix\">\n\t    \t\t\t<div class=\"row_inner col_align_top tb_col_count_1 tf_box tf_rel\">\n\t\t            <div  data-lazy=\"1\" class=\"module_column tb-column col-full tb_ah7v260 first\">\n                                                        <div class=\"tb-column-inner tf_box tf_w\">\n                        <!-- module fancy heading -->\n<div  class=\"module module-fancy-heading tb_n8dn260 \" data-lazy=\"1\">\n        <h1 class=\"fancy-heading tf_textc\">\n    <span class=\"main-head tf_block\">\n\t\t\t\t\tFen\u00eatres \u00e0 lames\u00a0FLM\u00a0PG \/ FLM\u00a0LG\u00a0FIEGER\t\t    <\/span>\n\n\t\n    <span class=\"sub-head tf_block tf_rel\">\n\t\t\t\t\tSIMPLE VITRAGE JUSQU'\u00c0 12 MM OU VERRE DE S\u00c9CURIT\u00c9 FEUILLET\u00c9 DE 2X6 MM\t\t    <\/span>\n    <\/h1>\n<\/div>\n<!-- \/module fancy heading -->\n\t<div  data-lazy=\"1\" class=\"module_subrow themify_builder_sub_row tb_20vx261 tf_w tf_clearfix\">\n\t    \t\t\t<div class=\"subrow_inner col_align_top tb_col_count_2 tf_box tf_w\">\n\t\t            <div  data-lazy=\"1\" class=\"module_column sub_column tb_kvnx262 first\">\n                                                        <div class=\"tb-column-inner tf_box tf_w\">\n                        <!-- module text -->\n<div  class=\"module module-text tb_4m8f262   \" data-lazy=\"1\">\n        <div  class=\"tb_text_wrap\">\n    <p>Les fen\u00eatres \u00e0 lames\u00a0FLM\u00a0PG (fixation boulonn\u00e9e) et FLM\u00a0LG (fixation lin\u00e9aire) de FIEGER sont nos produits en verre adaptables. Les fen\u00eatres FLM ne comportent aucun profil de lames et permettent ainsi de cr\u00e9er des surfaces enti\u00e8rement transparentes.<\/p>    <\/div>\n<\/div>\n<!-- \/module text -->                    <\/div>\n                            <\/div>\n                        <div  data-lazy=\"1\" class=\"module_column sub_column tb_msad262 last\">\n                                                        <div class=\"tb-column-inner tf_box tf_w\">\n                        <!-- module text -->\n<div  class=\"module module-text tb_64ol262   \" data-lazy=\"1\">\n        <div  class=\"tb_text_wrap\">\n    <p>Mont\u00e9es de fa\u00e7on superpos\u00e9es en \u00e9cailles, avec chevauchement ou graduellement, elles offrent de nombreuses possibilit\u00e9s de montage telles que des fa\u00e7ades double peau, pour des v\u00e9randas ou pour des espaces int\u00e9rieurs.<\/p>    <\/div>\n<\/div>\n<!-- \/module text -->                    <\/div>\n                            <\/div>\n            \t    <\/div>\n\t<\/div><!-- \/themify_builder_sub_row -->\n\t                    <\/div>\n                            <\/div>\n            \t    <\/div>\n\t    <!-- \/row_inner -->\n\t<\/div>\n\t<!-- \/module_row -->\n\t\t\t\t<!-- module_row -->\n\t<div  data-lazy=\"1\" class=\"module_row themify_builder_row tb_nkfz259 tf_w tf_clearfix\">\n\t    \t\t\t<div class=\"row_inner col_align_top tb_col_count_2 tf_box tf_rel\">\n\t\t            <div  data-lazy=\"1\" class=\"module_column tb-column col4-1 tb_ul2b338 first\">\n                                                        <div class=\"tb-column-inner tf_box tf_w\">\n                        \t<div  data-sticky-active=\"{&quot;d&quot;:{&quot;stick&quot;:{&quot;v&quot;:&quot;100&quot;},&quot;unstick&quot;:{&quot;type&quot;:&quot;row&quot;,&quot;el&quot;:&quot;wohu259&quot;}},&quot;m&quot;:0}\" data-lazy=\"1\" class=\"module_subrow themify_builder_sub_row tb_vk12757 hide-mobile tf_w tf_clearfix\">\n\t    \t\t\t<div class=\"subrow_inner col_align_top tb_col_count_1 tf_box tf_w\">\n\t\t            <div  data-lazy=\"1\" class=\"module_column sub_column col-full tb_y579757 first\">\n                                                        <div class=\"tb-column-inner tf_box tf_w\">\n                        <!-- module text -->\n<div  class=\"module module-text tb_0oyn757   \" data-lazy=\"1\">\n        <div  class=\"tb_text_wrap\">\n    <p style=\"text-align: left;\">Avec isolation thermique<\/p>    <\/div>\n<\/div>\n<!-- \/module text --><!-- module image -->\n<div  class=\"module module-image tb_cwgz758   image-left tf_mw\" data-lazy=\"1\">\n        <div class=\"image-wrap tf_rel tf_mw\">\n\t\t    <a href=\"https:\/\/www.fieger-lamellenfenster.de\/fr\/produits\/produits-flw-32\/\"\n\t       \t       >\n\t\t   \t\t<img loading=\"lazy\" decoding=\"async\" width=\"180\" height=\"57\" src=\"https:\/\/www.fieger-lamellenfenster.de\/wp-content\/uploads\/2021\/04\/FLW_32_AIRSMO_RGB_180x57.png\" class=\"wp-post-image wp-image-2213\" title=\"FLW_32_AIR+SMO_RGB_180x57\" alt=\"FLW 32 airtec smotec\">\t    <\/a>\n\t\n\t\t<\/div>\n\t<!-- \/image-wrap -->\n    \n    \t<\/div>\n<!-- \/module image --><!-- module image -->\n<div  class=\"module module-image tb_ad3e758   image-left tf_mw\" data-lazy=\"1\">\n        <div class=\"image-wrap tf_rel tf_mw\">\n\t\t    <a href=\"https:\/\/www.fieger-lamellenfenster.de\/fr\/produits\/produits-flw-40\/\"\n\t       \t       >\n\t\t   \t\t<img loading=\"lazy\" decoding=\"async\" width=\"180\" height=\"57\" src=\"https:\/\/www.fieger-lamellenfenster.de\/wp-content\/uploads\/2021\/04\/FLW_40_AIRSMO_RGB_180x57.png\" class=\"wp-post-image wp-image-2247\" title=\"FLW_40_AIR+SMO_RGB_180x57\" alt=\"FLW 40 airtec + smotec\">\t    <\/a>\n\t\n\t\t<\/div>\n\t<!-- \/image-wrap -->\n    \n    \t<\/div>\n<!-- \/module image --><!-- module image -->\n<div  class=\"module module-image tb_z8pb758   image-left tf_mw\" data-lazy=\"1\">\n        <div class=\"image-wrap tf_rel tf_mw\">\n\t\t    <a href=\"https:\/\/www.fieger-lamellenfenster.de\/fr\/produits\/produits-fll-131\/\"\n\t       \t       >\n\t\t   \t\t<img loading=\"lazy\" decoding=\"async\" width=\"180\" height=\"57\" src=\"https:\/\/www.fieger-lamellenfenster.de\/wp-content\/uploads\/2021\/04\/FLL_131_AIRSMO_RGB_180x57.png\" class=\"wp-post-image wp-image-2223\" title=\"FLL_131_AIR+SMO_RGB_180x57\" alt=\"FLL 131 aitec smotec\">\t    <\/a>\n\t\n\t\t<\/div>\n\t<!-- \/image-wrap -->\n    \n    \t<\/div>\n<!-- \/module image --><!-- module text -->\n<div  class=\"module module-text tb_ghl1758   \" data-lazy=\"1\">\n        <div  class=\"tb_text_wrap\">\n    <p style=\"text-align: left;\">Sans isolation thermique<\/p>    <\/div>\n<\/div>\n<!-- \/module text --><!-- module image -->\n<div  class=\"module module-image tb_88ot758   image-left tf_mw\" data-lazy=\"1\">\n        <div class=\"image-wrap tf_rel tf_mw\">\n\t\t    <a href=\"https:\/\/www.fieger-lamellenfenster.de\/fr\/produits\/produits-flm-pg-flm-lg\/\"\n\t       \t       >\n\t\t   \t\t<img loading=\"lazy\" decoding=\"async\" width=\"180\" height=\"57\" src=\"https:\/\/www.fieger-lamellenfenster.de\/wp-content\/uploads\/2021\/04\/FLM_PG_LG_AIRSMO_RGB_180x57.png\" class=\"wp-post-image wp-image-2235\" title=\"FLM_PG_LG_AIR+SMO_RGB_180x57\" alt=\"FLM PG LG airtec smotec\">\t    <\/a>\n\t\n\t\t<\/div>\n\t<!-- \/image-wrap -->\n    \n    \t<\/div>\n<!-- \/module image --><!-- module image -->\n<div  class=\"module module-image tb_kx1m758   image-left tf_mw\" data-lazy=\"1\">\n        <div class=\"image-wrap tf_rel tf_mw\">\n\t\t    <a href=\"https:\/\/www.fieger-lamellenfenster.de\/fr\/produits\/produits-fds\/\"\n\t       \t       >\n\t\t   \t\t<img loading=\"lazy\" decoding=\"async\" width=\"180\" height=\"57\" src=\"https:\/\/www.fieger-lamellenfenster.de\/wp-content\/uploads\/2021\/04\/FDS_AIRSMO_RGB_180x57.png\" class=\"wp-post-image wp-image-2219\" title=\"FDS_AIR+SMO_RGB_180x57\" alt=\"FDS airtec smotec\">\t    <\/a>\n\t\n\t\t<\/div>\n\t<!-- \/image-wrap -->\n    \n    \t<\/div>\n<!-- \/module image --><!-- module text -->\n<div  class=\"module module-text tb_9a8v758   \" data-lazy=\"1\">\n        <div  class=\"tb_text_wrap\">\n    <h4 style=\"text-align: left;\"><a href=\"https:\/\/www.fieger-lamellenfenster.de\/fr\/produits\/entrainements-accessoires-et-assistance\/#entrainement\">Entra\u00eenements<\/a><\/h4>\n    <\/div>\n<\/div>\n<!-- \/module text --><!-- module text -->\n<div  class=\"module module-text tb_05xo758   \" data-lazy=\"1\">\n        <div  class=\"tb_text_wrap\">\n    <h4 style=\"text-align: left;\"><a href=\"https:\/\/www.fieger-lamellenfenster.de\/fr\/produits\/entrainements-accessoires-et-assistance\/\/#homezubehoer\">Accessoires<\/a><\/h4>\n    <\/div>\n<\/div>\n<!-- \/module text --><!-- module text -->\n<div  class=\"module module-text tb_teon758   \" data-lazy=\"1\">\n        <div  class=\"tb_text_wrap\">\n    <h4 style=\"text-align: left;\"><a href=\"https:\/\/www.fieger-lamellenfenster.de\/fr\/produits\/entrainements-accessoires-et-assistance\/#homeservice\">Assistance<\/a><\/h4>\n    <\/div>\n<\/div>\n<!-- \/module text --><!-- module buttons -->\n<div  class=\"module module-buttons tb_12rg758 buttons-horizontal solid  small squared\" data-lazy=\"1\">\n    \t<div class=\"module-buttons-item tf_inline_b\">\n\t\t\t\t\t\t\t<a href=\"https:\/\/www.fieger-lamellenfenster.de\/downloads\/\" class=\"ui builder_button red\" target=\"_blank\" rel=\"noopener\">\n\t\t\t\t\t\t\t\t\t\t\t<span class=\"tf_inline_b tf_vmiddle\">T\u00e9l\u00e9chargements<\/span>\n\t\t\t\t\t\t\t\t\t\t\t<\/a>\n\t\t\t    \t<\/div>\n    <\/div>\n<!-- \/module buttons -->\n                    <\/div>\n                            <\/div>\n            \t    <\/div>\n\t<\/div><!-- \/themify_builder_sub_row -->\n\t                    <\/div>\n                            <\/div>\n                        <div  data-lazy=\"1\" class=\"module_column tb-column col4-3 tb_4bvl265 last\">\n                                                        <div class=\"tb-column-inner tf_box tf_w\">\n                        <!-- module text -->\n<div  class=\"module module-text tb_l65p265  repeat \" data-lazy=\"1\">\n        <div  class=\"tb_text_wrap\">\n    <h4>Vous trouverez de plus amples informations \u00e0 propos <br> des fen\u00eatres \u00e0 lames FIEGER <span style=\"color: #c02126;\">FLM PG \/ FLM LG<\/span>\u00a0:<\/h4>\n    <\/div>\n<\/div>\n<!-- \/module text --><!-- module icon -->\n<div  class=\"module module-icon tb_oet8265  small squared icon_vertical \" data-lazy=\"1\">\n        <div class=\"module-icon-item\">\n\t    \t\t\t\t\t\t    <img loading=\"lazy\" decoding=\"async\" width=\"74\" height=\"74\" src=\"https:\/\/www.fieger-lamellenfenster.de\/wp-content\/uploads\/2021\/03\/FIEGER_icon_Liste.png\" class=\"tf_box wp-post-image wp-image-1120\" title=\"dans la fiche technique, \" alt=\"dans la fiche technique, \">\t\t\t\t\t\t    \t    \t    <span>dans la fiche technique, <\/span>\n\t\t    \t\t\t\t        <\/div>\n\t        <div class=\"module-icon-item\">\n\t    \t\t\t\t\t\t    <img loading=\"lazy\" decoding=\"async\" width=\"74\" height=\"74\" src=\"https:\/\/www.fieger-lamellenfenster.de\/wp-content\/uploads\/2021\/03\/FIEGER_icon_Liste.png\" class=\"tf_box wp-post-image wp-image-1120\" title=\"dans les sch\u00e9mas de montage,\" alt=\"dans les sch\u00e9mas de montage,\">\t\t\t\t\t\t    \t    \t    <span>dans les sch\u00e9mas de montage,<\/span>\n\t\t    \t\t\t\t        <\/div>\n\t        <div class=\"module-icon-item\">\n\t    \t\t\t\t\t\t    <img loading=\"lazy\" decoding=\"async\" width=\"74\" height=\"74\" src=\"https:\/\/www.fieger-lamellenfenster.de\/wp-content\/uploads\/2021\/03\/FIEGER_icon_Liste.png\" class=\"tf_box wp-post-image wp-image-1120\" title=\"dans les sch\u00e9mas des accessoires,\" alt=\"dans les sch\u00e9mas des accessoires,\">\t\t\t\t\t\t    \t    \t    <span>dans les sch\u00e9mas des accessoires,<\/span>\n\t\t    \t\t\t\t        <\/div>\n\t        <div class=\"module-icon-item\">\n\t    \t\t\t\t\t\t    <img loading=\"lazy\" decoding=\"async\" width=\"74\" height=\"74\" src=\"https:\/\/www.fieger-lamellenfenster.de\/wp-content\/uploads\/2021\/03\/FIEGER_icon_Liste.png\" class=\"tf_box wp-post-image wp-image-1120\" title=\"dans les sch\u00e9mas des entra\u00eenements,\" alt=\"dans les sch\u00e9mas des entra\u00eenements,\">\t\t\t\t\t\t    \t    \t    <span>dans les sch\u00e9mas des entra\u00eenements,<\/span>\n\t\t    \t\t\t\t        <\/div>\n\t        <div class=\"module-icon-item\">\n\t    \t\t\t\t\t\t    <img loading=\"lazy\" decoding=\"async\" width=\"74\" height=\"74\" src=\"https:\/\/www.fieger-lamellenfenster.de\/wp-content\/uploads\/2021\/03\/FIEGER_icon_Liste.png\" class=\"tf_box wp-post-image wp-image-1120\" title=\"dans les donn\u00e9es de CAO au format\u00a0dwg, \" alt=\"dans les donn\u00e9es de CAO au format\u00a0dwg, \">\t\t\t\t\t\t    \t    \t    <span>dans les donn\u00e9es de CAO au format\u00a0dwg, <\/span>\n\t\t    \t\t\t\t        <\/div>\n\t        <div class=\"module-icon-item\">\n\t    \t\t\t\t\t\t    <img loading=\"lazy\" decoding=\"async\" width=\"74\" height=\"74\" src=\"https:\/\/www.fieger-lamellenfenster.de\/wp-content\/uploads\/2021\/03\/FIEGER_icon_Liste.png\" class=\"tf_box wp-post-image wp-image-1120\" title=\"dans les donn\u00e9es de CAO au format\u00a0dfx, \" alt=\"dans les donn\u00e9es de CAO au format\u00a0dfx, \">\t\t\t\t\t\t    \t    \t    <span>dans les donn\u00e9es de CAO au format\u00a0dfx, <\/span>\n\t\t    \t\t\t\t        <\/div>\n\t<\/div>\n<!-- \/module icon -->\n\t<div  data-lazy=\"1\" class=\"module_subrow themify_builder_sub_row tb_zfrf265 tf_w tf_clearfix\">\n\t    \t\t\t<div class=\"subrow_inner col_align_top tb_col_count_2 tf_box tf_w\">\n\t\t            <div  data-lazy=\"1\" class=\"module_column sub_column tb_l61z265 first\">\n                                                        <div class=\"tb-column-inner tf_box tf_w\">\n                        <!-- module image -->\n<div  class=\"module module-image tb_1co1265   image-top tf_mw\" data-lazy=\"1\" data-lax-translate-y=\"(vh*1) 0,(vh*0) -70\" data-lax=\"true\">\n        <div class=\"image-wrap tf_rel tf_mw\">\n\t\t    <img loading=\"lazy\" decoding=\"async\" width=\"581\" height=\"419\" src=\"https:\/\/www.fieger-lamellenfenster.de\/wp-content\/uploads\/2021\/04\/FLM-University-Brisbane.jpg\" class=\"wp-post-image wp-image-3109\" title=\"FLM-University-Brisbane\" alt=\"FIEGER FLM Lamellenfester ohne Lamellenprofile \" srcset=\"https:\/\/www.fieger-lamellenfenster.de\/wp-content\/uploads\/2021\/04\/FLM-University-Brisbane.jpg 581w, https:\/\/www.fieger-lamellenfenster.de\/wp-content\/uploads\/2021\/04\/FLM-University-Brisbane-300x216.jpg 300w\" sizes=\"(max-width: 581px) 100vw, 581px\" \/>\t\n\t\t<\/div>\n\t<!-- \/image-wrap -->\n    \n    \t<\/div>\n<!-- \/module image -->                    <\/div>\n                            <\/div>\n                        <div  data-lazy=\"1\" class=\"module_column sub_column tb_r1lh265 last\">\n                                                        <div class=\"tb-column-inner tf_box tf_w\">\n                        <!-- module fancy heading -->\n<div  class=\"module module-fancy-heading tb_vx7z266 \" data-lazy=\"1\">\n        <h2 class=\"fancy-heading\">\n    <span class=\"main-head tf_block\">\n\t\t\t\t\tFLM\u00a0PG\u00a0\/\u00a0FLM\u00a0LG \t\t    <\/span>\n\n\t\n    <span class=\"sub-head tf_block tf_rel\">\n\t\t\t\t\t\t\t    <\/span>\n    <\/h2>\n<\/div>\n<!-- \/module fancy heading -->\n<!-- module text -->\n<div  class=\"module module-text tb_aqu7266   \" data-lazy=\"1\">\n        <div  class=\"tb_text_wrap\">\n    <p>Ces produits sont disponibles avec un entra\u00eenement manuel, \u00e9lectrique et pneumatique.<br \/>Outre les exemples pr\u00e9sent\u00e9s, d&rsquo;autres variantes de montage sont disponibles pour une grande diversit\u00e9 d&rsquo;applications.<\/p>    <\/div>\n<\/div>\n<!-- \/module text -->                    <\/div>\n                            <\/div>\n            \t    <\/div>\n\t<\/div><!-- \/themify_builder_sub_row -->\n\t<!-- module text -->\n<div  class=\"module module-text tb_i8mo266   \" data-lazy=\"1\">\n        <div  class=\"tb_text_wrap\">\n    <h3>Fen\u00eatres \u00e0 lames FIEGER <span style=\"color: #c02126;\">FLM\u00a0PG\u00a0\/\u00a0FLM\u00a0LG<\/span> Aper\u00e7u des caract\u00e9ristiques<\/h3>    <\/div>\n<\/div>\n<!-- \/module text -->\t<div  data-lazy=\"1\" class=\"module_subrow themify_builder_sub_row tb_1ire266 tf_w tf_clearfix\">\n\t    \t\t\t<div class=\"subrow_inner col_align_top gutter-narrow tb_col_count_3 tf_box tf_w\">\n\t\t            <div  data-lazy=\"1\" class=\"module_column sub_column col3-1 tb_19sb266 first\">\n                                                        <div class=\"tb-column-inner tf_box tf_w\">\n                        <!-- module text -->\n<div  class=\"module module-text tb_9kxs266  repeat \" data-lazy=\"1\">\n        <div  class=\"tb_text_wrap\">\n    <p><img loading=\"lazy\" decoding=\"async\" class=\"alignnone size-full wp-image-2585\" src=\"https:\/\/www.fieger-lamellenfenster.de\/wp-content\/uploads\/2021\/04\/Funktion_web.png\" alt=\"\" width=\"142\" height=\"142\"><\/p>\n    <\/div>\n<\/div>\n<!-- \/module text --><!-- module text -->\n<div  class=\"module module-text tb_csg8266   \" data-lazy=\"1\">\n        <div  class=\"tb_text_wrap\">\n    <h6>Fonction\u00a0:<\/h6>\n<p>Ventilation naturelle,<br>\u00e9vacuation naturelle de fum\u00e9es<br>et de chaleur (DENFC),<br>fa\u00e7ades double peau.<\/p>    <\/div>\n<\/div>\n<!-- \/module text --><!-- module text -->\n<div  class=\"module module-text tb_n78v267  repeat \" data-lazy=\"1\">\n        <div  class=\"tb_text_wrap\">\n    <h6><strong><span style=\"color: #ffffff;\">Attestation<\/span><\/strong><\/h6>    <\/div>\n<\/div>\n<!-- \/module text --><!-- module text -->\n<div  class=\"module module-text tb_3x5g780   \" data-lazy=\"1\">\n        <div  class=\"tb_text_wrap\">\n    <table width=\"100%\">\n<tbody>\n<tr>\n<td style=\"text-align: left;\">Certifi\u00e9 par DENFC <br>conform\u00e9ment \u00e0 la<br>norme EN 12101-2<br>et NFS61937<\/td>\n<td style=\"text-align: left;\"><img loading=\"lazy\" decoding=\"async\" class=\"wp-image-7141 alignright\" src=\"https:\/\/www.fieger-lamellenfenster.de\/wp-content\/uploads\/2021\/11\/SMOTEC_Siegel_FR_72x65.png\" alt=\"\" width=\"72\" height=\"65\" data-wp-editing=\"1\"><\/td>\n<\/tr>\n<tr>\n<td style=\"text-align: left;\"><br>Fen\u00eatres et portes<br>conformes \u00e0 la<br>norme EN 14351-1<\/td>\n<td style=\"text-align: left;\"><img loading=\"lazy\" decoding=\"async\" class=\"wp-image-7133 size-full alignright\" src=\"https:\/\/www.fieger-lamellenfenster.de\/wp-content\/uploads\/2021\/11\/AIRTEC_Siegel_FR_RGB_72x65.png\" alt=\"\" width=\"72\" height=\"65\"><\/td>\n<\/tr>\n<tr>\n<td style=\"text-align: left;\"><br>Coefficient de d\u00e9bit<br>Cvo selon la<br>norme EN 12101-2<\/td>\n<td style=\"text-align: right;\">Jusqu&rsquo;\u00e0 0,62<br><br><\/td>\n<\/tr>\n<tr>\n<td style=\"text-align: left;\"><br>Classification de la<br>charge au vent la<br>norme EN\u00a012101-2<\/td>\n<td style=\"text-align: right;\">WL 2900<br><br><\/td>\n<\/tr>\n<tr>\n<td style=\"text-align: left;\"><br>Performance dans<br>des conditions<br>d\u2019incendie, r\u00e9sistance<br>au feu \u2013 int\u00e9grit\u00e9<br>m\u00e9canique, r\u00e9sistance<br>thermique<br>conform\u00e9ment<br>\u00e0 la norme EN 12101-2<\/td>\n<td style=\"text-align: right;\">B 300-E<br><br><br><br><br><br><br><\/td>\n<\/tr>\n<tr>\n<td style=\"text-align: left;\"><br>Classification de<br>fiabilit\u00e9 conform\u00e9ment<br>\u00e0 la norme EN 12101-2<\/td>\n<td style=\"text-align: right;\">Re\u00a01000<br><br><\/td>\n<\/tr>\n<tr>\n<td style=\"text-align: left;\"><br>Classification de la<br>charge de neige<br>conform\u00e9ment \u00e0<br>la norme EN 12101-2<\/td>\n<td style=\"text-align: right;\">SL\u00a00<br><br><br><\/td>\n<\/tr>\n<tr>\n<td style=\"text-align: left;\"><br>Classification de la<br>temp\u00e9rature ambiante<br>basse conform\u00e9ment<br>\u00e0 la norme EN\u00a012101-2<\/td>\n<td style=\"text-align: right;\">T\u00a0(-5)<br><br><br><\/td>\n<\/tr>\n<\/tbody>\n<\/table>    <\/div>\n<\/div>\n<!-- \/module text -->                    <\/div>\n                            <\/div>\n                        <div  data-lazy=\"1\" class=\"module_column sub_column col3-1 tb_6t7g267\">\n                                                        <div class=\"tb-column-inner tf_box tf_w\">\n                        <!-- module text -->\n<div  class=\"module module-text tb_fosp267  repeat \" data-lazy=\"1\">\n        <div  class=\"tb_text_wrap\">\n    <p><img loading=\"lazy\" decoding=\"async\" class=\"alignnone wp-image-2627 size-full\" src=\"https:\/\/www.fieger-lamellenfenster.de\/wp-content\/uploads\/2021\/04\/Design.png\" alt=\"\" width=\"142\" height=\"142\"><\/p>\n    <\/div>\n<\/div>\n<!-- \/module text --><!-- module text -->\n<div  class=\"module module-text tb_zry4267   \" data-lazy=\"1\">\n        <div  class=\"tb_text_wrap\">\n    <h6>Design\u00a0:<\/h6>\n<p>Vitrage centr\u00e9.<br>Profils en aluminium \u00e0 rupture<br>de pont thermique.<\/p>    <\/div>\n<\/div>\n<!-- \/module text --><!-- module text -->\n<div  class=\"module module-text tb_4xrd267  repeat \" data-lazy=\"1\">\n        <div  class=\"tb_text_wrap\">\n    <h6><strong><span style=\"color: #ffffff;\">Dimensions<\/span><\/strong><\/h6>    <\/div>\n<\/div>\n<!-- \/module text --><!-- module text -->\n<div  class=\"module module-text tb_0n56688   \" data-lazy=\"1\">\n        <div  class=\"tb_text_wrap\">\n    <table width=\"100%\">\n<tbody>\n<tr>\n<td style=\"text-align: left;\"><b>Profil des ch\u00e2ssis:<\/b><\/td>\n<\/tr>\n<tr>\n<td style=\"text-align: left;\">Hauteur lame<br><br><\/td>\n<td style=\"text-align: right;\">170\u2013<br>300 mm<\/td>\n<\/tr>\n<tr>\n<td style=\"text-align: left;\"><br>Epaisseur dormant<\/td>\n<td style=\"text-align: right;\"><br>70 mm<\/td>\n<\/tr>\n<tr>\n<td style=\"text-align: left;\"><br>Largeur dormant<\/td>\n<td style=\"text-align: right;\"><br>37 mm<\/td>\n<\/tr>\n<tr>\n<td style=\"text-align: left;\">\u00a0<\/td>\n<td style=\"text-align: right;\"><br>Fixe central<br>53 mm<\/td>\n<\/tr>\n<tr>\n<td style=\"text-align: left;\">Hauteur ch\u00e2ssis max.<\/td>\n<td style=\"text-align: right;\"><br>Illimit\u00e9 (couplable)<\/td>\n<\/tr>\n<tr>\n<td style=\"text-align: left;\"><br>Largeur ch\u00e2ssis max. <br>(sans m\u00e9nau fixe central)<\/td>\n<td style=\"text-align: right;\">1.500 mm<br><br><\/td>\n<\/tr>\n<tr>\n<td style=\"text-align: left;\"><br>Largeur ch\u00e2ssis max. <br>(avec m\u00e9nau fixe central)<\/td>\n<td style=\"text-align: right;\">3.000 mm<br><br><\/td>\n<\/tr>\n<\/tbody>\n<\/table>\n<p style=\"text-align: right;\">\u00a0<\/p>    <\/div>\n<\/div>\n<!-- \/module text -->                    <\/div>\n                            <\/div>\n                        <div  data-lazy=\"1\" class=\"module_column sub_column col3-1 tb_nsuc268 last\">\n                                                        <div class=\"tb-column-inner tf_box tf_w\">\n                        <!-- module text -->\n<div  class=\"module module-text tb_id39268  repeat \" data-lazy=\"1\">\n        <div  class=\"tb_text_wrap\">\n    <p><img loading=\"lazy\" decoding=\"async\" class=\"alignnone wp-image-2631 size-full\" src=\"https:\/\/www.fieger-lamellenfenster.de\/wp-content\/uploads\/2021\/04\/Fenster.png\" alt=\"\" width=\"142\" height=\"142\"><\/p>\n    <\/div>\n<\/div>\n<!-- \/module text --><!-- module text -->\n<div  class=\"module module-text tb_94op268   \" data-lazy=\"1\">\n        <div  class=\"tb_text_wrap\">\n    <h6>Vitrage\u00a0:<\/h6>\n<p>Vitrage simple de 8 \u00e0 13,52 mm<br>(tremp\u00e9 ou feuillet\u00e9)<br>en disposition superpos\u00e9e<br>ou \u00e0 recouvrement.<\/p>    <\/div>\n<\/div>\n<!-- \/module text --><!-- module text -->\n<div  class=\"module module-text tb_58yr268  repeat \" data-lazy=\"1\">\n        <div  class=\"tb_text_wrap\">\n    <h6><strong><span style=\"color: #ffffff;\">Examens<\/span><\/strong><\/h6>    <\/div>\n<\/div>\n<!-- \/module text --><!-- module text -->\n<div  class=\"module module-text tb_oej051   \" data-lazy=\"1\">\n        <div  class=\"tb_text_wrap\">\n    <table width=\"100%\">\n<tbody>\n<tr>\n<td style=\"text-align: left;\">Test de r\u00e9duction du<br>bruit EN ISO 10140-1 \/ 2 <br><em>*avec vitrage<br>d\u2018isolation acoustique<br>correspondant<\/em><\/td>\n<td style=\"text-align: right;\">Jusqu\u2019\u00e0<br>25 dB<br><br><br><br><\/td>\n<\/tr>\n<tr>\n<td style=\"text-align: left;\"><br>Protection anti-pincement: <br>Directive sur les machines 2006\/42\/EG<\/td>\n<td style=\"text-align: right;\">SK 3\/<br>SK 4<\/td>\n<\/tr>\n<\/tbody>\n<\/table>\n<p style=\"text-align: right;\">\u00a0<\/p>    <\/div>\n<\/div>\n<!-- \/module text -->                    <\/div>\n                            <\/div>\n            \t    <\/div>\n\t<\/div><!-- \/themify_builder_sub_row -->\n\t                    <\/div>\n                            <\/div>\n            \t    <\/div>\n\t    <!-- \/row_inner -->\n\t<\/div>\n\t<!-- \/module_row -->\n\t\t\t\t<!-- module_row -->\n\t<div  data-lazy=\"1\" class=\"module_row themify_builder_row tb_57lt259 tf_w tf_clearfix\">\n\t    \t\t\t<div class=\"row_inner col_align_top tb_col_count_2 tf_box tf_rel\">\n\t\t            <div  data-lazy=\"1\" class=\"module_column tb-column col4-1 tb_nz3e269 first\">\n                                                <\/div>\n                        <div  data-lazy=\"1\" class=\"module_column tb-column col4-3 tb_6146809 last\">\n                                                        <div class=\"tb-column-inner tf_box tf_w\">\n                        \t<div  data-lazy=\"1\" class=\"module_subrow themify_builder_sub_row tb_b1ko809 tf_w tf_clearfix\">\n\t    \t\t\t<div class=\"subrow_inner col_align_top tb_col_count_4 tf_box tf_w\">\n\t\t            <div  data-lazy=\"1\" class=\"module_column sub_column col4-1 tb_yh0k809 first\">\n                                                        <div class=\"tb-column-inner tf_box tf_w\">\n                        <!-- module text -->\n<div  class=\"module module-text tb_a0s4809   \" data-lazy=\"1\">\n    <h3 class=\"module-title\">APER\u00c7U DES PRODUITS<\/h3>    <div  class=\"tb_text_wrap\">\n    <p style=\"text-align: left;\"><a href=\"https:\/\/www.fieger-lamellenfenster.de\/wp-content\/uploads\/2025\/09\/FIEGER-Apercu-des-Produits_08-25-1.pdf\" target=\"_blank\" rel=\"noopener\"><img loading=\"lazy\" decoding=\"async\" class=\"wp-image-7463 alignleft\" src=\"https:\/\/www.fieger-lamellenfenster.de\/wp-content\/uploads\/2021\/11\/IconFRProducts-214x300.jpg\" alt=\"\" width=\"100\" height=\"140\" srcset=\"https:\/\/www.fieger-lamellenfenster.de\/wp-content\/uploads\/2021\/11\/IconFRProducts-214x300.jpg 214w, https:\/\/www.fieger-lamellenfenster.de\/wp-content\/uploads\/2021\/11\/IconFRProducts.jpg 250w\" sizes=\"(max-width: 100px) 100vw, 100px\" \/><\/a><\/p>    <\/div>\n<\/div>\n<!-- \/module text -->                    <\/div>\n                            <\/div>\n                        <div  data-lazy=\"1\" class=\"module_column sub_column col4-1 tb_k03r809\">\n                                                        <div class=\"tb-column-inner tf_box tf_w\">\n                        <!-- module text -->\n<div  class=\"module module-text tb_lbxm809   \" data-lazy=\"1\" id=\"Produktbroschueren-3-2-2-3-2-2-2-2-2\">\n    <h3 class=\"module-title\">NOTICE D\u2019INSTALLATION<\/h3>    <div  class=\"tb_text_wrap\">\n    <p style=\"text-align: left;\"><a href=\"https:\/\/www.fieger-lamellenfenster.de\/wp-content\/uploads\/2025\/09\/FIEGER-Notice_D\u00b4Installation_FR_06-25.pdf\" target=\"_blank\" rel=\"noopener\"><img loading=\"lazy\" decoding=\"async\" class=\"alignleft wp-image-7459\" src=\"https:\/\/www.fieger-lamellenfenster.de\/wp-content\/uploads\/2021\/11\/IconFRInstall-214x300.jpg\" alt=\"\" width=\"100\" height=\"140\" srcset=\"https:\/\/www.fieger-lamellenfenster.de\/wp-content\/uploads\/2021\/11\/IconFRInstall-214x300.jpg 214w, https:\/\/www.fieger-lamellenfenster.de\/wp-content\/uploads\/2021\/11\/IconFRInstall.jpg 250w\" sizes=\"(max-width: 100px) 100vw, 100px\" \/><\/a><\/p>    <\/div>\n<\/div>\n<!-- \/module text -->                    <\/div>\n                            <\/div>\n                        <div  data-lazy=\"1\" class=\"module_column sub_column col4-1 tb_s4ha809\">\n                                                        <div class=\"tb-column-inner tf_box tf_w\">\n                        <!-- module text -->\n<div  class=\"module module-text tb_ln23136   \" data-lazy=\"1\" id=\"Produktbroschueren-3-2-2-3-2-2-2-3-2-2-2-2-2\">\n    <h3 class=\"module-title\">Descriptif des produits<\/h3>    <div  class=\"tb_text_wrap\">\n    <p style=\"text-align: left;\"><a href=\"https:\/\/www.fieger-lamellenfenster.de\/wp-content\/uploads\/2025\/09\/Tableau-des-Produits.pdf\" target=\"_blank\" rel=\"noopener\"><img loading=\"lazy\" decoding=\"async\" class=\"alignleft wp-image-7459\" src=\"https:\/\/www.fieger-lamellenfenster.de\/wp-content\/uploads\/2021\/11\/IconFRInstall-214x300.jpg\" alt=\"\" width=\"100\" height=\"140\" srcset=\"https:\/\/www.fieger-lamellenfenster.de\/wp-content\/uploads\/2021\/11\/IconFRInstall-214x300.jpg 214w, https:\/\/www.fieger-lamellenfenster.de\/wp-content\/uploads\/2021\/11\/IconFRInstall.jpg 250w\" sizes=\"(max-width: 100px) 100vw, 100px\" \/><\/a><\/p>    <\/div>\n<\/div>\n<!-- \/module text -->                    <\/div>\n                            <\/div>\n                        <div  data-lazy=\"1\" class=\"module_column sub_column col4-1 tb_snfx829 last\">\n                                                        <div class=\"tb-column-inner tf_box tf_w\">\n                        <!-- module text -->\n<div  class=\"module module-text tb_lqyl855   \" data-lazy=\"1\" id=\"Produktbroschueren-3-2-2-3-2-2-2-2-2-2-2-2-2-2\">\n    <h3 class=\"module-title\">FLM PG\/LG fiche technique<\/h3>    <div  class=\"tb_text_wrap\">\n    <p style=\"text-align: left;\"><a href=\"https:\/\/www.fieger-lamellenfenster.de\/wp-content\/uploads\/2025\/09\/FLM-PG-FLM-LG-Ficha-Tecnica.pdf\" target=\"_blank\" rel=\"noopener\"><img loading=\"lazy\" decoding=\"async\" class=\"alignleft wp-image-7459\" src=\"https:\/\/www.fieger-lamellenfenster.de\/wp-content\/uploads\/2021\/11\/IconFRInstall-214x300.jpg\" alt=\"\" width=\"100\" height=\"140\" srcset=\"https:\/\/www.fieger-lamellenfenster.de\/wp-content\/uploads\/2021\/11\/IconFRInstall-214x300.jpg 214w, https:\/\/www.fieger-lamellenfenster.de\/wp-content\/uploads\/2021\/11\/IconFRInstall.jpg 250w\" sizes=\"(max-width: 100px) 100vw, 100px\" \/><\/a><\/p>    <\/div>\n<\/div>\n<!-- \/module text -->                    <\/div>\n                            <\/div>\n            \t    <\/div>\n\t<\/div><!-- \/themify_builder_sub_row -->\n\t\t<div  data-lazy=\"1\" class=\"module_subrow themify_builder_sub_row tb_ct0n114 tf_w tf_clearfix\">\n\t    \t\t\t<div class=\"subrow_inner col_align_top tb_col_count_4 tf_box tf_w\">\n\t\t            <div  data-lazy=\"1\" class=\"module_column sub_column col4-1 tb_9kpj114 first\">\n                                                        <div class=\"tb-column-inner tf_box tf_w\">\n                        <!-- module text -->\n<div  class=\"module module-text tb_lwo7845   \" data-lazy=\"1\" id=\"Produktbroschueren-3-2-2-3-2-2-2-2-2-2-2-2-2-2-2\">\n    <h3 class=\"module-title\">FLM LG Plan AutoCAD<\/h3>    <div  class=\"tb_text_wrap\">\n    <p style=\"text-align: left;\"><a href=\"https:\/\/www.fieger-lamellenfenster.de\/wp-content\/uploads\/2025\/09\/FLM_LG_gesamt_Fr_Homepage_2508-1.dwg\" target=\"_blank\" rel=\"noopener\"><img loading=\"lazy\" decoding=\"async\" class=\"alignleft wp-image-7459\" src=\"https:\/\/www.fieger-lamellenfenster.de\/wp-content\/uploads\/2022\/12\/dwg.svg\" alt=\"\" width=\"100\" height=\"140\"><\/a><\/p>    <\/div>\n<\/div>\n<!-- \/module text -->                    <\/div>\n                            <\/div>\n                        <div  data-lazy=\"1\" class=\"module_column sub_column col4-1 tb_s1g4115\">\n                                                        <div class=\"tb-column-inner tf_box tf_w\">\n                        <!-- module text -->\n<div  class=\"module module-text tb_8sn4406   \" data-lazy=\"1\" id=\"Produktbroschueren-3-2-2-3-2-2-2-2-2-2-2-2-2-2-2-2-2\">\n    <h3 class=\"module-title\">FLM PG Plan AutoCAD<\/h3>    <div  class=\"tb_text_wrap\">\n    <p style=\"text-align: left;\"><a href=\"https:\/\/www.fieger-lamellenfenster.de\/wp-content\/uploads\/2025\/09\/FLM_PG_gesamt_Fr_Homepage_2508-1.dwg\" target=\"_blank\" rel=\"noopener\"><img loading=\"lazy\" decoding=\"async\" class=\"alignleft wp-image-7459\" src=\"https:\/\/www.fieger-lamellenfenster.de\/wp-content\/uploads\/2022\/12\/dwg.svg\" alt=\"\" width=\"100\" height=\"140\"><\/a><\/p>    <\/div>\n<\/div>\n<!-- \/module text -->                    <\/div>\n                            <\/div>\n                        <div  data-lazy=\"1\" class=\"module_column sub_column col4-1 tb_wrgr115\">\n                                                <\/div>\n                        <div  data-lazy=\"1\" class=\"module_column sub_column col4-1 tb_b37r115 last\">\n                                                <\/div>\n            \t    <\/div>\n\t<\/div><!-- \/themify_builder_sub_row -->\n\t                    <\/div>\n                            <\/div>\n            \t    <\/div>\n\t    <!-- \/row_inner -->\n\t<\/div>\n\t<!-- \/module_row -->\n\t\t\t\t<!-- module_row -->\n\t<div  id=\"CAT\" data-lazy=\"1\" class=\"module_row themify_builder_row tb_wohu259 tf_w tf_clearfix\">\n\t    \t\t\t<div class=\"row_inner col_align_top tb_col_count_1 tf_box tf_rel\">\n\t\t            <div  data-lazy=\"1\" class=\"module_column tb-column col-full tb_d2hn272 first\">\n                                                        <div class=\"tb-column-inner tf_box tf_w\">\n                        \t<div  data-lazy=\"1\" class=\"module_subrow themify_builder_sub_row tb_oyaf272 tf_w tf_clearfix\">\n\t    \t\t\t<div class=\"subrow_inner col_align_middle tb_col_count_2 tf_box tf_w\">\n\t\t            <div  data-lazy=\"1\" class=\"module_column sub_column col3-1 tb_2sem272 first\">\n                                                <\/div>\n                        <div  data-lazy=\"1\" class=\"module_column sub_column col3-2 tb_wxl6272 last\">\n                                                        <div class=\"tb-column-inner tf_box tf_w\">\n                        <!-- module text -->\n<div  class=\"module module-text tb_6mbb272   \" data-lazy=\"1\">\n        <div  class=\"tb_text_wrap\">\n    <h3>Vous avez besoin de plus amples informations\u00a0? <br>Contactez-nous\u00a0:<\/h3>\n    <\/div>\n<\/div>\n<!-- \/module text --><!-- module buttons -->\n<div  class=\"module module-buttons tb_cauy301 buttons-horizontal solid  squared\" data-lazy=\"1\">\n    \t<div class=\"module-buttons-item tf_inline_b\">\n\t\t\t\t\t\t\t<a href=\"https:\/\/www.fieger-lamellenfenster.de\/fr\/contact\/\" class=\"ui builder_button red\" >\n\t\t\t\t\t\t\t\t\t\t\t<span class=\"tf_inline_b tf_vmiddle\">Contact<\/span>\n\t\t\t\t\t\t\t\t\t\t\t<\/a>\n\t\t\t    \t<\/div>\n    <\/div>\n<!-- \/module buttons -->\n<!-- module text -->\n<div  class=\"module module-text tb_4tn0272   \" data-lazy=\"1\">\n        <div  class=\"tb_text_wrap\">\n    <p><strong>Ou profitez directement des conseils de notre \u00e9quipe de professionnels\u00a0:<\/strong><br \/>info@fieger-lamellenfenster.de <br \/>+49\u00a06201\u00a084434-0<\/p>    <\/div>\n<\/div>\n<!-- \/module text -->                    <\/div>\n                            <\/div>\n            \t    <\/div>\n\t<\/div><!-- \/themify_builder_sub_row -->\n\t                    <\/div>\n                            <\/div>\n            \t    <\/div>\n\t    <!-- \/row_inner -->\n\t<\/div>\n\t<!-- \/module_row -->\n\t\t\t\t<!-- module_row -->\n\t<div  data-lazy=\"1\" class=\"module_row themify_builder_row tb_rosg536 tf_w tf_clearfix\">\n\t    \t\t\t<div class=\"row_inner col_align_top tb_col_count_1 tf_box tf_rel\">\n\t\t            <div  data-lazy=\"1\" class=\"module_column tb-column col-full tb_vctw536 first\">\n                                                        <div class=\"tb-column-inner tf_box tf_w\">\n                        <!-- module fancy heading -->\n<div  class=\"module module-fancy-heading tb_ynw1536 \" data-lazy=\"1\">\n        <h1 class=\"fancy-heading tf_textc\">\n    <span class=\"main-head tf_block\">\n\t\t\t\t\tProjects Actuels\t\t    <\/span>\n\n\t\n    <span class=\"sub-head tf_block tf_rel\">\n\t\t\t\t\t\t\t    <\/span>\n    <\/h1>\n<\/div>\n<!-- \/module fancy heading -->\n<!-- module post -->\n<div  class=\"module module-portfolio tb_ix3y536 \">\n        <ul class=\"post-filter tf_textc tf_opacity\">\n\t\t\t<li class=\"cat-item cat-item-113\"><a href=\"https:\/\/www.fieger-lamellenfenster.de\/fr\/portfolio-category\/flm-pg-lg-fr\/\">FLM PG \/ LG<\/a>\n<\/li>\n\t<li class=\"cat-item cat-item-117\"><a href=\"https:\/\/www.fieger-lamellenfenster.de\/fr\/portfolio-category\/flw-fr\/\">FLW<\/a>\n<\/li>\n\t<li class=\"cat-item cat-item-127\"><a href=\"https:\/\/www.fieger-lamellenfenster.de\/fr\/portfolio-category\/smotec-fr\/\">smotec<\/a>\n<\/li>\n\t<li class=\"cat-item cat-item-105\"><a href=\"https:\/\/www.fieger-lamellenfenster.de\/fr\/portfolio-category\/tous-fr\/\">Tous<\/a>\n<\/li>\n\t\t    <\/ul>\n\t    <div  class=\"builder-posts-wrap loops-wrapper portfolio tf_tiles_more auto_tiles masonry polaroid classic tf_rel tf_clear tf_clearfix\" data-lazy=\"1\">\n\t<article id=\"portfolio-8002\" class=\"post tf_clearfix portfolio-post cat-113 cat-127 cat-105 post-8002 portfolio type-portfolio status-publish has-post-thumbnail hentry portfolio-category-flm-pg-lg-fr portfolio-category-smotec-fr portfolio-category-tous-fr has-post-title no-post-date has-post-category has-post-tag has-post-comment has-post-author   cat-113  cat-127  cat-105\">\n\t\n\t\n\t\t\t\t<figure class=\"post-image tf_clearfix\">\n\t\t\t    \t\t\t\t\t\t\t\t<a href=\"https:\/\/www.fieger-lamellenfenster.de\/fr\/projekt\/chartwell-court\/\">\n\t\t\t\t\t\t\t\t<img loading=\"lazy\" decoding=\"async\" width=\"1500\" height=\"1130\" src=\"https:\/\/www.fieger-lamellenfenster.de\/wp-content\/uploads\/2021\/11\/ChartwellCourtBrighton1500x1130.jpg\" class=\"wp-post-image wp-image-6762\" title=\"ChartwellCourtBrighton1500x1130\" alt=\"Smotec Fieger Lamellenfenster - Chartwell Court Brighton Gro\u00dfbritannien\" srcset=\"https:\/\/www.fieger-lamellenfenster.de\/wp-content\/uploads\/2021\/11\/ChartwellCourtBrighton1500x1130.jpg 1500w, https:\/\/www.fieger-lamellenfenster.de\/wp-content\/uploads\/2021\/11\/ChartwellCourtBrighton1500x1130-300x226.jpg 300w, https:\/\/www.fieger-lamellenfenster.de\/wp-content\/uploads\/2021\/11\/ChartwellCourtBrighton1500x1130-1024x771.jpg 1024w, https:\/\/www.fieger-lamellenfenster.de\/wp-content\/uploads\/2021\/11\/ChartwellCourtBrighton1500x1130-768x579.jpg 768w\" sizes=\"(max-width: 1500px) 100vw, 1500px\" \/>\t\t\t\t\t\t\t\t    \t\t\t\t<\/a>\n\t\t\t\t\t\t\t    \t\t\t<\/figure>\n\t\t\t\n\t<div class=\"post-content\">\n\n\t\t\n\t\t\t<div class=\"post-content-inner\">\n\n\t\t\t\t\t\t\n\t\t\t\t\t\t\n\t\t\t\t\t\t<h2 class=\"post-title entry-title\"><a href=\"https:\/\/www.fieger-lamellenfenster.de\/fr\/projekt\/chartwell-court\/\">Chartwell Court<\/a><\/h2>\n\t\t\n\t\t\t<div class=\"entry-content\">\n\n        \n\t<\/div><!-- \/.entry-content -->\n\t\n\t\t\n\t\t\t<\/div>\n\t\t\t<!-- \/.post-content-inner -->\n\t\t\n\t<\/div>\n\t<!-- \/.post-content -->\n\t<\/article>\n<!-- \/.post -->\n<article id=\"portfolio-8004\" class=\"post tf_clearfix portfolio-post cat-113 cat-127 cat-105 post-8004 portfolio type-portfolio status-publish has-post-thumbnail hentry portfolio-category-flm-pg-lg-fr portfolio-category-smotec-fr portfolio-category-tous-fr has-post-title no-post-date has-post-category has-post-tag has-post-comment has-post-author   cat-113  cat-127  cat-105\">\n\t\n\t\n\t\t\t\t<figure class=\"post-image tf_clearfix\">\n\t\t\t    \t\t\t\t\t\t\t\t<a href=\"https:\/\/www.fieger-lamellenfenster.de\/fr\/projekt\/north-sighthill-regeneration\/\">\n\t\t\t\t\t\t\t\t<img loading=\"lazy\" decoding=\"async\" width=\"1500\" height=\"1130\" src=\"https:\/\/www.fieger-lamellenfenster.de\/wp-content\/uploads\/2021\/11\/NorthSighthillRegenerationEdinburgh_1500x1130.jpg\" class=\"wp-post-image wp-image-6740\" title=\"NorthSighthillRegenerationEdinburgh_1500x1130\" alt=\" North Sighthill Regeneration Edinburgh FIEGER FLM  Lamellenfenster, \u201eDIN EN 12101-2\u201c-zertifizierte NRWG Nat\u00fcrliche Rauch- und W\u00e4rmeabzugsger\u00e4te\" srcset=\"https:\/\/www.fieger-lamellenfenster.de\/wp-content\/uploads\/2021\/11\/NorthSighthillRegenerationEdinburgh_1500x1130.jpg 1500w, https:\/\/www.fieger-lamellenfenster.de\/wp-content\/uploads\/2021\/11\/NorthSighthillRegenerationEdinburgh_1500x1130-300x226.jpg 300w, https:\/\/www.fieger-lamellenfenster.de\/wp-content\/uploads\/2021\/11\/NorthSighthillRegenerationEdinburgh_1500x1130-1024x771.jpg 1024w, https:\/\/www.fieger-lamellenfenster.de\/wp-content\/uploads\/2021\/11\/NorthSighthillRegenerationEdinburgh_1500x1130-768x579.jpg 768w\" sizes=\"(max-width: 1500px) 100vw, 1500px\" \/>\t\t\t\t\t\t\t\t    \t\t\t\t<\/a>\n\t\t\t\t\t\t\t    \t\t\t<\/figure>\n\t\t\t\n\t<div class=\"post-content\">\n\n\t\t\n\t\t\t<div class=\"post-content-inner\">\n\n\t\t\t\t\t\t\n\t\t\t\t\t\t\n\t\t\t\t\t\t<h2 class=\"post-title entry-title\"><a href=\"https:\/\/www.fieger-lamellenfenster.de\/fr\/projekt\/north-sighthill-regeneration\/\">North Sighthill Regeneration<\/a><\/h2>\n\t\t\n\t\t\t<div class=\"entry-content\">\n\n        \n\t<\/div><!-- \/.entry-content -->\n\t\n\t\t\n\t\t\t<\/div>\n\t\t\t<!-- \/.post-content-inner -->\n\t\t\n\t<\/div>\n\t<!-- \/.post-content -->\n\t<\/article>\n<!-- \/.post -->\n<article id=\"portfolio-8006\" class=\"post tf_clearfix portfolio-post cat-117 cat-127 cat-105 post-8006 portfolio type-portfolio status-publish has-post-thumbnail hentry portfolio-category-flw-fr portfolio-category-smotec-fr portfolio-category-tous-fr has-post-title no-post-date has-post-category has-post-tag has-post-comment has-post-author   cat-117  cat-127  cat-105\">\n\t\n\t\n\t\t\t\t<figure class=\"post-image tf_clearfix\">\n\t\t\t    \t\t\t\t\t\t\t\t<a href=\"https:\/\/www.fieger-lamellenfenster.de\/fr\/projekt\/banbridge-health-care-centre\/\">\n\t\t\t\t\t\t\t\t<img loading=\"lazy\" decoding=\"async\" width=\"1500\" height=\"1130\" src=\"https:\/\/www.fieger-lamellenfenster.de\/wp-content\/uploads\/2021\/06\/Banbridge-Health-and-Care-CentreTitel-2.jpg\" class=\"wp-post-image wp-image-5412\" title=\"Banbridge-Health-and-Care-CentreTitel\" alt=\"Das Banbridge Health and Care Centre in Nord Irland mit FLW 28 airtec Lamellenfenster von Fieger ist Gewinner des RIBA National Award 2016 \" srcset=\"https:\/\/www.fieger-lamellenfenster.de\/wp-content\/uploads\/2021\/06\/Banbridge-Health-and-Care-CentreTitel-2.jpg 1500w, https:\/\/www.fieger-lamellenfenster.de\/wp-content\/uploads\/2021\/06\/Banbridge-Health-and-Care-CentreTitel-2-300x226.jpg 300w, https:\/\/www.fieger-lamellenfenster.de\/wp-content\/uploads\/2021\/06\/Banbridge-Health-and-Care-CentreTitel-2-1024x771.jpg 1024w, https:\/\/www.fieger-lamellenfenster.de\/wp-content\/uploads\/2021\/06\/Banbridge-Health-and-Care-CentreTitel-2-768x579.jpg 768w\" sizes=\"(max-width: 1500px) 100vw, 1500px\" \/>\t\t\t\t\t\t\t\t    \t\t\t\t<\/a>\n\t\t\t\t\t\t\t    \t\t\t<\/figure>\n\t\t\t\n\t<div class=\"post-content\">\n\n\t\t\n\t\t\t<div class=\"post-content-inner\">\n\n\t\t\t\t\t\t\n\t\t\t\t\t\t\n\t\t\t\t\t\t<h2 class=\"post-title entry-title\"><a href=\"https:\/\/www.fieger-lamellenfenster.de\/fr\/projekt\/banbridge-health-care-centre\/\">Banbridge Health &#038; Care Centre<\/a><\/h2>\n\t\t\n\t\t\t<div class=\"entry-content\">\n\n        \n\t<\/div><!-- \/.entry-content -->\n\t\n\t\t\n\t\t\t<\/div>\n\t\t\t<!-- \/.post-content-inner -->\n\t\t\n\t<\/div>\n\t<!-- \/.post-content -->\n\t<\/article>\n<!-- \/.post -->\n<article id=\"portfolio-8008\" class=\"post tf_clearfix portfolio-post cat-117 cat-127 cat-105 post-8008 portfolio type-portfolio status-publish has-post-thumbnail hentry portfolio-category-flw-fr portfolio-category-smotec-fr portfolio-category-tous-fr has-post-title no-post-date has-post-category has-post-tag has-post-comment has-post-author   cat-117  cat-127  cat-105\">\n\t\n\t\n\t\t\t\t<figure class=\"post-image tf_clearfix\">\n\t\t\t    \t\t\t\t\t\t\t\t<a href=\"https:\/\/www.fieger-lamellenfenster.de\/fr\/projekt\/boroughmuir-high-school\/\">\n\t\t\t\t\t\t\t\t<img loading=\"lazy\" decoding=\"async\" width=\"1027\" height=\"685\" src=\"https:\/\/www.fieger-lamellenfenster.de\/wp-content\/uploads\/2021\/06\/Boroughmuir-High-School_titel.jpg\" class=\"wp-post-image wp-image-5349\" title=\"Boroughmuir-High-School_titel\" alt=\"Boroughmuir High School Edinburgh mit Fieger Lamellenfester FLW 28 die L\u00f6sung f\u00fcr nat\u00fcrliche Be und Entl\u00fcftung Airtec \" srcset=\"https:\/\/www.fieger-lamellenfenster.de\/wp-content\/uploads\/2021\/06\/Boroughmuir-High-School_titel.jpg 1027w, https:\/\/www.fieger-lamellenfenster.de\/wp-content\/uploads\/2021\/06\/Boroughmuir-High-School_titel-300x200.jpg 300w, https:\/\/www.fieger-lamellenfenster.de\/wp-content\/uploads\/2021\/06\/Boroughmuir-High-School_titel-1024x683.jpg 1024w, https:\/\/www.fieger-lamellenfenster.de\/wp-content\/uploads\/2021\/06\/Boroughmuir-High-School_titel-768x512.jpg 768w\" sizes=\"(max-width: 1027px) 100vw, 1027px\" \/>\t\t\t\t\t\t\t\t    \t\t\t\t<\/a>\n\t\t\t\t\t\t\t    \t\t\t<\/figure>\n\t\t\t\n\t<div class=\"post-content\">\n\n\t\t\n\t\t\t<div class=\"post-content-inner\">\n\n\t\t\t\t\t\t\n\t\t\t\t\t\t\n\t\t\t\t\t\t<h2 class=\"post-title entry-title\"><a href=\"https:\/\/www.fieger-lamellenfenster.de\/fr\/projekt\/boroughmuir-high-school\/\">Boroughmuir High School<\/a><\/h2>\n\t\t\n\t\t\t<div class=\"entry-content\">\n\n        \n\t<\/div><!-- \/.entry-content -->\n\t\n\t\t\n\t\t\t<\/div>\n\t\t\t<!-- \/.post-content-inner -->\n\t\t\n\t<\/div>\n\t<!-- \/.post-content -->\n\t<\/article>\n<!-- \/.post -->\n<\/div><!-- .builder-posts-wrap -->\n    <\/div>\n    <!-- \/module post -->\n                    <\/div>\n                            <\/div>\n            \t    <\/div>\n\t    <!-- \/row_inner -->\n\t<\/div>\n\t<!-- \/module_row -->\n\t<\/div>\n<!--\/themify_builder_content-->","protected":false},"excerpt":{"rendered":"<p>Fen\u00eatres \u00e0 lames\u00a0FLM\u00a0PG \/ FLM\u00a0LG\u00a0FIEGERSIMPLE VITRAGE JUSQU&rsquo;\u00c0 12 MM OU VERRE DE S\u00c9CURIT\u00c9 FEUILLET\u00c9 DE 2X6 MM Les fen\u00eatres \u00e0 lames\u00a0FLM\u00a0PG (fixation boulonn\u00e9e) et FLM\u00a0LG (fixation lin\u00e9aire) de FIEGER sont nos produits en verre adaptables. Les fen\u00eatres FLM ne comportent aucun profil de lames et permettent ainsi de cr\u00e9er des surfaces enti\u00e8rement transparentes. Mont\u00e9es de [&hellip;]<\/p>\n","protected":false},"author":18,"featured_media":0,"parent":5731,"menu_order":0,"comment_status":"closed","ping_status":"closed","template":"","meta":{"footnotes":""},"_links":{"self":[{"href":"https:\/\/www.fieger-lamellenfenster.de\/fr\/wp-json\/wp\/v2\/pages\/5745"}],"collection":[{"href":"https:\/\/www.fieger-lamellenfenster.de\/fr\/wp-json\/wp\/v2\/pages"}],"about":[{"href":"https:\/\/www.fieger-lamellenfenster.de\/fr\/wp-json\/wp\/v2\/types\/page"}],"author":[{"embeddable":true,"href":"https:\/\/www.fieger-lamellenfenster.de\/fr\/wp-json\/wp\/v2\/users\/18"}],"replies":[{"embeddable":true,"href":"https:\/\/www.fieger-lamellenfenster.de\/fr\/wp-json\/wp\/v2\/comments?post=5745"}],"version-history":[{"count":63,"href":"https:\/\/www.fieger-lamellenfenster.de\/fr\/wp-json\/wp\/v2\/pages\/5745\/revisions"}],"predecessor-version":[{"id":12134,"href":"https:\/\/www.fieger-lamellenfenster.de\/fr\/wp-json\/wp\/v2\/pages\/5745\/revisions\/12134"}],"up":[{"embeddable":true,"href":"https:\/\/www.fieger-lamellenfenster.de\/fr\/wp-json\/wp\/v2\/pages\/5731"}],"wp:attachment":[{"href":"https:\/\/www.fieger-lamellenfenster.de\/fr\/wp-json\/wp\/v2\/media?parent=5745"}],"curies":[{"name":"wp","href":"https:\/\/api.w.org\/{rel}","templated":true}]}}