{"id":5731,"date":"2021-07-09T11:14:51","date_gmt":"2021-07-09T09:14:51","guid":{"rendered":"https:\/\/www.fieger-lamellenfenster.de\/produits\/"},"modified":"2025-09-08T11:14:39","modified_gmt":"2025-09-08T09:14:39","slug":"produits","status":"publish","type":"page","link":"https:\/\/www.fieger-lamellenfenster.de\/fr\/produits\/","title":{"rendered":"Produits"},"content":{"rendered":"<div class=\"wp-block-themepunch-revslider revslider\" data-modal=\"false\" data-slidertitle=\"Produkte_slider_fr\" style=\"\">\n\t\t\t<!-- START Produkte_slider_fr REVOLUTION SLIDER 6.6.20 --><p class=\"rs-p-wp-fix\"><\/p>\n\t\t\t<rs-module-wrap id=\"rev_slider_26_1_wrapper\" data-source=\"gallery\" style=\"visibility:hidden;background:transparent;padding:0;margin:0px auto;margin-top:0;margin-bottom:0;\">\n\t\t\t\t<rs-module id=\"rev_slider_26_1\" style=\"\" data-version=\"6.6.20\">\n\t\t\t\t\t<rs-slides style=\"overflow: hidden; position: absolute;\">\n\t\t\t\t\t\t<rs-slide style=\"position: absolute;\" data-key=\"rs-40\" data-title=\"Slide2\" data-duration=\"4000ms\" data-in=\"o:0;\" data-out=\"a:false;\" data-d3=\"f:turn;d:vertical;su:true;\">\n\t\t\t\t\t\t\t<img decoding=\"async\" src=\"\/\/www.fieger-lamellenfenster.de\/wp-content\/plugins\/revslider\/public\/assets\/assets\/dummy.png\" alt=\"Fieger FLL Aluminiumlamellen Sigmund-Freud- Institut Frankfurt am Main, Deutschland\" title=\"Landscape_produkte1920x300\" width=\"1920\" height=\"300\" class=\"rev-slidebg tp-rs-img rs-lazyload\" data-lazyload=\"\/\/www.fieger-lamellenfenster.de\/wp-content\/uploads\/2021\/04\/Landscape_lamellenfenster1920x300.jpg\" data-no-retina>\n<!--\n\t\t\t\t\t\t\t--><rs-layer\n\t\t\t\t\t\t\t\tid=\"slider-26-slide-40-layer-2\" \n\t\t\t\t\t\t\t\tdata-type=\"text\"\n\t\t\t\t\t\t\t\tdata-color=\"#000000\"\n\t\t\t\t\t\t\t\tdata-rsp_ch=\"on\"\n\t\t\t\t\t\t\t\tdata-xy=\"x:-350px;y:92px;\"\n\t\t\t\t\t\t\t\tdata-text=\"w:nowrap;s:32;l:41;fw:700;a:right;\"\n\t\t\t\t\t\t\t\tdata-dim=\"w:1034px;\"\n\t\t\t\t\t\t\t\tdata-vbility=\"t,t,t,f\"\n\t\t\t\t\t\t\t\tdata-padding=\"t:5;r:15;b:5;l:80;\"\n\t\t\t\t\t\t\t\tdata-frame_0=\"x:right;\"\n\t\t\t\t\t\t\t\tdata-frame_1=\"sp:1000;\"\n\t\t\t\t\t\t\t\tdata-frame_999=\"o:0;st:w;\"\n\t\t\t\t\t\t\t\tstyle=\"z-index:8;background-color:rgba(255,255,255,0.9);font-family:'Oswald';\"\n\t\t\t\t\t\t\t>NOS PRODUITS SONT NOTRE <font color=\"#c02126\">PASSION.<\/font>  \n\t\t\t\t\t\t\t<\/rs-layer><!--\n-->\t\t\t\t\t\t<\/rs-slide>\n\t\t\t\t\t<\/rs-slides>\n\t\t\t\t\t<rs-static-layers><!--\n\t\t\t\t\t--><\/rs-static-layers>\n\t\t\t\t<\/rs-module>\n\t\t\t\t<script>\n\t\t\t\t\tsetREVStartSize({c: 'rev_slider_26_1',rl:[1240,1024,778,480],el:[300],gw:[1240],gh:[300],type:'standard',justify:'',layout:'fullwidth',mh:\"0\"});if (window.RS_MODULES!==undefined && window.RS_MODULES.modules!==undefined && window.RS_MODULES.modules[\"revslider261\"]!==undefined) {window.RS_MODULES.modules[\"revslider261\"].once = false;window.revapi26 = undefined;if (window.RS_MODULES.checkMinimal!==undefined) window.RS_MODULES.checkMinimal()}\n\t\t\t\t<\/script>\n\t\t\t<\/rs-module-wrap>\n\t\t\t<!-- END REVOLUTION SLIDER -->\n<\/div>\n\n<!--themify_builder_content-->\n<div id=\"themify_builder_content-5731\" data-postid=\"5731\" class=\"themify_builder_content themify_builder_content-5731 themify_builder tf_clear\">\n    \t\t\t<!-- module_row -->\n\t<div  data-lazy=\"1\" class=\"module_row themify_builder_row tb_7eb5529 tb_first tf_w tf_clearfix\">\n\t    \t\t\t<div class=\"row_inner col_align_top tb_col_count_1 tf_box tf_rel\">\n\t\t            <div  data-lazy=\"1\" class=\"module_column tb-column col-full tb_y4a3529 first\">\n                                                        <div class=\"tb-column-inner tf_box tf_w\">\n                        <!-- module fancy heading -->\n<div  class=\"module module-fancy-heading tb_fikt529 \" data-lazy=\"1\">\n        <h1 class=\"fancy-heading tf_textc\">\n    <span class=\"main-head tf_block\">\n\t\t\t\t\tLes fen\u00eatres \u00e0 lames\t\t    <\/span>\n\n\t\n    <span class=\"sub-head tf_block tf_rel\">\n\t\t\t\t\tUN DESIGN IDEAL\t\t    <\/span>\n    <\/h1>\n<\/div>\n<!-- \/module fancy heading -->\n\t<div  data-lazy=\"1\" class=\"module_subrow themify_builder_sub_row tb_o7t1530 tf_w tf_clearfix\">\n\t    \t\t\t<div class=\"subrow_inner col_align_top tb_col_count_2 tf_box tf_w\">\n\t\t            <div  data-lazy=\"1\" class=\"module_column sub_column tb_cb23530 first\">\n                                                        <div class=\"tb-column-inner tf_box tf_w\">\n                        <!-- module text -->\n<div  class=\"module module-text tb_vwrt530   \" data-lazy=\"1\">\n        <div  class=\"tb_text_wrap\">\n    <p>Nos fen\u00eatres de la <strong>gamme&nbsp;FLW<\/strong> sont les produits FIEGER les plus vendus. Les fen\u00eatres \u00e0 double ou triple vitrage offrent tous les avantages des fen\u00eatres \u00e0 lames.<br>Les <strong>FLM<\/strong> sont des fen\u00eatres simple vitrage non isol\u00e9es. Elles offrent un grand clair de jour en raison de l&rsquo;absence de cadre et offrent de nombreuses possibilit\u00e9s d&rsquo;am\u00e9nagement int\u00e9ressantes dans les pi\u00e8ces non chauff\u00e9es ou en tant que seconde fa\u00e7ade pour une maison.<br>Les <strong>fen\u00eatres FLL<\/strong> sont propos\u00e9es avec des lames en aluminium.<\/p>    <\/div>\n<\/div>\n<!-- \/module text -->                    <\/div>\n                            <\/div>\n                        <div  data-lazy=\"1\" class=\"module_column sub_column tb_0ca0531 last\">\n                                                        <div class=\"tb-column-inner tf_box tf_w\">\n                        <!-- module text -->\n<div  class=\"module module-text tb_dmn4531   \" data-lazy=\"1\">\n        <div  class=\"tb_text_wrap\">\n    <p>Les fen\u00eatres <strong>FDS<\/strong> permettent de mettre en \u0153uvre de nombreuses id\u00e9es gr\u00e2ce \u00e0 leur structure sp\u00e9ciale.<br \/>Toutes les fen\u00eatres \u00e0 lames FLIEGER sont disponibles avec un entra\u00eenement manuel, \u00e9lectrique et pneumatique. Des profils d&rsquo;adaptation sur mesure font d&rsquo;elles des solutions ad\u00e9quates pour chaque situation de montage. Toutes les fen\u00eatres vitr\u00e9es peuvent \u00eatre command\u00e9es avec du verre flott\u00e9, tremp\u00e9, <strong>de s\u00e9curit\u00e9 feuillet\u00e9<\/strong> ou une combinaison de ces verres.<\/p>    <\/div>\n<\/div>\n<!-- \/module text -->                    <\/div>\n                            <\/div>\n            \t    <\/div>\n\t<\/div><!-- \/themify_builder_sub_row -->\n\t                    <\/div>\n                            <\/div>\n            \t    <\/div>\n\t    <!-- \/row_inner -->\n\t<\/div>\n\t<!-- \/module_row -->\n\t\t\t\t<!-- module_row -->\n\t<div  data-lazy=\"1\" class=\"module_row themify_builder_row tb_ukkn058 tf_w tf_clearfix\">\n\t    \t\t\t<div class=\"row_inner col_align_top tb_col_count_2 tf_box tf_rel\">\n\t\t            <div  data-lazy=\"1\" class=\"module_column tb-column col4-1 tb_5fi5080 first\">\n                                                        <div class=\"tb-column-inner tf_box tf_w\">\n                        \t<div  data-sticky-active=\"{&quot;d&quot;:{&quot;stick&quot;:{&quot;v&quot;:&quot;100&quot;},&quot;unstick&quot;:{&quot;type&quot;:&quot;module&quot;,&quot;el&quot;:&quot;9477955&quot;}},&quot;m&quot;:0}\" data-lazy=\"1\" class=\"module_subrow themify_builder_sub_row tb_z4am894 hide-mobile tf_w tf_clearfix\">\n\t    \t\t\t<div class=\"subrow_inner col_align_top tb_col_count_1 tf_box tf_w\">\n\t\t            <div  data-lazy=\"1\" class=\"module_column sub_column col-full tb_b69s894 first\">\n                                                        <div class=\"tb-column-inner tf_box tf_w\">\n                        <!-- module text -->\n<div  class=\"module module-text tb_0y6v895   \" data-lazy=\"1\">\n        <div  class=\"tb_text_wrap\">\n    <p style=\"text-align: left;\">Avec isolation thermique<\/p>    <\/div>\n<\/div>\n<!-- \/module text --><!-- module image -->\n<div  class=\"module module-image tb_33it895   image-left tf_mw\" data-lazy=\"1\">\n        <div class=\"image-wrap tf_rel tf_mw\">\n\t\t    <a href=\"https:\/\/www.fieger-lamellenfenster.de\/fr\/produits\/produits-flw-32\/\"\n\t       \t       >\n\t\t   \t\t<img loading=\"lazy\" decoding=\"async\" width=\"180\" height=\"57\" src=\"https:\/\/www.fieger-lamellenfenster.de\/wp-content\/uploads\/2021\/04\/FLW_32_AIRSMO_RGB_180x57.png\" class=\"wp-post-image wp-image-2213\" title=\"FLW_32_AIR+SMO_RGB_180x57\" alt=\"FLW 32 airtec smotec\">\t    <\/a>\n\t\n\t\t<\/div>\n\t<!-- \/image-wrap -->\n    \n    \t<\/div>\n<!-- \/module image --><!-- module image -->\n<div  class=\"module module-image tb_8o3i895   image-left tf_mw\" data-lazy=\"1\">\n        <div class=\"image-wrap tf_rel tf_mw\">\n\t\t    <a href=\"https:\/\/www.fieger-lamellenfenster.de\/fr\/produits\/produits-flw-40\/\"\n\t       \t       >\n\t\t   \t\t<img loading=\"lazy\" decoding=\"async\" width=\"180\" height=\"57\" src=\"https:\/\/www.fieger-lamellenfenster.de\/wp-content\/uploads\/2021\/04\/FLW_40_AIRSMO_RGB_180x57.png\" class=\"wp-post-image wp-image-2247\" title=\"FLW_40_AIR+SMO_RGB_180x57\" alt=\"FLW 40 airtec + smotec\">\t    <\/a>\n\t\n\t\t<\/div>\n\t<!-- \/image-wrap -->\n    \n    \t<\/div>\n<!-- \/module image --><!-- module image -->\n<div  class=\"module module-image tb_rdfw895   image-left tf_mw\" data-lazy=\"1\">\n        <div class=\"image-wrap tf_rel tf_mw\">\n\t\t    <a href=\"https:\/\/www.fieger-lamellenfenster.de\/fr\/produits\/produits-fll-131\/\"\n\t       \t       >\n\t\t   \t\t<img loading=\"lazy\" decoding=\"async\" width=\"180\" height=\"57\" src=\"https:\/\/www.fieger-lamellenfenster.de\/wp-content\/uploads\/2021\/04\/FLL_131_AIRSMO_RGB_180x57.png\" class=\"wp-post-image wp-image-2223\" title=\"FLL_131_AIR+SMO_RGB_180x57\" alt=\"FLL 131 aitec smotec\">\t    <\/a>\n\t\n\t\t<\/div>\n\t<!-- \/image-wrap -->\n    \n    \t<\/div>\n<!-- \/module image --><!-- module text -->\n<div  class=\"module module-text tb_31cf895   \" data-lazy=\"1\">\n        <div  class=\"tb_text_wrap\">\n    <p style=\"text-align: left;\">Sans isolation thermique<\/p>    <\/div>\n<\/div>\n<!-- \/module text --><!-- module image -->\n<div  class=\"module module-image tb_lm35895   image-left tf_mw\" data-lazy=\"1\">\n        <div class=\"image-wrap tf_rel tf_mw\">\n\t\t    <a href=\"https:\/\/www.fieger-lamellenfenster.de\/fr\/produits\/produits-flm-pg-flm-lg\/\"\n\t       \t       >\n\t\t   \t\t<img loading=\"lazy\" decoding=\"async\" width=\"180\" height=\"57\" src=\"https:\/\/www.fieger-lamellenfenster.de\/wp-content\/uploads\/2021\/04\/FLM_PG_LG_AIRSMO_RGB_180x57.png\" class=\"wp-post-image wp-image-2235\" title=\"FLM_PG_LG_AIR+SMO_RGB_180x57\" alt=\"FLM PG LG airtec smotec\">\t    <\/a>\n\t\n\t\t<\/div>\n\t<!-- \/image-wrap -->\n    \n    \t<\/div>\n<!-- \/module image --><!-- module image -->\n<div  class=\"module module-image tb_9vp0895   image-left tf_mw\" data-lazy=\"1\">\n        <div class=\"image-wrap tf_rel tf_mw\">\n\t\t    <a href=\"https:\/\/www.fieger-lamellenfenster.de\/fr\/produits\/produits-fds\/\"\n\t       \t       >\n\t\t   \t\t<img loading=\"lazy\" decoding=\"async\" width=\"180\" height=\"57\" src=\"https:\/\/www.fieger-lamellenfenster.de\/wp-content\/uploads\/2021\/04\/FDS_AIRSMO_RGB_180x57.png\" class=\"wp-post-image wp-image-2219\" title=\"FDS_AIR+SMO_RGB_180x57\" alt=\"FDS airtec smotec\">\t    <\/a>\n\t\n\t\t<\/div>\n\t<!-- \/image-wrap -->\n    \n    \t<\/div>\n<!-- \/module image --><!-- module text -->\n<div  class=\"module module-text tb_9n9z895   \" data-lazy=\"1\">\n        <div  class=\"tb_text_wrap\">\n    <h4 style=\"text-align: left;\"><a href=\"https:\/\/www.fieger-lamellenfenster.de\/fr\/produits\/entrainements-accessoires-et-assistance\/#entrainement\">Entra\u00eenements<\/a><\/h4>\n    <\/div>\n<\/div>\n<!-- \/module text --><!-- module text -->\n<div  class=\"module module-text tb_3uku895   \" data-lazy=\"1\">\n        <div  class=\"tb_text_wrap\">\n    <h4 style=\"text-align: left;\"><a href=\"https:\/\/www.fieger-lamellenfenster.de\/fr\/produits\/entrainements-accessoires-et-assistance\/\/#homezubehoer\">Accessoires<\/a><\/h4>\n    <\/div>\n<\/div>\n<!-- \/module text --><!-- module text -->\n<div  class=\"module module-text tb_h4we895   \" data-lazy=\"1\">\n        <div  class=\"tb_text_wrap\">\n    <h4 style=\"text-align: left;\"><a href=\"https:\/\/www.fieger-lamellenfenster.de\/fr\/produits\/entrainements-accessoires-et-assistance\/#homeservice\">Assistance<\/a><\/h4>\n    <\/div>\n<\/div>\n<!-- \/module text --><!-- module buttons -->\n<div  class=\"module module-buttons tb_bqzq895 buttons-horizontal solid  small squared\" data-lazy=\"1\">\n    \t<div class=\"module-buttons-item tf_inline_b\">\n\t\t\t\t\t\t\t<a href=\"https:\/\/www.fieger-lamellenfenster.de\/downloads\/\" class=\"ui builder_button red\" target=\"_blank\" rel=\"noopener\">\n\t\t\t\t\t\t\t\t\t\t\t<span class=\"tf_inline_b tf_vmiddle\">T\u00e9l\u00e9chargements<\/span>\n\t\t\t\t\t\t\t\t\t\t\t<\/a>\n\t\t\t    \t<\/div>\n    <\/div>\n<!-- \/module buttons -->\n                    <\/div>\n                            <\/div>\n            \t    <\/div>\n\t<\/div><!-- \/themify_builder_sub_row -->\n\t                    <\/div>\n                            <\/div>\n                        <div  data-lazy=\"1\" class=\"module_column tb-column col4-3 tb_774d236 last\">\n                                                        <div class=\"tb-column-inner tf_box tf_w\">\n                        <!-- module text -->\n<div  class=\"module module-text tb_qmf8882   \" data-lazy=\"1\">\n        <div  class=\"tb_text_wrap\">\n    <h3>Trouvez ici la fen\u00eatre ad\u00e9quate<\/h3>    <\/div>\n<\/div>\n<!-- \/module text -->\t<div  data-lazy=\"1\" class=\"module_subrow themify_builder_sub_row tb_2uty237 tf_w tf_clearfix\">\n\t    \t\t\t<div class=\"subrow_inner col_align_top gutter-none tb_col_count_4 tf_box tf_w\">\n\t\t            <div  data-lazy=\"1\" class=\"module_column sub_column col4-1 tb_854c239 first\">\n                                                        <div class=\"tb-column-inner tf_box tf_w\">\n                        <!-- module text -->\n<div  class=\"module module-text tb_63qd239  repeat \" data-lazy=\"1\">\n        <div  class=\"tb_text_wrap\">\n    <p><img loading=\"lazy\" decoding=\"async\" class=\"alignnone wp-image-2211 size-full\" src=\"https:\/\/www.fieger-lamellenfenster.de\/wp-content\/uploads\/2021\/04\/FLW_32_AIRSMO_RGB_180x57.png\" alt=\"\" width=\"180\" height=\"57\"><\/p>\n    <\/div>\n<\/div>\n<!-- \/module text --><!-- module text -->\n<div  class=\"module module-text tb_dym4239   \" data-lazy=\"1\">\n        <div  class=\"tb_text_wrap\">\n    <p><strong>\u00c9paisseur du verre<br \/><\/strong>28\/32\u00a0mm<\/p>    <\/div>\n<\/div>\n<!-- \/module text --><!-- module divider -->\n<div  class=\"module tf_mw module-divider tb_ygnp239 solid   \" style=\"border-width: 1px;border-color: #b0b0b0;\" data-lazy=\"1\">\n    <\/div>\n<!-- \/module divider -->\n<!-- module text -->\n<div  class=\"module module-text tb_fdto240   \" data-lazy=\"1\">\n        <div  class=\"tb_text_wrap\">\n    <p><strong><br \/>Profondeur de construction des lam.<\/strong><br \/>42,8 mm<\/p>    <\/div>\n<\/div>\n<!-- \/module text --><!-- module divider -->\n<div  class=\"module tf_mw module-divider tb_piqq240 solid   \" style=\"border-width: 1px;border-color: #b0b0b0;\" data-lazy=\"1\">\n    <\/div>\n<!-- \/module divider -->\n<!-- module text -->\n<div  class=\"module module-text tb_5z4d240   \" data-lazy=\"1\">\n        <div  class=\"tb_text_wrap\">\n    <p><strong><br \/>Hauteur des lames<\/strong><br \/>200 \u2013 450\u00a0mm<\/p>    <\/div>\n<\/div>\n<!-- \/module text --><!-- module divider -->\n<div  class=\"module tf_mw module-divider tb_2jka240 solid   \" style=\"border-width: 1px;border-color: #b0b0b0;\" data-lazy=\"1\">\n    <\/div>\n<!-- \/module divider -->\n<!-- module text -->\n<div  class=\"module module-text tb_11nf240   \" data-lazy=\"1\">\n        <div  class=\"tb_text_wrap\">\n    <p><strong><br \/>Vitrage<\/strong><br \/>double ou triple<\/p>    <\/div>\n<\/div>\n<!-- \/module text --><!-- module divider -->\n<div  class=\"module tf_mw module-divider tb_2lrp240 solid   \" style=\"border-width: 1px;border-color: #b0b0b0;\" data-lazy=\"1\">\n    <\/div>\n<!-- \/module divider -->\n<!-- module text -->\n<div  class=\"module module-text tb_xm3r241   \" data-lazy=\"1\">\n        <div  class=\"tb_text_wrap\">\n    <p><strong><br \/>Protection thermique<\/strong><br \/>jusqu&rsquo;\u00e0\u00a01,1 ou 1,5\u00a0W\/m\u00b2K<\/p>    <\/div>\n<\/div>\n<!-- \/module text -->                    <\/div>\n                            <\/div>\n                        <div  data-lazy=\"1\" class=\"module_column sub_column col4-1 tb_kr0q241\">\n                                                        <div class=\"tb-column-inner tf_box tf_w\">\n                        <!-- module text -->\n<div  class=\"module module-text tb_gix0241  repeat \" data-lazy=\"1\">\n        <div  class=\"tb_text_wrap\">\n    <p><img loading=\"lazy\" decoding=\"async\" class=\"alignnone size-full wp-image-2245\" src=\"https:\/\/www.fieger-lamellenfenster.de\/wp-content\/uploads\/2021\/04\/FLW_40_AIRSMO_RGB_180x57.png\" alt=\"\" width=\"180\" height=\"57\"><\/p>\n    <\/div>\n<\/div>\n<!-- \/module text --><!-- module text -->\n<div  class=\"module module-text tb_o54r241   \" data-lazy=\"1\">\n        <div  class=\"tb_text_wrap\">\n    <p><strong>\u00c9paisseur du verre<br \/><\/strong>36\/40\u00a0mm<\/p>    <\/div>\n<\/div>\n<!-- \/module text --><!-- module divider -->\n<div  class=\"module tf_mw module-divider tb_k00t241 solid   \" style=\"border-width: 1px;border-color: #b0b0b0;\" data-lazy=\"1\">\n    <\/div>\n<!-- \/module divider -->\n<!-- module text -->\n<div  class=\"module module-text tb_pihe242   \" data-lazy=\"1\">\n        <div  class=\"tb_text_wrap\">\n    <p><strong><br \/>Profondeur de construction des lam.<\/strong><br \/>50,8\u00a0mm<\/p>    <\/div>\n<\/div>\n<!-- \/module text --><!-- module divider -->\n<div  class=\"module tf_mw module-divider tb_2xbk242 solid   \" style=\"border-width: 1px;border-color: #b0b0b0;\" data-lazy=\"1\">\n    <\/div>\n<!-- \/module divider -->\n<!-- module text -->\n<div  class=\"module module-text tb_m58l242   \" data-lazy=\"1\">\n        <div  class=\"tb_text_wrap\">\n    <p><strong><br \/>Hauteur des lames<\/strong><br \/>250 \u2013 500\u00a0mm<\/p>    <\/div>\n<\/div>\n<!-- \/module text --><!-- module divider -->\n<div  class=\"module tf_mw module-divider tb_fbkj242 solid   \" style=\"border-width: 1px;border-color: #b0b0b0;\" data-lazy=\"1\">\n    <\/div>\n<!-- \/module divider -->\n<!-- module text -->\n<div  class=\"module module-text tb_x1mk242   \" data-lazy=\"1\">\n        <div  class=\"tb_text_wrap\">\n    <p><strong><br \/>Vitrage<\/strong><br \/>triple<\/p>    <\/div>\n<\/div>\n<!-- \/module text --><!-- module divider -->\n<div  class=\"module tf_mw module-divider tb_o6ys243 solid   \" style=\"border-width: 1px;border-color: #b0b0b0;\" data-lazy=\"1\">\n    <\/div>\n<!-- \/module divider -->\n<!-- module text -->\n<div  class=\"module module-text tb_dzi9243   \" data-lazy=\"1\">\n        <div  class=\"tb_text_wrap\">\n    <p><strong><br \/>Protection thermique<\/strong><br \/>jusqu&rsquo;\u00e0\u00a00,8\u00a0W\/m\u00b2K<\/p>    <\/div>\n<\/div>\n<!-- \/module text -->                    <\/div>\n                            <\/div>\n                        <div  data-lazy=\"1\" class=\"module_column sub_column col4-1 tb_97e8541\">\n                                                        <div class=\"tb-column-inner tf_box tf_w\">\n                        <!-- module text -->\n<div  class=\"module module-text tb_2czc542  repeat \" data-lazy=\"1\">\n        <div  class=\"tb_text_wrap\">\n    <p><img loading=\"lazy\" decoding=\"async\" class=\"alignnone wp-image-2221 size-full\" src=\"https:\/\/www.fieger-lamellenfenster.de\/wp-content\/uploads\/2021\/04\/FLL_131_AIRSMO_RGB_180x57.png\" alt=\"\" width=\"180\" height=\"57\"><\/p>\n    <\/div>\n<\/div>\n<!-- \/module text --><!-- module text -->\n<div  class=\"module module-text tb_3loe542   \" data-lazy=\"1\">\n        <div  class=\"tb_text_wrap\">\n    <p><strong>\u00c9paisseur du verre<br \/><\/strong>27\u00a0mm<\/p>    <\/div>\n<\/div>\n<!-- \/module text --><!-- module divider -->\n<div  class=\"module tf_mw module-divider tb_05ve542 solid   \" style=\"border-width: 1px;border-color: #b0b0b0;\" data-lazy=\"1\">\n    <\/div>\n<!-- \/module divider -->\n<!-- module text -->\n<div  class=\"module module-text tb_dl1f543   \" data-lazy=\"1\">\n        <div  class=\"tb_text_wrap\">\n    <p><strong><br \/>Profondeur de construction des lam.<\/strong><br \/>27\u00a0mm<\/p>    <\/div>\n<\/div>\n<!-- \/module text --><!-- module divider -->\n<div  class=\"module tf_mw module-divider tb_165k543 solid   \" style=\"border-width: 1px;border-color: #b0b0b0;\" data-lazy=\"1\">\n    <\/div>\n<!-- \/module divider -->\n<!-- module text -->\n<div  class=\"module module-text tb_3dw5543   \" data-lazy=\"1\">\n        <div  class=\"tb_text_wrap\">\n    <p><strong><br \/>Hauteur des lames<\/strong><br \/>131\u00a0mm (fixe)<\/p>    <\/div>\n<\/div>\n<!-- \/module text --><!-- module divider -->\n<div  class=\"module tf_mw module-divider tb_c5yv543 solid   \" style=\"border-width: 1px;border-color: #b0b0b0;\" data-lazy=\"1\">\n    <\/div>\n<!-- \/module divider -->\n<!-- module text -->\n<div  class=\"module module-text tb_hwyl543   \" data-lazy=\"1\">\n        <div  class=\"tb_text_wrap\">\n    <p><strong><br \/>Vitrage<\/strong><br \/>&#8211;<\/p>    <\/div>\n<\/div>\n<!-- \/module text --><!-- module divider -->\n<div  class=\"module tf_mw module-divider tb_slc5543 solid   \" style=\"border-width: 1px;border-color: #b0b0b0;\" data-lazy=\"1\">\n    <\/div>\n<!-- \/module divider -->\n<!-- module text -->\n<div  class=\"module module-text tb_ufpo543   \" data-lazy=\"1\">\n        <div  class=\"tb_text_wrap\">\n    <p><strong><br \/>Protection thermique<\/strong><br \/>jusqu&rsquo;\u00e0\u00a02,2\u00a0W\/m\u00b2K<\/p>    <\/div>\n<\/div>\n<!-- \/module text -->                    <\/div>\n                            <\/div>\n                        <div  data-lazy=\"1\" class=\"module_column sub_column col4-1 tb_hmp9333 last\">\n                                                        <div class=\"tb-column-inner tf_box tf_w\">\n                        <!-- module text -->\n<div  class=\"module module-text tb_tfwe334  repeat \" data-lazy=\"1\">\n        <div  class=\"tb_text_wrap\">\n    <p><img loading=\"lazy\" decoding=\"async\" class=\"alignnone wp-image-2233 size-full\" src=\"https:\/\/www.fieger-lamellenfenster.de\/wp-content\/uploads\/2021\/04\/FLM_PG_LG_AIRSMO_RGB_180x57.png\" alt=\"\" width=\"180\" height=\"57\"><\/p>\n    <\/div>\n<\/div>\n<!-- \/module text --><!-- module text -->\n<div  class=\"module module-text tb_81aj335   \" data-lazy=\"1\">\n        <div  class=\"tb_text_wrap\">\n    <p><strong>\u00c9paisseur du verre<br \/><\/strong>8 &#8211; 12\u00a0mm<\/p>    <\/div>\n<\/div>\n<!-- \/module text --><!-- module divider -->\n<div  class=\"module tf_mw module-divider tb_d9zx335 solid   \" style=\"border-width: 1px;border-color: #b0b0b0;\" data-lazy=\"1\">\n    <\/div>\n<!-- \/module divider -->\n<!-- module text -->\n<div  class=\"module module-text tb_yuwx335   \" data-lazy=\"1\">\n        <div  class=\"tb_text_wrap\">\n    <p><strong><br \/>Profondeur de construction des lam.<\/strong><br \/>&#8211;<\/p>    <\/div>\n<\/div>\n<!-- \/module text --><!-- module divider -->\n<div  class=\"module tf_mw module-divider tb_0d7f335 solid   \" style=\"border-width: 1px;border-color: #b0b0b0;\" data-lazy=\"1\">\n    <\/div>\n<!-- \/module divider -->\n<!-- module text -->\n<div  class=\"module module-text tb_ljtj335   \" data-lazy=\"1\">\n        <div  class=\"tb_text_wrap\">\n    <p><strong><br \/>Hauteur des lames<\/strong><br \/>170 \u2013 300\u00a0mm<\/p>    <\/div>\n<\/div>\n<!-- \/module text --><!-- module divider -->\n<div  class=\"module tf_mw module-divider tb_t2b2335 solid   \" style=\"border-width: 1px;border-color: #b0b0b0;\" data-lazy=\"1\">\n    <\/div>\n<!-- \/module divider -->\n<!-- module text -->\n<div  class=\"module module-text tb_lxwb335   \" data-lazy=\"1\">\n        <div  class=\"tb_text_wrap\">\n    <p><strong><br \/>Vitrage<\/strong><br \/>simple<\/p>    <\/div>\n<\/div>\n<!-- \/module text --><!-- module divider -->\n<div  class=\"module tf_mw module-divider tb_miqa335 solid   \" style=\"border-width: 1px;border-color: #b0b0b0;\" data-lazy=\"1\">\n    <\/div>\n<!-- \/module divider -->\n<!-- module text -->\n<div  class=\"module module-text tb_0ec4335   \" data-lazy=\"1\">\n        <div  class=\"tb_text_wrap\">\n    <p><strong><br \/>Protection thermique<\/strong><br \/>&#8211;<\/p>    <\/div>\n<\/div>\n<!-- \/module text -->                    <\/div>\n                            <\/div>\n            \t    <\/div>\n\t<\/div><!-- \/themify_builder_sub_row -->\n\t\t<div  data-lazy=\"1\" class=\"module_subrow themify_builder_sub_row tb_z89j229 tf_w tf_clearfix\">\n\t    \t\t\t<div class=\"subrow_inner col_align_top tb_col_count_1 tf_box tf_w\">\n\t\t            <div  data-lazy=\"1\" class=\"module_column sub_column col-full tb_57uj229 first\">\n                                                        <div class=\"tb-column-inner tf_box tf_w\">\n                        <!-- module buttons -->\n<div  class=\"module module-buttons tb_n5f9788 buttons-horizontal solid  small squared\" data-lazy=\"1\">\n    \t<div class=\"module-buttons-item tf_inline_b\">\n\t\t\t\t\t\t\t<a href=\"https:\/\/www.fieger-lamellenfenster.de\/wp-content\/uploads\/2025\/09\/Tableau-des-Produits.pdf\" class=\"ui builder_button themify_lightbox red\" >\n\t\t\t\t\t\t\t\t\t\t\t\t<em class=\"tf_inline_b tf_vmiddle\"><svg  class=\"tf_fa tf-far-file-pdf\" aria-hidden=\"true\"><use href=\"#tf-far-file-pdf\"><\/use><\/svg><\/em>\t\t\t\t\t\t\t\t<span class=\"tf_inline_b tf_vmiddle\">Tableau des produits<\/span>\n\t\t\t\t\t\t\t\t\t\t\t<\/a>\n\t\t\t    \t<\/div>\n    <\/div>\n<!-- \/module buttons -->\n                    <\/div>\n                            <\/div>\n            \t    <\/div>\n\t<\/div><!-- \/themify_builder_sub_row -->\n\t                    <\/div>\n                            <\/div>\n            \t    <\/div>\n\t    <!-- \/row_inner -->\n\t<\/div>\n\t<!-- \/module_row -->\n\t\t\t\t<!-- module_row -->\n\t<div  id=\"comparison\" data-lazy=\"1\" class=\"module_row themify_builder_row tb_082dc5c tf_w tf_clearfix\">\n\t    \t\t\t<div class=\"row_inner col_align_middle tb_col_count_3 tf_box tf_rel\">\n\t\t            <div  data-lazy=\"1\" class=\"module_column tb-column col4-1 tb_39c861b first\">\n                                                <\/div>\n                        <div  data-lazy=\"1\" class=\"module_column tb-column col4-1 tb_f82799e\">\n                                                        <div class=\"tb-column-inner tf_box tf_w\">\n                        \t<div  data-lazy=\"1\" class=\"module_subrow themify_builder_sub_row tb_42de2c9 tf_w tf_clearfix\">\n\t    \t\t\t<div class=\"subrow_inner col_align_top tb_col_count_1 tf_box tf_w\">\n\t\t            <div  data-lazy=\"1\" class=\"module_column sub_column col-full tb_66f0124 first\">\n                                                        <div class=\"tb-column-inner tf_box tf_w\">\n                        <!-- module image -->\n<div  class=\"module module-image tb_oo2e85   image-center auto_fullwidth tf_mw\" data-lazy=\"1\">\n        <div class=\"image-wrap tf_rel tf_mw\">\n\t\t    <img loading=\"lazy\" decoding=\"async\" width=\"160\" height=\"230\" src=\"https:\/\/www.fieger-lamellenfenster.de\/wp-content\/uploads\/2021\/04\/FLW40.jpg\" class=\"wp-post-image wp-image-2111\" title=\"FLW40\" alt=\"FLW 40 mit hoher Energieeffizienz und Einbruchshemmung \">\t\n\t\t<\/div>\n\t<!-- \/image-wrap -->\n    \n    \t<\/div>\n<!-- \/module image -->                    <\/div>\n                            <\/div>\n            \t    <\/div>\n\t<\/div><!-- \/themify_builder_sub_row -->\n\t                    <\/div>\n                            <\/div>\n                        <div  data-lazy=\"1\" class=\"module_column tb-column col4-2 tb_g7n7320 last\">\n                                                        <div class=\"tb-column-inner tf_box tf_w\">\n                        <!-- module text -->\n<div  class=\"module module-text tb_zzs8320  repeat \" data-lazy=\"1\">\n        <div  class=\"tb_text_wrap\">\n    <h4>Dans quels cas la <span style=\"color: #c02126;\">gamme\u00a0FLW<\/span> est-elle adapt\u00e9e \u00e0 mon projet\u00a0?<\/h4>    <\/div>\n<\/div>\n<!-- \/module text --><!-- module icon -->\n<div  class=\"module module-icon tb_h010321  small squared icon_vertical \" data-lazy=\"1\">\n        <div class=\"module-icon-item\">\n\t    \t\t\t\t\t\t    <img loading=\"lazy\" decoding=\"async\" width=\"74\" height=\"74\" src=\"https:\/\/www.fieger-lamellenfenster.de\/wp-content\/uploads\/2021\/03\/FIEGER_icon_Liste.png\" class=\"tf_box wp-post-image wp-image-1120\" title=\"Lorsque vous souhaitez combiner les avantages des fen\u00eatres \u00e0 lames avec une qualit\u00e9 optimale.\" alt=\"Lorsque vous souhaitez combiner les avantages des fen\u00eatres \u00e0 lames avec une qualit\u00e9 optimale.\">\t\t\t\t\t\t    \t    \t    <span>Lorsque vous souhaitez combiner les avantages des fen\u00eatres \u00e0 lames avec une qualit\u00e9 optimale.<\/span>\n\t\t    \t\t\t\t        <\/div>\n\t        <div class=\"module-icon-item\">\n\t    \t\t\t\t\t\t    <img loading=\"lazy\" decoding=\"async\" width=\"74\" height=\"74\" src=\"https:\/\/www.fieger-lamellenfenster.de\/wp-content\/uploads\/2021\/03\/FIEGER_icon_Liste.png\" class=\"tf_box wp-post-image wp-image-1120\" title=\"Lorsque vous devez respecter les directives locales en mati\u00e8re d&#039;\u00e9nergie et de protection anti-incendie et que vous cherchez des solutions de d\u00e9senfumage.\" alt=\"Lorsque vous devez respecter les directives locales en mati\u00e8re d&#039;\u00e9nergie et de protection anti-incendie et que vous cherchez des solutions de d\u00e9senfumage.\">\t\t\t\t\t\t    \t    \t    <span>Lorsque vous devez respecter les directives locales en mati\u00e8re d'\u00e9nergie et de protection anti-incendie et que vous cherchez des solutions de d\u00e9senfumage.<\/span>\n\t\t    \t\t\t\t        <\/div>\n\t        <div class=\"module-icon-item\">\n\t    \t\t\t\t\t\t    <img loading=\"lazy\" decoding=\"async\" width=\"74\" height=\"74\" src=\"https:\/\/www.fieger-lamellenfenster.de\/wp-content\/uploads\/2021\/03\/FIEGER_icon_Liste.png\" class=\"tf_box wp-post-image wp-image-1120\" title=\"Lorsque vous souhaitez mettre en \u0153uvre des solutions innovantes en mati\u00e8re de ventilation, de climatisation naturelle et d&#039;efficacit\u00e9 \u00e9nerg\u00e9tique du b\u00e2timent.\" alt=\"Lorsque vous souhaitez mettre en \u0153uvre des solutions innovantes en mati\u00e8re de ventilation, de climatisation naturelle et d&#039;efficacit\u00e9 \u00e9nerg\u00e9tique du b\u00e2timent.\">\t\t\t\t\t\t    \t    \t    <span>Lorsque vous souhaitez mettre en \u0153uvre des solutions innovantes en mati\u00e8re de ventilation, de climatisation naturelle et d'efficacit\u00e9 \u00e9nerg\u00e9tique du b\u00e2timent.<\/span>\n\t\t    \t\t\t\t        <\/div>\n\t        <div class=\"module-icon-item\">\n\t    \t\t\t\t\t\t    <img loading=\"lazy\" decoding=\"async\" width=\"74\" height=\"74\" src=\"https:\/\/www.fieger-lamellenfenster.de\/wp-content\/uploads\/2021\/03\/FIEGER_icon_Liste.png\" class=\"tf_box wp-post-image wp-image-1120\" title=\"Lorsque vous accordez une grande importance \u00e0 des produits tr\u00e8s fiables.\" alt=\"Lorsque vous accordez une grande importance \u00e0 des produits tr\u00e8s fiables.\">\t\t\t\t\t\t    \t    \t    <span>Lorsque vous accordez une grande importance \u00e0 des produits tr\u00e8s fiables.<\/span>\n\t\t    \t\t\t\t        <\/div>\n\t        <div class=\"module-icon-item\">\n\t    \t\t\t\t\t\t    <img loading=\"lazy\" decoding=\"async\" width=\"74\" height=\"74\" src=\"https:\/\/www.fieger-lamellenfenster.de\/wp-content\/uploads\/2021\/03\/FIEGER_icon_Liste.png\" class=\"tf_box wp-post-image wp-image-1120\" title=\"Lorsqu&#039;un montage facile avec une option d&#039;assistance compte pour vous. \" alt=\"Lorsqu&#039;un montage facile avec une option d&#039;assistance compte pour vous. \">\t\t\t\t\t\t    \t    \t    <span>Lorsqu'un montage facile avec une option d'assistance compte pour vous. <\/span>\n\t\t    \t\t\t\t        <\/div>\n\t        <div class=\"module-icon-item\">\n\t    \t\t\t\t\t\t    <img loading=\"lazy\" decoding=\"async\" width=\"74\" height=\"74\" src=\"https:\/\/www.fieger-lamellenfenster.de\/wp-content\/uploads\/2021\/03\/FIEGER_icon_Liste.png\" class=\"tf_box wp-post-image wp-image-1120\" title=\"Lorsque vous pouvez travailler avec la largeur de fen\u00eatre maximale prescrite (dans le cas contraire, nous recommandons des mod\u00e8les sp\u00e9ciaux) \" alt=\"Lorsque vous pouvez travailler avec la largeur de fen\u00eatre maximale prescrite (dans le cas contraire, nous recommandons des mod\u00e8les sp\u00e9ciaux) \">\t\t\t\t\t\t    \t    \t    <span>Lorsque vous pouvez travailler avec la largeur de fen\u00eatre maximale prescrite (dans le cas contraire, nous recommandons des mod\u00e8les sp\u00e9ciaux) <\/span>\n\t\t    \t\t\t\t        <\/div>\n\t        <div class=\"module-icon-item\">\n\t    \t\t\t\t\t\t    <img loading=\"lazy\" decoding=\"async\" width=\"74\" height=\"74\" src=\"https:\/\/www.fieger-lamellenfenster.de\/wp-content\/uploads\/2021\/03\/FIEGER_icon_Liste.png\" class=\"tf_box wp-post-image wp-image-1120\" title=\"Lorsqu&#039;une protection anti-effraction est essentielle.\" alt=\"Lorsqu&#039;une protection anti-effraction est essentielle.\">\t\t\t\t\t\t    \t    \t    <span>Lorsqu'une protection anti-effraction est essentielle.<\/span>\n\t\t    \t\t\t\t        <\/div>\n\t<\/div>\n<!-- \/module icon -->\n<!-- module icon -->\n<div  class=\"module module-icon tb_0do4322  normal circle icon_horizontal \" data-lazy=\"1\">\n        <div class=\"module-icon-item\">\n\t    \t\t<a href=\"https:\/\/www.fieger-lamellenfenster.de\/fr\/produits\/produits-flw-24-28\/\">\n\t    \t\t\t\t\t\t    <em class=\"tf_box\" style=\"background-color:#e8311f;color:#ffeeed\"><svg  class=\"tf_fa tf-ti-angle-right\" aria-hidden=\"true\"><use href=\"#tf-ti-angle-right\"><\/use><\/svg><\/em>\n\t\t\t\t\t\t    \t    \t    <span>Vers la page de produits\u00a0FLW<\/span>\n\t\t    \t\t\t\t\t\t<\/a>\n\t\t        <\/div>\n\t<\/div>\n<!-- \/module icon -->\n                    <\/div>\n                            <\/div>\n            \t    <\/div>\n\t    <!-- \/row_inner -->\n\t<\/div>\n\t<!-- \/module_row -->\n\t\t\t\t<!-- module_row -->\n\t<div  id=\"comparison-2\" data-lazy=\"1\" class=\"module_row themify_builder_row tb_zsy2812 tf_w tf_clearfix\">\n\t    \t\t\t<div class=\"row_inner col_align_middle tb_col_count_3 tf_box tf_rel\">\n\t\t            <div  data-lazy=\"1\" class=\"module_column tb-column col4-1 tb_t4sp813 first\">\n                                                <\/div>\n                        <div  data-lazy=\"1\" class=\"module_column tb-column col4-1 tb_zyzf813\">\n                                                        <div class=\"tb-column-inner tf_box tf_w\">\n                        <!-- module text -->\n<div  class=\"module module-text tb_s065514  repeat \" data-lazy=\"1\">\n        <div  class=\"tb_text_wrap\">\n    <h4>Dans quels cas la <span style=\"color: #c02126;\">gamme\u00a0FLL<\/span> est-elle adapt\u00e9e \u00e0 mon projet\u00a0?<\/h4>    <\/div>\n<\/div>\n<!-- \/module text --><!-- module icon -->\n<div  class=\"module module-icon tb_87sx515  small squared icon_vertical \" data-lazy=\"1\">\n        <div class=\"module-icon-item\">\n\t    \t\t\t\t\t\t    <img loading=\"lazy\" decoding=\"async\" width=\"74\" height=\"74\" src=\"https:\/\/www.fieger-lamellenfenster.de\/wp-content\/uploads\/2021\/03\/FIEGER_icon_Liste.png\" class=\"tf_box wp-post-image wp-image-1120\" title=\"Lorsque vous souhaitez utiliser des lames d&#039;a\u00e9ration haut de gamme en aluminium s\u00e9par\u00e9es thermiquement.\" alt=\"Lorsque vous souhaitez utiliser des lames d&#039;a\u00e9ration haut de gamme en aluminium s\u00e9par\u00e9es thermiquement.\">\t\t\t\t\t\t    \t    \t    <span>Lorsque vous souhaitez utiliser des lames d'a\u00e9ration haut de gamme en aluminium s\u00e9par\u00e9es thermiquement.<\/span>\n\t\t    \t\t\t\t        <\/div>\n\t        <div class=\"module-icon-item\">\n\t    \t\t\t\t\t\t    <img loading=\"lazy\" decoding=\"async\" width=\"74\" height=\"74\" src=\"https:\/\/www.fieger-lamellenfenster.de\/wp-content\/uploads\/2021\/03\/FIEGER_icon_Liste.png\" class=\"tf_box wp-post-image wp-image-1120\" title=\"Lorsque vous recherchez une solution flexible, par ex. pour le d\u00e9senfumage d&#039;une cage ou une ouverture assurant un effet climatisant sous l&#039;habillage.\" alt=\"Lorsque vous recherchez une solution flexible, par ex. pour le d\u00e9senfumage d&#039;une cage ou une ouverture assurant un effet climatisant sous l&#039;habillage.\">\t\t\t\t\t\t    \t    \t    <span>Lorsque vous recherchez une solution flexible, par ex. pour le d\u00e9senfumage d'une cage ou une ouverture assurant un effet climatisant sous l'habillage.<\/span>\n\t\t    \t\t\t\t        <\/div>\n\t<\/div>\n<!-- \/module icon -->\n<!-- module icon -->\n<div  class=\"module module-icon tb_lhi6515  normal circle icon_horizontal \" data-lazy=\"1\">\n        <div class=\"module-icon-item\">\n\t    \t\t<a href=\"https:\/\/www.fieger-lamellenfenster.de\/fr\/produits\/produits-fll-131\/\">\n\t    \t\t\t\t\t\t    <em class=\"tf_box\" style=\"background-color:#e8311f;color:#ffeeed\"><svg  class=\"tf_fa tf-ti-angle-right\" aria-hidden=\"true\"><use href=\"#tf-ti-angle-right\"><\/use><\/svg><\/em>\n\t\t\t\t\t\t    \t    \t    <span>Vers la page de produits\u00a0FLL<\/span>\n\t\t    \t\t\t\t\t\t<\/a>\n\t\t        <\/div>\n\t<\/div>\n<!-- \/module icon -->\n                    <\/div>\n                            <\/div>\n                        <div  data-lazy=\"1\" class=\"module_column tb-column col4-2 tb_skq5815 last\">\n                                                        <div class=\"tb-column-inner tf_box tf_w\">\n                        <!-- module image -->\n<div  class=\"module module-image tb_h6vr963   image-center auto_fullwidth tf_mw\" data-lazy=\"1\">\n        <div class=\"image-wrap tf_rel tf_mw\">\n\t\t    <img loading=\"lazy\" decoding=\"async\" width=\"160\" height=\"230\" src=\"https:\/\/www.fieger-lamellenfenster.de\/wp-content\/uploads\/2021\/04\/FLL.jpg\" class=\"wp-post-image wp-image-2255\" title=\"FLL\" alt=\"FIEGER ALUMINIUMLAMELLEN FLL 131\">\t\n\t\t<\/div>\n\t<!-- \/image-wrap -->\n    \n    \t<\/div>\n<!-- \/module image -->                    <\/div>\n                            <\/div>\n            \t    <\/div>\n\t    <!-- \/row_inner -->\n\t<\/div>\n\t<!-- \/module_row -->\n\t\t\t\t<!-- module_row -->\n\t<div  id=\"comparison-3\" data-lazy=\"1\" class=\"module_row themify_builder_row tb_l7ts565 tf_w tf_clearfix\">\n\t    \t\t\t<div class=\"row_inner col_align_middle tb_col_count_3 tf_box tf_rel\">\n\t\t            <div  data-lazy=\"1\" class=\"module_column tb-column col4-1 tb_atn6583 first\">\n                                                <\/div>\n                        <div  data-lazy=\"1\" class=\"module_column tb-column col4-1 tb_93uj583\">\n                                                        <div class=\"tb-column-inner tf_box tf_w\">\n                        \t<div  data-lazy=\"1\" class=\"module_subrow themify_builder_sub_row tb_7v23583 tf_w tf_clearfix\">\n\t    \t\t\t<div class=\"subrow_inner col_align_top tb_col_count_1 tf_box tf_w\">\n\t\t            <div  data-lazy=\"1\" class=\"module_column sub_column col-full tb_dci2583 first\">\n                                                        <div class=\"tb-column-inner tf_box tf_w\">\n                        <!-- module image -->\n<div  class=\"module module-image tb_iheu134   image-center auto_fullwidth tf_mw\" data-lazy=\"1\">\n        <div class=\"image-wrap tf_rel tf_mw\">\n\t\t    <img loading=\"lazy\" decoding=\"async\" width=\"160\" height=\"230\" src=\"https:\/\/www.fieger-lamellenfenster.de\/wp-content\/uploads\/2021\/04\/FLM.jpg\" class=\"wp-post-image wp-image-2326\" title=\"FLM\" alt=\"FLM Lamellenfenster ohne Lamellenprofil f\u00fcr Winterg\u00e4rten oder Innenbereich\">\t\n\t\t<\/div>\n\t<!-- \/image-wrap -->\n    \n    \t<\/div>\n<!-- \/module image -->                    <\/div>\n                            <\/div>\n            \t    <\/div>\n\t<\/div><!-- \/themify_builder_sub_row -->\n\t                    <\/div>\n                            <\/div>\n                        <div  data-lazy=\"1\" class=\"module_column tb-column col4-2 tb_5e33584 last\">\n                                                        <div class=\"tb-column-inner tf_box tf_w\">\n                        <!-- module text -->\n<div  class=\"module module-text tb_yyq5584  repeat \" data-lazy=\"1\">\n        <div  class=\"tb_text_wrap\">\n    <h4>Dans quels cas la <span style=\"color: #c02126;\">gamme\u00a0FLM<\/span> est-elle adapt\u00e9e \u00e0 mon projet\u00a0?<\/h4>    <\/div>\n<\/div>\n<!-- \/module text --><!-- module icon -->\n<div  class=\"module module-icon tb_3o8s584  small squared icon_vertical \" data-lazy=\"1\">\n        <div class=\"module-icon-item\">\n\t    \t\t\t\t\t\t    <img loading=\"lazy\" decoding=\"async\" width=\"74\" height=\"74\" src=\"https:\/\/www.fieger-lamellenfenster.de\/wp-content\/uploads\/2021\/03\/FIEGER_icon_Liste.png\" class=\"tf_box wp-post-image wp-image-1120\" title=\"Lorsque vous souhaitez combiner les avantages des fen\u00eatres \u00e0 lames avec une qualit\u00e9 optimale.\" alt=\"Lorsque vous souhaitez combiner les avantages des fen\u00eatres \u00e0 lames avec une qualit\u00e9 optimale.\">\t\t\t\t\t\t    \t    \t    <span>Lorsque vous souhaitez combiner les avantages des fen\u00eatres \u00e0 lames avec une qualit\u00e9 optimale.<\/span>\n\t\t    \t\t\t\t        <\/div>\n\t        <div class=\"module-icon-item\">\n\t    \t\t\t\t\t\t    <img loading=\"lazy\" decoding=\"async\" width=\"74\" height=\"74\" src=\"https:\/\/www.fieger-lamellenfenster.de\/wp-content\/uploads\/2021\/03\/FIEGER_icon_Liste.png\" class=\"tf_box wp-post-image wp-image-1120\" title=\"Lorsque vous installez une seconde fa\u00e7ade de maison vitr\u00e9e ou un b\u00e2timent non chauff\u00e9 (par ex. une v\u00e9randa).\" alt=\"Lorsque vous installez une seconde fa\u00e7ade de maison vitr\u00e9e ou un b\u00e2timent non chauff\u00e9 (par ex. une v\u00e9randa).\">\t\t\t\t\t\t    \t    \t    <span>Lorsque vous installez une seconde fa\u00e7ade de maison vitr\u00e9e ou un b\u00e2timent non chauff\u00e9 (par ex. une v\u00e9randa).<\/span>\n\t\t    \t\t\t\t        <\/div>\n\t        <div class=\"module-icon-item\">\n\t    \t\t\t\t\t\t    <img loading=\"lazy\" decoding=\"async\" width=\"74\" height=\"74\" src=\"https:\/\/www.fieger-lamellenfenster.de\/wp-content\/uploads\/2021\/03\/FIEGER_icon_Liste.png\" class=\"tf_box wp-post-image wp-image-1120\" title=\"Lorsque la construction est r\u00e9alis\u00e9e dans un pays chaud ou tropical.\" alt=\"Lorsque la construction est r\u00e9alis\u00e9e dans un pays chaud ou tropical.\">\t\t\t\t\t\t    \t    \t    <span>Lorsque la construction est r\u00e9alis\u00e9e dans un pays chaud ou tropical.<\/span>\n\t\t    \t\t\t\t        <\/div>\n\t        <div class=\"module-icon-item\">\n\t    \t\t\t\t\t\t    <img loading=\"lazy\" decoding=\"async\" width=\"74\" height=\"74\" src=\"https:\/\/www.fieger-lamellenfenster.de\/wp-content\/uploads\/2021\/03\/FIEGER_icon_Liste.png\" class=\"tf_box wp-post-image wp-image-1120\" title=\"Lorsque vous accordez une grande importance \u00e0 une utilisation exempte de pannes.\" alt=\"Lorsque vous accordez une grande importance \u00e0 une utilisation exempte de pannes.\">\t\t\t\t\t\t    \t    \t    <span>Lorsque vous accordez une grande importance \u00e0 une utilisation exempte de pannes.<\/span>\n\t\t    \t\t\t\t        <\/div>\n\t        <div class=\"module-icon-item\">\n\t    \t\t\t\t\t\t    <img loading=\"lazy\" decoding=\"async\" width=\"74\" height=\"74\" src=\"https:\/\/www.fieger-lamellenfenster.de\/wp-content\/uploads\/2021\/03\/FIEGER_icon_Liste.png\" class=\"tf_box wp-post-image wp-image-1120\" title=\"Lorsqu&#039;un montage facile avec une option d&#039;assistance compte pour vous. \" alt=\"Lorsqu&#039;un montage facile avec une option d&#039;assistance compte pour vous. \">\t\t\t\t\t\t    \t    \t    <span>Lorsqu'un montage facile avec une option d'assistance compte pour vous. <\/span>\n\t\t    \t\t\t\t        <\/div>\n\t        <div class=\"module-icon-item\">\n\t    \t\t\t\t\t\t    <img loading=\"lazy\" decoding=\"async\" width=\"74\" height=\"74\" src=\"https:\/\/www.fieger-lamellenfenster.de\/wp-content\/uploads\/2021\/03\/FIEGER_icon_Liste.png\" class=\"tf_box wp-post-image wp-image-1120\" title=\"Lorsque vous pouvez travailler avec la largeur de fen\u00eatre maximale prescrite (dans le cas contraire, nous recommandons des mod\u00e8les sp\u00e9ciaux) \" alt=\"Lorsque vous pouvez travailler avec la largeur de fen\u00eatre maximale prescrite (dans le cas contraire, nous recommandons des mod\u00e8les sp\u00e9ciaux) \">\t\t\t\t\t\t    \t    \t    <span>Lorsque vous pouvez travailler avec la largeur de fen\u00eatre maximale prescrite (dans le cas contraire, nous recommandons des mod\u00e8les sp\u00e9ciaux) <\/span>\n\t\t    \t\t\t\t        <\/div>\n\t<\/div>\n<!-- \/module icon -->\n<!-- module icon -->\n<div  class=\"module module-icon tb_w4k0584  normal circle icon_horizontal \" data-lazy=\"1\">\n        <div class=\"module-icon-item\">\n\t    \t\t<a href=\"https:\/\/www.fieger-lamellenfenster.de\/fr\/produits\/produits-flm-pg-flm-lg\/\">\n\t    \t\t\t\t\t\t    <em class=\"tf_box\" style=\"background-color:#e8311f;color:#ffeeed\"><svg  class=\"tf_fa tf-ti-angle-right\" aria-hidden=\"true\"><use href=\"#tf-ti-angle-right\"><\/use><\/svg><\/em>\n\t\t\t\t\t\t    \t    \t    <span>Vers la page de produits\u00a0FLM<\/span>\n\t\t    \t\t\t\t\t\t<\/a>\n\t\t        <\/div>\n\t<\/div>\n<!-- \/module icon -->\n                    <\/div>\n                            <\/div>\n            \t    <\/div>\n\t    <!-- \/row_inner -->\n\t<\/div>\n\t<!-- \/module_row -->\n\t\t\t\t<!-- module_row -->\n\t<div  id=\"comparison-2-2\" data-lazy=\"1\" class=\"module_row themify_builder_row tb_8im9565 tf_w tf_clearfix\">\n\t    \t\t\t<div class=\"row_inner col_align_middle tb_col_count_3 tf_box tf_rel\">\n\t\t            <div  data-lazy=\"1\" class=\"module_column tb-column col4-1 tb_gtgd584 first\">\n                                                <\/div>\n                        <div  data-lazy=\"1\" class=\"module_column tb-column col4-1 tb_hzy9584\">\n                                                        <div class=\"tb-column-inner tf_box tf_w\">\n                        <!-- module text -->\n<div  class=\"module module-text tb_sj1j584  repeat \" data-lazy=\"1\">\n        <div  class=\"tb_text_wrap\">\n    <h4>Dans quels cas les <span style=\"color: #c02126;\">fen\u00eatres\u00a0FDS<\/span> sont-elles adapt\u00e9es \u00e0 mon projet\u00a0?<\/h4>    <\/div>\n<\/div>\n<!-- \/module text --><!-- module icon -->\n<div  class=\"module module-icon tb_5082584  small squared icon_vertical \" data-lazy=\"1\">\n        <div class=\"module-icon-item\">\n\t    \t\t\t\t\t\t    <img loading=\"lazy\" decoding=\"async\" width=\"74\" height=\"74\" src=\"https:\/\/www.fieger-lamellenfenster.de\/wp-content\/uploads\/2021\/03\/FIEGER_icon_Liste.png\" class=\"tf_box wp-post-image wp-image-1120\" title=\"Lorsque vous souhaitez combiner les avantages des fen\u00eatres \u00e0 lames avec une qualit\u00e9 optimale.\" alt=\"Lorsque vous souhaitez combiner les avantages des fen\u00eatres \u00e0 lames avec une qualit\u00e9 optimale.\">\t\t\t\t\t\t    \t    \t    <span>Lorsque vous souhaitez combiner les avantages des fen\u00eatres \u00e0 lames avec une qualit\u00e9 optimale.<\/span>\n\t\t    \t\t\t\t        <\/div>\n\t        <div class=\"module-icon-item\">\n\t    \t\t\t\t\t\t    <img loading=\"lazy\" decoding=\"async\" width=\"74\" height=\"74\" src=\"https:\/\/www.fieger-lamellenfenster.de\/wp-content\/uploads\/2021\/03\/FIEGER_icon_Liste.png\" class=\"tf_box wp-post-image wp-image-1120\" title=\"Lorsque vous souhaitez mettre en \u0153uvre vos propres id\u00e9es en mati\u00e8re de taille, de forme et de fonction.\" alt=\"Lorsque vous souhaitez mettre en \u0153uvre vos propres id\u00e9es en mati\u00e8re de taille, de forme et de fonction.\">\t\t\t\t\t\t    \t    \t    <span>Lorsque vous souhaitez mettre en \u0153uvre vos propres id\u00e9es en mati\u00e8re de taille, de forme et de fonction.<\/span>\n\t\t    \t\t\t\t        <\/div>\n\t        <div class=\"module-icon-item\">\n\t    \t\t\t\t\t\t    <img loading=\"lazy\" decoding=\"async\" width=\"74\" height=\"74\" src=\"https:\/\/www.fieger-lamellenfenster.de\/wp-content\/uploads\/2021\/03\/FIEGER_icon_Liste.png\" class=\"tf_box wp-post-image wp-image-1120\" title=\"Lorsque vous accordez une grande importance \u00e0 une utilisation exempte de pannes.\" alt=\"Lorsque vous accordez une grande importance \u00e0 une utilisation exempte de pannes.\">\t\t\t\t\t\t    \t    \t    <span>Lorsque vous accordez une grande importance \u00e0 une utilisation exempte de pannes.<\/span>\n\t\t    \t\t\t\t        <\/div>\n\t<\/div>\n<!-- \/module icon -->\n<!-- module icon -->\n<div  class=\"module module-icon tb_groc585  normal circle icon_horizontal \" data-lazy=\"1\">\n        <div class=\"module-icon-item\">\n\t    \t\t<a href=\"https:\/\/www.fieger-lamellenfenster.de\/fr\/produits\/produits-fds\/\">\n\t    \t\t\t\t\t\t    <em class=\"tf_box\" style=\"background-color:#e8311f;color:#ffeeed\"><svg  class=\"tf_fa tf-ti-angle-right\" aria-hidden=\"true\"><use href=\"#tf-ti-angle-right\"><\/use><\/svg><\/em>\n\t\t\t\t\t\t    \t    \t    <span>Vers la page de produits\u00a0FDS<\/span>\n\t\t    \t\t\t\t\t\t<\/a>\n\t\t        <\/div>\n\t<\/div>\n<!-- \/module icon -->\n                    <\/div>\n                            <\/div>\n                        <div  data-lazy=\"1\" class=\"module_column tb-column col4-2 tb_ejt3585 last\">\n                                                        <div class=\"tb-column-inner tf_box tf_w\">\n                        <!-- module image -->\n<div  class=\"module module-image tb_7e5u935   image-left tf_mw\" data-lazy=\"1\">\n        <div class=\"image-wrap tf_rel tf_mw\">\n\t\t    <img loading=\"lazy\" decoding=\"async\" src=\"https:\/\/www.fieger-lamellenfenster.de\/wp-content\/uploads\/2021\/04\/FDS-CampusLingen1_thumb-150x150-1-220x220.jpg\" width=\"220\" height=\"220\" class=\"wp-post-image wp-image-2346\" title=\"FDS-CampusLingen1_thumb-150x150\" alt=\"Fieger Lamellenfester Sonderanfertigung f\u00fcr den Campus Lingen\" srcset=\"https:\/\/www.fieger-lamellenfenster.de\/wp-content\/uploads\/2021\/04\/FDS-CampusLingen1_thumb-150x150-1-220x220.jpg 220w, https:\/\/www.fieger-lamellenfenster.de\/wp-content\/uploads\/2021\/04\/FDS-CampusLingen1_thumb-150x150-1.jpg 150w\" sizes=\"(max-width: 220px) 100vw, 220px\" \/>\t\n\t\t<\/div>\n\t<!-- \/image-wrap -->\n    \n    \t<\/div>\n<!-- \/module image -->                    <\/div>\n                            <\/div>\n            \t    <\/div>\n\t    <!-- \/row_inner -->\n\t<\/div>\n\t<!-- \/module_row -->\n\t\t\t\t<!-- module_row -->\n\t<div  data-lazy=\"1\" class=\"module_row themify_builder_row tb_bf6r710 tf_w tf_clearfix\">\n\t    \t\t\t<div class=\"row_inner col_align_top tb_col_count_1 tf_box tf_rel\">\n\t\t            <div  data-lazy=\"1\" class=\"module_column tb-column col-full tb_7bo2710 first\">\n                                                        <div class=\"tb-column-inner tf_box tf_w\">\n                        \t<div  data-lazy=\"1\" class=\"module_subrow themify_builder_sub_row tb_i8ak711 tf_w tf_clearfix\">\n\t    \t\t\t<div class=\"subrow_inner col_align_middle tb_col_count_2 tf_box tf_w\">\n\t\t            <div  data-lazy=\"1\" class=\"module_column sub_column col3-1 tb_7pys711 first\">\n                                                <\/div>\n                        <div  data-lazy=\"1\" class=\"module_column sub_column col3-2 tb_7pet711 last\">\n                                                        <div class=\"tb-column-inner tf_box tf_w\">\n                        <!-- module text -->\n<div  class=\"module module-text tb_wkb6711   \" data-lazy=\"1\">\n        <div  class=\"tb_text_wrap\">\n    <h3>Quels crit\u00e8res doivent \u00eatre remplis par les fen\u00eatres pour votre projet actuel\u00a0?<\/h3>\n<p><\/p>    <\/div>\n<\/div>\n<!-- \/module text --><!-- module buttons -->\n<div  class=\"module module-buttons tb_7viq712 buttons-horizontal solid  squared\" data-lazy=\"1\">\n    \t<div class=\"module-buttons-item tf_inline_b\">\n\t\t\t\t\t\t\t<a href=\"https:\/\/www.fieger-lamellenfenster.de\/fr\/contact\/\" class=\"ui builder_button red\" >\n\t\t\t\t\t\t\t\t\t\t\t<span class=\"tf_inline_b tf_vmiddle\">Contact<\/span>\n\t\t\t\t\t\t\t\t\t\t\t<\/a>\n\t\t\t    \t<\/div>\n    <\/div>\n<!-- \/module buttons -->\n<!-- module text -->\n<div  class=\"module module-text tb_z2vv712   \" data-lazy=\"1\">\n        <div  class=\"tb_text_wrap\">\n    <p><strong>Ou profitez directement des conseils de notre \u00e9quipe de professionnels\u00a0:<\/strong><br \/>info@fieger-lamellenfenster.de <br \/>+49 6201 84434-0<\/p>    <\/div>\n<\/div>\n<!-- \/module text -->                    <\/div>\n                            <\/div>\n            \t    <\/div>\n\t<\/div><!-- \/themify_builder_sub_row -->\n\t                    <\/div>\n                            <\/div>\n            \t    <\/div>\n\t    <!-- \/row_inner -->\n\t<\/div>\n\t<!-- \/module_row -->\n\t<\/div>\n<!--\/themify_builder_content-->","protected":false},"excerpt":{"rendered":"<p>Les fen\u00eatres \u00e0 lamesUN DESIGN IDEAL Nos fen\u00eatres de la gamme&nbsp;FLW sont les produits FIEGER les plus vendus. Les fen\u00eatres \u00e0 double ou triple vitrage offrent tous les avantages des fen\u00eatres \u00e0 lames.Les FLM sont des fen\u00eatres simple vitrage non isol\u00e9es. Elles offrent un grand clair de jour en raison de l&rsquo;absence de cadre et [&hellip;]<\/p>\n","protected":false},"author":18,"featured_media":0,"parent":0,"menu_order":2,"comment_status":"closed","ping_status":"closed","template":"","meta":{"footnotes":""},"_links":{"self":[{"href":"https:\/\/www.fieger-lamellenfenster.de\/fr\/wp-json\/wp\/v2\/pages\/5731"}],"collection":[{"href":"https:\/\/www.fieger-lamellenfenster.de\/fr\/wp-json\/wp\/v2\/pages"}],"about":[{"href":"https:\/\/www.fieger-lamellenfenster.de\/fr\/wp-json\/wp\/v2\/types\/page"}],"author":[{"embeddable":true,"href":"https:\/\/www.fieger-lamellenfenster.de\/fr\/wp-json\/wp\/v2\/users\/18"}],"replies":[{"embeddable":true,"href":"https:\/\/www.fieger-lamellenfenster.de\/fr\/wp-json\/wp\/v2\/comments?post=5731"}],"version-history":[{"count":41,"href":"https:\/\/www.fieger-lamellenfenster.de\/fr\/wp-json\/wp\/v2\/pages\/5731\/revisions"}],"predecessor-version":[{"id":12164,"href":"https:\/\/www.fieger-lamellenfenster.de\/fr\/wp-json\/wp\/v2\/pages\/5731\/revisions\/12164"}],"wp:attachment":[{"href":"https:\/\/www.fieger-lamellenfenster.de\/fr\/wp-json\/wp\/v2\/media?parent=5731"}],"curies":[{"name":"wp","href":"https:\/\/api.w.org\/{rel}","templated":true}]}}