{"id":5721,"date":"2021-07-09T11:11:13","date_gmt":"2021-07-09T09:11:13","guid":{"rendered":"https:\/\/www.fieger-lamellenfenster.de\/productos\/productos-flm-pg-flm-lg\/"},"modified":"2025-09-08T14:21:20","modified_gmt":"2025-09-08T12:21:20","slug":"productos-flm-pg-flm-lg","status":"publish","type":"page","link":"https:\/\/www.fieger-lamellenfenster.de\/es\/productos\/productos-flm-pg-flm-lg\/","title":{"rendered":"Productos FLM PG\/FLM LG"},"content":{"rendered":"<div class=\"wp-block-themepunch-revslider revslider\" data-modal=\"false\" data-slidertitle=\"FLM_ES\" style=\"\">\n\t\t\t<!-- START FLM_ES REVOLUTION SLIDER 6.6.20 --><p class=\"rs-p-wp-fix\"><\/p>\n\t\t\t<rs-module-wrap id=\"rev_slider_58_1_wrapper\" data-source=\"gallery\" style=\"visibility:hidden;background:transparent;padding:0;margin:0px auto;margin-top:0;margin-bottom:0;\">\n\t\t\t\t<rs-module id=\"rev_slider_58_1\" style=\"\" data-version=\"6.6.20\">\n\t\t\t\t\t<rs-slides style=\"overflow: hidden; position: absolute;\">\n\t\t\t\t\t\t<rs-slide style=\"position: absolute;\" data-key=\"rs-80\" data-title=\"Slide2\" data-duration=\"4000ms\" data-in=\"o:0;\" data-out=\"a:false;\" data-d3=\"f:turn;d:vertical;su:true;\">\n\t\t\t\t\t\t\t<img decoding=\"async\" src=\"\/\/www.fieger-lamellenfenster.de\/wp-content\/plugins\/revslider\/public\/assets\/assets\/dummy.png\" alt=\"FIEGER FLM Lamellenfester ohne Lamellenprofile\" title=\"FLM_slider\" width=\"1500\" height=\"301\" class=\"rev-slidebg tp-rs-img rs-lazyload\" data-lazyload=\"\/\/www.fieger-lamellenfenster.de\/wp-content\/uploads\/2021\/04\/FLM_slider.jpg\" data-no-retina>\n<!--\n\t\t\t\t\t\t\t--><rs-layer\n\t\t\t\t\t\t\t\tid=\"slider-58-slide-80-layer-2\" \n\t\t\t\t\t\t\t\tdata-type=\"text\"\n\t\t\t\t\t\t\t\tdata-color=\"#000000\"\n\t\t\t\t\t\t\t\tdata-rsp_ch=\"on\"\n\t\t\t\t\t\t\t\tdata-xy=\"x:-350px;y:92px;\"\n\t\t\t\t\t\t\t\tdata-text=\"w:nowrap;s:32;l:41;fw:700;a:right;\"\n\t\t\t\t\t\t\t\tdata-dim=\"w:816px;\"\n\t\t\t\t\t\t\t\tdata-vbility=\"t,t,t,f\"\n\t\t\t\t\t\t\t\tdata-padding=\"t:5;r:15;b:5;l:80;\"\n\t\t\t\t\t\t\t\tdata-frame_0=\"x:right;\"\n\t\t\t\t\t\t\t\tdata-frame_1=\"sp:1000;\"\n\t\t\t\t\t\t\t\tdata-frame_999=\"o:0;st:w;\"\n\t\t\t\t\t\t\t\tstyle=\"z-index:8;background-color:rgba(255,255,255,0.9);font-family:'Oswald';\"\n\t\t\t\t\t\t\t><font color=\"#c02126\">FLM PG Y FLM LG <\/font><br \/>\nPARA EL PLUS EN CLARIDAD. \n\t\t\t\t\t\t\t<\/rs-layer><!--\n-->\t\t\t\t\t\t<\/rs-slide>\n\t\t\t\t\t<\/rs-slides>\n\t\t\t\t\t<rs-static-layers><!--\n\t\t\t\t\t--><\/rs-static-layers>\n\t\t\t\t<\/rs-module>\n\t\t\t\t<script>\n\t\t\t\t\tsetREVStartSize({c: 'rev_slider_58_1',rl:[1240,1024,778,480],el:[300],gw:[1240],gh:[300],type:'standard',justify:'',layout:'fullwidth',mh:\"0\"});if (window.RS_MODULES!==undefined && window.RS_MODULES.modules!==undefined && window.RS_MODULES.modules[\"revslider581\"]!==undefined) {window.RS_MODULES.modules[\"revslider581\"].once = false;window.revapi58 = undefined;if (window.RS_MODULES.checkMinimal!==undefined) window.RS_MODULES.checkMinimal()}\n\t\t\t\t<\/script>\n\t\t\t<\/rs-module-wrap>\n\t\t\t<!-- END REVOLUTION SLIDER -->\n<\/div>\n\n\n\n\n\n<p><\/p>\n\n\n<p><\/p>\n<!--themify_builder_content-->\n<div id=\"themify_builder_content-5721\" data-postid=\"5721\" class=\"themify_builder_content themify_builder_content-5721 themify_builder tf_clear\">\n    \t\t\t<!-- module_row -->\n\t<div  data-lazy=\"1\" class=\"module_row themify_builder_row tb_0s4d259 tb_first tf_w tf_clearfix\">\n\t    \t\t\t<div class=\"row_inner col_align_top tb_col_count_1 tf_box tf_rel\">\n\t\t            <div  data-lazy=\"1\" class=\"module_column tb-column col-full tb_ah7v260 first\">\n                                                        <div class=\"tb-column-inner tf_box tf_w\">\n                        <!-- module fancy heading -->\n<div  class=\"module module-fancy-heading tb_n8dn260 \" data-lazy=\"1\">\n        <h1 class=\"fancy-heading tf_textc\">\n    <span class=\"main-head tf_block\">\n\t\t\t\t\tVentana de lamas FIEGER FLM PG\/FLM LG\t\t    <\/span>\n\n\t\n    <span class=\"sub-head tf_block tf_rel\">\n\t\t\t\t\tMonovidrio hasta 12 mm o vidrio laminado 2 x 6 mm\t\t    <\/span>\n    <\/h1>\n<\/div>\n<!-- \/module fancy heading -->\n\t<div  data-lazy=\"1\" class=\"module_subrow themify_builder_sub_row tb_20vx261 tf_w tf_clearfix\">\n\t    \t\t\t<div class=\"subrow_inner col_align_top tb_col_count_2 tf_box tf_w\">\n\t\t            <div  data-lazy=\"1\" class=\"module_column sub_column tb_kvnx262 first\">\n                                                        <div class=\"tb-column-inner tf_box tf_w\">\n                        <!-- module text -->\n<div  class=\"module module-text tb_4m8f262   \" data-lazy=\"1\">\n        <div  class=\"tb_text_wrap\">\n    <p>Las ventanas de lamas FIEGER FLM PG (sujeci\u00f3n puntual) y FLM LG (Sujeci\u00f3n lineal) componen nuestros acristalamientos variables. Las ventanas FLM no necesitan ning\u00fan perfil de lamas. Crean superficies completamente transparentes.<\/p>    <\/div>\n<\/div>\n<!-- \/module text -->                    <\/div>\n                            <\/div>\n                        <div  data-lazy=\"1\" class=\"module_column sub_column tb_msad262 last\">\n                                                        <div class=\"tb-column-inner tf_box tf_w\">\n                        <!-- module text -->\n<div  class=\"module module-text tb_64ol262   \" data-lazy=\"1\">\n        <div  class=\"tb_text_wrap\">\n    <p>Cuando se escalan, es decir, se instalan superpuestos o escalonados, ofrecen innumerables posibilidades de aplicaci\u00f3n: como segunda fachada, para invernaderos o en interiores.<\/p>    <\/div>\n<\/div>\n<!-- \/module text -->                    <\/div>\n                            <\/div>\n            \t    <\/div>\n\t<\/div><!-- \/themify_builder_sub_row -->\n\t                    <\/div>\n                            <\/div>\n            \t    <\/div>\n\t    <!-- \/row_inner -->\n\t<\/div>\n\t<!-- \/module_row -->\n\t\t\t\t<!-- module_row -->\n\t<div  data-lazy=\"1\" class=\"module_row themify_builder_row tb_nkfz259 tf_w tf_clearfix\">\n\t    \t\t\t<div class=\"row_inner col_align_top tb_col_count_2 tf_box tf_rel\">\n\t\t            <div  data-lazy=\"1\" class=\"module_column tb-column col4-1 tb_jllf263 first\">\n                                                        <div class=\"tb-column-inner tf_box tf_w\">\n                        \t<div  data-sticky-active=\"{&quot;d&quot;:{&quot;stick&quot;:{&quot;v&quot;:&quot;100&quot;},&quot;unstick&quot;:{&quot;type&quot;:&quot;row&quot;,&quot;el&quot;:&quot;wohu259&quot;}},&quot;m&quot;:0}\" data-lazy=\"1\" class=\"module_subrow themify_builder_sub_row tb_0rhz946 hide-mobile tf_w tf_clearfix\">\n\t    \t\t\t<div class=\"subrow_inner col_align_top tb_col_count_1 tf_box tf_w\">\n\t\t            <div  data-lazy=\"1\" class=\"module_column sub_column col-full tb_200h946 first\">\n                                                        <div class=\"tb-column-inner tf_box tf_w\">\n                        <!-- module text -->\n<div  class=\"module module-text tb_qao5946   \" data-lazy=\"1\">\n        <div  class=\"tb_text_wrap\">\n    <p style=\"text-align: left;\">Con aislamiento t\u00e9rmico<\/p>    <\/div>\n<\/div>\n<!-- \/module text --><!-- module image -->\n<div  class=\"module module-image tb_s4vo947   image-left tf_mw\" data-lazy=\"1\">\n        <div class=\"image-wrap tf_rel tf_mw\">\n\t\t    <a href=\"https:\/\/www.fieger-lamellenfenster.de\/es\/productos\/productos-flw-32\/\"\n\t       \t       >\n\t\t   \t\t<img loading=\"lazy\" decoding=\"async\" width=\"180\" height=\"57\" src=\"https:\/\/www.fieger-lamellenfenster.de\/wp-content\/uploads\/2021\/04\/FLW_32_AIRSMO_RGB_180x57.png\" class=\"wp-post-image wp-image-2214\" title=\"FLW_32_AIR+SMO_RGB_180x57\" alt=\"FLW 32 airtec smotec\">\t    <\/a>\n\t\n\t\t<\/div>\n\t<!-- \/image-wrap -->\n    \n    \t<\/div>\n<!-- \/module image --><!-- module image -->\n<div  class=\"module module-image tb_yl4c947   image-left tf_mw\" data-lazy=\"1\">\n        <div class=\"image-wrap tf_rel tf_mw\">\n\t\t    <a href=\"https:\/\/www.fieger-lamellenfenster.de\/es\/productos\/productos-flw-40\/\"\n\t       \t       >\n\t\t   \t\t<img loading=\"lazy\" decoding=\"async\" width=\"180\" height=\"57\" src=\"https:\/\/www.fieger-lamellenfenster.de\/wp-content\/uploads\/2021\/04\/FLW_40_AIRSMO_RGB_180x57.png\" class=\"wp-post-image wp-image-2248\" title=\"FLW_40_AIR+SMO_RGB_180x57\" alt=\"FLW 40 airtec + smotec\">\t    <\/a>\n\t\n\t\t<\/div>\n\t<!-- \/image-wrap -->\n    \n    \t<\/div>\n<!-- \/module image --><!-- module image -->\n<div  class=\"module module-image tb_ski4947   image-left tf_mw\" data-lazy=\"1\">\n        <div class=\"image-wrap tf_rel tf_mw\">\n\t\t    <a href=\"https:\/\/www.fieger-lamellenfenster.de\/es\/productos\/productos-fll-131\/\"\n\t       \t       >\n\t\t   \t\t<img loading=\"lazy\" decoding=\"async\" width=\"180\" height=\"57\" src=\"https:\/\/www.fieger-lamellenfenster.de\/wp-content\/uploads\/2021\/04\/FLL_131_AIRSMO_RGB_180x57.png\" class=\"wp-post-image wp-image-2224\" title=\"FLL_131_AIR+SMO_RGB_180x57\" alt=\"FLL 131 aitec smotec\">\t    <\/a>\n\t\n\t\t<\/div>\n\t<!-- \/image-wrap -->\n    \n    \t<\/div>\n<!-- \/module image --><!-- module text -->\n<div  class=\"module module-text tb_adyv947   \" data-lazy=\"1\">\n        <div  class=\"tb_text_wrap\">\n    <p style=\"text-align: left;\">Sin aislamiento<\/p>    <\/div>\n<\/div>\n<!-- \/module text --><!-- module image -->\n<div  class=\"module module-image tb_t1hy947   image-left tf_mw\" data-lazy=\"1\">\n        <div class=\"image-wrap tf_rel tf_mw\">\n\t\t    <a href=\"https:\/\/www.fieger-lamellenfenster.de\/es\/productos\/productos-flm-pg-flm-lg\/\"\n\t       \t       >\n\t\t   \t\t<img loading=\"lazy\" decoding=\"async\" width=\"180\" height=\"57\" src=\"https:\/\/www.fieger-lamellenfenster.de\/wp-content\/uploads\/2021\/04\/FLM_PG_LG_AIRSMO_RGB_180x57.png\" class=\"wp-post-image wp-image-2236\" title=\"FLM_PG_LG_AIR+SMO_RGB_180x57\" alt=\"FLM PG LG airtec smotec\">\t    <\/a>\n\t\n\t\t<\/div>\n\t<!-- \/image-wrap -->\n    \n    \t<\/div>\n<!-- \/module image --><!-- module image -->\n<div  class=\"module module-image tb_002q947   image-left tf_mw\" data-lazy=\"1\">\n        <div class=\"image-wrap tf_rel tf_mw\">\n\t\t    <a href=\"https:\/\/www.fieger-lamellenfenster.de\/es\/productos\/productos-fds\/\"\n\t       \t       >\n\t\t   \t\t<img loading=\"lazy\" decoding=\"async\" width=\"180\" height=\"57\" src=\"https:\/\/www.fieger-lamellenfenster.de\/wp-content\/uploads\/2021\/04\/FDS_AIRSMO_RGB_180x57.png\" class=\"wp-post-image wp-image-2220\" title=\"FDS_AIR+SMO_RGB_180x57\" alt=\"FDS airtec smotec\">\t    <\/a>\n\t\n\t\t<\/div>\n\t<!-- \/image-wrap -->\n    \n    \t<\/div>\n<!-- \/module image --><!-- module text -->\n<div  class=\"module module-text tb_e3c8947   \" data-lazy=\"1\">\n        <div  class=\"tb_text_wrap\">\n    <h4 style=\"text-align: left;\"><a href=\"https:\/\/www.fieger-lamellenfenster.de\/es\/productos\/accionamientos-accesorios-asistencia\/\/#homeantriebe\">Accionamientos<\/a><\/h4>\n    <\/div>\n<\/div>\n<!-- \/module text --><!-- module text -->\n<div  class=\"module module-text tb_coqp947   \" data-lazy=\"1\">\n        <div  class=\"tb_text_wrap\">\n    <h4 style=\"text-align: left;\"><a href=\"https:\/\/www.fieger-lamellenfenster.de\/es\/productos\/accionamientos-accesorios-asistencia\/#homezubehoer\">Accesorios<\/a><\/h4>\n    <\/div>\n<\/div>\n<!-- \/module text --><!-- module text -->\n<div  class=\"module module-text tb_dcj8947   \" data-lazy=\"1\">\n        <div  class=\"tb_text_wrap\">\n    <h4 style=\"text-align: left;\"><a href=\"https:\/\/www.fieger-lamellenfenster.de\/es\/productos\/accionamientos-accesorios-asistencia\/#homeservice\">Asistencia<\/a><\/h4>\n    <\/div>\n<\/div>\n<!-- \/module text --><!-- module buttons -->\n<div  class=\"module module-buttons tb_gs5p947 buttons-horizontal solid  small squared\" data-lazy=\"1\">\n    \t<div class=\"module-buttons-item tf_inline_b\">\n\t\t\t\t\t\t\t<a href=\"https:\/\/www.fieger-lamellenfenster.de\/downloads\/\" class=\"ui builder_button red\" target=\"_blank\" rel=\"noopener\">\n\t\t\t\t\t\t\t\t\t\t\t<span class=\"tf_inline_b tf_vmiddle\">Descargas<\/span>\n\t\t\t\t\t\t\t\t\t\t\t<\/a>\n\t\t\t    \t<\/div>\n    <\/div>\n<!-- \/module buttons -->\n                    <\/div>\n                            <\/div>\n            \t    <\/div>\n\t<\/div><!-- \/themify_builder_sub_row -->\n\t                    <\/div>\n                            <\/div>\n                        <div  data-lazy=\"1\" class=\"module_column tb-column col4-3 tb_4bvl265 last\">\n                                                        <div class=\"tb-column-inner tf_box tf_w\">\n                        <!-- module text -->\n<div  class=\"module module-text tb_l65p265  repeat \" data-lazy=\"1\">\n        <div  class=\"tb_text_wrap\">\n    <h4>Aqu\u00ed encontrar\u00e1 m\u00e1s informaci\u00f3n sobre las ventanas de lamas FIEGER <span style=\"color: #c02126;\">FLM PG\/FLM LG<\/span>:<\/h4>    <\/div>\n<\/div>\n<!-- \/module text --><!-- module icon -->\n<div  class=\"module module-icon tb_oet8265  small squared icon_vertical \" data-lazy=\"1\">\n        <div class=\"module-icon-item\">\n\t    \t\t\t\t\t\t    <img loading=\"lazy\" decoding=\"async\" width=\"74\" height=\"74\" src=\"https:\/\/www.fieger-lamellenfenster.de\/wp-content\/uploads\/2021\/03\/FIEGER_icon_Liste.png\" class=\"tf_box wp-post-image wp-image-1121\" title=\"en ficha t\u00e9cnica \" alt=\"en ficha t\u00e9cnica \">\t\t\t\t\t\t    \t    \t    <span>en ficha t\u00e9cnica <\/span>\n\t\t    \t\t\t\t        <\/div>\n\t        <div class=\"module-icon-item\">\n\t    \t\t\t\t\t\t    <img loading=\"lazy\" decoding=\"async\" width=\"74\" height=\"74\" src=\"https:\/\/www.fieger-lamellenfenster.de\/wp-content\/uploads\/2021\/03\/FIEGER_icon_Liste.png\" class=\"tf_box wp-post-image wp-image-1121\" title=\"en los diagramas t\u00e9cnicos para el montaje\" alt=\"en los diagramas t\u00e9cnicos para el montaje\">\t\t\t\t\t\t    \t    \t    <span>en los diagramas t\u00e9cnicos para el montaje<\/span>\n\t\t    \t\t\t\t        <\/div>\n\t        <div class=\"module-icon-item\">\n\t    \t\t\t\t\t\t    <img loading=\"lazy\" decoding=\"async\" width=\"74\" height=\"74\" src=\"https:\/\/www.fieger-lamellenfenster.de\/wp-content\/uploads\/2021\/03\/FIEGER_icon_Liste.png\" class=\"tf_box wp-post-image wp-image-1121\" title=\"en los diagramas t\u00e9cnicos para accesorios\" alt=\"en los diagramas t\u00e9cnicos para accesorios\">\t\t\t\t\t\t    \t    \t    <span>en los diagramas t\u00e9cnicos para accesorios<\/span>\n\t\t    \t\t\t\t        <\/div>\n\t        <div class=\"module-icon-item\">\n\t    \t\t\t\t\t\t    <img loading=\"lazy\" decoding=\"async\" width=\"74\" height=\"74\" src=\"https:\/\/www.fieger-lamellenfenster.de\/wp-content\/uploads\/2021\/03\/FIEGER_icon_Liste.png\" class=\"tf_box wp-post-image wp-image-1121\" title=\"en los diagramas t\u00e9cnicos para los accionamientos\" alt=\"en los diagramas t\u00e9cnicos para los accionamientos\">\t\t\t\t\t\t    \t    \t    <span>en los diagramas t\u00e9cnicos para los accionamientos<\/span>\n\t\t    \t\t\t\t        <\/div>\n\t        <div class=\"module-icon-item\">\n\t    \t\t\t\t\t\t    <img loading=\"lazy\" decoding=\"async\" width=\"74\" height=\"74\" src=\"https:\/\/www.fieger-lamellenfenster.de\/wp-content\/uploads\/2021\/03\/FIEGER_icon_Liste.png\" class=\"tf_box wp-post-image wp-image-1121\" title=\"en los datos CAD como dwg \" alt=\"en los datos CAD como dwg \">\t\t\t\t\t\t    \t    \t    <span>en los datos CAD como dwg <\/span>\n\t\t    \t\t\t\t        <\/div>\n\t        <div class=\"module-icon-item\">\n\t    \t\t\t\t\t\t    <img loading=\"lazy\" decoding=\"async\" width=\"74\" height=\"74\" src=\"https:\/\/www.fieger-lamellenfenster.de\/wp-content\/uploads\/2021\/03\/FIEGER_icon_Liste.png\" class=\"tf_box wp-post-image wp-image-1121\" title=\"en los datos CAD como dfx \" alt=\"en los datos CAD como dfx \">\t\t\t\t\t\t    \t    \t    <span>en los datos CAD como dfx <\/span>\n\t\t    \t\t\t\t        <\/div>\n\t<\/div>\n<!-- \/module icon -->\n\t<div  data-lazy=\"1\" class=\"module_subrow themify_builder_sub_row tb_zfrf265 tf_w tf_clearfix\">\n\t    \t\t\t<div class=\"subrow_inner col_align_top tb_col_count_2 tf_box tf_w\">\n\t\t            <div  data-lazy=\"1\" class=\"module_column sub_column tb_l61z265 first\">\n                                                        <div class=\"tb-column-inner tf_box tf_w\">\n                        <!-- module image -->\n<div  class=\"module module-image tb_1co1265   image-top tf_mw\" data-lazy=\"1\" data-lax-translate-y=\"(vh*1) 0,(vh*0) -70\" data-lax=\"true\">\n        <div class=\"image-wrap tf_rel tf_mw\">\n\t\t    <img loading=\"lazy\" decoding=\"async\" width=\"581\" height=\"419\" src=\"https:\/\/www.fieger-lamellenfenster.de\/wp-content\/uploads\/2021\/04\/FLM-University-Brisbane.jpg\" class=\"wp-post-image wp-image-3110\" title=\"FLM-University-Brisbane\" alt=\"FIEGER FLM Lamellenfester ohne Lamellenprofile \" srcset=\"https:\/\/www.fieger-lamellenfenster.de\/wp-content\/uploads\/2021\/04\/FLM-University-Brisbane.jpg 581w, https:\/\/www.fieger-lamellenfenster.de\/wp-content\/uploads\/2021\/04\/FLM-University-Brisbane-300x216.jpg 300w\" sizes=\"(max-width: 581px) 100vw, 581px\" \/>\t\n\t\t<\/div>\n\t<!-- \/image-wrap -->\n    \n    \t<\/div>\n<!-- \/module image -->                    <\/div>\n                            <\/div>\n                        <div  data-lazy=\"1\" class=\"module_column sub_column tb_r1lh265 last\">\n                                                        <div class=\"tb-column-inner tf_box tf_w\">\n                        <!-- module fancy heading -->\n<div  class=\"module module-fancy-heading tb_vx7z266 \" data-lazy=\"1\">\n        <h2 class=\"fancy-heading\">\n    <span class=\"main-head tf_block\">\n\t\t\t\t\tLas FLM PG\/FLM LG \t\t    <\/span>\n\n\t\n    <span class=\"sub-head tf_block tf_rel\">\n\t\t\t\t\t\t\t    <\/span>\n    <\/h2>\n<\/div>\n<!-- \/module fancy heading -->\n<!-- module text -->\n<div  class=\"module module-text tb_aqu7266   \" data-lazy=\"1\">\n        <div  class=\"tb_text_wrap\">\n    <p>est\u00e1n disponibles con accionamiento manual, el\u00e9ctrico y neum\u00e1tico.<br \/>Aparte de estos ejemplos, disponemos de otras formas de instalaci\u00f3n orientadas a una amplia gama de aplicaciones.<\/p>    <\/div>\n<\/div>\n<!-- \/module text -->                    <\/div>\n                            <\/div>\n            \t    <\/div>\n\t<\/div><!-- \/themify_builder_sub_row -->\n\t<!-- module text -->\n<div  class=\"module module-text tb_i8mo266   \" data-lazy=\"1\">\n        <div  class=\"tb_text_wrap\">\n    <h3>Ventana de lamas FIEGER <span style=\"color: #c02126;\">FLM PG\/FLM LG<\/span> Resumen<\/h3>    <\/div>\n<\/div>\n<!-- \/module text -->\t<div  data-lazy=\"1\" class=\"module_subrow themify_builder_sub_row tb_1ire266 tf_w tf_clearfix\">\n\t    \t\t\t<div class=\"subrow_inner col_align_top gutter-narrow tb_col_count_3 tf_box tf_w\">\n\t\t            <div  data-lazy=\"1\" class=\"module_column sub_column col3-1 tb_19sb266 first\">\n                                                        <div class=\"tb-column-inner tf_box tf_w\">\n                        <!-- module text -->\n<div  class=\"module module-text tb_9kxs266  repeat \" data-lazy=\"1\">\n        <div  class=\"tb_text_wrap\">\n    <p><img loading=\"lazy\" decoding=\"async\" class=\"alignnone size-full wp-image-2585\" src=\"https:\/\/www.fieger-lamellenfenster.de\/wp-content\/uploads\/2021\/04\/Funktion_web.png\" alt=\"\" width=\"142\" height=\"142\"><\/p>\n    <\/div>\n<\/div>\n<!-- \/module text --><!-- module text -->\n<div  class=\"module module-text tb_tkxu127   \" data-lazy=\"1\">\n        <div  class=\"tb_text_wrap\">\n    <h6>Funci\u00f3n:<\/h6>\n<p>Ventilaci\u00f3n natural o extracci\u00f3n natural <br>de humos y calor (EVNHC),<br>fachadas de doble piel.<\/p>    <\/div>\n<\/div>\n<!-- \/module text --><!-- module text -->\n<div  class=\"module module-text tb_n78v267  repeat \" data-lazy=\"1\">\n        <div  class=\"tb_text_wrap\">\n    <h6><strong><span style=\"color: #ffffff;\">Certificaci\u00f3n<\/span><\/strong><\/h6>    <\/div>\n<\/div>\n<!-- \/module text --><!-- module text -->\n<div  class=\"module module-text tb_r48i50   \" data-lazy=\"1\">\n        <div  class=\"tb_text_wrap\">\n    <table width=\"100%\">\n<tbody>\n<tr>\n<td style=\"text-align: left;\">Certificaci\u00f3n EVNHC<br>conforme con<br>EN 12101-2<\/td>\n<td style=\"text-align: left;\"><img loading=\"lazy\" decoding=\"async\" class=\"wp-image-7140 size-full alignright\" src=\"https:\/\/www.fieger-lamellenfenster.de\/wp-content\/uploads\/2021\/11\/SMOTEC_Siegel_ES_RGB_72x65.png\" alt=\"\" width=\"72\" height=\"65\"><\/td>\n<\/tr>\n<tr>\n<td style=\"text-align: left;\"><br>Norma de producto<br>para puertas y ventanas<br>certificado conforme <br>con EN 14351-1<\/td>\n<td style=\"text-align: left;\"><br><img loading=\"lazy\" decoding=\"async\" class=\"wp-image-7132 size-full alignright\" src=\"https:\/\/www.fieger-lamellenfenster.de\/wp-content\/uploads\/2021\/11\/AIRTEC_Siegel_ES_RGB_72x65.png\" alt=\"\" width=\"72\" height=\"65\"><\/td>\n<\/tr>\n<tr>\n<td style=\"text-align: left;\"><br>\u00c1rea de apertura<br>efectiva aerodin\u00e1mica<br>(Cv \u2013 referencia a 85 \u00b0)<br>conforme con EN 12101-2<\/td>\n<td style=\"text-align: right;\">Hasta 0,62<br><br><br><\/td>\n<\/tr>\n<tr>\n<td style=\"text-align: left;\"><br>Resistencia a la carga<br>de viento conforme con<br>EN 12101-2<\/td>\n<td style=\"text-align: right;\">WL 2900<br><br><\/td>\n<\/tr>\n<tr>\n<td style=\"text-align: left;\"><br>Resistencia a la<br>temperatura conforme<br>con EN 12101-2<\/td>\n<td style=\"text-align: right;\">B 300-E<br><br><\/td>\n<\/tr>\n<tr>\n<td style=\"text-align: left;\"><br>Clasificaci\u00f3n de la<br>fiabilidad conforme<br>con EN 12101-2<\/td>\n<td style=\"text-align: right;\">Re 1000<br><br><\/td>\n<\/tr>\n<tr>\n<td style=\"text-align: left;\"><br>Clasificaci\u00f3n a la carga<br>de nieve conforme con<br>EN 12101-2<\/td>\n<td style=\"text-align: right;\">SL 0<br><br><\/td>\n<\/tr>\n<tr>\n<td style=\"text-align: left;\"><br>Funcionalidad a baja<br>temperatura conforme<br>con EN 12101-2<\/td>\n<td style=\"text-align: right;\">T (-5)<br><br><\/td>\n<\/tr>\n<\/tbody>\n<\/table>    <\/div>\n<\/div>\n<!-- \/module text -->                    <\/div>\n                            <\/div>\n                        <div  data-lazy=\"1\" class=\"module_column sub_column col3-1 tb_6t7g267\">\n                                                        <div class=\"tb-column-inner tf_box tf_w\">\n                        <!-- module text -->\n<div  class=\"module module-text tb_fosp267  repeat \" data-lazy=\"1\">\n        <div  class=\"tb_text_wrap\">\n    <p><img loading=\"lazy\" decoding=\"async\" class=\"alignnone wp-image-2627 size-full\" src=\"https:\/\/www.fieger-lamellenfenster.de\/wp-content\/uploads\/2021\/04\/Design.png\" alt=\"\" width=\"142\" height=\"142\"><\/p>\n    <\/div>\n<\/div>\n<!-- \/module text --><!-- module text -->\n<div  class=\"module module-text tb_exh3874   \" data-lazy=\"1\">\n        <div  class=\"tb_text_wrap\">\n    <h6>Dise\u00f1o:<\/h6>\n<p>Lamas con eje de rotaci\u00f3n central.<br>Perfiles de aluminio sin rotura<br>de puente t\u00e9rmico.<\/p>    <\/div>\n<\/div>\n<!-- \/module text --><!-- module text -->\n<div  class=\"module module-text tb_4xrd267  repeat \" data-lazy=\"1\">\n        <div  class=\"tb_text_wrap\">\n    <h6><strong><span style=\"color: #ffffff;\">Dimensiones<\/span><\/strong><\/h6>    <\/div>\n<\/div>\n<!-- \/module text --><!-- module text -->\n<div  class=\"module module-text tb_qwsq44   \" data-lazy=\"1\">\n        <div  class=\"tb_text_wrap\">\n    <p style=\"text-align: left;\"><strong>Dimensiones de <\/strong><strong>las lamas:<\/strong><\/p>\n<table width=\"100%\">\n<tbody>\n<tr>\n<td style=\"text-align: left;\">Altura<\/td>\n<td style=\"text-align: right;\">170\u2013300 mm<\/td>\n<\/tr>\n<tr>\n<td style=\"text-align: left;\">Profundidad<\/td>\n<td style=\"text-align: right;\">70 mm<\/td>\n<\/tr>\n<tr>\n<td style=\"text-align: left;\">Anchura visible<br><br><br><br><br><\/td>\n<td style=\"text-align: right;\">\n<p><br>Horizontal<br>17 mm<\/p>\n<p><br>Vertical<br>37 mm<\/p>\n<\/td>\n<\/tr>\n<tr>\n<td style=\"text-align: left;\">\u00a0<\/td>\n<td style=\"text-align: right;\">Parteluz<br>53 mm<\/td>\n<\/tr>\n<tr>\n<td style=\"text-align: left;\"><br>Altura de la ventana<\/td>\n<td style=\"text-align: right;\"><br>Ilimitado (acoplable)<\/td>\n<\/tr>\n<tr>\n<td style=\"text-align: left;\"><br>Anchura m\u00e1x.<br>de la ventana<\/td>\n<td style=\"text-align: right;\">1.500 mm<\/td>\n<\/tr>\n<tr>\n<td style=\"text-align: left;\"><br>Anchura m\u00e1x.<br>de la ventana<br>con parteluz<\/td>\n<td style=\"text-align: right;\">3.000mm<br><br><\/td>\n<\/tr>\n<\/tbody>\n<\/table>\n<p style=\"text-align: right;\">\u00a0<\/p>    <\/div>\n<\/div>\n<!-- \/module text -->                    <\/div>\n                            <\/div>\n                        <div  data-lazy=\"1\" class=\"module_column sub_column col3-1 tb_nsuc268 last\">\n                                                        <div class=\"tb-column-inner tf_box tf_w\">\n                        <!-- module text -->\n<div  class=\"module module-text tb_id39268  repeat \" data-lazy=\"1\">\n        <div  class=\"tb_text_wrap\">\n    <p><img loading=\"lazy\" decoding=\"async\" class=\"alignnone wp-image-2631 size-full\" src=\"https:\/\/www.fieger-lamellenfenster.de\/wp-content\/uploads\/2021\/04\/Fenster.png\" alt=\"\" width=\"142\" height=\"142\"><\/p>\n    <\/div>\n<\/div>\n<!-- \/module text --><!-- module text -->\n<div  class=\"module module-text tb_ftm1801   \" data-lazy=\"1\">\n        <div  class=\"tb_text_wrap\">\n    <h6>Acristalado:<\/h6>\n<p>Vidrio monol\u00edtico ESG 8 \u2013 12 mm<br>o vidrio monol\u00edtico<br>VSG 8,38 a 13,52 mm.<\/p>    <\/div>\n<\/div>\n<!-- \/module text --><!-- module text -->\n<div  class=\"module module-text tb_58yr268  repeat \" data-lazy=\"1\">\n        <div  class=\"tb_text_wrap\">\n    <h6><span style=\"color: #ffffff; font-size: 17.6px;\">La verificaci\u00f3n<\/span><\/h6>    <\/div>\n<\/div>\n<!-- \/module text --><!-- module text -->\n<div  class=\"module module-text tb_8jy298   \" data-lazy=\"1\">\n        <div  class=\"tb_text_wrap\">\n    <table width=\"100%\">\n<tbody>\n<tr>\n<td style=\"text-align: left;\">Aislamiento ac\u00fastico <br>conforme con <br>EN ISO 10140-1\/2<\/td>\n<td style=\"text-align: right;\">Hasta<br>41 dB<br><br><\/td>\n<\/tr>\n<tr>\n<td style=\"text-align: left;\"><br>Protecci\u00f3n<br>anti-atrapamiento:<br>Directiva de M\u00e1quinas<br>2006\/42\/CE<\/td>\n<td style=\"text-align: right;\">SK 3 \/<br>SK 4<br><br><\/td>\n<\/tr>\n<\/tbody>\n<\/table>\n<p style=\"text-align: right;\">\u00a0<\/p>    <\/div>\n<\/div>\n<!-- \/module text -->                    <\/div>\n                            <\/div>\n            \t    <\/div>\n\t<\/div><!-- \/themify_builder_sub_row -->\n\t                    <\/div>\n                            <\/div>\n            \t    <\/div>\n\t    <!-- \/row_inner -->\n\t<\/div>\n\t<!-- \/module_row -->\n\t\t\t\t<!-- module_row -->\n\t<div  data-lazy=\"1\" class=\"module_row themify_builder_row tb_57lt259 tf_w tf_clearfix\">\n\t    \t\t\t<div class=\"row_inner col_align_top tb_col_count_2 tf_box tf_rel\">\n\t\t            <div  data-lazy=\"1\" class=\"module_column tb-column col4-1 tb_nz3e269 first\">\n                                                <\/div>\n                        <div  data-lazy=\"1\" class=\"module_column tb-column col4-3 tb_71r7345 last\">\n                                                        <div class=\"tb-column-inner tf_box tf_w\">\n                        \t<div  data-lazy=\"1\" class=\"module_subrow themify_builder_sub_row tb_zvcm345 tf_w tf_clearfix\">\n\t    \t\t\t<div class=\"subrow_inner col_align_top gutter-narrow tb_col_count_4 tf_box tf_w\">\n\t\t            <div  data-lazy=\"1\" class=\"module_column sub_column col4-1 tb_aqty345 first\">\n                                                        <div class=\"tb-column-inner tf_box tf_w\">\n                        <!-- module text -->\n<div  class=\"module module-text tb_szmb345   \" data-lazy=\"1\">\n    <h3 class=\"module-title\">VISTA GENERAL DE PRODUCTOS<\/h3>    <div  class=\"tb_text_wrap\">\n    <p style=\"text-align: left;\"><a href=\"https:\/\/www.fieger-lamellenfenster.de\/wp-content\/uploads\/2025\/09\/FIEGER-vista-general-de-productos_ES-2.pdf\" target=\"_blank\" rel=\"noopener\"><img loading=\"lazy\" decoding=\"async\" class=\"alignleft wp-image-7455\" src=\"https:\/\/www.fieger-lamellenfenster.de\/wp-content\/uploads\/2021\/11\/IconESProducts-214x300.jpg\" alt=\"\" width=\"100\" height=\"140\" srcset=\"https:\/\/www.fieger-lamellenfenster.de\/wp-content\/uploads\/2021\/11\/IconESProducts-214x300.jpg 214w, https:\/\/www.fieger-lamellenfenster.de\/wp-content\/uploads\/2021\/11\/IconESProducts.jpg 250w\" sizes=\"(max-width: 100px) 100vw, 100px\" \/><\/a><\/p>    <\/div>\n<\/div>\n<!-- \/module text -->                    <\/div>\n                            <\/div>\n                        <div  data-lazy=\"1\" class=\"module_column sub_column col4-1 tb_zy1y345\">\n                                                        <div class=\"tb-column-inner tf_box tf_w\">\n                        <!-- module text -->\n<div  class=\"module module-text tb_uhge345   \" data-lazy=\"1\" id=\"Produktbroschueren-3-2-2-2-3-2-2-2-2-2\">\n    <h3 class=\"module-title\">INSTRUCCIONES DE MONTAJE<\/h3>    <div  class=\"tb_text_wrap\">\n    <p style=\"text-align: left;\"><a href=\"https:\/\/www.fieger-lamellenfenster.de\/wp-content\/uploads\/2025\/09\/FIEGER-INSTRUCCIONES-DE-MONTAJE-ES_07-25pdf.pdf\" target=\"_blank\" rel=\"noopener\"><img loading=\"lazy\" decoding=\"async\" class=\"alignleft wp-image-7455\" src=\"https:\/\/www.fieger-lamellenfenster.de\/wp-content\/uploads\/2021\/11\/IconESProducts-214x300.jpg\" alt=\"\" width=\"100\" height=\"140\" srcset=\"https:\/\/www.fieger-lamellenfenster.de\/wp-content\/uploads\/2021\/11\/IconESProducts-214x300.jpg 214w, https:\/\/www.fieger-lamellenfenster.de\/wp-content\/uploads\/2021\/11\/IconESProducts.jpg 250w\" sizes=\"(max-width: 100px) 100vw, 100px\" \/><\/a><\/p>    <\/div>\n<\/div>\n<!-- \/module text -->                    <\/div>\n                            <\/div>\n                        <div  data-lazy=\"1\" class=\"module_column sub_column col4-1 tb_57hs345\">\n                                                        <div class=\"tb-column-inner tf_box tf_w\">\n                        <!-- module text -->\n<div  class=\"module module-text tb_xme9871   \" data-lazy=\"1\" id=\"Produktbroschueren-3-2-2-2-3-2-2-2-2-3-2-2-2-2-2-2-2\">\n    <h3 class=\"module-title\">Propiedades del producto<\/h3>    <div  class=\"tb_text_wrap\">\n    <p style=\"text-align: left;\"><a href=\"https:\/\/www.fieger-lamellenfenster.de\/wp-content\/uploads\/2025\/09\/FIEGER-Produktuebersicht_ES.pdf\" target=\"_blank\" rel=\"noopener\"><img loading=\"lazy\" decoding=\"async\" class=\"alignleft wp-image-7455\" src=\"https:\/\/www.fieger-lamellenfenster.de\/wp-content\/uploads\/2021\/11\/IconESProducts-214x300.jpg\" alt=\"\" width=\"100\" height=\"140\" srcset=\"https:\/\/www.fieger-lamellenfenster.de\/wp-content\/uploads\/2021\/11\/IconESProducts-214x300.jpg 214w, https:\/\/www.fieger-lamellenfenster.de\/wp-content\/uploads\/2021\/11\/IconESProducts.jpg 250w\" sizes=\"(max-width: 100px) 100vw, 100px\" \/><\/a><\/p>    <\/div>\n<\/div>\n<!-- \/module text -->                    <\/div>\n                            <\/div>\n                        <div  data-lazy=\"1\" class=\"module_column sub_column col4-1 tb_j40m345 last\">\n                                                        <div class=\"tb-column-inner tf_box tf_w\">\n                        <!-- module text -->\n<div  class=\"module module-text tb_czxo688   \" data-lazy=\"1\" id=\"Produktbroschueren-3-2-2-2-3-2-2-2-2-2-2-2\">\n    <h3 class=\"module-title\">FLM PG\/LG ficha t\u00e9cnica<\/h3>    <div  class=\"tb_text_wrap\">\n    <p style=\"text-align: left;\"><a href=\"https:\/\/www.fieger-lamellenfenster.de\/wp-content\/uploads\/2024\/09\/FLM-PG-FLM-LG-Ficha-Tecnica.pdf\" target=\"_blank\" rel=\"noopener\"><img loading=\"lazy\" decoding=\"async\" class=\"alignleft wp-image-7455\" src=\"https:\/\/www.fieger-lamellenfenster.de\/wp-content\/uploads\/2021\/11\/IconESProducts-214x300.jpg\" alt=\"\" width=\"100\" height=\"140\" srcset=\"https:\/\/www.fieger-lamellenfenster.de\/wp-content\/uploads\/2021\/11\/IconESProducts-214x300.jpg 214w, https:\/\/www.fieger-lamellenfenster.de\/wp-content\/uploads\/2021\/11\/IconESProducts.jpg 250w\" sizes=\"(max-width: 100px) 100vw, 100px\" \/><\/a><\/p>    <\/div>\n<\/div>\n<!-- \/module text -->                    <\/div>\n                            <\/div>\n            \t    <\/div>\n\t<\/div><!-- \/themify_builder_sub_row -->\n\t\t<div  data-lazy=\"1\" class=\"module_subrow themify_builder_sub_row tb_fvd911 tf_w tf_clearfix\">\n\t    \t\t\t<div class=\"subrow_inner col_align_top tb_col_count_4 tf_box tf_w\">\n\t\t            <div  data-lazy=\"1\" class=\"module_column sub_column col4-1 tb_c0s012 first\">\n                                                        <div class=\"tb-column-inner tf_box tf_w\">\n                        <!-- module text -->\n<div  class=\"module module-text tb_jn49775   \" data-lazy=\"1\" id=\"Produktbroschueren-3-2-2-2-3-2-2-2-2-2-2-2-2\">\n    <h3 class=\"module-title\">FLM LG Plano AutoCAD<\/h3>    <div  class=\"tb_text_wrap\">\n    <p style=\"text-align: left;\"><a href=\"https:\/\/www.fieger-lamellenfenster.de\/wp-content\/uploads\/2025\/09\/FLM_LG_gesamt_Es_Homepage_2508-1.dwg\" target=\"_blank\" rel=\"noopener\"><img loading=\"lazy\" decoding=\"async\" class=\"alignleft wp-image-7455\" src=\"https:\/\/www.fieger-lamellenfenster.de\/wp-content\/uploads\/2022\/12\/dwg.svg\" alt=\"\" width=\"100\" height=\"140\"><\/a><\/p>    <\/div>\n<\/div>\n<!-- \/module text -->                    <\/div>\n                            <\/div>\n                        <div  data-lazy=\"1\" class=\"module_column sub_column col4-1 tb_cplr13\">\n                                                        <div class=\"tb-column-inner tf_box tf_w\">\n                        <!-- module text -->\n<div  class=\"module module-text tb_uzfm355   \" data-lazy=\"1\" id=\"Produktbroschueren-3-2-2-2-3-2-2-2-2-2-2-2-2-2-2\">\n    <h3 class=\"module-title\">FLM PG Plano AutoCAD<\/h3>    <div  class=\"tb_text_wrap\">\n    <p style=\"text-align: left;\"><a href=\"https:\/\/www.fieger-lamellenfenster.de\/wp-content\/uploads\/2025\/09\/FLM_PG_gesamt_Es_Homepage_2508-1.dwg\" target=\"_blank\" rel=\"noopener\"><img loading=\"lazy\" decoding=\"async\" class=\"alignleft wp-image-7455\" src=\"https:\/\/www.fieger-lamellenfenster.de\/wp-content\/uploads\/2022\/12\/dwg.svg\" alt=\"\" width=\"100\" height=\"140\"><\/a><\/p>    <\/div>\n<\/div>\n<!-- \/module text -->                    <\/div>\n                            <\/div>\n                        <div  data-lazy=\"1\" class=\"module_column sub_column col4-1 tb_k1ll13\">\n                                                <\/div>\n                        <div  data-lazy=\"1\" class=\"module_column sub_column col4-1 tb_ihaz13 last\">\n                                                <\/div>\n            \t    <\/div>\n\t<\/div><!-- \/themify_builder_sub_row -->\n\t                    <\/div>\n                            <\/div>\n            \t    <\/div>\n\t    <!-- \/row_inner -->\n\t<\/div>\n\t<!-- \/module_row -->\n\t\t\t\t<!-- module_row -->\n\t<div  id=\"CAT\" data-lazy=\"1\" class=\"module_row themify_builder_row tb_wohu259 tf_w tf_clearfix\">\n\t    \t\t\t<div class=\"row_inner col_align_top tb_col_count_1 tf_box tf_rel\">\n\t\t            <div  data-lazy=\"1\" class=\"module_column tb-column col-full tb_d2hn272 first\">\n                                                        <div class=\"tb-column-inner tf_box tf_w\">\n                        \t<div  data-lazy=\"1\" class=\"module_subrow themify_builder_sub_row tb_oyaf272 tf_w tf_clearfix\">\n\t    \t\t\t<div class=\"subrow_inner col_align_middle tb_col_count_2 tf_box tf_w\">\n\t\t            <div  data-lazy=\"1\" class=\"module_column sub_column col3-1 tb_2sem272 first\">\n                                                <\/div>\n                        <div  data-lazy=\"1\" class=\"module_column sub_column col3-2 tb_wxl6272 last\">\n                                                        <div class=\"tb-column-inner tf_box tf_w\">\n                        <!-- module text -->\n<div  class=\"module module-text tb_6mbb272   \" data-lazy=\"1\">\n        <div  class=\"tb_text_wrap\">\n    <h3>\u00bfDesea m\u00e1s informaci\u00f3n? <br>P\u00f3ngase en contacto con nosotros:<\/h3>\n    <\/div>\n<\/div>\n<!-- \/module text --><!-- module buttons -->\n<div  class=\"module module-buttons tb_k7b2389 buttons-horizontal solid  squared\" data-lazy=\"1\">\n    \t<div class=\"module-buttons-item tf_inline_b\">\n\t\t\t\t\t\t\t<a href=\"https:\/\/www.fieger-lamellenfenster.de\/es\/contacto\/\" class=\"ui builder_button orange\" >\n\t\t\t\t\t\t\t\t\t\t\t<span class=\"tf_inline_b tf_vmiddle\">Contacto<\/span>\n\t\t\t\t\t\t\t\t\t\t\t<\/a>\n\t\t\t    \t<\/div>\n    <\/div>\n<!-- \/module buttons -->\n<!-- module text -->\n<div  class=\"module module-text tb_4tn0272   \" data-lazy=\"1\">\n        <div  class=\"tb_text_wrap\">\n    <p><strong>O el personal de nuestro equipo t\u00e9cnico puede asesorarle directamente:<\/strong><br \/>info@fieger-lamellenfenster.de <br \/>+49 6201 84434-0<\/p>    <\/div>\n<\/div>\n<!-- \/module text -->                    <\/div>\n                            <\/div>\n            \t    <\/div>\n\t<\/div><!-- \/themify_builder_sub_row -->\n\t                    <\/div>\n                            <\/div>\n            \t    <\/div>\n\t    <!-- \/row_inner -->\n\t<\/div>\n\t<!-- \/module_row -->\n\t\t\t\t<!-- module_row -->\n\t<div  data-lazy=\"1\" class=\"module_row themify_builder_row tb_ncs3205 tf_w tf_clearfix\">\n\t    \t\t\t<div class=\"row_inner col_align_top tb_col_count_1 tf_box tf_rel\">\n\t\t            <div  data-lazy=\"1\" class=\"module_column tb-column col-full tb_0hai205 first\">\n                                                        <div class=\"tb-column-inner tf_box tf_w\">\n                        <!-- module fancy heading -->\n<div  class=\"module module-fancy-heading tb_kzuo206 \" data-lazy=\"1\">\n        <h1 class=\"fancy-heading tf_textc\">\n    <span class=\"main-head tf_block\">\n\t\t\t\t\tProyectos Actuales\t\t    <\/span>\n\n\t\n    <span class=\"sub-head tf_block tf_rel\">\n\t\t\t\t\t\t\t    <\/span>\n    <\/h1>\n<\/div>\n<!-- \/module fancy heading -->\n<!-- module post -->\n<div  class=\"module module-portfolio tb_0t98206 \">\n        <ul class=\"post-filter tf_textc tf_opacity\">\n\t\t\t<li class=\"cat-item cat-item-115\"><a href=\"https:\/\/www.fieger-lamellenfenster.de\/es\/portfolio-category\/flm-pg-lg-es\/\">FLM PG \/ LG<\/a>\n<\/li>\n\t<li class=\"cat-item cat-item-116\"><a href=\"https:\/\/www.fieger-lamellenfenster.de\/es\/portfolio-category\/flw-es\/\">FLW<\/a>\n<\/li>\n\t<li class=\"cat-item cat-item-126\"><a href=\"https:\/\/www.fieger-lamellenfenster.de\/es\/portfolio-category\/smotec-es\/\">smotec<\/a>\n<\/li>\n\t<li class=\"cat-item cat-item-106\"><a href=\"https:\/\/www.fieger-lamellenfenster.de\/es\/portfolio-category\/todos-es\/\">Todos<\/a>\n<\/li>\n\t\t    <\/ul>\n\t    <div  class=\"builder-posts-wrap loops-wrapper portfolio tf_tiles_more auto_tiles masonry polaroid classic tf_rel tf_clear tf_clearfix\" data-lazy=\"1\">\n\t<article id=\"portfolio-8016\" class=\"post tf_clearfix portfolio-post cat-115 cat-126 cat-106 post-8016 portfolio type-portfolio status-publish has-post-thumbnail hentry portfolio-category-flm-pg-lg-es portfolio-category-smotec-es portfolio-category-todos-es has-post-title no-post-date has-post-category has-post-tag has-post-comment has-post-author   cat-115  cat-126  cat-106\">\n\t\n\t\n\t\t\t\t<figure class=\"post-image tf_clearfix\">\n\t\t\t    \t\t\t\t\t\t\t\t<a href=\"https:\/\/www.fieger-lamellenfenster.de\/es\/projekt\/chartwell-court\/\">\n\t\t\t\t\t\t\t\t<img loading=\"lazy\" decoding=\"async\" width=\"1500\" height=\"1130\" src=\"https:\/\/www.fieger-lamellenfenster.de\/wp-content\/uploads\/2021\/11\/ChartwellCourtBrighton1500x1130.jpg\" class=\"wp-post-image wp-image-6763\" title=\"ChartwellCourtBrighton1500x1130\" alt=\"Smotec Fieger Lamellenfenster - Chartwell Court Brighton Gro\u00dfbritannien\">\t\t\t\t\t\t\t\t    \t\t\t\t<\/a>\n\t\t\t\t\t\t\t    \t\t\t<\/figure>\n\t\t\t\n\t<div class=\"post-content\">\n\n\t\t\n\t\t\t<div class=\"post-content-inner\">\n\n\t\t\t\t\t\t\n\t\t\t\t\t\t\n\t\t\t\t\t\t<h2 class=\"post-title entry-title\"><a href=\"https:\/\/www.fieger-lamellenfenster.de\/es\/projekt\/chartwell-court\/\">Chartwell Court<\/a><\/h2>\n\t\t\n\t\t\t<div class=\"entry-content\">\n\n        \n\t<\/div><!-- \/.entry-content -->\n\t\n\t\t\n\t\t\t<\/div>\n\t\t\t<!-- \/.post-content-inner -->\n\t\t\n\t<\/div>\n\t<!-- \/.post-content -->\n\t<\/article>\n<!-- \/.post -->\n<article id=\"portfolio-8018\" class=\"post tf_clearfix portfolio-post cat-115 cat-126 cat-106 post-8018 portfolio type-portfolio status-publish has-post-thumbnail hentry portfolio-category-flm-pg-lg-es portfolio-category-smotec-es portfolio-category-todos-es has-post-title no-post-date has-post-category has-post-tag has-post-comment has-post-author   cat-115  cat-126  cat-106\">\n\t\n\t\n\t\t\t\t<figure class=\"post-image tf_clearfix\">\n\t\t\t    \t\t\t\t\t\t\t\t<a href=\"https:\/\/www.fieger-lamellenfenster.de\/es\/projekt\/north-sighthill-regeneration\/\">\n\t\t\t\t\t\t\t\t<img loading=\"lazy\" decoding=\"async\" width=\"1500\" height=\"1130\" src=\"https:\/\/www.fieger-lamellenfenster.de\/wp-content\/uploads\/2021\/11\/NorthSighthillRegenerationEdinburgh_1500x1130.jpg\" class=\"wp-post-image wp-image-6741\" title=\"NorthSighthillRegenerationEdinburgh_1500x1130\" alt=\" North Sighthill Regeneration Edinburgh FIEGER FLM  Lamellenfenster, \u201eDIN EN 12101-2\u201c-zertifizierte NRWG Nat\u00fcrliche Rauch- und W\u00e4rmeabzugsger\u00e4te\" srcset=\"https:\/\/www.fieger-lamellenfenster.de\/wp-content\/uploads\/2021\/11\/NorthSighthillRegenerationEdinburgh_1500x1130.jpg 1500w, https:\/\/www.fieger-lamellenfenster.de\/wp-content\/uploads\/2021\/11\/NorthSighthillRegenerationEdinburgh_1500x1130-300x226.jpg 300w, https:\/\/www.fieger-lamellenfenster.de\/wp-content\/uploads\/2021\/11\/NorthSighthillRegenerationEdinburgh_1500x1130-1024x771.jpg 1024w, https:\/\/www.fieger-lamellenfenster.de\/wp-content\/uploads\/2021\/11\/NorthSighthillRegenerationEdinburgh_1500x1130-768x579.jpg 768w\" sizes=\"(max-width: 1500px) 100vw, 1500px\" \/>\t\t\t\t\t\t\t\t    \t\t\t\t<\/a>\n\t\t\t\t\t\t\t    \t\t\t<\/figure>\n\t\t\t\n\t<div class=\"post-content\">\n\n\t\t\n\t\t\t<div class=\"post-content-inner\">\n\n\t\t\t\t\t\t\n\t\t\t\t\t\t\n\t\t\t\t\t\t<h2 class=\"post-title entry-title\"><a href=\"https:\/\/www.fieger-lamellenfenster.de\/es\/projekt\/north-sighthill-regeneration\/\">North Sighthill Regeneration<\/a><\/h2>\n\t\t\n\t\t\t<div class=\"entry-content\">\n\n        \n\t<\/div><!-- \/.entry-content -->\n\t\n\t\t\n\t\t\t<\/div>\n\t\t\t<!-- \/.post-content-inner -->\n\t\t\n\t<\/div>\n\t<!-- \/.post-content -->\n\t<\/article>\n<!-- \/.post -->\n<article id=\"portfolio-8020\" class=\"post tf_clearfix portfolio-post cat-116 cat-126 cat-106 post-8020 portfolio type-portfolio status-publish has-post-thumbnail hentry portfolio-category-flw-es portfolio-category-smotec-es portfolio-category-todos-es has-post-title no-post-date has-post-category has-post-tag has-post-comment has-post-author   cat-116  cat-126  cat-106\">\n\t\n\t\n\t\t\t\t<figure class=\"post-image tf_clearfix\">\n\t\t\t    \t\t\t\t\t\t\t\t<a href=\"https:\/\/www.fieger-lamellenfenster.de\/es\/projekt\/banbridge-health-care-centre\/\">\n\t\t\t\t\t\t\t\t<img loading=\"lazy\" decoding=\"async\" width=\"1500\" height=\"1130\" src=\"https:\/\/www.fieger-lamellenfenster.de\/wp-content\/uploads\/2021\/06\/Banbridge-Health-and-Care-CentreTitel-2.jpg\" class=\"wp-post-image wp-image-5413\" title=\"Banbridge-Health-and-Care-CentreTitel\" alt=\"Das Banbridge Health and Care Centre in Nord Irland mit FLW 28 airtec Lamellenfenster von Fieger ist Gewinner des RIBA National Award 2016 \" srcset=\"https:\/\/www.fieger-lamellenfenster.de\/wp-content\/uploads\/2021\/06\/Banbridge-Health-and-Care-CentreTitel-2.jpg 1500w, https:\/\/www.fieger-lamellenfenster.de\/wp-content\/uploads\/2021\/06\/Banbridge-Health-and-Care-CentreTitel-2-300x226.jpg 300w, https:\/\/www.fieger-lamellenfenster.de\/wp-content\/uploads\/2021\/06\/Banbridge-Health-and-Care-CentreTitel-2-1024x771.jpg 1024w, https:\/\/www.fieger-lamellenfenster.de\/wp-content\/uploads\/2021\/06\/Banbridge-Health-and-Care-CentreTitel-2-768x579.jpg 768w\" sizes=\"(max-width: 1500px) 100vw, 1500px\" \/>\t\t\t\t\t\t\t\t    \t\t\t\t<\/a>\n\t\t\t\t\t\t\t    \t\t\t<\/figure>\n\t\t\t\n\t<div class=\"post-content\">\n\n\t\t\n\t\t\t<div class=\"post-content-inner\">\n\n\t\t\t\t\t\t\n\t\t\t\t\t\t\n\t\t\t\t\t\t<h2 class=\"post-title entry-title\"><a href=\"https:\/\/www.fieger-lamellenfenster.de\/es\/projekt\/banbridge-health-care-centre\/\">Banbridge Health &#038; Care Centre<\/a><\/h2>\n\t\t\n\t\t\t<div class=\"entry-content\">\n\n        \n\t<\/div><!-- \/.entry-content -->\n\t\n\t\t\n\t\t\t<\/div>\n\t\t\t<!-- \/.post-content-inner -->\n\t\t\n\t<\/div>\n\t<!-- \/.post-content -->\n\t<\/article>\n<!-- \/.post -->\n<article id=\"portfolio-8022\" class=\"post tf_clearfix portfolio-post cat-116 cat-126 cat-106 post-8022 portfolio type-portfolio status-publish has-post-thumbnail hentry portfolio-category-flw-es portfolio-category-smotec-es portfolio-category-todos-es has-post-title no-post-date has-post-category has-post-tag has-post-comment has-post-author   cat-116  cat-126  cat-106\">\n\t\n\t\n\t\t\t\t<figure class=\"post-image tf_clearfix\">\n\t\t\t    \t\t\t\t\t\t\t\t<a href=\"https:\/\/www.fieger-lamellenfenster.de\/es\/projekt\/boroughmuir-high-school\/\">\n\t\t\t\t\t\t\t\t<img loading=\"lazy\" decoding=\"async\" width=\"1027\" height=\"685\" src=\"https:\/\/www.fieger-lamellenfenster.de\/wp-content\/uploads\/2021\/06\/Boroughmuir-High-School_titel.jpg\" class=\"wp-post-image wp-image-5350\" title=\"Boroughmuir-High-School_titel\" alt=\"Boroughmuir High School Edinburgh mit Fieger Lamellenfester FLW 28 die L\u00f6sung f\u00fcr nat\u00fcrliche Be und Entl\u00fcftung Airtec \" srcset=\"https:\/\/www.fieger-lamellenfenster.de\/wp-content\/uploads\/2021\/06\/Boroughmuir-High-School_titel.jpg 1027w, https:\/\/www.fieger-lamellenfenster.de\/wp-content\/uploads\/2021\/06\/Boroughmuir-High-School_titel-300x200.jpg 300w, https:\/\/www.fieger-lamellenfenster.de\/wp-content\/uploads\/2021\/06\/Boroughmuir-High-School_titel-1024x683.jpg 1024w, https:\/\/www.fieger-lamellenfenster.de\/wp-content\/uploads\/2021\/06\/Boroughmuir-High-School_titel-768x512.jpg 768w\" sizes=\"(max-width: 1027px) 100vw, 1027px\" \/>\t\t\t\t\t\t\t\t    \t\t\t\t<\/a>\n\t\t\t\t\t\t\t    \t\t\t<\/figure>\n\t\t\t\n\t<div class=\"post-content\">\n\n\t\t\n\t\t\t<div class=\"post-content-inner\">\n\n\t\t\t\t\t\t\n\t\t\t\t\t\t\n\t\t\t\t\t\t<h2 class=\"post-title entry-title\"><a href=\"https:\/\/www.fieger-lamellenfenster.de\/es\/projekt\/boroughmuir-high-school\/\">Boroughmuir High School<\/a><\/h2>\n\t\t\n\t\t\t<div class=\"entry-content\">\n\n        \n\t<\/div><!-- \/.entry-content -->\n\t\n\t\t\n\t\t\t<\/div>\n\t\t\t<!-- \/.post-content-inner -->\n\t\t\n\t<\/div>\n\t<!-- \/.post-content -->\n\t<\/article>\n<!-- \/.post -->\n<\/div><!-- .builder-posts-wrap -->\n    <\/div>\n    <!-- \/module post -->\n                    <\/div>\n                            <\/div>\n            \t    <\/div>\n\t    <!-- \/row_inner -->\n\t<\/div>\n\t<!-- \/module_row -->\n\t<\/div>\n<!--\/themify_builder_content-->","protected":false},"excerpt":{"rendered":"<p>Ventana de lamas FIEGER FLM PG\/FLM LGMonovidrio hasta 12 mm o vidrio laminado 2 x 6 mm Las ventanas de lamas FIEGER FLM PG (sujeci\u00f3n puntual) y FLM LG (Sujeci\u00f3n lineal) componen nuestros acristalamientos variables. Las ventanas FLM no necesitan ning\u00fan perfil de lamas. Crean superficies completamente transparentes. Cuando se escalan, es decir, se instalan [&hellip;]<\/p>\n","protected":false},"author":18,"featured_media":0,"parent":5709,"menu_order":0,"comment_status":"closed","ping_status":"closed","template":"","meta":{"footnotes":""},"_links":{"self":[{"href":"https:\/\/www.fieger-lamellenfenster.de\/es\/wp-json\/wp\/v2\/pages\/5721"}],"collection":[{"href":"https:\/\/www.fieger-lamellenfenster.de\/es\/wp-json\/wp\/v2\/pages"}],"about":[{"href":"https:\/\/www.fieger-lamellenfenster.de\/es\/wp-json\/wp\/v2\/types\/page"}],"author":[{"embeddable":true,"href":"https:\/\/www.fieger-lamellenfenster.de\/es\/wp-json\/wp\/v2\/users\/18"}],"replies":[{"embeddable":true,"href":"https:\/\/www.fieger-lamellenfenster.de\/es\/wp-json\/wp\/v2\/comments?post=5721"}],"version-history":[{"count":56,"href":"https:\/\/www.fieger-lamellenfenster.de\/es\/wp-json\/wp\/v2\/pages\/5721\/revisions"}],"predecessor-version":[{"id":12175,"href":"https:\/\/www.fieger-lamellenfenster.de\/es\/wp-json\/wp\/v2\/pages\/5721\/revisions\/12175"}],"up":[{"embeddable":true,"href":"https:\/\/www.fieger-lamellenfenster.de\/es\/wp-json\/wp\/v2\/pages\/5709"}],"wp:attachment":[{"href":"https:\/\/www.fieger-lamellenfenster.de\/es\/wp-json\/wp\/v2\/media?parent=5721"}],"curies":[{"name":"wp","href":"https:\/\/api.w.org\/{rel}","templated":true}]}}