{"id":5713,"date":"2021-07-09T11:10:16","date_gmt":"2021-07-09T09:10:16","guid":{"rendered":"https:\/\/www.fieger-lamellenfenster.de\/productos\/productos-flw-40\/"},"modified":"2025-09-08T14:20:06","modified_gmt":"2025-09-08T12:20:06","slug":"productos-flw-40","status":"publish","type":"page","link":"https:\/\/www.fieger-lamellenfenster.de\/es\/productos\/productos-flw-40\/","title":{"rendered":"Productos FLW 40"},"content":{"rendered":"<div class=\"wp-block-themepunch-revslider revslider\" data-modal=\"false\" data-slidertitle=\"FLW40_ES\" style=\"\">\n\t\t\t<!-- START FLW40_ES REVOLUTION SLIDER 6.6.20 --><p class=\"rs-p-wp-fix\"><\/p>\n\t\t\t<rs-module-wrap id=\"rev_slider_54_1_wrapper\" data-source=\"gallery\" style=\"visibility:hidden;background:transparent;padding:0;margin:0px auto;margin-top:0;margin-bottom:0;\">\n\t\t\t\t<rs-module id=\"rev_slider_54_1\" style=\"\" data-version=\"6.6.20\">\n\t\t\t\t\t<rs-slides style=\"overflow: hidden; position: absolute;\">\n\t\t\t\t\t\t<rs-slide style=\"position: absolute;\" data-key=\"rs-76\" data-title=\"Slide2\" data-duration=\"4000ms\" data-in=\"o:0;\" data-out=\"a:false;\" data-d3=\"f:turn;d:vertical;su:true;\">\n\t\t\t\t\t\t\t<img decoding=\"async\" src=\"\/\/www.fieger-lamellenfenster.de\/wp-content\/plugins\/revslider\/public\/assets\/assets\/dummy.png\" alt=\"FLW 40 in B\u00fcrogeb\u00e4uden mit gepr\u00fcfter Widerstandsklasse in der Einbruchshemmung DIN EN 1627 RC2\" title=\"FWL40_3\" width=\"1500\" height=\"300\" class=\"rev-slidebg tp-rs-img rs-lazyload\" data-lazyload=\"\/\/www.fieger-lamellenfenster.de\/wp-content\/uploads\/2021\/04\/FWL40_3.jpg\" data-no-retina>\n<!--\n\t\t\t\t\t\t\t--><rs-layer\n\t\t\t\t\t\t\t\tid=\"slider-54-slide-76-layer-2\" \n\t\t\t\t\t\t\t\tdata-type=\"text\"\n\t\t\t\t\t\t\t\tdata-color=\"#000000\"\n\t\t\t\t\t\t\t\tdata-rsp_ch=\"on\"\n\t\t\t\t\t\t\t\tdata-xy=\"x:-350px;y:92px;\"\n\t\t\t\t\t\t\t\tdata-text=\"w:nowrap;s:32;l:41;fw:700;a:right;\"\n\t\t\t\t\t\t\t\tdata-dim=\"w:1144px;\"\n\t\t\t\t\t\t\t\tdata-vbility=\"t,t,t,f\"\n\t\t\t\t\t\t\t\tdata-padding=\"t:5;r:15;b:5;l:80;\"\n\t\t\t\t\t\t\t\tdata-frame_0=\"x:right;\"\n\t\t\t\t\t\t\t\tdata-frame_1=\"sp:1000;\"\n\t\t\t\t\t\t\t\tdata-frame_999=\"o:0;st:w;\"\n\t\t\t\t\t\t\t\tstyle=\"z-index:8;background-color:rgba(255,255,255,0.9);font-family:'Oswald';\"\n\t\t\t\t\t\t\t><font color=\"#c02126\">FLW 40 <\/font>  PARA EL PLUS EN PROTECCI\u00d3N DEL CLIMA.<br \/>\n \n\t\t\t\t\t\t\t<\/rs-layer><!--\n-->\t\t\t\t\t\t<\/rs-slide>\n\t\t\t\t\t<\/rs-slides>\n\t\t\t\t\t<rs-static-layers><!--\n\t\t\t\t\t--><\/rs-static-layers>\n\t\t\t\t<\/rs-module>\n\t\t\t\t<script>\n\t\t\t\t\tsetREVStartSize({c: 'rev_slider_54_1',rl:[1240,1024,778,480],el:[300],gw:[1240],gh:[300],type:'standard',justify:'',layout:'fullwidth',mh:\"0\"});if (window.RS_MODULES!==undefined && window.RS_MODULES.modules!==undefined && window.RS_MODULES.modules[\"revslider541\"]!==undefined) {window.RS_MODULES.modules[\"revslider541\"].once = false;window.revapi54 = undefined;if (window.RS_MODULES.checkMinimal!==undefined) window.RS_MODULES.checkMinimal()}\n\t\t\t\t<\/script>\n\t\t\t<\/rs-module-wrap>\n\t\t\t<!-- END REVOLUTION SLIDER -->\n<\/div>\n\n\n\n\n\n<p><\/p>\n\n<!--themify_builder_content-->\n<div id=\"themify_builder_content-5713\" data-postid=\"5713\" class=\"themify_builder_content themify_builder_content-5713 themify_builder tf_clear\">\n    \t\t\t<!-- module_row -->\n\t<div  data-lazy=\"1\" class=\"module_row themify_builder_row tb_wsxh352 tb_first tf_w tf_clearfix\">\n\t    \t\t\t<div class=\"row_inner col_align_top tb_col_count_1 tf_box tf_rel\">\n\t\t            <div  data-lazy=\"1\" class=\"module_column tb-column col-full tb_4r1r353 first\">\n                                                        <div class=\"tb-column-inner tf_box tf_w\">\n                        <!-- module fancy heading -->\n<div  class=\"module module-fancy-heading tb_b57j354 \" data-lazy=\"1\">\n        <h1 class=\"fancy-heading tf_textc\">\n    <span class=\"main-head tf_block\">\n\t\t\t\t\tVentana de lamas FIEGER FLW 40\t\t    <\/span>\n\n\t\n    <span class=\"sub-head tf_block tf_rel\">\n\t\t\t\t\tTRIPLE VIDRIO AISLANTE O PANEL AISLANTE, 36\u201340\u00a0MM\t\t    <\/span>\n    <\/h1>\n<\/div>\n<!-- \/module fancy heading -->\n\t<div  data-lazy=\"1\" class=\"module_subrow themify_builder_sub_row tb_acdb355 tf_w tf_clearfix\">\n\t    \t\t\t<div class=\"subrow_inner col_align_top tb_col_count_2 tf_box tf_w\">\n\t\t            <div  data-lazy=\"1\" class=\"module_column sub_column tb_qc9k355 first\">\n                                                        <div class=\"tb-column-inner tf_box tf_w\">\n                        <!-- module text -->\n<div  class=\"module module-text tb_z0jw355   \" data-lazy=\"1\">\n        <div  class=\"tb_text_wrap\">\n    <p>La FLW 40 es nuestra apuesta m\u00e1s vers\u00e1til para la eficiencia energ\u00e9tica. Una amplia gama de posibilidades de dise\u00f1o gracias a una altura infinita y a una anchura variable, marcos enrasados y lamas de diferentes alturas.<\/p>    <\/div>\n<\/div>\n<!-- \/module text -->                    <\/div>\n                            <\/div>\n                        <div  data-lazy=\"1\" class=\"module_column sub_column tb_dj8d355 last\">\n                                                        <div class=\"tb-column-inner tf_box tf_w\">\n                        <!-- module text -->\n<div  class=\"module module-text tb_xgs8355   \" data-lazy=\"1\">\n        <div  class=\"tb_text_wrap\">\n    <p>Contando con la certificaci\u00f3n de resistencia al robo DIN EN 1627 RC2, la ventana FLW 40 tambi\u00e9n se adapta a edificios con los est\u00e1ndares de seguridad m\u00e1s exigentes.<\/p>    <\/div>\n<\/div>\n<!-- \/module text -->                    <\/div>\n                            <\/div>\n            \t    <\/div>\n\t<\/div><!-- \/themify_builder_sub_row -->\n\t                    <\/div>\n                            <\/div>\n            \t    <\/div>\n\t    <!-- \/row_inner -->\n\t<\/div>\n\t<!-- \/module_row -->\n\t\t\t\t<!-- module_row -->\n\t<div  data-lazy=\"1\" class=\"module_row themify_builder_row tb_df78353 tf_w tf_clearfix\">\n\t    \t\t\t<div class=\"row_inner col_align_top tb_col_count_2 tf_box tf_rel\">\n\t\t            <div  data-lazy=\"1\" class=\"module_column tb-column col4-1 tb_al1p356 first\">\n                                                        <div class=\"tb-column-inner tf_box tf_w\">\n                        \t<div  data-sticky-active=\"{&quot;d&quot;:{&quot;stick&quot;:{&quot;v&quot;:&quot;100&quot;},&quot;unstick&quot;:{&quot;type&quot;:&quot;row&quot;,&quot;el&quot;:&quot;8gtn970&quot;}},&quot;m&quot;:0}\" data-lazy=\"1\" class=\"module_subrow themify_builder_sub_row tb_vpiz321 hide-mobile tf_w tf_clearfix\">\n\t    \t\t\t<div class=\"subrow_inner col_align_top tb_col_count_1 tf_box tf_w\">\n\t\t            <div  data-lazy=\"1\" class=\"module_column sub_column col-full tb_ek5h321 first\">\n                                                        <div class=\"tb-column-inner tf_box tf_w\">\n                        <!-- module text -->\n<div  class=\"module module-text tb_iuqv322   \" data-lazy=\"1\">\n        <div  class=\"tb_text_wrap\">\n    <p style=\"text-align: left;\">Con aislamiento t\u00e9rmico<\/p>    <\/div>\n<\/div>\n<!-- \/module text --><!-- module image -->\n<div  class=\"module module-image tb_u9cs322   image-left tf_mw\" data-lazy=\"1\">\n        <div class=\"image-wrap tf_rel tf_mw\">\n\t\t    <a href=\"https:\/\/www.fieger-lamellenfenster.de\/es\/productos\/productos-flw-32\/\"\n\t       \t       >\n\t\t   \t\t<img loading=\"lazy\" decoding=\"async\" width=\"180\" height=\"57\" src=\"https:\/\/www.fieger-lamellenfenster.de\/wp-content\/uploads\/2021\/04\/FLW_32_AIRSMO_RGB_180x57.png\" class=\"wp-post-image wp-image-2214\" title=\"FLW_32_AIR+SMO_RGB_180x57\" alt=\"FLW 32 airtec smotec\">\t    <\/a>\n\t\n\t\t<\/div>\n\t<!-- \/image-wrap -->\n    \n    \t<\/div>\n<!-- \/module image --><!-- module image -->\n<div  class=\"module module-image tb_sw5h322   image-left tf_mw\" data-lazy=\"1\">\n        <div class=\"image-wrap tf_rel tf_mw\">\n\t\t    <a href=\"https:\/\/www.fieger-lamellenfenster.de\/es\/productos\/productos-flw-40\/\"\n\t       \t       >\n\t\t   \t\t<img loading=\"lazy\" decoding=\"async\" width=\"180\" height=\"57\" src=\"https:\/\/www.fieger-lamellenfenster.de\/wp-content\/uploads\/2021\/04\/FLW_40_AIRSMO_RGB_180x57.png\" class=\"wp-post-image wp-image-2248\" title=\"FLW_40_AIR+SMO_RGB_180x57\" alt=\"FLW 40 airtec + smotec\">\t    <\/a>\n\t\n\t\t<\/div>\n\t<!-- \/image-wrap -->\n    \n    \t<\/div>\n<!-- \/module image --><!-- module image -->\n<div  class=\"module module-image tb_f6j3322   image-left tf_mw\" data-lazy=\"1\">\n        <div class=\"image-wrap tf_rel tf_mw\">\n\t\t    <a href=\"https:\/\/www.fieger-lamellenfenster.de\/es\/productos\/productos-fll-131\/\"\n\t       \t       >\n\t\t   \t\t<img loading=\"lazy\" decoding=\"async\" width=\"180\" height=\"57\" src=\"https:\/\/www.fieger-lamellenfenster.de\/wp-content\/uploads\/2021\/04\/FLL_131_AIRSMO_RGB_180x57.png\" class=\"wp-post-image wp-image-2224\" title=\"FLL_131_AIR+SMO_RGB_180x57\" alt=\"FLL 131 aitec smotec\">\t    <\/a>\n\t\n\t\t<\/div>\n\t<!-- \/image-wrap -->\n    \n    \t<\/div>\n<!-- \/module image --><!-- module text -->\n<div  class=\"module module-text tb_f9nr322   \" data-lazy=\"1\">\n        <div  class=\"tb_text_wrap\">\n    <p style=\"text-align: left;\">Sin aislamiento<\/p>    <\/div>\n<\/div>\n<!-- \/module text --><!-- module image -->\n<div  class=\"module module-image tb_guth322   image-left tf_mw\" data-lazy=\"1\">\n        <div class=\"image-wrap tf_rel tf_mw\">\n\t\t    <a href=\"https:\/\/www.fieger-lamellenfenster.de\/es\/productos\/productos-flm-pg-flm-lg\/\"\n\t       \t       >\n\t\t   \t\t<img loading=\"lazy\" decoding=\"async\" width=\"180\" height=\"57\" src=\"https:\/\/www.fieger-lamellenfenster.de\/wp-content\/uploads\/2021\/04\/FLM_PG_LG_AIRSMO_RGB_180x57.png\" class=\"wp-post-image wp-image-2236\" title=\"FLM_PG_LG_AIR+SMO_RGB_180x57\" alt=\"FLM PG LG airtec smotec\">\t    <\/a>\n\t\n\t\t<\/div>\n\t<!-- \/image-wrap -->\n    \n    \t<\/div>\n<!-- \/module image --><!-- module image -->\n<div  class=\"module module-image tb_pqyw322   image-left tf_mw\" data-lazy=\"1\">\n        <div class=\"image-wrap tf_rel tf_mw\">\n\t\t    <a href=\"https:\/\/www.fieger-lamellenfenster.de\/es\/productos\/productos-fds\/\"\n\t       \t       >\n\t\t   \t\t<img loading=\"lazy\" decoding=\"async\" width=\"180\" height=\"57\" src=\"https:\/\/www.fieger-lamellenfenster.de\/wp-content\/uploads\/2021\/04\/FDS_AIRSMO_RGB_180x57.png\" class=\"wp-post-image wp-image-2220\" title=\"FDS_AIR+SMO_RGB_180x57\" alt=\"FDS airtec smotec\">\t    <\/a>\n\t\n\t\t<\/div>\n\t<!-- \/image-wrap -->\n    \n    \t<\/div>\n<!-- \/module image --><!-- module text -->\n<div  class=\"module module-text tb_eu4q322   \" data-lazy=\"1\">\n        <div  class=\"tb_text_wrap\">\n    <h4 style=\"text-align: left;\"><a href=\"https:\/\/www.fieger-lamellenfenster.de\/es\/productos\/accionamientos-accesorios-asistencia\/\/#homeantriebe\">Accionamientos<\/a><\/h4>\n    <\/div>\n<\/div>\n<!-- \/module text --><!-- module text -->\n<div  class=\"module module-text tb_0ar7322   \" data-lazy=\"1\">\n        <div  class=\"tb_text_wrap\">\n    <h4 style=\"text-align: left;\"><a href=\"https:\/\/www.fieger-lamellenfenster.de\/es\/productos\/accionamientos-accesorios-asistencia\/#homezubehoer\">Accesorios<\/a><\/h4>\n    <\/div>\n<\/div>\n<!-- \/module text --><!-- module text -->\n<div  class=\"module module-text tb_4rjl322   \" data-lazy=\"1\">\n        <div  class=\"tb_text_wrap\">\n    <h4 style=\"text-align: left;\"><a href=\"https:\/\/www.fieger-lamellenfenster.de\/es\/productos\/accionamientos-accesorios-asistencia\/#homeservice\">Asistencia<\/a><\/h4>\n    <\/div>\n<\/div>\n<!-- \/module text --><!-- module buttons -->\n<div  class=\"module module-buttons tb_s9wn322 buttons-horizontal solid  small squared\" data-lazy=\"1\">\n    \t<div class=\"module-buttons-item tf_inline_b\">\n\t\t\t\t\t\t\t<a href=\"https:\/\/www.fieger-lamellenfenster.de\/downloads\/\" class=\"ui builder_button red\" target=\"_blank\" rel=\"noopener\">\n\t\t\t\t\t\t\t\t\t\t\t<span class=\"tf_inline_b tf_vmiddle\">Descargas<\/span>\n\t\t\t\t\t\t\t\t\t\t\t<\/a>\n\t\t\t    \t<\/div>\n    <\/div>\n<!-- \/module buttons -->\n                    <\/div>\n                            <\/div>\n            \t    <\/div>\n\t<\/div><!-- \/themify_builder_sub_row -->\n\t                    <\/div>\n                            <\/div>\n                        <div  data-lazy=\"1\" class=\"module_column tb-column col4-3 tb_fzx5358 last\">\n                                                        <div class=\"tb-column-inner tf_box tf_w\">\n                        <!-- module text -->\n<div  class=\"module module-text tb_syj0368  repeat \" data-lazy=\"1\">\n        <div  class=\"tb_text_wrap\">\n    <h4>Aqu\u00ed encontrar\u00e1 m\u00e1s informaci\u00f3n sobre las ventanas de lamas FIEGER <span style=\"color: #c02126;\">FLW 40<\/span>:<\/h4>\n    <\/div>\n<\/div>\n<!-- \/module text --><!-- module icon -->\n<div  class=\"module module-icon tb_gmb9368  small squared icon_vertical \" data-lazy=\"1\">\n        <div class=\"module-icon-item\">\n\t    \t\t\t\t\t\t    <img loading=\"lazy\" decoding=\"async\" width=\"74\" height=\"74\" src=\"https:\/\/www.fieger-lamellenfenster.de\/wp-content\/uploads\/2021\/03\/FIEGER_icon_Liste.png\" class=\"tf_box wp-post-image wp-image-1121\" title=\"En la ficha t\u00e9cnica \" alt=\"En la ficha t\u00e9cnica \">\t\t\t\t\t\t    \t    \t    <span>En la ficha t\u00e9cnica <\/span>\n\t\t    \t\t\t\t        <\/div>\n\t        <div class=\"module-icon-item\">\n\t    \t\t\t\t\t\t    <img loading=\"lazy\" decoding=\"async\" width=\"74\" height=\"74\" src=\"https:\/\/www.fieger-lamellenfenster.de\/wp-content\/uploads\/2021\/03\/FIEGER_icon_Liste.png\" class=\"tf_box wp-post-image wp-image-1121\" title=\"en los planos t\u00e9cnicos de instalaci\u00f3n, accesorios y accionamientos\" alt=\"en los planos t\u00e9cnicos de instalaci\u00f3n, accesorios y accionamientos\">\t\t\t\t\t\t    \t    \t    <span>en los planos t\u00e9cnicos de instalaci\u00f3n, accesorios y accionamientos<\/span>\n\t\t    \t\t\t\t        <\/div>\n\t        <div class=\"module-icon-item\">\n\t    \t\t\t\t\t\t    <img loading=\"lazy\" decoding=\"async\" width=\"74\" height=\"74\" src=\"https:\/\/www.fieger-lamellenfenster.de\/wp-content\/uploads\/2021\/03\/FIEGER_icon_Liste.png\" class=\"tf_box wp-post-image wp-image-1121\" title=\"en los diagramas t\u00e9cnicos para accesorios\" alt=\"en los diagramas t\u00e9cnicos para accesorios\">\t\t\t\t\t\t    \t    \t    <span>en los diagramas t\u00e9cnicos para accesorios<\/span>\n\t\t    \t\t\t\t        <\/div>\n\t        <div class=\"module-icon-item\">\n\t    \t\t\t\t\t\t    <img loading=\"lazy\" decoding=\"async\" width=\"74\" height=\"74\" src=\"https:\/\/www.fieger-lamellenfenster.de\/wp-content\/uploads\/2021\/03\/FIEGER_icon_Liste.png\" class=\"tf_box wp-post-image wp-image-1121\" title=\"en los diagramas t\u00e9cnicos para los accionamientos\" alt=\"en los diagramas t\u00e9cnicos para los accionamientos\">\t\t\t\t\t\t    \t    \t    <span>en los diagramas t\u00e9cnicos para los accionamientos<\/span>\n\t\t    \t\t\t\t        <\/div>\n\t        <div class=\"module-icon-item\">\n\t    \t\t\t\t\t\t    <img loading=\"lazy\" decoding=\"async\" width=\"74\" height=\"74\" src=\"https:\/\/www.fieger-lamellenfenster.de\/wp-content\/uploads\/2021\/03\/FIEGER_icon_Liste.png\" class=\"tf_box wp-post-image wp-image-1121\" title=\"en los datos CAD como dwg \" alt=\"en los datos CAD como dwg \">\t\t\t\t\t\t    \t    \t    <span>en los datos CAD como dwg <\/span>\n\t\t    \t\t\t\t        <\/div>\n\t        <div class=\"module-icon-item\">\n\t    \t\t\t\t\t\t    <img loading=\"lazy\" decoding=\"async\" width=\"74\" height=\"74\" src=\"https:\/\/www.fieger-lamellenfenster.de\/wp-content\/uploads\/2021\/03\/FIEGER_icon_Liste.png\" class=\"tf_box wp-post-image wp-image-1121\" title=\"en los datos CAD como dfx \" alt=\"en los datos CAD como dfx \">\t\t\t\t\t\t    \t    \t    <span>en los datos CAD como dfx <\/span>\n\t\t    \t\t\t\t        <\/div>\n\t        <div class=\"module-icon-item\">\n\t    \t\t\t\t\t\t    <img loading=\"lazy\" decoding=\"async\" width=\"74\" height=\"74\" src=\"https:\/\/www.fieger-lamellenfenster.de\/wp-content\/uploads\/2021\/03\/FIEGER_icon_Liste.png\" class=\"tf_box wp-post-image wp-image-1121\" title=\"en la calculadora de construcci\u00f3n mediante el valor Ug deseado y el coeficiente de transferencia t\u00e9rmica\u00a0 relacionado con la longitud \u03c8 (Psi).\" alt=\"en la calculadora de construcci\u00f3n mediante el valor Ug deseado y el coeficiente de transferencia t\u00e9rmica\u00a0 relacionado con la longitud \u03c8 (Psi).\">\t\t\t\t\t\t    \t    \t    <span>en la calculadora de construcci\u00f3n mediante el valor Ug deseado y el coeficiente de transferencia t\u00e9rmica\u00a0 relacionado con la longitud \u03c8 (Psi).<\/span>\n\t\t    \t\t\t\t        <\/div>\n\t<\/div>\n<!-- \/module icon -->\n\t<div  data-lazy=\"1\" class=\"module_subrow themify_builder_sub_row tb_qdfl260 tf_w tf_clearfix\">\n\t    \t\t\t<div class=\"subrow_inner col_align_top tb_col_count_2 tf_box tf_w\">\n\t\t            <div  data-lazy=\"1\" class=\"module_column sub_column tb_q6ec261 first\">\n                                                        <div class=\"tb-column-inner tf_box tf_w\">\n                        <!-- module image -->\n<div  class=\"module module-image tb_0ivu978   image-top tf_mw\" data-lazy=\"1\" data-lax-translate-y=\"(vh*1) 0,(vh*0) -70\" data-lax=\"true\">\n        <div class=\"image-wrap tf_rel tf_mw\">\n\t\t    <img loading=\"lazy\" decoding=\"async\" width=\"581\" height=\"419\" src=\"https:\/\/www.fieger-lamellenfenster.de\/wp-content\/uploads\/2021\/04\/FLW-Mediatheque-de-Pontivy.jpg\" class=\"wp-post-image wp-image-1328\" title=\"FLW-Mediatheque-de-Pontivy\" alt=\"L\u00f6sung durch Fieger Lamellenfenster zur \u00f6ffenbare Lamellen an unerreichbaren Stellen an der M\u00e9diath\u00e8que et Archives Municipales Pontivy, France\" srcset=\"https:\/\/www.fieger-lamellenfenster.de\/wp-content\/uploads\/2021\/04\/FLW-Mediatheque-de-Pontivy.jpg 581w, https:\/\/www.fieger-lamellenfenster.de\/wp-content\/uploads\/2021\/04\/FLW-Mediatheque-de-Pontivy-300x216.jpg 300w\" sizes=\"(max-width: 581px) 100vw, 581px\" \/>\t\n\t\t<\/div>\n\t<!-- \/image-wrap -->\n    \n    \t<\/div>\n<!-- \/module image -->                    <\/div>\n                            <\/div>\n                        <div  data-lazy=\"1\" class=\"module_column sub_column tb_jdfj261 last\">\n                                                        <div class=\"tb-column-inner tf_box tf_w\">\n                        <!-- module fancy heading -->\n<div  class=\"module module-fancy-heading tb_a6mt428 \" data-lazy=\"1\">\n        <h2 class=\"fancy-heading\">\n    <span class=\"main-head tf_block\">\n\t\t\t\t\tFLW 40\t\t    <\/span>\n\n\t\n    <span class=\"sub-head tf_block tf_rel\">\n\t\t\t\t\t\t\t    <\/span>\n    <\/h2>\n<\/div>\n<!-- \/module fancy heading -->\n<!-- module text -->\n<div  class=\"module module-text tb_8n5z413   \" data-lazy=\"1\">\n        <div  class=\"tb_text_wrap\">\n    <p>Est\u00e1 disponible con accionamientos manuales, el\u00e9ctricos y neum\u00e1ticos. La FLW 40 est\u00e1 disponible con un perfil de sujeci\u00f3n integrado de 17 \u00d7 40 mm o 25 \u00d7 40 mm o con perfiles adaptados a las condiciones de montaje individuales y EPDM a elecci\u00f3n para conseguir el grosor de sujeci\u00f3n deseado.<\/p>    <\/div>\n<\/div>\n<!-- \/module text -->                    <\/div>\n                            <\/div>\n            \t    <\/div>\n\t<\/div><!-- \/themify_builder_sub_row -->\n\t<!-- module text -->\n<div  class=\"module module-text tb_qcej246   \" data-lazy=\"1\">\n        <div  class=\"tb_text_wrap\">\n    <h3>Resumen de datos de la ventana de lamas FIEGER <font color=\"#c02126\">FLW 40<\/font><\/h3>\n    <\/div>\n<\/div>\n<!-- \/module text -->\t<div  data-lazy=\"1\" class=\"module_subrow themify_builder_sub_row tb_pum1781 tf_w tf_clearfix\">\n\t    \t\t\t<div class=\"subrow_inner col_align_top gutter-narrow tb_col_count_3 tf_box tf_w\">\n\t\t            <div  data-lazy=\"1\" class=\"module_column sub_column col3-1 tb_zug1366 first\">\n                                                        <div class=\"tb-column-inner tf_box tf_w\">\n                        <!-- module text -->\n<div  class=\"module module-text tb_fv8e366  repeat \" data-lazy=\"1\">\n        <div  class=\"tb_text_wrap\">\n    <p><img loading=\"lazy\" decoding=\"async\" class=\"alignnone size-full wp-image-2585\" src=\"https:\/\/www.fieger-lamellenfenster.de\/wp-content\/uploads\/2021\/04\/Funktion_web.png\" alt=\"\" width=\"142\" height=\"142\" \/><\/p>    <\/div>\n<\/div>\n<!-- \/module text --><!-- module text -->\n<div  class=\"module module-text tb_5gjs899   \" data-lazy=\"1\">\n        <div  class=\"tb_text_wrap\">\n    <h6>Funci\u00f3n:<\/h6>\n<p>Ventilaci\u00f3n natural<br>o extracci\u00f3n natural de humos<br>y calor (EVNHC).<\/p>\n<p>\u00a0<\/p>    <\/div>\n<\/div>\n<!-- \/module text --><!-- module text -->\n<div  class=\"module module-text tb_oqou367  repeat \" data-lazy=\"1\">\n        <div  class=\"tb_text_wrap\">\n    <h6><strong><span style=\"color: #ffffff;\">Certificaci\u00f3n<\/span><\/strong><\/h6>    <\/div>\n<\/div>\n<!-- \/module text --><!-- module text -->\n<div  class=\"module module-text tb_3bg4408   \" data-lazy=\"1\">\n        <div  class=\"tb_text_wrap\">\n    <table width=\"100%\">\n<tbody>\n<tr>\n<td style=\"text-align: left;\">Certificaci\u00f3n EVNHC<br>conforme con<br>EN 12101-2<\/td>\n<td style=\"text-align: left;\"><img loading=\"lazy\" decoding=\"async\" class=\"wp-image-7140 size-full alignright\" src=\"https:\/\/www.fieger-lamellenfenster.de\/wp-content\/uploads\/2021\/11\/SMOTEC_Siegel_ES_RGB_72x65.png\" alt=\"\" width=\"72\" height=\"65\"><\/td>\n<\/tr>\n<tr>\n<td style=\"text-align: left;\"><br>Norma de producto<br>para puertas y ventanas<br>certificado conforme<br>con EN 14351-1<\/td>\n<td style=\"text-align: left;\"><br><img loading=\"lazy\" decoding=\"async\" class=\"wp-image-7132 size-full alignright\" src=\"https:\/\/www.fieger-lamellenfenster.de\/wp-content\/uploads\/2021\/11\/AIRTEC_Siegel_ES_RGB_72x65.png\" alt=\"\" width=\"72\" height=\"65\"><\/td>\n<\/tr>\n<tr>\n<td style=\"text-align: left;\"><br>\u00c1rea de apertura<br>efectiva aerodin\u00e1mica<br>(Cv \u2013 referencia a 85 \u00b0)<br>conforme con EN 12101-2<\/td>\n<td style=\"text-align: right;\">\n<p>hasta 0,59<br><br><\/p>\n<\/td>\n<\/tr>\n<tr>\n<td style=\"text-align: left;\"><br>Resistencia a la carga<br>de viento conforme con<br>EN 12101-2<\/td>\n<td style=\"text-align: right;\">\n<p>WL 3000<\/p>\n<\/td>\n<\/tr>\n<tr>\n<td style=\"text-align: left;\"><br>Resistencia a la<br>temperatura conforme<br>con EN 12101-2<\/td>\n<td style=\"text-align: right;\">\n<p>B 300-E<\/p>\n<\/td>\n<\/tr>\n<tr>\n<td style=\"text-align: left;\"><br>Clasificaci\u00f3n de la<br>fiabilidad conforme<br>con EN 12101-2<\/td>\n<td style=\"text-align: right;\">\n<p>Re 1000<\/p>\n<\/td>\n<\/tr>\n<tr>\n<td style=\"text-align: left;\"><br>Clasificaci\u00f3n a la carga<br>de nieve conforme con<br>EN 12101-2<\/td>\n<td style=\"text-align: right;\">\n<p>SL 0<\/p>\n<\/td>\n<\/tr>\n<tr>\n<td style=\"text-align: left;\"><br>Funcionalidad a baja<br>temperatura conforme<br>con EN 12101-2<\/td>\n<td style=\"text-align: right;\">\n<p>T (-5)<\/p>\n<\/td>\n<\/tr>\n<\/tbody>\n<\/table>    <\/div>\n<\/div>\n<!-- \/module text -->                    <\/div>\n                            <\/div>\n                        <div  data-lazy=\"1\" class=\"module_column sub_column col3-1 tb_ldse745\">\n                                                        <div class=\"tb-column-inner tf_box tf_w\">\n                        <!-- module text -->\n<div  class=\"module module-text tb_ea9j746  repeat \" data-lazy=\"1\">\n        <div  class=\"tb_text_wrap\">\n    <p><img loading=\"lazy\" decoding=\"async\" class=\"alignnone wp-image-2627 size-full\" src=\"https:\/\/www.fieger-lamellenfenster.de\/wp-content\/uploads\/2021\/04\/Design.png\" alt=\"\" width=\"142\" height=\"142\"><\/p>\n    <\/div>\n<\/div>\n<!-- \/module text --><!-- module text -->\n<div  class=\"module module-text tb_yzyh317   \" data-lazy=\"1\">\n        <div  class=\"tb_text_wrap\">\n    <h6>Dise\u00f1o:<\/h6>\n<p>Lamas a ras con el marco en el exterior.<br>Lamas con eje de rotaci\u00f3n central. Vidrios completamente enmarcados. Perfiles de aluminio con rotura de puente t\u00e9rmico.<\/p>    <\/div>\n<\/div>\n<!-- \/module text --><!-- module text -->\n<div  class=\"module module-text tb_lcsp746  repeat \" data-lazy=\"1\">\n        <div  class=\"tb_text_wrap\">\n    <h6><strong><span style=\"color: #ffffff;\">Dimensiones<\/span><\/strong><\/h6>    <\/div>\n<\/div>\n<!-- \/module text --><!-- module text -->\n<div  class=\"module module-text tb_h41l194   \" data-lazy=\"1\">\n        <div  class=\"tb_text_wrap\">\n    <p style=\"text-align: left;\"><strong>Dimensiones de <\/strong><strong>las lamas:<\/strong><\/p>\n<table width=\"100%\">\n<tbody>\n<tr>\n<td style=\"text-align: left;\">Anchura visible<\/td>\n<td style=\"text-align: right;\">21 mm<\/td>\n<\/tr>\n<tr>\n<td style=\"text-align: left;\">Profundidad<\/td>\n<td style=\"text-align: right;\">50,8 mm<\/td>\n<\/tr>\n<tr>\n<td style=\"text-align: left;\"><b><br>Dimensiones del marco:<br><br><\/b><\/td>\n<\/tr>\n<tr>\n<td style=\"text-align: left;\">Anchura visible<\/td>\n<td style=\"text-align: right;\">40 mm<\/td>\n<\/tr>\n<tr>\n<td style=\"text-align: left;\">Profundidad<\/td>\n<td style=\"text-align: right;\">85 mm<\/td>\n<\/tr>\n<tr>\n<td style=\"text-align: left;\">Altura<\/td>\n<td style=\"text-align: right;\">250\u2013500 mm<\/td>\n<\/tr>\n<tr>\n<td style=\"text-align: left;\">Altura de la ventana<br><br><\/td>\n<td style=\"text-align: right;\"><br><br>Ilimitado (acoplable)<br><br><br><\/td>\n<\/tr>\n<tr>\n<td style=\"text-align: left;\">Anchura m\u00e1x.<br>de la ventana<\/td>\n<td style=\"text-align: right;\">2.500 mm<br><br><\/td>\n<\/tr>\n<\/tbody>\n<\/table>\n<p style=\"text-align: right;\">\u00a0<\/p>    <\/div>\n<\/div>\n<!-- \/module text -->                    <\/div>\n                            <\/div>\n                        <div  data-lazy=\"1\" class=\"module_column sub_column col3-1 tb_jl90489 last\">\n                                                        <div class=\"tb-column-inner tf_box tf_w\">\n                        <!-- module text -->\n<div  class=\"module module-text tb_7xvq489  repeat \" data-lazy=\"1\">\n        <div  class=\"tb_text_wrap\">\n    <p><img loading=\"lazy\" decoding=\"async\" class=\"alignnone wp-image-2631 size-full\" src=\"https:\/\/www.fieger-lamellenfenster.de\/wp-content\/uploads\/2021\/04\/Fenster.png\" alt=\"\" width=\"142\" height=\"142\"><\/p>\n    <\/div>\n<\/div>\n<!-- \/module text --><!-- module text -->\n<div  class=\"module module-text tb_r6gq298   \" data-lazy=\"1\">\n        <div  class=\"tb_text_wrap\">\n    <h6>Acristalado:<\/h6>\n<p>Vidrio aislante triple<br>o paneles de aluminio aislados<br>con un grosor total de 36 a 40 mm. Acristalamiento en seco.<\/p>    <\/div>\n<\/div>\n<!-- \/module text --><!-- module text -->\n<div  class=\"module module-text tb_1y8n489  repeat \" data-lazy=\"1\">\n        <div  class=\"tb_text_wrap\">\n    <h6><span style=\"color: #ffffff; font-size: 17.6px;\">La verificaci\u00f3n<\/span><\/h6>    <\/div>\n<\/div>\n<!-- \/module text --><!-- module text -->\n<div  class=\"module module-text tb_t7rq233   \" data-lazy=\"1\">\n        <div  class=\"tb_text_wrap\">\n    <table width=\"100%\">\n<tbody>\n<tr>\n<td style=\"text-align: left;\">Clasificaci\u00f3n<br>estanqueidad<br>conforme con<br>EN 12208<\/td>\n<td style=\"text-align: right;\">Hasta<br>Clase 8a<br><br><br><\/td>\n<\/tr>\n<tr>\n<td style=\"text-align: left;\"><br>Permeabilidad al aire<br>conforme con<br>EN 12207<\/td>\n<td style=\"text-align: right;\">Clase 4<br><br><\/td>\n<\/tr>\n<tr>\n<td style=\"text-align: left;\"><br>Aislamiento ac\u00fastico<br>conforme<br>con EN ISO 10140-1\/2<\/td>\n<td style=\"text-align: right;\">Hasta<br>41 dB<\/td>\n<\/tr>\n<tr>\n<td style=\"text-align: left;\"><br>Resistencia a la carga<br>de viento<br>EN 12210 \/ 12211<\/td>\n<td style=\"text-align: right;\">C2 \/ B2<br><br><\/td>\n<\/tr>\n<tr>\n<td style=\"text-align: left;\"><br>Resistencia al impacto<br>conforme con<br>DIN 18032-3<\/td>\n<td style=\"text-align: right;\">S\u00ed<br><br><\/td>\n<\/tr>\n<tr>\n<td style=\"text-align: left;\"><br>Protecci\u00f3n contra<br>ca\u00eddas conforme con<br>DIN 18008-4,<br>Normas de construcci\u00f3n<br>Secci\u00f3n A parte 2<\/td>\n<td style=\"text-align: right;\">S\u00ed<br><br><br><br><\/td>\n<\/tr>\n<tr>\n<td style=\"text-align: left;\"><br>Resistencia a la<br>efracci\u00f3n conforme<br>con EN1627-EN1630<\/td>\n<td style=\"text-align: right;\">RC2<br><br><\/td>\n<\/tr>\n<tr>\n<td style=\"text-align: left;\"><br>Protecci\u00f3n<br>anti-atrapamiento:<br>Directiva de M\u00e1quinas<br>2006\/42\/CE<\/td>\n<td style=\"text-align: right;\">SK 3 \/<br>SK 4<br><br><\/td>\n<\/tr>\n<\/tbody>\n<\/table>\n<p style=\"text-align: right;\">\u00a0<\/p>    <\/div>\n<\/div>\n<!-- \/module text -->                    <\/div>\n                            <\/div>\n            \t    <\/div>\n\t<\/div><!-- \/themify_builder_sub_row -->\n\t                    <\/div>\n                            <\/div>\n            \t    <\/div>\n\t    <!-- \/row_inner -->\n\t<\/div>\n\t<!-- \/module_row -->\n\t\t\t\t<!-- module_row -->\n\t<div  data-lazy=\"1\" class=\"module_row themify_builder_row tb_8gtn970 tf_w tf_clearfix\">\n\t    \t\t\t<div class=\"row_inner col_align_top tb_col_count_2 tf_box tf_rel\">\n\t\t            <div  data-lazy=\"1\" class=\"module_column tb-column col4-1 tb_6w2k971 first\">\n                                                <\/div>\n                        <div  data-lazy=\"1\" class=\"module_column tb-column col4-3 tb_50b7939 last\">\n                                                        <div class=\"tb-column-inner tf_box tf_w\">\n                        \t<div  data-lazy=\"1\" class=\"module_subrow themify_builder_sub_row tb_iiu3939 tf_w tf_clearfix\">\n\t    \t\t\t<div class=\"subrow_inner col_align_top gutter-narrow tb_col_count_4 tf_box tf_w\">\n\t\t            <div  data-lazy=\"1\" class=\"module_column sub_column col4-1 tb_0jx2939 first\">\n                                                        <div class=\"tb-column-inner tf_box tf_w\">\n                        <!-- module text -->\n<div  class=\"module module-text tb_gun9939   \" data-lazy=\"1\">\n    <h3 class=\"module-title\">VISTA GENERAL DE PRODUCTOS<\/h3>    <div  class=\"tb_text_wrap\">\n    <p style=\"text-align: left;\"><a href=\"https:\/\/www.fieger-lamellenfenster.de\/wp-content\/uploads\/2025\/09\/FIEGER-vista-general-de-productos_ES-2.pdf\" target=\"_blank\" rel=\"noopener\"><img loading=\"lazy\" decoding=\"async\" class=\"alignleft wp-image-7455\" src=\"https:\/\/www.fieger-lamellenfenster.de\/wp-content\/uploads\/2021\/11\/IconESProducts-214x300.jpg\" alt=\"\" width=\"100\" height=\"140\" srcset=\"https:\/\/www.fieger-lamellenfenster.de\/wp-content\/uploads\/2021\/11\/IconESProducts-214x300.jpg 214w, https:\/\/www.fieger-lamellenfenster.de\/wp-content\/uploads\/2021\/11\/IconESProducts.jpg 250w\" sizes=\"(max-width: 100px) 100vw, 100px\" \/><\/a><\/p>    <\/div>\n<\/div>\n<!-- \/module text -->                    <\/div>\n                            <\/div>\n                        <div  data-lazy=\"1\" class=\"module_column sub_column col4-1 tb_cj61939\">\n                                                        <div class=\"tb-column-inner tf_box tf_w\">\n                        <!-- module text -->\n<div  class=\"module module-text tb_waj1939   \" data-lazy=\"1\" id=\"Produktbroschueren-3-2-2-2-3-2-2-2-2-2\">\n    <h3 class=\"module-title\">INSTRUCCIONES DE MONTAJE<\/h3>    <div  class=\"tb_text_wrap\">\n    <p style=\"text-align: left;\"><a href=\"https:\/\/www.fieger-lamellenfenster.de\/wp-content\/uploads\/2025\/09\/FIEGER-INSTRUCCIONES-DE-MONTAJE-ES_07-25pdf.pdf\" target=\"_blank\" rel=\"noopener\"><img loading=\"lazy\" decoding=\"async\" class=\"alignleft wp-image-7455\" src=\"https:\/\/www.fieger-lamellenfenster.de\/wp-content\/uploads\/2021\/11\/IconESProducts-214x300.jpg\" alt=\"\" width=\"100\" height=\"140\" srcset=\"https:\/\/www.fieger-lamellenfenster.de\/wp-content\/uploads\/2021\/11\/IconESProducts-214x300.jpg 214w, https:\/\/www.fieger-lamellenfenster.de\/wp-content\/uploads\/2021\/11\/IconESProducts.jpg 250w\" sizes=\"(max-width: 100px) 100vw, 100px\" \/><\/a><\/p>    <\/div>\n<\/div>\n<!-- \/module text -->                    <\/div>\n                            <\/div>\n                        <div  data-lazy=\"1\" class=\"module_column sub_column col4-1 tb_z22b939\">\n                                                        <div class=\"tb-column-inner tf_box tf_w\">\n                        <!-- module text -->\n<div  class=\"module module-text tb_a8ve213   \" data-lazy=\"1\" id=\"Produktbroschueren-3-2-2-2-3-2-2-2-2-3-2-2-2-2\">\n    <h3 class=\"module-title\">Propiedades del producto<\/h3>    <div  class=\"tb_text_wrap\">\n    <p style=\"text-align: left;\"><a href=\"https:\/\/www.fieger-lamellenfenster.de\/wp-content\/uploads\/2025\/09\/FIEGER-Produktuebersicht_ES.pdf\" target=\"_blank\" rel=\"noopener\"><img loading=\"lazy\" decoding=\"async\" class=\"alignleft wp-image-7455\" src=\"https:\/\/www.fieger-lamellenfenster.de\/wp-content\/uploads\/2021\/11\/IconESProducts-214x300.jpg\" alt=\"\" width=\"100\" height=\"140\" srcset=\"https:\/\/www.fieger-lamellenfenster.de\/wp-content\/uploads\/2021\/11\/IconESProducts-214x300.jpg 214w, https:\/\/www.fieger-lamellenfenster.de\/wp-content\/uploads\/2021\/11\/IconESProducts.jpg 250w\" sizes=\"(max-width: 100px) 100vw, 100px\" \/><\/a><\/p>    <\/div>\n<\/div>\n<!-- \/module text -->                    <\/div>\n                            <\/div>\n                        <div  data-lazy=\"1\" class=\"module_column sub_column col4-1 tb_espt191 last\">\n                                                        <div class=\"tb-column-inner tf_box tf_w\">\n                        <!-- module text -->\n<div  class=\"module module-text tb_t0nv416   \" data-lazy=\"1\" id=\"Produktbroschueren-3-2-2-2-3-2-2-2-2-2-2-2-2-2-2\">\n    <h3 class=\"module-title\">FLW 40 ficha t\u00e9cnica<\/h3>    <div  class=\"tb_text_wrap\">\n    <p style=\"text-align: left;\"><a href=\"https:\/\/www.fieger-lamellenfenster.de\/wp-content\/uploads\/2025\/09\/FLW40-Ficha-Tecnica.pdf\" target=\"_blank\" rel=\"noopener\"><img loading=\"lazy\" decoding=\"async\" class=\"alignleft wp-image-7455\" src=\"https:\/\/www.fieger-lamellenfenster.de\/wp-content\/uploads\/2021\/11\/IconESProducts-214x300.jpg\" alt=\"\" width=\"100\" height=\"140\" srcset=\"https:\/\/www.fieger-lamellenfenster.de\/wp-content\/uploads\/2021\/11\/IconESProducts-214x300.jpg 214w, https:\/\/www.fieger-lamellenfenster.de\/wp-content\/uploads\/2021\/11\/IconESProducts.jpg 250w\" sizes=\"(max-width: 100px) 100vw, 100px\" \/><\/a><\/p>    <\/div>\n<\/div>\n<!-- \/module text -->                    <\/div>\n                            <\/div>\n            \t    <\/div>\n\t<\/div><!-- \/themify_builder_sub_row -->\n\t\t<div  data-lazy=\"1\" class=\"module_subrow themify_builder_sub_row tb_vpsu444 tf_w tf_clearfix\">\n\t    \t\t\t<div class=\"subrow_inner col_align_top tb_col_count_4 tf_box tf_w\">\n\t\t            <div  data-lazy=\"1\" class=\"module_column sub_column col4-1 tb_klr8445 first\">\n                                                        <div class=\"tb-column-inner tf_box tf_w\">\n                        <!-- module text -->\n<div  class=\"module module-text tb_60co242   \" data-lazy=\"1\" id=\"Produktbroschueren-3-2-2-2-3-2-2-2-2-2-2-2-2-2-2-2\">\n    <h3 class=\"module-title\">FLW 40 Plano AutoCAD<\/h3>    <div  class=\"tb_text_wrap\">\n    <p style=\"text-align: left;\"><a href=\"https:\/\/www.fieger-lamellenfenster.de\/wp-content\/uploads\/2025\/09\/FLW40_Es_Homepage_2508-1.dwg\" target=\"_blank\" rel=\"noopener\"><img loading=\"lazy\" decoding=\"async\" class=\"alignleft wp-image-7455\" src=\"https:\/\/www.fieger-lamellenfenster.de\/wp-content\/uploads\/2022\/12\/dwg.svg\" alt=\"\" width=\"100\" height=\"140\"><\/a><\/p>    <\/div>\n<\/div>\n<!-- \/module text -->                    <\/div>\n                            <\/div>\n                        <div  data-lazy=\"1\" class=\"module_column sub_column col4-1 tb_9ydw446\">\n                                                <\/div>\n                        <div  data-lazy=\"1\" class=\"module_column sub_column col4-1 tb_foyv447\">\n                                                <\/div>\n                        <div  data-lazy=\"1\" class=\"module_column sub_column col4-1 tb_jb92447 last\">\n                                                <\/div>\n            \t    <\/div>\n\t<\/div><!-- \/themify_builder_sub_row -->\n\t                    <\/div>\n                            <\/div>\n            \t    <\/div>\n\t    <!-- \/row_inner -->\n\t<\/div>\n\t<!-- \/module_row -->\n\t\t\t\t<!-- module_row -->\n\t<div  id=\"CAT\" data-lazy=\"1\" class=\"module_row themify_builder_row tb_vrtg125 tf_w tf_clearfix\">\n\t    \t\t\t<div class=\"row_inner col_align_top tb_col_count_1 tf_box tf_rel\">\n\t\t            <div  data-lazy=\"1\" class=\"module_column tb-column col-full tb_gls7125 first\">\n                                                        <div class=\"tb-column-inner tf_box tf_w\">\n                        \t<div  data-lazy=\"1\" class=\"module_subrow themify_builder_sub_row tb_55r3125 tf_w tf_clearfix\">\n\t    \t\t\t<div class=\"subrow_inner col_align_middle tb_col_count_2 tf_box tf_w\">\n\t\t            <div  data-lazy=\"1\" class=\"module_column sub_column col3-1 tb_pn04125 first\">\n                                                <\/div>\n                        <div  data-lazy=\"1\" class=\"module_column sub_column col3-2 tb_73jh125 last\">\n                                                        <div class=\"tb-column-inner tf_box tf_w\">\n                        <!-- module text -->\n<div  class=\"module module-text tb_w2dm125   \" data-lazy=\"1\">\n        <div  class=\"tb_text_wrap\">\n    <h3>\u00bfDesea m\u00e1s informaci\u00f3n? <br>P\u00f3ngase en contacto con nosotros:<\/h3>\n    <\/div>\n<\/div>\n<!-- \/module text --><!-- module buttons -->\n<div  class=\"module module-buttons tb_qj9s397 buttons-horizontal solid  squared\" data-lazy=\"1\">\n    \t<div class=\"module-buttons-item tf_inline_b\">\n\t\t\t\t\t\t\t<a href=\"https:\/\/www.fieger-lamellenfenster.de\/es\/contacto\/\" class=\"ui builder_button orange\" >\n\t\t\t\t\t\t\t\t\t\t\t<span class=\"tf_inline_b tf_vmiddle\">Contacto<\/span>\n\t\t\t\t\t\t\t\t\t\t\t<\/a>\n\t\t\t    \t<\/div>\n    <\/div>\n<!-- \/module buttons -->\n<!-- module text -->\n<div  class=\"module module-text tb_ife0126   \" data-lazy=\"1\">\n        <div  class=\"tb_text_wrap\">\n    <p><strong>O el personal de nuestro equipo t\u00e9cnico puede asesorarle directamente:<\/strong><br \/>info@fieger-lamellenfenster.de <br \/>+49 6201 84434-0<\/p>    <\/div>\n<\/div>\n<!-- \/module text -->                    <\/div>\n                            <\/div>\n            \t    <\/div>\n\t<\/div><!-- \/themify_builder_sub_row -->\n\t                    <\/div>\n                            <\/div>\n            \t    <\/div>\n\t    <!-- \/row_inner -->\n\t<\/div>\n\t<!-- \/module_row -->\n\t\t\t\t<!-- module_row -->\n\t<div  data-lazy=\"1\" class=\"module_row themify_builder_row tb_i051189 tf_w tf_clearfix\">\n\t    \t\t\t<div class=\"row_inner col_align_top tb_col_count_1 tf_box tf_rel\">\n\t\t            <div  data-lazy=\"1\" class=\"module_column tb-column col-full tb_pia1189 first\">\n                                                        <div class=\"tb-column-inner tf_box tf_w\">\n                        <!-- module fancy heading -->\n<div  class=\"module module-fancy-heading tb_s1t1189 \" data-lazy=\"1\">\n        <h1 class=\"fancy-heading tf_textc\">\n    <span class=\"main-head tf_block\">\n\t\t\t\t\tProyectos Actuales\t\t    <\/span>\n\n\t\n    <span class=\"sub-head tf_block tf_rel\">\n\t\t\t\t\t\t\t    <\/span>\n    <\/h1>\n<\/div>\n<!-- \/module fancy heading -->\n<!-- module post -->\n<div  class=\"module module-portfolio tb_v0fr189 \">\n        <ul class=\"post-filter tf_textc tf_opacity\">\n\t\t\t<li class=\"cat-item cat-item-115\"><a href=\"https:\/\/www.fieger-lamellenfenster.de\/es\/portfolio-category\/flm-pg-lg-es\/\">FLM PG \/ LG<\/a>\n<\/li>\n\t<li class=\"cat-item cat-item-116\"><a href=\"https:\/\/www.fieger-lamellenfenster.de\/es\/portfolio-category\/flw-es\/\">FLW<\/a>\n<\/li>\n\t<li class=\"cat-item cat-item-126\"><a href=\"https:\/\/www.fieger-lamellenfenster.de\/es\/portfolio-category\/smotec-es\/\">smotec<\/a>\n<\/li>\n\t<li class=\"cat-item cat-item-106\"><a href=\"https:\/\/www.fieger-lamellenfenster.de\/es\/portfolio-category\/todos-es\/\">Todos<\/a>\n<\/li>\n\t\t    <\/ul>\n\t    <div  class=\"builder-posts-wrap loops-wrapper portfolio tf_tiles_more auto_tiles masonry polaroid classic tf_rel tf_clear tf_clearfix\" data-lazy=\"1\">\n\t<article id=\"portfolio-8016\" class=\"post tf_clearfix portfolio-post cat-115 cat-126 cat-106 post-8016 portfolio type-portfolio status-publish has-post-thumbnail hentry portfolio-category-flm-pg-lg-es portfolio-category-smotec-es portfolio-category-todos-es has-post-title no-post-date has-post-category has-post-tag has-post-comment has-post-author   cat-115  cat-126  cat-106\">\n\t\n\t\n\t\t\t\t<figure class=\"post-image tf_clearfix\">\n\t\t\t    \t\t\t\t\t\t\t\t<a href=\"https:\/\/www.fieger-lamellenfenster.de\/es\/projekt\/chartwell-court\/\">\n\t\t\t\t\t\t\t\t<img loading=\"lazy\" decoding=\"async\" width=\"1500\" height=\"1130\" src=\"https:\/\/www.fieger-lamellenfenster.de\/wp-content\/uploads\/2021\/11\/ChartwellCourtBrighton1500x1130.jpg\" class=\"wp-post-image wp-image-6763\" title=\"ChartwellCourtBrighton1500x1130\" alt=\"Smotec Fieger Lamellenfenster - Chartwell Court Brighton Gro\u00dfbritannien\">\t\t\t\t\t\t\t\t    \t\t\t\t<\/a>\n\t\t\t\t\t\t\t    \t\t\t<\/figure>\n\t\t\t\n\t<div class=\"post-content\">\n\n\t\t\n\t\t\t<div class=\"post-content-inner\">\n\n\t\t\t\t\t\t\n\t\t\t\t\t\t\n\t\t\t\t\t\t<h2 class=\"post-title entry-title\"><a href=\"https:\/\/www.fieger-lamellenfenster.de\/es\/projekt\/chartwell-court\/\">Chartwell Court<\/a><\/h2>\n\t\t\n\t\t\t<div class=\"entry-content\">\n\n        \n\t<\/div><!-- \/.entry-content -->\n\t\n\t\t\n\t\t\t<\/div>\n\t\t\t<!-- \/.post-content-inner -->\n\t\t\n\t<\/div>\n\t<!-- \/.post-content -->\n\t<\/article>\n<!-- \/.post -->\n<article id=\"portfolio-8018\" class=\"post tf_clearfix portfolio-post cat-115 cat-126 cat-106 post-8018 portfolio type-portfolio status-publish has-post-thumbnail hentry portfolio-category-flm-pg-lg-es portfolio-category-smotec-es portfolio-category-todos-es has-post-title no-post-date has-post-category has-post-tag has-post-comment has-post-author   cat-115  cat-126  cat-106\">\n\t\n\t\n\t\t\t\t<figure class=\"post-image tf_clearfix\">\n\t\t\t    \t\t\t\t\t\t\t\t<a href=\"https:\/\/www.fieger-lamellenfenster.de\/es\/projekt\/north-sighthill-regeneration\/\">\n\t\t\t\t\t\t\t\t<img loading=\"lazy\" decoding=\"async\" width=\"1500\" height=\"1130\" src=\"https:\/\/www.fieger-lamellenfenster.de\/wp-content\/uploads\/2021\/11\/NorthSighthillRegenerationEdinburgh_1500x1130.jpg\" class=\"wp-post-image wp-image-6741\" title=\"NorthSighthillRegenerationEdinburgh_1500x1130\" alt=\" North Sighthill Regeneration Edinburgh FIEGER FLM  Lamellenfenster, \u201eDIN EN 12101-2\u201c-zertifizierte NRWG Nat\u00fcrliche Rauch- und W\u00e4rmeabzugsger\u00e4te\" srcset=\"https:\/\/www.fieger-lamellenfenster.de\/wp-content\/uploads\/2021\/11\/NorthSighthillRegenerationEdinburgh_1500x1130.jpg 1500w, https:\/\/www.fieger-lamellenfenster.de\/wp-content\/uploads\/2021\/11\/NorthSighthillRegenerationEdinburgh_1500x1130-300x226.jpg 300w, https:\/\/www.fieger-lamellenfenster.de\/wp-content\/uploads\/2021\/11\/NorthSighthillRegenerationEdinburgh_1500x1130-1024x771.jpg 1024w, https:\/\/www.fieger-lamellenfenster.de\/wp-content\/uploads\/2021\/11\/NorthSighthillRegenerationEdinburgh_1500x1130-768x579.jpg 768w\" sizes=\"(max-width: 1500px) 100vw, 1500px\" \/>\t\t\t\t\t\t\t\t    \t\t\t\t<\/a>\n\t\t\t\t\t\t\t    \t\t\t<\/figure>\n\t\t\t\n\t<div class=\"post-content\">\n\n\t\t\n\t\t\t<div class=\"post-content-inner\">\n\n\t\t\t\t\t\t\n\t\t\t\t\t\t\n\t\t\t\t\t\t<h2 class=\"post-title entry-title\"><a href=\"https:\/\/www.fieger-lamellenfenster.de\/es\/projekt\/north-sighthill-regeneration\/\">North Sighthill Regeneration<\/a><\/h2>\n\t\t\n\t\t\t<div class=\"entry-content\">\n\n        \n\t<\/div><!-- \/.entry-content -->\n\t\n\t\t\n\t\t\t<\/div>\n\t\t\t<!-- \/.post-content-inner -->\n\t\t\n\t<\/div>\n\t<!-- \/.post-content -->\n\t<\/article>\n<!-- \/.post -->\n<article id=\"portfolio-8020\" class=\"post tf_clearfix portfolio-post cat-116 cat-126 cat-106 post-8020 portfolio type-portfolio status-publish has-post-thumbnail hentry portfolio-category-flw-es portfolio-category-smotec-es portfolio-category-todos-es has-post-title no-post-date has-post-category has-post-tag has-post-comment has-post-author   cat-116  cat-126  cat-106\">\n\t\n\t\n\t\t\t\t<figure class=\"post-image tf_clearfix\">\n\t\t\t    \t\t\t\t\t\t\t\t<a href=\"https:\/\/www.fieger-lamellenfenster.de\/es\/projekt\/banbridge-health-care-centre\/\">\n\t\t\t\t\t\t\t\t<img loading=\"lazy\" decoding=\"async\" width=\"1500\" height=\"1130\" src=\"https:\/\/www.fieger-lamellenfenster.de\/wp-content\/uploads\/2021\/06\/Banbridge-Health-and-Care-CentreTitel-2.jpg\" class=\"wp-post-image wp-image-5413\" title=\"Banbridge-Health-and-Care-CentreTitel\" alt=\"Das Banbridge Health and Care Centre in Nord Irland mit FLW 28 airtec Lamellenfenster von Fieger ist Gewinner des RIBA National Award 2016 \" srcset=\"https:\/\/www.fieger-lamellenfenster.de\/wp-content\/uploads\/2021\/06\/Banbridge-Health-and-Care-CentreTitel-2.jpg 1500w, https:\/\/www.fieger-lamellenfenster.de\/wp-content\/uploads\/2021\/06\/Banbridge-Health-and-Care-CentreTitel-2-300x226.jpg 300w, https:\/\/www.fieger-lamellenfenster.de\/wp-content\/uploads\/2021\/06\/Banbridge-Health-and-Care-CentreTitel-2-1024x771.jpg 1024w, https:\/\/www.fieger-lamellenfenster.de\/wp-content\/uploads\/2021\/06\/Banbridge-Health-and-Care-CentreTitel-2-768x579.jpg 768w\" sizes=\"(max-width: 1500px) 100vw, 1500px\" \/>\t\t\t\t\t\t\t\t    \t\t\t\t<\/a>\n\t\t\t\t\t\t\t    \t\t\t<\/figure>\n\t\t\t\n\t<div class=\"post-content\">\n\n\t\t\n\t\t\t<div class=\"post-content-inner\">\n\n\t\t\t\t\t\t\n\t\t\t\t\t\t\n\t\t\t\t\t\t<h2 class=\"post-title entry-title\"><a href=\"https:\/\/www.fieger-lamellenfenster.de\/es\/projekt\/banbridge-health-care-centre\/\">Banbridge Health &#038; Care Centre<\/a><\/h2>\n\t\t\n\t\t\t<div class=\"entry-content\">\n\n        \n\t<\/div><!-- \/.entry-content -->\n\t\n\t\t\n\t\t\t<\/div>\n\t\t\t<!-- \/.post-content-inner -->\n\t\t\n\t<\/div>\n\t<!-- \/.post-content -->\n\t<\/article>\n<!-- \/.post -->\n<article id=\"portfolio-8022\" class=\"post tf_clearfix portfolio-post cat-116 cat-126 cat-106 post-8022 portfolio type-portfolio status-publish has-post-thumbnail hentry portfolio-category-flw-es portfolio-category-smotec-es portfolio-category-todos-es has-post-title no-post-date has-post-category has-post-tag has-post-comment has-post-author   cat-116  cat-126  cat-106\">\n\t\n\t\n\t\t\t\t<figure class=\"post-image tf_clearfix\">\n\t\t\t    \t\t\t\t\t\t\t\t<a href=\"https:\/\/www.fieger-lamellenfenster.de\/es\/projekt\/boroughmuir-high-school\/\">\n\t\t\t\t\t\t\t\t<img loading=\"lazy\" decoding=\"async\" width=\"1027\" height=\"685\" src=\"https:\/\/www.fieger-lamellenfenster.de\/wp-content\/uploads\/2021\/06\/Boroughmuir-High-School_titel.jpg\" class=\"wp-post-image wp-image-5350\" title=\"Boroughmuir-High-School_titel\" alt=\"Boroughmuir High School Edinburgh mit Fieger Lamellenfester FLW 28 die L\u00f6sung f\u00fcr nat\u00fcrliche Be und Entl\u00fcftung Airtec \" srcset=\"https:\/\/www.fieger-lamellenfenster.de\/wp-content\/uploads\/2021\/06\/Boroughmuir-High-School_titel.jpg 1027w, https:\/\/www.fieger-lamellenfenster.de\/wp-content\/uploads\/2021\/06\/Boroughmuir-High-School_titel-300x200.jpg 300w, https:\/\/www.fieger-lamellenfenster.de\/wp-content\/uploads\/2021\/06\/Boroughmuir-High-School_titel-1024x683.jpg 1024w, https:\/\/www.fieger-lamellenfenster.de\/wp-content\/uploads\/2021\/06\/Boroughmuir-High-School_titel-768x512.jpg 768w\" sizes=\"(max-width: 1027px) 100vw, 1027px\" \/>\t\t\t\t\t\t\t\t    \t\t\t\t<\/a>\n\t\t\t\t\t\t\t    \t\t\t<\/figure>\n\t\t\t\n\t<div class=\"post-content\">\n\n\t\t\n\t\t\t<div class=\"post-content-inner\">\n\n\t\t\t\t\t\t\n\t\t\t\t\t\t\n\t\t\t\t\t\t<h2 class=\"post-title entry-title\"><a href=\"https:\/\/www.fieger-lamellenfenster.de\/es\/projekt\/boroughmuir-high-school\/\">Boroughmuir High School<\/a><\/h2>\n\t\t\n\t\t\t<div class=\"entry-content\">\n\n        \n\t<\/div><!-- \/.entry-content -->\n\t\n\t\t\n\t\t\t<\/div>\n\t\t\t<!-- \/.post-content-inner -->\n\t\t\n\t<\/div>\n\t<!-- \/.post-content -->\n\t<\/article>\n<!-- \/.post -->\n<\/div><!-- .builder-posts-wrap -->\n    <\/div>\n    <!-- \/module post -->\n                    <\/div>\n                            <\/div>\n            \t    <\/div>\n\t    <!-- \/row_inner -->\n\t<\/div>\n\t<!-- \/module_row -->\n\t<\/div>\n<!--\/themify_builder_content-->","protected":false},"excerpt":{"rendered":"<p>Ventana de lamas FIEGER FLW 40TRIPLE VIDRIO AISLANTE O PANEL AISLANTE, 36\u201340\u00a0MM La FLW 40 es nuestra apuesta m\u00e1s vers\u00e1til para la eficiencia energ\u00e9tica. Una amplia gama de posibilidades de dise\u00f1o gracias a una altura infinita y a una anchura variable, marcos enrasados y lamas de diferentes alturas. Contando con la certificaci\u00f3n de resistencia al [&hellip;]<\/p>\n","protected":false},"author":18,"featured_media":0,"parent":5709,"menu_order":0,"comment_status":"closed","ping_status":"closed","template":"","meta":{"footnotes":""},"_links":{"self":[{"href":"https:\/\/www.fieger-lamellenfenster.de\/es\/wp-json\/wp\/v2\/pages\/5713"}],"collection":[{"href":"https:\/\/www.fieger-lamellenfenster.de\/es\/wp-json\/wp\/v2\/pages"}],"about":[{"href":"https:\/\/www.fieger-lamellenfenster.de\/es\/wp-json\/wp\/v2\/types\/page"}],"author":[{"embeddable":true,"href":"https:\/\/www.fieger-lamellenfenster.de\/es\/wp-json\/wp\/v2\/users\/18"}],"replies":[{"embeddable":true,"href":"https:\/\/www.fieger-lamellenfenster.de\/es\/wp-json\/wp\/v2\/comments?post=5713"}],"version-history":[{"count":62,"href":"https:\/\/www.fieger-lamellenfenster.de\/es\/wp-json\/wp\/v2\/pages\/5713\/revisions"}],"predecessor-version":[{"id":12172,"href":"https:\/\/www.fieger-lamellenfenster.de\/es\/wp-json\/wp\/v2\/pages\/5713\/revisions\/12172"}],"up":[{"embeddable":true,"href":"https:\/\/www.fieger-lamellenfenster.de\/es\/wp-json\/wp\/v2\/pages\/5709"}],"wp:attachment":[{"href":"https:\/\/www.fieger-lamellenfenster.de\/es\/wp-json\/wp\/v2\/media?parent=5713"}],"curies":[{"name":"wp","href":"https:\/\/api.w.org\/{rel}","templated":true}]}}