{"id":5709,"date":"2021-07-09T11:09:42","date_gmt":"2021-07-09T09:09:42","guid":{"rendered":"https:\/\/www.fieger-lamellenfenster.de\/productos\/"},"modified":"2025-09-08T11:17:45","modified_gmt":"2025-09-08T09:17:45","slug":"productos","status":"publish","type":"page","link":"https:\/\/www.fieger-lamellenfenster.de\/es\/productos\/","title":{"rendered":"Productos"},"content":{"rendered":"<div class=\"wp-block-themepunch-revslider revslider\" data-modal=\"false\" data-slidertitle=\"Produkte_ES\" style=\"\">\n\t\t\t<!-- START Produkte_ES REVOLUTION SLIDER 6.6.20 --><p class=\"rs-p-wp-fix\"><\/p>\n\t\t\t<rs-module-wrap id=\"rev_slider_53_1_wrapper\" data-source=\"gallery\" style=\"visibility:hidden;background:transparent;padding:0;margin:0px auto;margin-top:0;margin-bottom:0;\">\n\t\t\t\t<rs-module id=\"rev_slider_53_1\" style=\"\" data-version=\"6.6.20\">\n\t\t\t\t\t<rs-slides style=\"overflow: hidden; position: absolute;\">\n\t\t\t\t\t\t<rs-slide style=\"position: absolute;\" data-key=\"rs-75\" data-title=\"Slide2\" data-duration=\"4000ms\" data-in=\"o:0;\" data-out=\"a:false;\" data-d3=\"f:turn;d:vertical;su:true;\">\n\t\t\t\t\t\t\t<img decoding=\"async\" src=\"\/\/www.fieger-lamellenfenster.de\/wp-content\/plugins\/revslider\/public\/assets\/assets\/dummy.png\" alt=\"Fieger FLL Aluminiumlamellen Sigmund-Freud- Institut Frankfurt am Main, Deutschland\" title=\"Landscape_produkte1920x300\" width=\"1920\" height=\"300\" class=\"rev-slidebg tp-rs-img rs-lazyload\" data-lazyload=\"\/\/www.fieger-lamellenfenster.de\/wp-content\/uploads\/2021\/04\/Landscape_lamellenfenster1920x300.jpg\" data-no-retina>\n<!--\n\t\t\t\t\t\t\t--><rs-layer\n\t\t\t\t\t\t\t\tid=\"slider-53-slide-75-layer-2\" \n\t\t\t\t\t\t\t\tdata-type=\"text\"\n\t\t\t\t\t\t\t\tdata-color=\"#000000\"\n\t\t\t\t\t\t\t\tdata-rsp_ch=\"on\"\n\t\t\t\t\t\t\t\tdata-xy=\"x:-350px;y:92px;\"\n\t\t\t\t\t\t\t\tdata-text=\"w:nowrap;s:32;l:41;fw:900;a:right;\"\n\t\t\t\t\t\t\t\tdata-dim=\"w:1096px;\"\n\t\t\t\t\t\t\t\tdata-vbility=\"t,t,t,f\"\n\t\t\t\t\t\t\t\tdata-padding=\"t:5;r:15;b:5;l:80;\"\n\t\t\t\t\t\t\t\tdata-frame_0=\"x:right;\"\n\t\t\t\t\t\t\t\tdata-frame_1=\"sp:1000;\"\n\t\t\t\t\t\t\t\tdata-frame_999=\"o:0;st:w;\"\n\t\t\t\t\t\t\t\tstyle=\"z-index:8;background-color:rgba(255,255,255,0.9);font-family:'Lato';\"\n\t\t\t\t\t\t\t>NUESTROS PRODUCTOS SON <font color=\"#c02126\">NUESTRA PASI\u00d3N.<\/font> \n\t\t\t\t\t\t\t<\/rs-layer><!--\n-->\t\t\t\t\t\t<\/rs-slide>\n\t\t\t\t\t<\/rs-slides>\n\t\t\t\t\t<rs-static-layers><!--\n\t\t\t\t\t--><\/rs-static-layers>\n\t\t\t\t<\/rs-module>\n\t\t\t\t<script>\n\t\t\t\t\tsetREVStartSize({c: 'rev_slider_53_1',rl:[1240,1024,778,480],el:[300],gw:[1240],gh:[300],type:'standard',justify:'',layout:'fullwidth',mh:\"0\"});if (window.RS_MODULES!==undefined && window.RS_MODULES.modules!==undefined && window.RS_MODULES.modules[\"revslider531\"]!==undefined) {window.RS_MODULES.modules[\"revslider531\"].once = false;window.revapi53 = undefined;if (window.RS_MODULES.checkMinimal!==undefined) window.RS_MODULES.checkMinimal()}\n\t\t\t\t<\/script>\n\t\t\t<\/rs-module-wrap>\n\t\t\t<!-- END REVOLUTION SLIDER -->\n<\/div>\n\n<!--themify_builder_content-->\n<div id=\"themify_builder_content-5709\" data-postid=\"5709\" class=\"themify_builder_content themify_builder_content-5709 themify_builder tf_clear\">\n    \t\t\t<!-- module_row -->\n\t<div  data-lazy=\"1\" class=\"module_row themify_builder_row tb_7eb5529 tb_first tf_w tf_clearfix\">\n\t    \t\t\t<div class=\"row_inner col_align_top tb_col_count_1 tf_box tf_rel\">\n\t\t            <div  data-lazy=\"1\" class=\"module_column tb-column col-full tb_y4a3529 first\">\n                                                        <div class=\"tb-column-inner tf_box tf_w\">\n                        <!-- module fancy heading -->\n<div  class=\"module module-fancy-heading tb_fikt529 \" data-lazy=\"1\">\n        <h1 class=\"fancy-heading tf_textc\">\n    <span class=\"main-head tf_block\">\n\t\t\t\t\tLo mejor en ventanas de lamas:\t\t    <\/span>\n\n\t\n    <span class=\"sub-head tf_block tf_rel\">\n\t\t\t\t\tVENTANA DE LAMAS FIEGER\t\t    <\/span>\n    <\/h1>\n<\/div>\n<!-- \/module fancy heading -->\n\t<div  data-lazy=\"1\" class=\"module_subrow themify_builder_sub_row tb_o7t1530 tf_w tf_clearfix\">\n\t    \t\t\t<div class=\"subrow_inner col_align_top tb_col_count_2 tf_box tf_w\">\n\t\t            <div  data-lazy=\"1\" class=\"module_column sub_column tb_cb23530 first\">\n                                                        <div class=\"tb-column-inner tf_box tf_w\">\n                        <!-- module text -->\n<div  class=\"module module-text tb_vwrt530   \" data-lazy=\"1\">\n        <div  class=\"tb_text_wrap\">\n    <p>Nuestras ventanas <strong>de la gama FLW<\/strong> son los productos m\u00e1s vendidos de FIEGER. Las ventanas con doble o triple acristalamiento re\u00fanen todas las ventajas de las ventanas de lamas.<br>Las <strong>FLM<\/strong> son ventanas sin rotura de puente t\u00e9rmico y con acristalamiento monol\u00edtico, por lo que son transparentes, no tienen marcos y cuentan con un dise\u00f1o atractivo para esas habitaciones sin calefacci\u00f3n o como una segunda piel en fachadas.<br>Las ventanas <b>FLL <\/b>se confeccionan \u00fanicamente con lamas de aluminio.&nbsp;&nbsp;<br><\/p>    <\/div>\n<\/div>\n<!-- \/module text -->                    <\/div>\n                            <\/div>\n                        <div  data-lazy=\"1\" class=\"module_column sub_column tb_0ca0531 last\">\n                                                        <div class=\"tb-column-inner tf_box tf_w\">\n                        <!-- module text -->\n<div  class=\"module module-text tb_dmn4531   \" data-lazy=\"1\">\n        <div  class=\"tb_text_wrap\">\n    <p>Las <b>FDS<\/b>, nuestro dise\u00f1o exclusivo, son las ventanas con las que se pueden poner en pr\u00e1ctica muchas ideas.&nbsp;<br>Todas las ventanas de lamas FIEGER est\u00e1n disponibles con accionamiento manual, el\u00e9ctrico y neum\u00e1tico. Gracias a los perfiles de adaptaci\u00f3n a medida, pueden adaptarse individualmente a la situaci\u00f3n de montaje. Todas las ventanas acristaladas tienen la opci\u00f3n de instalarse con vidrio flotante, vidrio laminado, vidrio de seguridad templado o una combinaci\u00f3n de estos.<br><\/p>    <\/div>\n<\/div>\n<!-- \/module text -->                    <\/div>\n                            <\/div>\n            \t    <\/div>\n\t<\/div><!-- \/themify_builder_sub_row -->\n\t                    <\/div>\n                            <\/div>\n            \t    <\/div>\n\t    <!-- \/row_inner -->\n\t<\/div>\n\t<!-- \/module_row -->\n\t\t\t\t<!-- module_row -->\n\t<div  data-lazy=\"1\" class=\"module_row themify_builder_row tb_ukkn058 tf_w tf_clearfix\">\n\t    \t\t\t<div class=\"row_inner col_align_top tb_col_count_2 tf_box tf_rel\">\n\t\t            <div  data-lazy=\"1\" class=\"module_column tb-column col4-1 tb_5fi5080 first\">\n                                                        <div class=\"tb-column-inner tf_box tf_w\">\n                        \t<div  data-sticky-active=\"{&quot;d&quot;:{&quot;stick&quot;:{&quot;v&quot;:&quot;100&quot;},&quot;unstick&quot;:{&quot;type&quot;:&quot;row&quot;,&quot;el&quot;:&quot;bf6r710&quot;}},&quot;m&quot;:0}\" data-lazy=\"1\" class=\"module_subrow themify_builder_sub_row tb_e0hv953 hide-mobile tf_w tf_clearfix\">\n\t    \t\t\t<div class=\"subrow_inner col_align_top tb_col_count_1 tf_box tf_w\">\n\t\t            <div  data-lazy=\"1\" class=\"module_column sub_column col-full tb_dwyq954 first\">\n                                                        <div class=\"tb-column-inner tf_box tf_w\">\n                        <!-- module text -->\n<div  class=\"module module-text tb_8xz8954   \" data-lazy=\"1\">\n        <div  class=\"tb_text_wrap\">\n    <p style=\"text-align: left;\">Con aislamiento t\u00e9rmico<\/p>    <\/div>\n<\/div>\n<!-- \/module text --><!-- module image -->\n<div  class=\"module module-image tb_9cz1954   image-left tf_mw\" data-lazy=\"1\">\n        <div class=\"image-wrap tf_rel tf_mw\">\n\t\t    <a href=\"https:\/\/www.fieger-lamellenfenster.de\/es\/productos\/productos-flw-32\/\"\n\t       \t       >\n\t\t   \t\t<img loading=\"lazy\" decoding=\"async\" width=\"180\" height=\"57\" src=\"https:\/\/www.fieger-lamellenfenster.de\/wp-content\/uploads\/2021\/04\/FLW_32_AIRSMO_RGB_180x57.png\" class=\"wp-post-image wp-image-2214\" title=\"FLW_32_AIR+SMO_RGB_180x57\" alt=\"FLW 32 airtec smotec\">\t    <\/a>\n\t\n\t\t<\/div>\n\t<!-- \/image-wrap -->\n    \n    \t<\/div>\n<!-- \/module image --><!-- module image -->\n<div  class=\"module module-image tb_1yxq954   image-left tf_mw\" data-lazy=\"1\">\n        <div class=\"image-wrap tf_rel tf_mw\">\n\t\t    <a href=\"https:\/\/www.fieger-lamellenfenster.de\/es\/productos\/productos-flw-40\/\"\n\t       \t       >\n\t\t   \t\t<img loading=\"lazy\" decoding=\"async\" width=\"180\" height=\"57\" src=\"https:\/\/www.fieger-lamellenfenster.de\/wp-content\/uploads\/2021\/04\/FLW_40_AIRSMO_RGB_180x57.png\" class=\"wp-post-image wp-image-2248\" title=\"FLW_40_AIR+SMO_RGB_180x57\" alt=\"FLW 40 airtec + smotec\">\t    <\/a>\n\t\n\t\t<\/div>\n\t<!-- \/image-wrap -->\n    \n    \t<\/div>\n<!-- \/module image --><!-- module image -->\n<div  class=\"module module-image tb_qihe954   image-left tf_mw\" data-lazy=\"1\">\n        <div class=\"image-wrap tf_rel tf_mw\">\n\t\t    <a href=\"https:\/\/www.fieger-lamellenfenster.de\/es\/productos\/productos-fll-131\/\"\n\t       \t       >\n\t\t   \t\t<img loading=\"lazy\" decoding=\"async\" width=\"180\" height=\"57\" src=\"https:\/\/www.fieger-lamellenfenster.de\/wp-content\/uploads\/2021\/04\/FLL_131_AIRSMO_RGB_180x57.png\" class=\"wp-post-image wp-image-2224\" title=\"FLL_131_AIR+SMO_RGB_180x57\" alt=\"FLL 131 aitec smotec\">\t    <\/a>\n\t\n\t\t<\/div>\n\t<!-- \/image-wrap -->\n    \n    \t<\/div>\n<!-- \/module image --><!-- module text -->\n<div  class=\"module module-text tb_2qeg954   \" data-lazy=\"1\">\n        <div  class=\"tb_text_wrap\">\n    <p style=\"text-align: left;\">Sin aislamiento<\/p>    <\/div>\n<\/div>\n<!-- \/module text --><!-- module image -->\n<div  class=\"module module-image tb_7a1j954   image-left tf_mw\" data-lazy=\"1\">\n        <div class=\"image-wrap tf_rel tf_mw\">\n\t\t    <a href=\"https:\/\/www.fieger-lamellenfenster.de\/es\/productos\/productos-flm-pg-flm-lg\/\"\n\t       \t       >\n\t\t   \t\t<img loading=\"lazy\" decoding=\"async\" width=\"180\" height=\"57\" src=\"https:\/\/www.fieger-lamellenfenster.de\/wp-content\/uploads\/2021\/04\/FLM_PG_LG_AIRSMO_RGB_180x57.png\" class=\"wp-post-image wp-image-2236\" title=\"FLM_PG_LG_AIR+SMO_RGB_180x57\" alt=\"FLM PG LG airtec smotec\">\t    <\/a>\n\t\n\t\t<\/div>\n\t<!-- \/image-wrap -->\n    \n    \t<\/div>\n<!-- \/module image --><!-- module image -->\n<div  class=\"module module-image tb_xz9h954   image-left tf_mw\" data-lazy=\"1\">\n        <div class=\"image-wrap tf_rel tf_mw\">\n\t\t    <a href=\"https:\/\/www.fieger-lamellenfenster.de\/es\/productos\/productos-fds\/\"\n\t       \t       >\n\t\t   \t\t<img loading=\"lazy\" decoding=\"async\" width=\"180\" height=\"57\" src=\"https:\/\/www.fieger-lamellenfenster.de\/wp-content\/uploads\/2021\/04\/FDS_AIRSMO_RGB_180x57.png\" class=\"wp-post-image wp-image-2220\" title=\"FDS_AIR+SMO_RGB_180x57\" alt=\"FDS airtec smotec\">\t    <\/a>\n\t\n\t\t<\/div>\n\t<!-- \/image-wrap -->\n    \n    \t<\/div>\n<!-- \/module image --><!-- module text -->\n<div  class=\"module module-text tb_pspm954   \" data-lazy=\"1\">\n        <div  class=\"tb_text_wrap\">\n    <h4 style=\"text-align: left;\"><a href=\"https:\/\/www.fieger-lamellenfenster.de\/es\/productos\/accionamientos-accesorios-asistencia\/\/#homeantriebe\">Accionamientos<\/a><\/h4>\n    <\/div>\n<\/div>\n<!-- \/module text --><!-- module text -->\n<div  class=\"module module-text tb_hpdg954   \" data-lazy=\"1\">\n        <div  class=\"tb_text_wrap\">\n    <h4 style=\"text-align: left;\"><a href=\"https:\/\/www.fieger-lamellenfenster.de\/es\/productos\/accionamientos-accesorios-asistencia\/#homezubehoer\">Accesorios<\/a><\/h4>\n    <\/div>\n<\/div>\n<!-- \/module text --><!-- module text -->\n<div  class=\"module module-text tb_xo6x954   \" data-lazy=\"1\">\n        <div  class=\"tb_text_wrap\">\n    <h4 style=\"text-align: left;\"><a href=\"https:\/\/www.fieger-lamellenfenster.de\/es\/productos\/accionamientos-accesorios-asistencia\/#homeservice\">Asistencia<\/a><\/h4>\n    <\/div>\n<\/div>\n<!-- \/module text --><!-- module buttons -->\n<div  class=\"module module-buttons tb_1wvo954 buttons-horizontal solid  small squared\" data-lazy=\"1\">\n    \t<div class=\"module-buttons-item tf_inline_b\">\n\t\t\t\t\t\t\t<a href=\"https:\/\/www.fieger-lamellenfenster.de\/downloads\/\" class=\"ui builder_button red\" target=\"_blank\" rel=\"noopener\">\n\t\t\t\t\t\t\t\t\t\t\t<span class=\"tf_inline_b tf_vmiddle\">Descargas<\/span>\n\t\t\t\t\t\t\t\t\t\t\t<\/a>\n\t\t\t    \t<\/div>\n    <\/div>\n<!-- \/module buttons -->\n                    <\/div>\n                            <\/div>\n            \t    <\/div>\n\t<\/div><!-- \/themify_builder_sub_row -->\n\t                    <\/div>\n                            <\/div>\n                        <div  data-lazy=\"1\" class=\"module_column tb-column col4-3 tb_774d236 last\">\n                                                        <div class=\"tb-column-inner tf_box tf_w\">\n                        <!-- module text -->\n<div  class=\"module module-text tb_qmf8882   \" data-lazy=\"1\">\n        <div  class=\"tb_text_wrap\">\n    <h3>Descubra su ventana ideal<\/h3>    <\/div>\n<\/div>\n<!-- \/module text -->\t<div  data-lazy=\"1\" class=\"module_subrow themify_builder_sub_row tb_2uty237 tf_w tf_clearfix\">\n\t    \t\t\t<div class=\"subrow_inner col_align_top gutter-none tb_col_count_4 tf_box tf_w\">\n\t\t            <div  data-lazy=\"1\" class=\"module_column sub_column col4-1 tb_854c239 first\">\n                                                        <div class=\"tb-column-inner tf_box tf_w\">\n                        <!-- module text -->\n<div  class=\"module module-text tb_63qd239  repeat \" data-lazy=\"1\">\n        <div  class=\"tb_text_wrap\">\n    <p><img loading=\"lazy\" decoding=\"async\" class=\"alignnone wp-image-2211 size-full\" src=\"https:\/\/www.fieger-lamellenfenster.de\/wp-content\/uploads\/2021\/04\/FLW_32_AIRSMO_RGB_180x57.png\" alt=\"\" width=\"180\" height=\"57\"><\/p>\n    <\/div>\n<\/div>\n<!-- \/module text --><!-- module text -->\n<div  class=\"module module-text tb_dym4239   \" data-lazy=\"1\">\n        <div  class=\"tb_text_wrap\">\n    <p><strong>Espesor del vidrio<br \/><\/strong>28\/32 mm<\/p>    <\/div>\n<\/div>\n<!-- \/module text --><!-- module divider -->\n<div  class=\"module tf_mw module-divider tb_ygnp239 solid   \" style=\"border-width: 1px;border-color: #b0b0b0;\" data-lazy=\"1\">\n    <\/div>\n<!-- \/module divider -->\n<!-- module text -->\n<div  class=\"module module-text tb_fdto240   \" data-lazy=\"1\">\n        <div  class=\"tb_text_wrap\">\n    <p><strong><br \/>Prof. de montaje<\/strong><br \/>42,8 mm<\/p>    <\/div>\n<\/div>\n<!-- \/module text --><!-- module divider -->\n<div  class=\"module tf_mw module-divider tb_piqq240 solid   \" style=\"border-width: 1px;border-color: #b0b0b0;\" data-lazy=\"1\">\n    <\/div>\n<!-- \/module divider -->\n<!-- module text -->\n<div  class=\"module module-text tb_5z4d240   \" data-lazy=\"1\">\n        <div  class=\"tb_text_wrap\">\n    <p><strong><br \/>Altura de lama<\/strong><br \/>200\u2013450 mm<\/p>    <\/div>\n<\/div>\n<!-- \/module text --><!-- module divider -->\n<div  class=\"module tf_mw module-divider tb_2jka240 solid   \" style=\"border-width: 1px;border-color: #b0b0b0;\" data-lazy=\"1\">\n    <\/div>\n<!-- \/module divider -->\n<!-- module text -->\n<div  class=\"module module-text tb_11nf240   \" data-lazy=\"1\">\n        <div  class=\"tb_text_wrap\">\n    <p><strong><br \/>Acristalado<\/strong><br \/>doble o triple<\/p>    <\/div>\n<\/div>\n<!-- \/module text --><!-- module divider -->\n<div  class=\"module tf_mw module-divider tb_2lrp240 solid   \" style=\"border-width: 1px;border-color: #b0b0b0;\" data-lazy=\"1\">\n    <\/div>\n<!-- \/module divider -->\n<!-- module text -->\n<div  class=\"module module-text tb_xm3r241   \" data-lazy=\"1\">\n        <div  class=\"tb_text_wrap\">\n    <p><strong><br \/>Protecci\u00f3n t\u00e9rmica<\/strong><br \/>hasta 1,1 o 1,5 W\/m\u00b2K<\/p>    <\/div>\n<\/div>\n<!-- \/module text -->                    <\/div>\n                            <\/div>\n                        <div  data-lazy=\"1\" class=\"module_column sub_column col4-1 tb_kr0q241\">\n                                                        <div class=\"tb-column-inner tf_box tf_w\">\n                        <!-- module text -->\n<div  class=\"module module-text tb_gix0241  repeat \" data-lazy=\"1\">\n        <div  class=\"tb_text_wrap\">\n    <p><img loading=\"lazy\" decoding=\"async\" class=\"alignnone size-full wp-image-2245\" src=\"https:\/\/www.fieger-lamellenfenster.de\/wp-content\/uploads\/2021\/04\/FLW_40_AIRSMO_RGB_180x57.png\" alt=\"\" width=\"180\" height=\"57\"><\/p>\n    <\/div>\n<\/div>\n<!-- \/module text --><!-- module text -->\n<div  class=\"module module-text tb_o54r241   \" data-lazy=\"1\">\n        <div  class=\"tb_text_wrap\">\n    <p><strong>Espesor del vidrio<br \/><\/strong>36\/40 mm<\/p>    <\/div>\n<\/div>\n<!-- \/module text --><!-- module divider -->\n<div  class=\"module tf_mw module-divider tb_k00t241 solid   \" style=\"border-width: 1px;border-color: #b0b0b0;\" data-lazy=\"1\">\n    <\/div>\n<!-- \/module divider -->\n<!-- module text -->\n<div  class=\"module module-text tb_pihe242   \" data-lazy=\"1\">\n        <div  class=\"tb_text_wrap\">\n    <p><strong><br \/>Prof. de montaje<\/strong><br \/>50,8 mm<\/p>    <\/div>\n<\/div>\n<!-- \/module text --><!-- module divider -->\n<div  class=\"module tf_mw module-divider tb_2xbk242 solid   \" style=\"border-width: 1px;border-color: #b0b0b0;\" data-lazy=\"1\">\n    <\/div>\n<!-- \/module divider -->\n<!-- module text -->\n<div  class=\"module module-text tb_m58l242   \" data-lazy=\"1\">\n        <div  class=\"tb_text_wrap\">\n    <p><strong><br \/>Altura de lama<\/strong><br \/>250\u2013500 mm<\/p>    <\/div>\n<\/div>\n<!-- \/module text --><!-- module divider -->\n<div  class=\"module tf_mw module-divider tb_fbkj242 solid   \" style=\"border-width: 1px;border-color: #b0b0b0;\" data-lazy=\"1\">\n    <\/div>\n<!-- \/module divider -->\n<!-- module text -->\n<div  class=\"module module-text tb_x1mk242   \" data-lazy=\"1\">\n        <div  class=\"tb_text_wrap\">\n    <p><strong><br \/>Acristalado<\/strong><br \/>triple<\/p>    <\/div>\n<\/div>\n<!-- \/module text --><!-- module divider -->\n<div  class=\"module tf_mw module-divider tb_o6ys243 solid   \" style=\"border-width: 1px;border-color: #b0b0b0;\" data-lazy=\"1\">\n    <\/div>\n<!-- \/module divider -->\n<!-- module text -->\n<div  class=\"module module-text tb_dzi9243   \" data-lazy=\"1\">\n        <div  class=\"tb_text_wrap\">\n    <p><strong><br \/>Protecci\u00f3n t\u00e9rmica<\/strong><br \/>hasta 0,8 W\/m\u00b2K<\/p>    <\/div>\n<\/div>\n<!-- \/module text -->                    <\/div>\n                            <\/div>\n                        <div  data-lazy=\"1\" class=\"module_column sub_column col4-1 tb_97e8541\">\n                                                        <div class=\"tb-column-inner tf_box tf_w\">\n                        <!-- module text -->\n<div  class=\"module module-text tb_2czc542  repeat \" data-lazy=\"1\">\n        <div  class=\"tb_text_wrap\">\n    <p><img loading=\"lazy\" decoding=\"async\" class=\"alignnone wp-image-2221 size-full\" src=\"https:\/\/www.fieger-lamellenfenster.de\/wp-content\/uploads\/2021\/04\/FLL_131_AIRSMO_RGB_180x57.png\" alt=\"\" width=\"180\" height=\"57\"><\/p>\n    <\/div>\n<\/div>\n<!-- \/module text --><!-- module text -->\n<div  class=\"module module-text tb_3loe542   \" data-lazy=\"1\">\n        <div  class=\"tb_text_wrap\">\n    <p><strong>Espesor del vidrio<br \/><\/strong>27 mm<\/p>    <\/div>\n<\/div>\n<!-- \/module text --><!-- module divider -->\n<div  class=\"module tf_mw module-divider tb_05ve542 solid   \" style=\"border-width: 1px;border-color: #b0b0b0;\" data-lazy=\"1\">\n    <\/div>\n<!-- \/module divider -->\n<!-- module text -->\n<div  class=\"module module-text tb_dl1f543   \" data-lazy=\"1\">\n        <div  class=\"tb_text_wrap\">\n    <p><strong><br \/>Prof. de montaje<\/strong><br \/>27 mm<\/p>    <\/div>\n<\/div>\n<!-- \/module text --><!-- module divider -->\n<div  class=\"module tf_mw module-divider tb_165k543 solid   \" style=\"border-width: 1px;border-color: #b0b0b0;\" data-lazy=\"1\">\n    <\/div>\n<!-- \/module divider -->\n<!-- module text -->\n<div  class=\"module module-text tb_3dw5543   \" data-lazy=\"1\">\n        <div  class=\"tb_text_wrap\">\n    <p><strong><br \/>Altura de lama<\/strong><br \/>131 mm (fijo)<\/p>    <\/div>\n<\/div>\n<!-- \/module text --><!-- module divider -->\n<div  class=\"module tf_mw module-divider tb_c5yv543 solid   \" style=\"border-width: 1px;border-color: #b0b0b0;\" data-lazy=\"1\">\n    <\/div>\n<!-- \/module divider -->\n<!-- module text -->\n<div  class=\"module module-text tb_hwyl543   \" data-lazy=\"1\">\n        <div  class=\"tb_text_wrap\">\n    <p><strong><br \/>Acristalado<\/strong><br \/>&#8211;<\/p>    <\/div>\n<\/div>\n<!-- \/module text --><!-- module divider -->\n<div  class=\"module tf_mw module-divider tb_slc5543 solid   \" style=\"border-width: 1px;border-color: #b0b0b0;\" data-lazy=\"1\">\n    <\/div>\n<!-- \/module divider -->\n<!-- module text -->\n<div  class=\"module module-text tb_ufpo543   \" data-lazy=\"1\">\n        <div  class=\"tb_text_wrap\">\n    <p><strong><br \/>Protecci\u00f3n t\u00e9rmica<\/strong><br \/>hasta 2,2 W\/m\u00b2K<\/p>    <\/div>\n<\/div>\n<!-- \/module text -->                    <\/div>\n                            <\/div>\n                        <div  data-lazy=\"1\" class=\"module_column sub_column col4-1 tb_hmp9333 last\">\n                                                        <div class=\"tb-column-inner tf_box tf_w\">\n                        <!-- module text -->\n<div  class=\"module module-text tb_tfwe334  repeat \" data-lazy=\"1\">\n        <div  class=\"tb_text_wrap\">\n    <p><img loading=\"lazy\" decoding=\"async\" class=\"alignnone wp-image-2233 size-full\" src=\"https:\/\/www.fieger-lamellenfenster.de\/wp-content\/uploads\/2021\/04\/FLM_PG_LG_AIRSMO_RGB_180x57.png\" alt=\"\" width=\"180\" height=\"57\"><\/p>\n    <\/div>\n<\/div>\n<!-- \/module text --><!-- module text -->\n<div  class=\"module module-text tb_81aj335   \" data-lazy=\"1\">\n        <div  class=\"tb_text_wrap\">\n    <p><strong>Espesor del vidrio<br \/><\/strong>8-12 mm<\/p>    <\/div>\n<\/div>\n<!-- \/module text --><!-- module divider -->\n<div  class=\"module tf_mw module-divider tb_d9zx335 solid   \" style=\"border-width: 1px;border-color: #b0b0b0;\" data-lazy=\"1\">\n    <\/div>\n<!-- \/module divider -->\n<!-- module text -->\n<div  class=\"module module-text tb_yuwx335   \" data-lazy=\"1\">\n        <div  class=\"tb_text_wrap\">\n    <p><strong><br \/>Prof. de montaje<\/strong><br \/>&#8211;<\/p>    <\/div>\n<\/div>\n<!-- \/module text --><!-- module divider -->\n<div  class=\"module tf_mw module-divider tb_0d7f335 solid   \" style=\"border-width: 1px;border-color: #b0b0b0;\" data-lazy=\"1\">\n    <\/div>\n<!-- \/module divider -->\n<!-- module text -->\n<div  class=\"module module-text tb_ljtj335   \" data-lazy=\"1\">\n        <div  class=\"tb_text_wrap\">\n    <p><strong><br \/>Altura de lama<\/strong><br \/>170\u2013300 mm<\/p>    <\/div>\n<\/div>\n<!-- \/module text --><!-- module divider -->\n<div  class=\"module tf_mw module-divider tb_t2b2335 solid   \" style=\"border-width: 1px;border-color: #b0b0b0;\" data-lazy=\"1\">\n    <\/div>\n<!-- \/module divider -->\n<!-- module text -->\n<div  class=\"module module-text tb_lxwb335   \" data-lazy=\"1\">\n        <div  class=\"tb_text_wrap\">\n    <p><strong><br \/>Acristalado<\/strong><br \/>simple<\/p>    <\/div>\n<\/div>\n<!-- \/module text --><!-- module divider -->\n<div  class=\"module tf_mw module-divider tb_miqa335 solid   \" style=\"border-width: 1px;border-color: #b0b0b0;\" data-lazy=\"1\">\n    <\/div>\n<!-- \/module divider -->\n<!-- module text -->\n<div  class=\"module module-text tb_0ec4335   \" data-lazy=\"1\">\n        <div  class=\"tb_text_wrap\">\n    <p><strong><br \/>Protecci\u00f3n t\u00e9rmica<\/strong><br \/>&#8211;<\/p>    <\/div>\n<\/div>\n<!-- \/module text -->                    <\/div>\n                            <\/div>\n            \t    <\/div>\n\t<\/div><!-- \/themify_builder_sub_row -->\n\t\t<div  data-lazy=\"1\" class=\"module_subrow themify_builder_sub_row tb_z89j229 tf_w tf_clearfix\">\n\t    \t\t\t<div class=\"subrow_inner col_align_top tb_col_count_1 tf_box tf_w\">\n\t\t            <div  data-lazy=\"1\" class=\"module_column sub_column col-full tb_57uj229 first\">\n                                                        <div class=\"tb-column-inner tf_box tf_w\">\n                        <!-- module buttons -->\n<div  class=\"module module-buttons tb_n5f9788 buttons-horizontal solid  small squared\" data-lazy=\"1\">\n    \t<div class=\"module-buttons-item tf_inline_b\">\n\t\t\t\t\t\t\t<a href=\"https:\/\/www.fieger-lamellenfenster.de\/wp-content\/uploads\/2025\/09\/FIEGER-Produktuebersicht_ES.pdf\" class=\"ui builder_button themify_lightbox red\" >\n\t\t\t\t\t\t\t\t\t\t\t\t<em class=\"tf_inline_b tf_vmiddle\"><svg  class=\"tf_fa tf-far-file-pdf\" aria-hidden=\"true\"><use href=\"#tf-far-file-pdf\"><\/use><\/svg><\/em>\t\t\t\t\t\t\t\t<span class=\"tf_inline_b tf_vmiddle\">Tabla de productos<\/span>\n\t\t\t\t\t\t\t\t\t\t\t<\/a>\n\t\t\t    \t<\/div>\n    <\/div>\n<!-- \/module buttons -->\n                    <\/div>\n                            <\/div>\n            \t    <\/div>\n\t<\/div><!-- \/themify_builder_sub_row -->\n\t                    <\/div>\n                            <\/div>\n            \t    <\/div>\n\t    <!-- \/row_inner -->\n\t<\/div>\n\t<!-- \/module_row -->\n\t\t\t\t<!-- module_row -->\n\t<div  id=\"comparison\" data-lazy=\"1\" class=\"module_row themify_builder_row tb_082dc5c tf_w tf_clearfix\">\n\t    \t\t\t<div class=\"row_inner col_align_middle tb_col_count_3 tf_box tf_rel\">\n\t\t            <div  data-lazy=\"1\" class=\"module_column tb-column col4-1 tb_39c861b first\">\n                                                <\/div>\n                        <div  data-lazy=\"1\" class=\"module_column tb-column col4-1 tb_f82799e\">\n                                                        <div class=\"tb-column-inner tf_box tf_w\">\n                        \t<div  data-lazy=\"1\" class=\"module_subrow themify_builder_sub_row tb_42de2c9 tf_w tf_clearfix\">\n\t    \t\t\t<div class=\"subrow_inner col_align_top tb_col_count_1 tf_box tf_w\">\n\t\t            <div  data-lazy=\"1\" class=\"module_column sub_column col-full tb_66f0124 first\">\n                                                        <div class=\"tb-column-inner tf_box tf_w\">\n                        <!-- module image -->\n<div  class=\"module module-image tb_5x8i720   image-center auto_fullwidth tf_mw\" data-lazy=\"1\">\n        <div class=\"image-wrap tf_rel tf_mw\">\n\t\t    <img loading=\"lazy\" decoding=\"async\" width=\"160\" height=\"230\" src=\"https:\/\/www.fieger-lamellenfenster.de\/wp-content\/uploads\/2021\/04\/FLW40.jpg\" class=\"wp-post-image wp-image-2112\" title=\"FLW40\" alt=\"FLW 40 mit hoher Energieeffizienz und Einbruchshemmung \">\t\n\t\t<\/div>\n\t<!-- \/image-wrap -->\n    \n    \t<\/div>\n<!-- \/module image -->                    <\/div>\n                            <\/div>\n            \t    <\/div>\n\t<\/div><!-- \/themify_builder_sub_row -->\n\t                    <\/div>\n                            <\/div>\n                        <div  data-lazy=\"1\" class=\"module_column tb-column col4-2 tb_g7n7320 last\">\n                                                        <div class=\"tb-column-inner tf_box tf_w\">\n                        <!-- module text -->\n<div  class=\"module module-text tb_zzs8320  repeat \" data-lazy=\"1\">\n        <div  class=\"tb_text_wrap\">\n    <h4>\u00bfCu\u00e1ndo se convierte la<span style=\"color: #c02126;\">\u00a0gama FLW<\/span> en una soluci\u00f3n ideal para mi proyecto?<\/h4>\n    <\/div>\n<\/div>\n<!-- \/module text --><!-- module icon -->\n<div  class=\"module module-icon tb_h010321  small squared icon_vertical \" data-lazy=\"1\">\n        <div class=\"module-icon-item\">\n\t    \t\t\t\t\t\t    <img loading=\"lazy\" decoding=\"async\" width=\"74\" height=\"74\" src=\"https:\/\/www.fieger-lamellenfenster.de\/wp-content\/uploads\/2021\/03\/FIEGER_icon_Liste.png\" class=\"tf_box wp-post-image wp-image-1121\" title=\"Si quiere combinar las ventajas de las ventanas de lamas con la m\u00e1xima calidad.\" alt=\"Si quiere combinar las ventajas de las ventanas de lamas con la m\u00e1xima calidad.\">\t\t\t\t\t\t    \t    \t    <span>Si quiere combinar las ventajas de las ventanas de lamas con la m\u00e1xima calidad.<\/span>\n\t\t    \t\t\t\t        <\/div>\n\t        <div class=\"module-icon-item\">\n\t    \t\t\t\t\t\t    <img loading=\"lazy\" decoding=\"async\" width=\"74\" height=\"74\" src=\"https:\/\/www.fieger-lamellenfenster.de\/wp-content\/uploads\/2021\/03\/FIEGER_icon_Liste.png\" class=\"tf_box wp-post-image wp-image-1121\" title=\"Si debe cumplir las normativas energ\u00e9ticas y de protecci\u00f3n antiincendios espec\u00edficas de su pa\u00eds y busca opciones que incluyan la extracci\u00f3n de humos.\" alt=\"Si debe cumplir las normativas energ\u00e9ticas y de protecci\u00f3n antiincendios espec\u00edficas de su pa\u00eds y busca opciones que incluyan la extracci\u00f3n de humos.\">\t\t\t\t\t\t    \t    \t    <span>Si debe cumplir las normativas energ\u00e9ticas y de protecci\u00f3n antiincendios espec\u00edficas de su pa\u00eds y busca opciones que incluyan la extracci\u00f3n de humos.<\/span>\n\t\t    \t\t\t\t        <\/div>\n\t        <div class=\"module-icon-item\">\n\t    \t\t\t\t\t\t    <img loading=\"lazy\" decoding=\"async\" width=\"74\" height=\"74\" src=\"https:\/\/www.fieger-lamellenfenster.de\/wp-content\/uploads\/2021\/03\/FIEGER_icon_Liste.png\" class=\"tf_box wp-post-image wp-image-1121\" title=\"Si quiere poner en pr\u00e1ctica soluciones innovadoras para la ventilaci\u00f3n, la climatizaci\u00f3n natural y la eficiencia energ\u00e9tica del edificio.\" alt=\"Si quiere poner en pr\u00e1ctica soluciones innovadoras para la ventilaci\u00f3n, la climatizaci\u00f3n natural y la eficiencia energ\u00e9tica del edificio.\">\t\t\t\t\t\t    \t    \t    <span>Si quiere poner en pr\u00e1ctica soluciones innovadoras para la ventilaci\u00f3n, la climatizaci\u00f3n natural y la eficiencia energ\u00e9tica del edificio.<\/span>\n\t\t    \t\t\t\t        <\/div>\n\t        <div class=\"module-icon-item\">\n\t    \t\t\t\t\t\t    <img loading=\"lazy\" decoding=\"async\" width=\"74\" height=\"74\" src=\"https:\/\/www.fieger-lamellenfenster.de\/wp-content\/uploads\/2021\/03\/FIEGER_icon_Liste.png\" class=\"tf_box wp-post-image wp-image-1121\" title=\"Si agradece que todo funcione sin problemas.\" alt=\"Si agradece que todo funcione sin problemas.\">\t\t\t\t\t\t    \t    \t    <span>Si agradece que todo funcione sin problemas.<\/span>\n\t\t    \t\t\t\t        <\/div>\n\t        <div class=\"module-icon-item\">\n\t    \t\t\t\t\t\t    <img loading=\"lazy\" decoding=\"async\" width=\"74\" height=\"74\" src=\"https:\/\/www.fieger-lamellenfenster.de\/wp-content\/uploads\/2021\/03\/FIEGER_icon_Liste.png\" class=\"tf_box wp-post-image wp-image-1121\" title=\"Si lo que le importa es un montaje eficiente.\" alt=\"Si lo que le importa es un montaje eficiente.\">\t\t\t\t\t\t    \t    \t    <span>Si lo que le importa es un montaje eficiente.<\/span>\n\t\t    \t\t\t\t        <\/div>\n\t        <div class=\"module-icon-item\">\n\t    \t\t\t\t\t\t    <img loading=\"lazy\" decoding=\"async\" width=\"74\" height=\"74\" src=\"https:\/\/www.fieger-lamellenfenster.de\/wp-content\/uploads\/2021\/03\/FIEGER_icon_Liste.png\" class=\"tf_box wp-post-image wp-image-1121\" title=\"Si le preocupan los robos.\" alt=\"Si le preocupan los robos.\">\t\t\t\t\t\t    \t    \t    <span>Si le preocupan los robos.<\/span>\n\t\t    \t\t\t\t        <\/div>\n\t<\/div>\n<!-- \/module icon -->\n<!-- module icon -->\n<div  class=\"module module-icon tb_0do4322  normal circle icon_horizontal \" data-lazy=\"1\">\n        <div class=\"module-icon-item\">\n\t    \t\t<a href=\"https:\/\/www.fieger-lamellenfenster.de\/es\/productos\/productos-flw-24-28\/\">\n\t    \t\t\t\t\t\t    <em class=\"tf_box\" style=\"background-color:#e8311f;color:#ffeeed\"><svg  class=\"tf_fa tf-ti-angle-right\" aria-hidden=\"true\"><use href=\"#tf-ti-angle-right\"><\/use><\/svg><\/em>\n\t\t\t\t\t\t    \t    \t    <span>Ir a la p\u00e1gina de productos FLW<\/span>\n\t\t    \t\t\t\t\t\t<\/a>\n\t\t        <\/div>\n\t<\/div>\n<!-- \/module icon -->\n                    <\/div>\n                            <\/div>\n            \t    <\/div>\n\t    <!-- \/row_inner -->\n\t<\/div>\n\t<!-- \/module_row -->\n\t\t\t\t<!-- module_row -->\n\t<div  id=\"comparison-2\" data-lazy=\"1\" class=\"module_row themify_builder_row tb_zsy2812 tf_w tf_clearfix\">\n\t    \t\t\t<div class=\"row_inner col_align_middle tb_col_count_3 tf_box tf_rel\">\n\t\t            <div  data-lazy=\"1\" class=\"module_column tb-column col4-1 tb_t4sp813 first\">\n                                                <\/div>\n                        <div  data-lazy=\"1\" class=\"module_column tb-column col4-1 tb_zyzf813\">\n                                                        <div class=\"tb-column-inner tf_box tf_w\">\n                        <!-- module text -->\n<div  class=\"module module-text tb_s065514  repeat \" data-lazy=\"1\">\n        <div  class=\"tb_text_wrap\">\n    <h4>\u00bfCu\u00e1ndo se convierten las <span style=\"color: #c02126;\">ventanas FLL<\/span> en la soluci\u00f3n ideal para mi proyecto?<\/h4>    <\/div>\n<\/div>\n<!-- \/module text --><!-- module icon -->\n<div  class=\"module module-icon tb_87sx515  small squared icon_vertical \" data-lazy=\"1\">\n        <div class=\"module-icon-item\">\n\t    \t\t\t\t\t\t    <img loading=\"lazy\" decoding=\"async\" width=\"74\" height=\"74\" src=\"https:\/\/www.fieger-lamellenfenster.de\/wp-content\/uploads\/2021\/03\/FIEGER_icon_Liste.png\" class=\"tf_box wp-post-image wp-image-1121\" title=\"Si quiere usar lamas de ventilaci\u00f3n de aluminio de alta calidad y con rotura de puente t\u00e9rmico.\" alt=\"Si quiere usar lamas de ventilaci\u00f3n de aluminio de alta calidad y con rotura de puente t\u00e9rmico.\">\t\t\t\t\t\t    \t    \t    <span>Si quiere usar lamas de ventilaci\u00f3n de aluminio de alta calidad y con rotura de puente t\u00e9rmico.<\/span>\n\t\t    \t\t\t\t        <\/div>\n\t        <div class=\"module-icon-item\">\n\t    \t\t\t\t\t\t    <img loading=\"lazy\" decoding=\"async\" width=\"74\" height=\"74\" src=\"https:\/\/www.fieger-lamellenfenster.de\/wp-content\/uploads\/2021\/03\/FIEGER_icon_Liste.png\" class=\"tf_box wp-post-image wp-image-1121\" title=\"Si busca una opci\u00f3n flexible, por ejemplo, para extraer humos de un canal o una abertura de aire acondicionado bajo el revestimiento.\" alt=\"Si busca una opci\u00f3n flexible, por ejemplo, para extraer humos de un canal o una abertura de aire acondicionado bajo el revestimiento.\">\t\t\t\t\t\t    \t    \t    <span>Si busca una opci\u00f3n flexible, por ejemplo, para extraer humos de un canal o una abertura de aire acondicionado bajo el revestimiento.<\/span>\n\t\t    \t\t\t\t        <\/div>\n\t<\/div>\n<!-- \/module icon -->\n<!-- module icon -->\n<div  class=\"module module-icon tb_lhi6515  normal circle icon_horizontal \" data-lazy=\"1\">\n        <div class=\"module-icon-item\">\n\t    \t\t<a href=\"https:\/\/www.fieger-lamellenfenster.de\/es\/productos\/productos-fll-131\/\">\n\t    \t\t\t\t\t\t    <em class=\"tf_box\" style=\"background-color:#e8311f;color:#ffeeed\"><svg  class=\"tf_fa tf-ti-angle-right\" aria-hidden=\"true\"><use href=\"#tf-ti-angle-right\"><\/use><\/svg><\/em>\n\t\t\t\t\t\t    \t    \t    <span>Ir a la p\u00e1gina de productos FLL<\/span>\n\t\t    \t\t\t\t\t\t<\/a>\n\t\t        <\/div>\n\t<\/div>\n<!-- \/module icon -->\n                    <\/div>\n                            <\/div>\n                        <div  data-lazy=\"1\" class=\"module_column tb-column col4-2 tb_skq5815 last\">\n                                                        <div class=\"tb-column-inner tf_box tf_w\">\n                        <!-- module image -->\n<div  class=\"module module-image tb_klt7817   image-center auto_fullwidth tf_mw\" data-lazy=\"1\">\n        <div class=\"image-wrap tf_rel tf_mw\">\n\t\t    <img loading=\"lazy\" decoding=\"async\" width=\"160\" height=\"230\" src=\"https:\/\/www.fieger-lamellenfenster.de\/wp-content\/uploads\/2021\/04\/FLL.jpg\" class=\"wp-post-image wp-image-2256\" title=\"FLL\" alt=\"FIEGER ALUMINIUMLAMELLEN FLL 131\">\t\n\t\t<\/div>\n\t<!-- \/image-wrap -->\n    \n    \t<\/div>\n<!-- \/module image -->                    <\/div>\n                            <\/div>\n            \t    <\/div>\n\t    <!-- \/row_inner -->\n\t<\/div>\n\t<!-- \/module_row -->\n\t\t\t\t<!-- module_row -->\n\t<div  id=\"comparison-3\" data-lazy=\"1\" class=\"module_row themify_builder_row tb_l7ts565 tf_w tf_clearfix\">\n\t    \t\t\t<div class=\"row_inner col_align_middle tb_col_count_3 tf_box tf_rel\">\n\t\t            <div  data-lazy=\"1\" class=\"module_column tb-column col4-1 tb_atn6583 first\">\n                                                <\/div>\n                        <div  data-lazy=\"1\" class=\"module_column tb-column col4-1 tb_93uj583\">\n                                                        <div class=\"tb-column-inner tf_box tf_w\">\n                        \t<div  data-lazy=\"1\" class=\"module_subrow themify_builder_sub_row tb_7v23583 tf_w tf_clearfix\">\n\t    \t\t\t<div class=\"subrow_inner col_align_top tb_col_count_1 tf_box tf_w\">\n\t\t            <div  data-lazy=\"1\" class=\"module_column sub_column col-full tb_dci2583 first\">\n                                                        <div class=\"tb-column-inner tf_box tf_w\">\n                        <!-- module image -->\n<div  class=\"module module-image tb_9rs4248   image-center auto_fullwidth tf_mw\" data-lazy=\"1\">\n        <div class=\"image-wrap tf_rel tf_mw\">\n\t\t    <img loading=\"lazy\" decoding=\"async\" width=\"160\" height=\"230\" src=\"https:\/\/www.fieger-lamellenfenster.de\/wp-content\/uploads\/2021\/04\/FLM.jpg\" class=\"wp-post-image wp-image-2327\" title=\"FLM\" alt=\"FLM Lamellenfenster ohne Lamellenprofil f\u00fcr Winterg\u00e4rten oder Innenbereich\">\t\n\t\t<\/div>\n\t<!-- \/image-wrap -->\n    \n    \t<\/div>\n<!-- \/module image -->                    <\/div>\n                            <\/div>\n            \t    <\/div>\n\t<\/div><!-- \/themify_builder_sub_row -->\n\t                    <\/div>\n                            <\/div>\n                        <div  data-lazy=\"1\" class=\"module_column tb-column col4-2 tb_5e33584 last\">\n                                                        <div class=\"tb-column-inner tf_box tf_w\">\n                        <!-- module text -->\n<div  class=\"module module-text tb_yyq5584  repeat \" data-lazy=\"1\">\n        <div  class=\"tb_text_wrap\">\n    <h4>\u00bfCu\u00e1ndo se convierten las <span style=\"color: #c02126;\">ventanas FLM<\/span> en la soluci\u00f3n ideal para mi proyecto?<\/h4>    <\/div>\n<\/div>\n<!-- \/module text --><!-- module icon -->\n<div  class=\"module module-icon tb_3o8s584  small squared icon_vertical \" data-lazy=\"1\">\n        <div class=\"module-icon-item\">\n\t    \t\t\t\t\t\t    <img loading=\"lazy\" decoding=\"async\" width=\"74\" height=\"74\" src=\"https:\/\/www.fieger-lamellenfenster.de\/wp-content\/uploads\/2021\/03\/FIEGER_icon_Liste.png\" class=\"tf_box wp-post-image wp-image-1121\" title=\"Si quiere combinar las ventajas de las ventanas de lamas con la m\u00e1xima calidad.\" alt=\"Si quiere combinar las ventajas de las ventanas de lamas con la m\u00e1xima calidad.\">\t\t\t\t\t\t    \t    \t    <span>Si quiere combinar las ventajas de las ventanas de lamas con la m\u00e1xima calidad.<\/span>\n\t\t    \t\t\t\t        <\/div>\n\t        <div class=\"module-icon-item\">\n\t    \t\t\t\t\t\t    <img loading=\"lazy\" decoding=\"async\" width=\"74\" height=\"74\" src=\"https:\/\/www.fieger-lamellenfenster.de\/wp-content\/uploads\/2021\/03\/FIEGER_icon_Liste.png\" class=\"tf_box wp-post-image wp-image-1121\" title=\"Si est\u00e1 pensando en una segunda fachada de cristal o en un edificio sin calefacci\u00f3n (como un invernadero).\" alt=\"Si est\u00e1 pensando en una segunda fachada de cristal o en un edificio sin calefacci\u00f3n (como un invernadero).\">\t\t\t\t\t\t    \t    \t    <span>Si est\u00e1 pensando en una segunda fachada de cristal o en un edificio sin calefacci\u00f3n (como un invernadero).<\/span>\n\t\t    \t\t\t\t        <\/div>\n\t        <div class=\"module-icon-item\">\n\t    \t\t\t\t\t\t    <img loading=\"lazy\" decoding=\"async\" width=\"74\" height=\"74\" src=\"https:\/\/www.fieger-lamellenfenster.de\/wp-content\/uploads\/2021\/03\/FIEGER_icon_Liste.png\" class=\"tf_box wp-post-image wp-image-1121\" title=\"Si la construcci\u00f3n se lleva a cabo en pa\u00edses muy c\u00e1lidos o tropicales.\" alt=\"Si la construcci\u00f3n se lleva a cabo en pa\u00edses muy c\u00e1lidos o tropicales.\">\t\t\t\t\t\t    \t    \t    <span>Si la construcci\u00f3n se lleva a cabo en pa\u00edses muy c\u00e1lidos o tropicales.<\/span>\n\t\t    \t\t\t\t        <\/div>\n\t        <div class=\"module-icon-item\">\n\t    \t\t\t\t\t\t    <img loading=\"lazy\" decoding=\"async\" width=\"74\" height=\"74\" src=\"https:\/\/www.fieger-lamellenfenster.de\/wp-content\/uploads\/2021\/03\/FIEGER_icon_Liste.png\" class=\"tf_box wp-post-image wp-image-1121\" title=\"Si agradece que todo funcione sin problemas.\" alt=\"Si agradece que todo funcione sin problemas.\">\t\t\t\t\t\t    \t    \t    <span>Si agradece que todo funcione sin problemas.<\/span>\n\t\t    \t\t\t\t        <\/div>\n\t        <div class=\"module-icon-item\">\n\t    \t\t\t\t\t\t    <img loading=\"lazy\" decoding=\"async\" width=\"74\" height=\"74\" src=\"https:\/\/www.fieger-lamellenfenster.de\/wp-content\/uploads\/2021\/03\/FIEGER_icon_Liste.png\" class=\"tf_box wp-post-image wp-image-1121\" title=\"Si lo que le importa es un montaje eficiente.\" alt=\"Si lo que le importa es un montaje eficiente.\">\t\t\t\t\t\t    \t    \t    <span>Si lo que le importa es un montaje eficiente.<\/span>\n\t\t    \t\t\t\t        <\/div>\n\t<\/div>\n<!-- \/module icon -->\n<!-- module icon -->\n<div  class=\"module module-icon tb_w4k0584  normal circle icon_horizontal \" data-lazy=\"1\">\n        <div class=\"module-icon-item\">\n\t    \t\t<a href=\"https:\/\/www.fieger-lamellenfenster.de\/es\/productos\/productos-flm-pg-flm-lg\/\">\n\t    \t\t\t\t\t\t    <em class=\"tf_box\" style=\"background-color:#e8311f;color:#ffeeed\"><svg  class=\"tf_fa tf-ti-angle-right\" aria-hidden=\"true\"><use href=\"#tf-ti-angle-right\"><\/use><\/svg><\/em>\n\t\t\t\t\t\t    \t    \t    <span>Ir a la p\u00e1gina de productos FLM<\/span>\n\t\t    \t\t\t\t\t\t<\/a>\n\t\t        <\/div>\n\t<\/div>\n<!-- \/module icon -->\n                    <\/div>\n                            <\/div>\n            \t    <\/div>\n\t    <!-- \/row_inner -->\n\t<\/div>\n\t<!-- \/module_row -->\n\t\t\t\t<!-- module_row -->\n\t<div  id=\"comparison-2-2\" data-lazy=\"1\" class=\"module_row themify_builder_row tb_8im9565 tf_w tf_clearfix\">\n\t    \t\t\t<div class=\"row_inner col_align_middle tb_col_count_3 tf_box tf_rel\">\n\t\t            <div  data-lazy=\"1\" class=\"module_column tb-column col4-1 tb_gtgd584 first\">\n                                                <\/div>\n                        <div  data-lazy=\"1\" class=\"module_column tb-column col4-1 tb_hzy9584\">\n                                                        <div class=\"tb-column-inner tf_box tf_w\">\n                        <!-- module text -->\n<div  class=\"module module-text tb_sj1j584  repeat \" data-lazy=\"1\">\n        <div  class=\"tb_text_wrap\">\n    <h4>\u00bfCu\u00e1ndo se convierten las <span style=\"color: #c02126;\">ventanas FDS<\/span> en la soluci\u00f3n ideal para mi proyecto?<\/h4>    <\/div>\n<\/div>\n<!-- \/module text --><!-- module icon -->\n<div  class=\"module module-icon tb_5082584  small squared icon_vertical \" data-lazy=\"1\">\n        <div class=\"module-icon-item\">\n\t    \t\t\t\t\t\t    <img loading=\"lazy\" decoding=\"async\" width=\"74\" height=\"74\" src=\"https:\/\/www.fieger-lamellenfenster.de\/wp-content\/uploads\/2021\/03\/FIEGER_icon_Liste.png\" class=\"tf_box wp-post-image wp-image-1121\" title=\"Si quiere combinar las ventajas de las ventanas de lamas con la m\u00e1xima calidad.\" alt=\"Si quiere combinar las ventajas de las ventanas de lamas con la m\u00e1xima calidad.\">\t\t\t\t\t\t    \t    \t    <span>Si quiere combinar las ventajas de las ventanas de lamas con la m\u00e1xima calidad.<\/span>\n\t\t    \t\t\t\t        <\/div>\n\t        <div class=\"module-icon-item\">\n\t    \t\t\t\t\t\t    <img loading=\"lazy\" decoding=\"async\" width=\"74\" height=\"74\" src=\"https:\/\/www.fieger-lamellenfenster.de\/wp-content\/uploads\/2021\/03\/FIEGER_icon_Liste.png\" class=\"tf_box wp-post-image wp-image-1121\" title=\"Si quiere a\u00f1adir ideas propias en cuestiones de tama\u00f1o, forma y funci\u00f3n.\" alt=\"Si quiere a\u00f1adir ideas propias en cuestiones de tama\u00f1o, forma y funci\u00f3n.\">\t\t\t\t\t\t    \t    \t    <span>Si quiere a\u00f1adir ideas propias en cuestiones de tama\u00f1o, forma y funci\u00f3n.<\/span>\n\t\t    \t\t\t\t        <\/div>\n\t        <div class=\"module-icon-item\">\n\t    \t\t\t\t\t\t    <img loading=\"lazy\" decoding=\"async\" width=\"74\" height=\"74\" src=\"https:\/\/www.fieger-lamellenfenster.de\/wp-content\/uploads\/2021\/03\/FIEGER_icon_Liste.png\" class=\"tf_box wp-post-image wp-image-1121\" title=\"Si est\u00e1 planeando una construcci\u00f3n innovadora y necesita un socio innovador y fiable.\" alt=\"Si est\u00e1 planeando una construcci\u00f3n innovadora y necesita un socio innovador y fiable.\">\t\t\t\t\t\t    \t    \t    <span>Si est\u00e1 planeando una construcci\u00f3n innovadora y necesita un socio innovador y fiable.<\/span>\n\t\t    \t\t\t\t        <\/div>\n\t        <div class=\"module-icon-item\">\n\t    \t\t\t\t\t\t    <img loading=\"lazy\" decoding=\"async\" width=\"74\" height=\"74\" src=\"https:\/\/www.fieger-lamellenfenster.de\/wp-content\/uploads\/2021\/03\/FIEGER_icon_Liste.png\" class=\"tf_box wp-post-image wp-image-1121\" title=\"Si agradece que todo funcione sin problemas.\" alt=\"Si agradece que todo funcione sin problemas.\">\t\t\t\t\t\t    \t    \t    <span>Si agradece que todo funcione sin problemas.<\/span>\n\t\t    \t\t\t\t        <\/div>\n\t<\/div>\n<!-- \/module icon -->\n<!-- module icon -->\n<div  class=\"module module-icon tb_groc585  normal circle icon_horizontal \" data-lazy=\"1\">\n        <div class=\"module-icon-item\">\n\t    \t\t<a href=\"https:\/\/www.fieger-lamellenfenster.de\/es\/productos\/productos-fds\/\">\n\t    \t\t\t\t\t\t    <em class=\"tf_box\" style=\"background-color:#e8311f;color:#ffeeed\"><svg  class=\"tf_fa tf-ti-angle-right\" aria-hidden=\"true\"><use href=\"#tf-ti-angle-right\"><\/use><\/svg><\/em>\n\t\t\t\t\t\t    \t    \t    <span>Ir a la p\u00e1gina de productos FDS<\/span>\n\t\t    \t\t\t\t\t\t<\/a>\n\t\t        <\/div>\n\t<\/div>\n<!-- \/module icon -->\n                    <\/div>\n                            <\/div>\n                        <div  data-lazy=\"1\" class=\"module_column tb-column col4-2 tb_ejt3585 last\">\n                                                        <div class=\"tb-column-inner tf_box tf_w\">\n                        <!-- module image -->\n<div  class=\"module module-image tb_03tx585   image-left tf_mw\" data-lazy=\"1\">\n        <div class=\"image-wrap tf_rel tf_mw\">\n\t\t    <img loading=\"lazy\" decoding=\"async\" src=\"https:\/\/www.fieger-lamellenfenster.de\/wp-content\/uploads\/2021\/04\/FDS-CampusLingen1_thumb-150x150-1-220x220.jpg\" width=\"220\" height=\"220\" class=\"wp-post-image wp-image-2347\" title=\"FDS-CampusLingen1_thumb-150x150\" alt=\"Fieger Lamellenfester Sonderanfertigung f\u00fcr den Campus Lingen\" srcset=\"https:\/\/www.fieger-lamellenfenster.de\/wp-content\/uploads\/2021\/04\/FDS-CampusLingen1_thumb-150x150-1-220x220.jpg 220w, https:\/\/www.fieger-lamellenfenster.de\/wp-content\/uploads\/2021\/04\/FDS-CampusLingen1_thumb-150x150-1.jpg 150w\" sizes=\"(max-width: 220px) 100vw, 220px\" \/>\t\n\t\t<\/div>\n\t<!-- \/image-wrap -->\n    \n    \t<\/div>\n<!-- \/module image -->                    <\/div>\n                            <\/div>\n            \t    <\/div>\n\t    <!-- \/row_inner -->\n\t<\/div>\n\t<!-- \/module_row -->\n\t\t\t\t<!-- module_row -->\n\t<div  id=\"CAT\" data-lazy=\"1\" class=\"module_row themify_builder_row tb_bf6r710 tf_w tf_clearfix\">\n\t    \t\t\t<div class=\"row_inner col_align_top tb_col_count_1 tf_box tf_rel\">\n\t\t            <div  data-lazy=\"1\" class=\"module_column tb-column col-full tb_7bo2710 first\">\n                                                        <div class=\"tb-column-inner tf_box tf_w\">\n                        \t<div  data-lazy=\"1\" class=\"module_subrow themify_builder_sub_row tb_i8ak711 tf_w tf_clearfix\">\n\t    \t\t\t<div class=\"subrow_inner col_align_middle tb_col_count_2 tf_box tf_w\">\n\t\t            <div  data-lazy=\"1\" class=\"module_column sub_column col3-1 tb_7pys711 first\">\n                                                <\/div>\n                        <div  data-lazy=\"1\" class=\"module_column sub_column col3-2 tb_7pet711 last\">\n                                                        <div class=\"tb-column-inner tf_box tf_w\">\n                        <!-- module text -->\n<div  class=\"module module-text tb_wkb6711   \" data-lazy=\"1\">\n        <div  class=\"tb_text_wrap\">\n    <h3>\u00bfQu\u00e9 criterios deben cumplir las ventanas en mi proyecto actual?<\/h3>\n<p><\/p>    <\/div>\n<\/div>\n<!-- \/module text --><!-- module buttons -->\n<div  class=\"module module-buttons tb_cvby909 buttons-horizontal solid  squared\" data-lazy=\"1\">\n    \t<div class=\"module-buttons-item tf_inline_b\">\n\t\t\t\t\t\t\t<a href=\"https:\/\/www.fieger-lamellenfenster.de\/es\/contacto\/\" class=\"ui builder_button orange\" >\n\t\t\t\t\t\t\t\t\t\t\t<span class=\"tf_inline_b tf_vmiddle\">Contacto<\/span>\n\t\t\t\t\t\t\t\t\t\t\t<\/a>\n\t\t\t    \t<\/div>\n    <\/div>\n<!-- \/module buttons -->\n<!-- module text -->\n<div  class=\"module module-text tb_z2vv712   \" data-lazy=\"1\">\n        <div  class=\"tb_text_wrap\">\n    <p><strong>Nuestro equipo t\u00e9cnico puede asesorarle directamente:<\/strong><br>info@fieger-lamellenfenster.de <br>+49 6201 84434-0<\/p>    <\/div>\n<\/div>\n<!-- \/module text -->                    <\/div>\n                            <\/div>\n            \t    <\/div>\n\t<\/div><!-- \/themify_builder_sub_row -->\n\t                    <\/div>\n                            <\/div>\n            \t    <\/div>\n\t    <!-- \/row_inner -->\n\t<\/div>\n\t<!-- \/module_row -->\n\t<\/div>\n<!--\/themify_builder_content-->","protected":false},"excerpt":{"rendered":"<p>Lo mejor en ventanas de lamas:VENTANA DE LAMAS FIEGER Nuestras ventanas de la gama FLW son los productos m\u00e1s vendidos de FIEGER. Las ventanas con doble o triple acristalamiento re\u00fanen todas las ventajas de las ventanas de lamas.Las FLM son ventanas sin rotura de puente t\u00e9rmico y con acristalamiento monol\u00edtico, por lo que son transparentes, [&hellip;]<\/p>\n","protected":false},"author":18,"featured_media":0,"parent":0,"menu_order":2,"comment_status":"closed","ping_status":"closed","template":"","meta":{"footnotes":""},"_links":{"self":[{"href":"https:\/\/www.fieger-lamellenfenster.de\/es\/wp-json\/wp\/v2\/pages\/5709"}],"collection":[{"href":"https:\/\/www.fieger-lamellenfenster.de\/es\/wp-json\/wp\/v2\/pages"}],"about":[{"href":"https:\/\/www.fieger-lamellenfenster.de\/es\/wp-json\/wp\/v2\/types\/page"}],"author":[{"embeddable":true,"href":"https:\/\/www.fieger-lamellenfenster.de\/es\/wp-json\/wp\/v2\/users\/18"}],"replies":[{"embeddable":true,"href":"https:\/\/www.fieger-lamellenfenster.de\/es\/wp-json\/wp\/v2\/comments?post=5709"}],"version-history":[{"count":52,"href":"https:\/\/www.fieger-lamellenfenster.de\/es\/wp-json\/wp\/v2\/pages\/5709\/revisions"}],"predecessor-version":[{"id":12166,"href":"https:\/\/www.fieger-lamellenfenster.de\/es\/wp-json\/wp\/v2\/pages\/5709\/revisions\/12166"}],"wp:attachment":[{"href":"https:\/\/www.fieger-lamellenfenster.de\/es\/wp-json\/wp\/v2\/media?parent=5709"}],"curies":[{"name":"wp","href":"https:\/\/api.w.org\/{rel}","templated":true}]}}