{"id":5707,"date":"2021-07-09T11:09:29","date_gmt":"2021-07-09T09:09:29","guid":{"rendered":"https:\/\/www.fieger-lamellenfenster.de\/soluciones\/"},"modified":"2025-02-28T07:50:14","modified_gmt":"2025-02-28T06:50:14","slug":"soluciones","status":"publish","type":"page","link":"https:\/\/www.fieger-lamellenfenster.de\/es\/soluciones\/","title":{"rendered":"Soluciones"},"content":{"rendered":"<div class=\"wp-block-themepunch-revslider revslider\" data-modal=\"false\" data-slidertitle=\"Loesungen_ES\" style=\"\">\n\t\t\t<!-- START Loesungen_ES REVOLUTION SLIDER 6.6.20 --><p class=\"rs-p-wp-fix\"><\/p>\n\t\t\t<rs-module-wrap id=\"rev_slider_52_1_wrapper\" data-source=\"gallery\" style=\"visibility:hidden;background:transparent;padding:0;margin:0px auto;margin-top:0;margin-bottom:0;\">\n\t\t\t\t<rs-module id=\"rev_slider_52_1\" style=\"\" data-version=\"6.6.20\">\n\t\t\t\t\t<rs-slides style=\"overflow: hidden; position: absolute;\">\n\t\t\t\t\t\t<rs-slide style=\"position: absolute;\" data-key=\"rs-74\" data-title=\"Slide2\" data-duration=\"4000ms\" data-in=\"o:0;\" data-out=\"a:false;\" data-d3=\"f:turn;d:vertical;su:true;\">\n\t\t\t\t\t\t\t<img decoding=\"async\" src=\"\/\/www.fieger-lamellenfenster.de\/wp-content\/plugins\/revslider\/public\/assets\/assets\/dummy.png\" alt=\"Fieger FLL Lamellen kreative Umsetzung f\u00fcr blickdichte L\u00fcftungs- und Entrauchungsregler im Knauf Museum Iphofen, Deutschland\" title=\"FLL Lamellen Landscape_produkte-1920&#215;300\" width=\"1920\" height=\"300\" class=\"rev-slidebg tp-rs-img rs-lazyload\" data-lazyload=\"\/\/www.fieger-lamellenfenster.de\/wp-content\/uploads\/2021\/04\/Landscape_einsatzmoeglichkeiten-1920x300-1.jpg\" data-no-retina>\n<!--\n\t\t\t\t\t\t\t--><rs-layer\n\t\t\t\t\t\t\t\tid=\"slider-52-slide-74-layer-2\" \n\t\t\t\t\t\t\t\tdata-type=\"text\"\n\t\t\t\t\t\t\t\tdata-color=\"#000000\"\n\t\t\t\t\t\t\t\tdata-rsp_ch=\"on\"\n\t\t\t\t\t\t\t\tdata-xy=\"x:-350px;y:92px;\"\n\t\t\t\t\t\t\t\tdata-text=\"w:nowrap;s:32;l:41;fw:700;a:right;\"\n\t\t\t\t\t\t\t\tdata-dim=\"w:956px;h:87px;\"\n\t\t\t\t\t\t\t\tdata-vbility=\"t,t,t,f\"\n\t\t\t\t\t\t\t\tdata-padding=\"t:5;r:15;b:5;l:80;\"\n\t\t\t\t\t\t\t\tdata-frame_0=\"x:right;\"\n\t\t\t\t\t\t\t\tdata-frame_1=\"sp:1000;\"\n\t\t\t\t\t\t\t\tdata-frame_999=\"o:0;st:w;\"\n\t\t\t\t\t\t\t\tstyle=\"z-index:8;background-color:rgba(255,255,255,0.9);font-family:'Oswald';\"\n\t\t\t\t\t\t\t><font color=\"#c02126\">LAS VENTANAS FIEGER <\/font> OFRECEN M\u00c1S <br>QUE LUZ Y <font color=\"#c02126\">BUENAS VISTAS.<\/font> \n\t\t\t\t\t\t\t<\/rs-layer><!--\n-->\t\t\t\t\t\t<\/rs-slide>\n\t\t\t\t\t<\/rs-slides>\n\t\t\t\t\t<rs-static-layers><!--\n\t\t\t\t\t--><\/rs-static-layers>\n\t\t\t\t<\/rs-module>\n\t\t\t\t<script>\n\t\t\t\t\tsetREVStartSize({c: 'rev_slider_52_1',rl:[1240,1024,778,480],el:[300],gw:[1240],gh:[300],type:'standard',justify:'',layout:'fullwidth',mh:\"0\"});if (window.RS_MODULES!==undefined && window.RS_MODULES.modules!==undefined && window.RS_MODULES.modules[\"revslider521\"]!==undefined) {window.RS_MODULES.modules[\"revslider521\"].once = false;window.revapi52 = undefined;if (window.RS_MODULES.checkMinimal!==undefined) window.RS_MODULES.checkMinimal()}\n\t\t\t\t<\/script>\n\t\t\t<\/rs-module-wrap>\n\t\t\t<!-- END REVOLUTION SLIDER -->\n<\/div>\n\n<!--themify_builder_content-->\n<div id=\"themify_builder_content-5707\" data-postid=\"5707\" class=\"themify_builder_content themify_builder_content-5707 themify_builder tf_clear\">\n    \t\t\t<!-- module_row -->\n\t<div  data-lazy=\"1\" class=\"module_row themify_builder_row tb_4aat80 tb_first tf_w tf_clearfix\">\n\t    \t\t\t<div class=\"row_inner col_align_top tb_col_count_1 tf_box tf_rel\">\n\t\t            <div  data-lazy=\"1\" class=\"module_column tb-column col-full tb_4ton80 first\">\n                                                        <div class=\"tb-column-inner tf_box tf_w\">\n                        <!-- module fancy heading -->\n<div  class=\"module module-fancy-heading tb_5uc980 \" data-lazy=\"1\">\n        <h1 class=\"fancy-heading tf_textc\">\n    <span class=\"main-head tf_block\">\n\t\t\t\t\tSoluciones convincentes\t\t    <\/span>\n\n\t\n    <span class=\"sub-head tf_block tf_rel\">\n\t\t\t\t\tpara el dise\u00f1o, ventilaci\u00f3n, eficiencia energ\u00e9tica y seguridad \t\t    <\/span>\n    <\/h1>\n<\/div>\n<!-- \/module fancy heading -->\n\t<div  data-lazy=\"1\" class=\"module_subrow themify_builder_sub_row tb_6xpc81 tf_w tf_clearfix\">\n\t    \t\t\t<div class=\"subrow_inner col_align_top tb_col_count_2 tf_box tf_w\">\n\t\t            <div  data-lazy=\"1\" class=\"module_column sub_column tb_brya82 first\">\n                                                        <div class=\"tb-column-inner tf_box tf_w\">\n                        <!-- module text -->\n<div  class=\"module module-text tb_aa4h82   \" data-lazy=\"1\">\n        <div  class=\"tb_text_wrap\">\n    <p>Las ventanas de lamas FIEGER est\u00e1n disponibles en todos los colores, desde acristalamiento simple hasta acristalamiento triple, como ventana de protecci\u00f3n solar, como ventanas de protecci\u00f3n t\u00e9rmica, con vidrio float, vidrio de seguridad templado, vidrio&nbsp;de seguridad laminado, una combinaci\u00f3n de estos vidrios, con lamas de paneles de aluminio aislantes,&nbsp; con marcos de aluminio o con lamas sin marco.<\/p>    <\/div>\n<\/div>\n<!-- \/module text -->                    <\/div>\n                            <\/div>\n                        <div  data-lazy=\"1\" class=\"module_column sub_column tb_6bvx82 last\">\n                                                        <div class=\"tb-column-inner tf_box tf_w\">\n                        <!-- module text -->\n<div  class=\"module module-text tb_w8uz82   \" data-lazy=\"1\">\n        <div  class=\"tb_text_wrap\">\n    <p>No hay l\u00edmites a la creatividad cuando se trata de dise\u00f1os especiales: env\u00edenos sus ideas y estaremos encantados de comprobar la viabilidad por usted.<\/p><p><span style=\"background-color: initial; font-size: 1em;\">Las ventanas de lamas FIEGER ofrecen soluciones ingeniosas para los retos arquitect\u00f3nicos m\u00e1s exigentes.<\/span><br><\/p><div><br><\/div>    <\/div>\n<\/div>\n<!-- \/module text -->                    <\/div>\n                            <\/div>\n            \t    <\/div>\n\t<\/div><!-- \/themify_builder_sub_row -->\n\t                    <\/div>\n                            <\/div>\n            \t    <\/div>\n\t    <!-- \/row_inner -->\n\t<\/div>\n\t<!-- \/module_row -->\n\t\t\t\t<!-- module_row -->\n\t<div  data-anchor=\"ventajas\" data-lazy=\"1\" class=\"module_row themify_builder_row tb_has_section tb_section-ventajas tb_0721292 tf_w tf_clearfix\">\n\t    \t\t\t<div class=\"row_inner col_align_top tb_col_count_2 tf_box tf_rel\">\n\t\t            <div  data-lazy=\"1\" class=\"module_column tb-column col3-1 tb_30t2300 first\">\n                                                        <div class=\"tb-column-inner tf_box tf_w\">\n                        <!-- module text -->\n<div  class=\"module module-text tb_4gw6703   \" data-lazy=\"1\">\n        <div  class=\"tb_text_wrap\">\n    <h3>Ventanas de lamas FIEGER en acci\u00f3n<\/h3>\n<p>En esta p\u00e1gina le presentamos algunos de los \u00e1mbitos de aplicaci\u00f3n, as\u00ed como los m\u00e1s diversos \u00e1mbitos de uso de nuestras ventanas de lamas FIEGER.<\/p>    <\/div>\n<\/div>\n<!-- \/module text -->\t<div  data-sticky-active=\"{&quot;d&quot;:{&quot;stick&quot;:{&quot;v&quot;:&quot;100&quot;},&quot;unstick&quot;:{&quot;type&quot;:&quot;builder&quot;}}}\" data-lazy=\"1\" class=\"module_subrow themify_builder_sub_row tb_ghl3300 tf_w tf_clearfix\">\n\t    \t\t\t<div class=\"subrow_inner col_align_top tb_col_count_1 tf_box tf_w\">\n\t\t            <div  data-lazy=\"1\" class=\"module_column sub_column col-full tb_b4oq174 first\">\n                                                        <div class=\"tb-column-inner tf_box tf_w\">\n                        <!-- module icon -->\n<div  class=\"module module-icon tb_gqi0977  normal circle icon_vertical \" data-lazy=\"1\">\n        <div class=\"module-icon-item\">\n\t    \t\t<a href=\"#ventajas\">\n\t    \t\t\t\t\t\t    <em class=\"tf_box\"><svg  class=\"tf_fa tf-ti-angle-right\" aria-hidden=\"true\"><use href=\"#tf-ti-angle-right\"><\/use><\/svg><\/em>\n\t\t\t\t\t\t    \t    \t    <span>Ventajas de la ventanas de lamas Fieger<\/span>\n\t\t    \t\t\t\t\t\t<\/a>\n\t\t        <\/div>\n\t        <div class=\"module-icon-item\">\n\t    \t\t<a href=\"#disenador\">\n\t    \t\t\t\t\t\t    <em class=\"tf_box\"><svg  class=\"tf_fa tf-ti-angle-right\" aria-hidden=\"true\"><use href=\"#tf-ti-angle-right\"><\/use><\/svg><\/em>\n\t\t\t\t\t\t    \t    \t    <span>Para dise\u00f1adores y arquitectos<\/span>\n\t\t    \t\t\t\t\t\t<\/a>\n\t\t        <\/div>\n\t        <div class=\"module-icon-item\">\n\t    \t\t<a href=\"#tecnicos\">\n\t    \t\t\t\t\t\t    <em class=\"tf_box\"><svg  class=\"tf_fa tf-ti-angle-right\" aria-hidden=\"true\"><use href=\"#tf-ti-angle-right\"><\/use><\/svg><\/em>\n\t\t\t\t\t\t    \t    \t    <span>Para expertos del gremio<\/span>\n\t\t    \t\t\t\t\t\t<\/a>\n\t\t        <\/div>\n\t        <div class=\"module-icon-item\">\n\t    \t\t<a href=\"#regulada\">\n\t    \t\t\t\t\t\t    <em class=\"tf_box\"><svg  class=\"tf_fa tf-ti-angle-right\" aria-hidden=\"true\"><use href=\"#tf-ti-angle-right\"><\/use><\/svg><\/em>\n\t\t\t\t\t\t    \t    \t    <span>Ventilaci\u00f3n controlada para edificios p\u00fablicos<\/span>\n\t\t    \t\t\t\t\t\t<\/a>\n\t\t        <\/div>\n\t        <div class=\"module-icon-item\">\n\t    \t\t<a href=\"#eficienciaenergetica\">\n\t    \t\t\t\t\t\t    <em class=\"tf_box\"><svg  class=\"tf_fa tf-ti-angle-right\" aria-hidden=\"true\"><use href=\"#tf-ti-angle-right\"><\/use><\/svg><\/em>\n\t\t\t\t\t\t    \t    \t    <span>Eficiencia energ\u00e9tica gracias a la ventilaci\u00f3n controlada (AirTec)<\/span>\n\t\t    \t\t\t\t\t\t<\/a>\n\t\t        <\/div>\n\t        <div class=\"module-icon-item\">\n\t    \t\t<a href=\"#salida\">\n\t    \t\t\t\t\t\t    <em class=\"tf_box\"><svg  class=\"tf_fa tf-ti-angle-right\" aria-hidden=\"true\"><use href=\"#tf-ti-angle-right\"><\/use><\/svg><\/em>\n\t\t\t\t\t\t    \t    \t    <span>Extracci\u00f3n natural de humos en la protecci\u00f3n contra incendios (SmoTec)<\/span>\n\t\t    \t\t\t\t\t\t<\/a>\n\t\t        <\/div>\n\t        <div class=\"module-icon-item\">\n\t    \t\t<a href=\"#antirrobos\">\n\t    \t\t\t\t\t\t    <em class=\"tf_box\"><svg  class=\"tf_fa tf-ti-angle-right\" aria-hidden=\"true\"><use href=\"#tf-ti-angle-right\"><\/use><\/svg><\/em>\n\t\t\t\t\t\t    \t    \t    <span>Protecci\u00f3n antirrobos mediante barras transversales adicionales.<\/span>\n\t\t    \t\t\t\t\t\t<\/a>\n\t\t        <\/div>\n\t        <div class=\"module-icon-item\">\n\t    \t\t<a href=\"#certificaciones\">\n\t    \t\t\t\t\t\t    <em class=\"tf_box\"><svg  class=\"tf_fa tf-ti-angle-right\" aria-hidden=\"true\"><use href=\"#tf-ti-angle-right\"><\/use><\/svg><\/em>\n\t\t\t\t\t\t    \t    \t    <span>Nuestros certificados m\u00e1s importantes seg\u00fan las normas DIN<\/span>\n\t\t    \t\t\t\t\t\t<\/a>\n\t\t        <\/div>\n\t<\/div>\n<!-- \/module icon -->\n<!-- module buttons -->\n<div  class=\"module module-buttons tb_ud6u243 buttons-horizontal solid  small squared\" data-lazy=\"1\">\n    \t<div class=\"module-buttons-item tf_inline_b\">\n\t\t\t\t\t\t\t<a href=\"https:\/\/www.fieger-lamellenfenster.de\/es\/productos\/\" class=\"ui builder_button red\" >\n\t\t\t\t\t\t\t\t\t\t\t\t<em class=\"tf_inline_b tf_vmiddle\"><svg  class=\"tf_fa tf-ti-angle-right\" aria-hidden=\"true\"><use href=\"#tf-ti-angle-right\"><\/use><\/svg><\/em>\t\t\t\t\t\t\t\t<span class=\"tf_inline_b tf_vmiddle\">Productos<\/span>\n\t\t\t\t\t\t\t\t\t\t\t<\/a>\n\t\t\t    \t<\/div>\n    <\/div>\n<!-- \/module buttons -->\n                    <\/div>\n                            <\/div>\n            \t    <\/div>\n\t<\/div><!-- \/themify_builder_sub_row -->\n\t                    <\/div>\n                            <\/div>\n                        <div  data-lazy=\"1\" class=\"module_column tb-column col3-2 tb_y7ya000 last\">\n                                                        <div class=\"tb-column-inner tf_box tf_w\">\n                        <!-- module image -->\n<div  class=\"module module-image tb_9q1q119   image-center auto_fullwidth tf_mw\" data-lazy=\"1\">\n        <div class=\"image-wrap tf_rel tf_mw\">\n\t\t    <a href=\"https:\/\/www.fieger-lamellenfenster.de\/wp-content\/uploads\/2021\/06\/BMW-Welt-Muenchen740x555.jpg\"\n\t        class=\"lightbox-builder themify_lightbox\" data-zoom-config=\"700px|500px\"\t       >\n\t\t   \t\t\t\t\t\t<span class=\"zoom\">\n\t\t\t    <svg  aria-label=\"Open\" class=\"tf_fa tf-ti-search\" role=\"img\"><use href=\"#tf-ti-search\"><\/use><\/svg>\t\t\t<\/span>\n\t\t    \t\t<img loading=\"lazy\" decoding=\"async\" src=\"https:\/\/www.fieger-lamellenfenster.de\/wp-content\/uploads\/2021\/06\/BMW-Welt-Muenchen740x555-740x555.jpg\" width=\"740\" height=\"555\" class=\"wp-post-image wp-image-4940\" title=\"BMW Welt Muenchen\" alt=\"Fieger FDS Lamellen DESIGN UND SONDERBAU IN ALLEN DENKBAREN FORMEN\" srcset=\"https:\/\/www.fieger-lamellenfenster.de\/wp-content\/uploads\/2021\/06\/BMW-Welt-Muenchen740x555.jpg 740w, https:\/\/www.fieger-lamellenfenster.de\/wp-content\/uploads\/2021\/06\/BMW-Welt-Muenchen740x555-300x225.jpg 300w\" sizes=\"(max-width: 740px) 100vw, 740px\" \/>\t    <\/a>\n\t\n\t\t<\/div>\n\t<!-- \/image-wrap -->\n    \n    \t<\/div>\n<!-- \/module image -->\t<div  data-lazy=\"1\" class=\"module_subrow themify_builder_sub_row tb_nqtt629 tf_w tf_clearfix\">\n\t    \t\t\t<div class=\"subrow_inner col_align_top tb_col_count_4 tf_box tf_w\">\n\t\t            <div  data-lazy=\"1\" class=\"module_column sub_column col4-1 tb_r5ej629 first\">\n                                                        <div class=\"tb-column-inner tf_box tf_w\">\n                        <!-- module image -->\n<div  class=\"module module-image tb_qol3630   image-center tf_mw\" data-lazy=\"1\">\n        <div class=\"image-wrap tf_rel tf_mw\">\n\t\t    <a href=\"https:\/\/www.fieger-lamellenfenster.de\/wp-content\/uploads\/2021\/06\/Sigmund-Freud-InstitutFrankfurt-amMain_740x555.jpg\"\n\t        class=\"lightbox-builder themify_lightbox\" data-zoom-config=\"700px|500px\"\t       >\n\t\t   \t\t\t\t\t\t<span class=\"zoom\">\n\t\t\t    <svg  aria-label=\"Open\" class=\"tf_fa tf-ti-search\" role=\"img\"><use href=\"#tf-ti-search\"><\/use><\/svg>\t\t\t<\/span>\n\t\t    \t\t<img loading=\"lazy\" decoding=\"async\" src=\"https:\/\/www.fieger-lamellenfenster.de\/wp-content\/uploads\/2021\/06\/Sigmund-Freud-InstitutFrankfurt-amMain_740x555-300x225.jpg\" width=\"300\" height=\"225\" class=\"wp-post-image wp-image-4952\" title=\"Sigmund-Freud- Institut in Frankfurt am Main\" alt=\"Lamellenfenster von Fieger sind sowohl gestalterisch wie auch in Energie-, Brandschutz-, und L\u00fcftungskonzepten unschlagbar vielseitig. Aussenansicht des \" srcset=\"https:\/\/www.fieger-lamellenfenster.de\/wp-content\/uploads\/2021\/06\/Sigmund-Freud-InstitutFrankfurt-amMain_740x555-300x225.jpg 300w, https:\/\/www.fieger-lamellenfenster.de\/wp-content\/uploads\/2021\/06\/Sigmund-Freud-InstitutFrankfurt-amMain_740x555.jpg 740w\" sizes=\"(max-width: 300px) 100vw, 300px\" \/>\t    <\/a>\n\t\n\t\t<\/div>\n\t<!-- \/image-wrap -->\n    \n    \t<\/div>\n<!-- \/module image -->                    <\/div>\n                            <\/div>\n                        <div  data-lazy=\"1\" class=\"module_column sub_column col4-1 tb_vvsk630\">\n                                                        <div class=\"tb-column-inner tf_box tf_w\">\n                        <!-- module image -->\n<div  class=\"module module-image tb_i5hf630   image-center tf_mw\" data-lazy=\"1\">\n        <div class=\"image-wrap tf_rel tf_mw\">\n\t\t    <a href=\"https:\/\/www.fieger-lamellenfenster.de\/wp-content\/uploads\/2021\/06\/Golspie-Street-Glasgow_740x555.jpg\"\n\t        class=\"lightbox-builder themify_lightbox\" data-zoom-config=\"700px|500px\"\t       >\n\t\t   \t\t\t\t\t\t<span class=\"zoom\">\n\t\t\t    <svg  aria-label=\"Open\" class=\"tf_fa tf-ti-search\" role=\"img\"><use href=\"#tf-ti-search\"><\/use><\/svg>\t\t\t<\/span>\n\t\t    \t\t<img loading=\"lazy\" decoding=\"async\" src=\"https:\/\/www.fieger-lamellenfenster.de\/wp-content\/uploads\/2021\/06\/Golspie-Street-Glasgow_740x555-300x225.jpg\" width=\"300\" height=\"225\" class=\"wp-post-image wp-image-4944\" title=\"Golspie Street Glasgow\" alt=\"Fieger FLW Lamellenfenster im Treppenhaus der Golspie-Street-Glasgow Scotland\" srcset=\"https:\/\/www.fieger-lamellenfenster.de\/wp-content\/uploads\/2021\/06\/Golspie-Street-Glasgow_740x555-300x225.jpg 300w, https:\/\/www.fieger-lamellenfenster.de\/wp-content\/uploads\/2021\/06\/Golspie-Street-Glasgow_740x555.jpg 740w\" sizes=\"(max-width: 300px) 100vw, 300px\" \/>\t    <\/a>\n\t\n\t\t<\/div>\n\t<!-- \/image-wrap -->\n    \n    \t<\/div>\n<!-- \/module image -->                    <\/div>\n                            <\/div>\n                        <div  data-lazy=\"1\" class=\"module_column sub_column col4-1 tb_7w8s630\">\n                                                        <div class=\"tb-column-inner tf_box tf_w\">\n                        <!-- module image -->\n<div  class=\"module module-image tb_gyfx630   image-center tf_mw\" data-lazy=\"1\">\n        <div class=\"image-wrap tf_rel tf_mw\">\n\t\t    <a href=\"https:\/\/www.fieger-lamellenfenster.de\/wp-content\/uploads\/2021\/06\/BuchwaldsBroHorsenDaenemark_750x555.jpg\"\n\t        class=\"lightbox-builder themify_lightbox\" data-zoom-config=\"700px|500px\"\t       >\n\t\t   \t\t\t\t\t\t<span class=\"zoom\">\n\t\t\t    <svg  aria-label=\"Open\" class=\"tf_fa tf-ti-search\" role=\"img\"><use href=\"#tf-ti-search\"><\/use><\/svg>\t\t\t<\/span>\n\t\t    \t\t<img loading=\"lazy\" decoding=\"async\" src=\"https:\/\/www.fieger-lamellenfenster.de\/wp-content\/uploads\/2021\/06\/BuchwaldsBroHorsenDaenemark_750x555-300x225.jpg\" width=\"300\" height=\"225\" class=\"wp-post-image wp-image-5085\" title=\"Buchwalds Bro Horsen D\u00e4nemark\" alt=\"Fl\u00e4chenb\u00fcndige, \u00f6ffenbare Glasfassaden\" srcset=\"https:\/\/www.fieger-lamellenfenster.de\/wp-content\/uploads\/2021\/06\/BuchwaldsBroHorsenDaenemark_750x555-300x225.jpg 300w, https:\/\/www.fieger-lamellenfenster.de\/wp-content\/uploads\/2021\/06\/BuchwaldsBroHorsenDaenemark_750x555.jpg 740w\" sizes=\"(max-width: 300px) 100vw, 300px\" \/>\t    <\/a>\n\t\n\t\t<\/div>\n\t<!-- \/image-wrap -->\n    \n    \t<\/div>\n<!-- \/module image -->                    <\/div>\n                            <\/div>\n                        <div  data-lazy=\"1\" class=\"module_column sub_column col4-1 tb_pio7630 last\">\n                                                        <div class=\"tb-column-inner tf_box tf_w\">\n                        <!-- module image -->\n<div  class=\"module module-image tb_5cy5630   image-center tf_mw\" data-lazy=\"1\">\n        <div class=\"image-wrap tf_rel tf_mw\">\n\t\t    <a href=\"https:\/\/www.fieger-lamellenfenster.de\/wp-content\/uploads\/2021\/06\/Pontivy.jpg\"\n\t        class=\"lightbox-builder themify_lightbox\" data-zoom-config=\"700px|500px\"\t       >\n\t\t   \t\t\t\t\t\t<span class=\"zoom\">\n\t\t\t    <svg  aria-label=\"Open\" class=\"tf_fa tf-ti-search\" role=\"img\"><use href=\"#tf-ti-search\"><\/use><\/svg>\t\t\t<\/span>\n\t\t    \t\t<img loading=\"lazy\" decoding=\"async\" src=\"https:\/\/www.fieger-lamellenfenster.de\/wp-content\/uploads\/2021\/06\/Pontivy-300x225.jpg\" width=\"300\" height=\"225\" class=\"wp-post-image wp-image-5072\" title=\"M\u00e9diath\u00e8que et Archives Municipales Pontivy\" alt=\"L\u00f6sung durch Fieger Lamellenfenster zur \u00f6ffenbare Lamellen an unerreichbaren Stellen\" srcset=\"https:\/\/www.fieger-lamellenfenster.de\/wp-content\/uploads\/2021\/06\/Pontivy-300x225.jpg 300w, https:\/\/www.fieger-lamellenfenster.de\/wp-content\/uploads\/2021\/06\/Pontivy.jpg 740w\" sizes=\"(max-width: 300px) 100vw, 300px\" \/>\t    <\/a>\n\t\n\t\t<\/div>\n\t<!-- \/image-wrap -->\n    \n    \t<\/div>\n<!-- \/module image -->                    <\/div>\n                            <\/div>\n            \t    <\/div>\n\t<\/div><!-- \/themify_builder_sub_row -->\n\t<!-- module divider -->\n<div  class=\"module tf_mw module-divider tb_hdtq303 solid   \" style=\"border-width: 1px;border-color: #d1d1d1;margin-top: 20px;margin-bottom: 20px;\" data-lazy=\"1\">\n    <\/div>\n<!-- \/module divider -->\n<!-- module text -->\n<div  class=\"module module-text tb_iqrn741   \" data-lazy=\"1\">\n        <div  class=\"tb_text_wrap\">\n    <h3>Ventajas de las ventanas de lamas FIEGER<\/h3>    <\/div>\n<\/div>\n<!-- \/module text --><!-- module icon -->\n<div  class=\"module module-icon tb_h51y439  small squared icon_vertical \" data-lazy=\"1\">\n        <div class=\"module-icon-item\">\n\t    \t\t<a href=\"#climatizacion\">\n\t    \t\t\t\t\t\t    <img loading=\"lazy\" decoding=\"async\" width=\"74\" height=\"74\" src=\"https:\/\/www.fieger-lamellenfenster.de\/wp-content\/uploads\/2021\/03\/FIEGER_icon_Liste.png\" class=\"tf_box wp-post-image wp-image-1121\" title=\"Conceptos de ventilaci\u00f3n y climatizaci\u00f3n autom\u00e1ticos y energ\u00e9ticamente eficientes y realizables (AirTec)\" alt=\"Conceptos de ventilaci\u00f3n y climatizaci\u00f3n autom\u00e1ticos y energ\u00e9ticamente eficientes y realizables (AirTec)\">\t\t\t\t\t\t    \t    \t    <span>Conceptos de ventilaci\u00f3n y climatizaci\u00f3n autom\u00e1ticos y energ\u00e9ticamente eficientes y realizables (AirTec)<\/span>\n\t\t    \t\t\t\t\t\t<\/a>\n\t\t        <\/div>\n\t        <div class=\"module-icon-item\">\n\t    \t\t\t\t\t\t    <img loading=\"lazy\" decoding=\"async\" width=\"74\" height=\"74\" src=\"https:\/\/www.fieger-lamellenfenster.de\/wp-content\/uploads\/2021\/03\/FIEGER_icon_Liste.png\" class=\"tf_box wp-post-image wp-image-1121\" title=\"Ventanas practicables\u00a0en lugares inaccesibles\" alt=\"Ventanas practicables\u00a0en lugares inaccesibles\">\t\t\t\t\t\t    \t    \t    <span>Ventanas practicables\u00a0en lugares inaccesibles<\/span>\n\t\t    \t\t\t\t        <\/div>\n\t        <div class=\"module-icon-item\">\n\t    \t\t\t\t\t\t    <img loading=\"lazy\" decoding=\"async\" width=\"74\" height=\"74\" src=\"https:\/\/www.fieger-lamellenfenster.de\/wp-content\/uploads\/2021\/03\/FIEGER_icon_Liste.png\" class=\"tf_box wp-post-image wp-image-1121\" title=\"Ventanas que ahorran espacio\" alt=\"Ventanas que ahorran espacio\">\t\t\t\t\t\t    \t    \t    <span>Ventanas que ahorran espacio<\/span>\n\t\t    \t\t\t\t        <\/div>\n\t        <div class=\"module-icon-item\">\n\t    \t\t\t\t\t\t    <img loading=\"lazy\" decoding=\"async\" width=\"74\" height=\"74\" src=\"https:\/\/www.fieger-lamellenfenster.de\/wp-content\/uploads\/2021\/03\/FIEGER_icon_Liste.png\" class=\"tf_box wp-post-image wp-image-1121\" title=\"Fachadas de vidrio enrasadas y practicables\" alt=\"Fachadas de vidrio enrasadas y practicables\">\t\t\t\t\t\t    \t    \t    <span>Fachadas de vidrio enrasadas y practicables<\/span>\n\t\t    \t\t\t\t        <\/div>\n\t        <div class=\"module-icon-item\">\n\t    \t\t<a href=\"#extraccion\">\n\t    \t\t\t\t\t\t    <img loading=\"lazy\" decoding=\"async\" width=\"74\" height=\"74\" src=\"https:\/\/www.fieger-lamellenfenster.de\/wp-content\/uploads\/2021\/03\/FIEGER_icon_Liste.png\" class=\"tf_box wp-post-image wp-image-1121\" title=\"Protecci\u00f3n antiincendios (SmoTec) mediante la extracci\u00f3n controlada de humo y calor (NSHEV EN 12101-2)\u00a0\" alt=\"Protecci\u00f3n antiincendios (SmoTec) mediante la extracci\u00f3n controlada de humo y calor (NSHEV EN 12101-2)\u00a0\">\t\t\t\t\t\t    \t    \t    <span>Protecci\u00f3n antiincendios (SmoTec) mediante la extracci\u00f3n controlada de humo y calor (NSHEV EN 12101-2)\u00a0<\/span>\n\t\t    \t\t\t\t\t\t<\/a>\n\t\t        <\/div>\n\t        <div class=\"module-icon-item\">\n\t    \t\t\t\t\t\t    <img loading=\"lazy\" decoding=\"async\" width=\"74\" height=\"74\" src=\"https:\/\/www.fieger-lamellenfenster.de\/wp-content\/uploads\/2021\/03\/FIEGER_icon_Liste.png\" class=\"tf_box wp-post-image wp-image-1121\" title=\"Mecanismo de cremallera libre de mantenimiento, perfil elegante\" alt=\"Mecanismo de cremallera libre de mantenimiento, perfil elegante\">\t\t\t\t\t\t    \t    \t    <span>Mecanismo de cremallera libre de mantenimiento, perfil elegante<\/span>\n\t\t    \t\t\t\t        <\/div>\n\t        <div class=\"module-icon-item\">\n\t    \t\t\t\t\t\t    <img loading=\"lazy\" decoding=\"async\" width=\"74\" height=\"74\" src=\"https:\/\/www.fieger-lamellenfenster.de\/wp-content\/uploads\/2021\/03\/FIEGER_icon_Liste.png\" class=\"tf_box wp-post-image wp-image-1121\" title=\"Asesoramiento competente, numerosos accesorios, servicio de mantenimiento\u00a0\" alt=\"Asesoramiento competente, numerosos accesorios, servicio de mantenimiento\u00a0\">\t\t\t\t\t\t    \t    \t    <span>Asesoramiento competente, numerosos accesorios, servicio de mantenimiento\u00a0<\/span>\n\t\t    \t\t\t\t        <\/div>\n\t<\/div>\n<!-- \/module icon -->\n                    <\/div>\n                            <\/div>\n            \t    <\/div>\n\t    <!-- \/row_inner -->\n\t<\/div>\n\t<!-- \/module_row -->\n\t\t\t\t<!-- module_row -->\n\t<div  data-anchor=\"disenador\" data-lazy=\"1\" class=\"module_row themify_builder_row tb_has_section tb_section-disenador tb_mqol940 tf_w tf_clearfix\">\n\t    \t\t\t<div class=\"row_inner col_align_top tb_col_count_2 tf_box tf_rel\">\n\t\t            <div  data-lazy=\"1\" class=\"module_column tb-column col3-1 tb_nqou333 first\">\n                                                        <div class=\"tb-column-inner tf_box tf_w\">\n                        \t<div  data-lazy=\"1\" class=\"module_subrow themify_builder_sub_row tb_4gqf707 tf_w tf_clearfix\">\n\t    \t\t\t<div class=\"subrow_inner col_align_top tb_col_count_1 tf_box tf_w\">\n\t\t            <div  data-lazy=\"1\" class=\"module_column sub_column col-full tb_u39x389 first\">\n                                                <\/div>\n            \t    <\/div>\n\t<\/div><!-- \/themify_builder_sub_row -->\n\t                    <\/div>\n                            <\/div>\n                        <div  data-lazy=\"1\" class=\"module_column tb-column col3-2 tb_ozp7990 last\">\n                                                        <div class=\"tb-column-inner tf_box tf_w\">\n                        <!-- module image -->\n<div  class=\"module module-image tb_o7jg126   image-center auto_fullwidth tf_mw\" data-lazy=\"1\">\n        <div class=\"image-wrap tf_rel tf_mw\">\n\t\t    <a href=\"https:\/\/www.fieger-lamellenfenster.de\/wp-content\/uploads\/2021\/06\/RheinparkcenterNeuss_740x555.jpg\"\n\t        class=\"lightbox-builder themify_lightbox\" data-zoom-config=\"700px|500px\"\t       >\n\t\t   \t\t\t\t\t\t<span class=\"zoom\">\n\t\t\t    <svg  aria-label=\"Open\" class=\"tf_fa tf-ti-search\" role=\"img\"><use href=\"#tf-ti-search\"><\/use><\/svg>\t\t\t<\/span>\n\t\t    \t\t<img loading=\"lazy\" decoding=\"async\" src=\"https:\/\/www.fieger-lamellenfenster.de\/wp-content\/uploads\/2021\/06\/RheinparkcenterNeuss_740x555-740x555.jpg\" width=\"740\" height=\"555\" class=\"wp-post-image wp-image-4853\" title=\"Rheinpark-Center Neuss\" alt=\"Kreative L\u00f6sungen mit Fieger Lamellenfenster f\u00fcr Brandschutz-, und L\u00fcftungskonzepte im Rheinpark-Center Neuss, Deutschland\" srcset=\"https:\/\/www.fieger-lamellenfenster.de\/wp-content\/uploads\/2021\/06\/RheinparkcenterNeuss_740x555.jpg 740w, https:\/\/www.fieger-lamellenfenster.de\/wp-content\/uploads\/2021\/06\/RheinparkcenterNeuss_740x555-300x225.jpg 300w\" sizes=\"(max-width: 740px) 100vw, 740px\" \/>\t    <\/a>\n\t\n\t\t<\/div>\n\t<!-- \/image-wrap -->\n    \n    \t<\/div>\n<!-- \/module image -->\t<div  data-lazy=\"1\" class=\"module_subrow themify_builder_sub_row tb_wzay110 tf_w tf_clearfix\">\n\t    \t\t\t<div class=\"subrow_inner col_align_top tb_col_count_4 tf_box tf_w\">\n\t\t            <div  data-lazy=\"1\" class=\"module_column sub_column col4-1 tb_2l4h110 first\">\n                                                        <div class=\"tb-column-inner tf_box tf_w\">\n                        <!-- module image -->\n<div  class=\"module module-image tb_do5e110   image-center tf_mw\" data-lazy=\"1\">\n        <div class=\"image-wrap tf_rel tf_mw\">\n\t\t    <a href=\"https:\/\/www.fieger-lamellenfenster.de\/wp-content\/uploads\/2021\/06\/Rheinpark-Center-Neuss_740x555.jpg\"\n\t        class=\"lightbox-builder themify_lightbox\" data-zoom-config=\"700px|500px\"\t       >\n\t\t   \t\t\t\t\t\t<span class=\"zoom\">\n\t\t\t    <svg  aria-label=\"Open\" class=\"tf_fa tf-ti-search\" role=\"img\"><use href=\"#tf-ti-search\"><\/use><\/svg>\t\t\t<\/span>\n\t\t    \t\t<img loading=\"lazy\" decoding=\"async\" src=\"https:\/\/www.fieger-lamellenfenster.de\/wp-content\/uploads\/2021\/06\/Rheinpark-Center-Neuss_740x555-300x225.jpg\" width=\"300\" height=\"225\" class=\"wp-post-image wp-image-4857\" title=\"Rheinparkcenter Neuss\" alt=\"Brandschutz-, und L\u00fcftungskonzepten unschlagbar vielseitig\" srcset=\"https:\/\/www.fieger-lamellenfenster.de\/wp-content\/uploads\/2021\/06\/Rheinpark-Center-Neuss_740x555-300x225.jpg 300w, https:\/\/www.fieger-lamellenfenster.de\/wp-content\/uploads\/2021\/06\/Rheinpark-Center-Neuss_740x555.jpg 740w\" sizes=\"(max-width: 300px) 100vw, 300px\" \/>\t    <\/a>\n\t\n\t\t<\/div>\n\t<!-- \/image-wrap -->\n    \n    \t<\/div>\n<!-- \/module image -->                    <\/div>\n                            <\/div>\n                        <div  data-lazy=\"1\" class=\"module_column sub_column col4-1 tb_2qdj110\">\n                                                        <div class=\"tb-column-inner tf_box tf_w\">\n                        <!-- module image -->\n<div  class=\"module module-image tb_erpu110   image-center tf_mw\" data-lazy=\"1\">\n        <div class=\"image-wrap tf_rel tf_mw\">\n\t\t    <a href=\"https:\/\/www.fieger-lamellenfenster.de\/wp-content\/uploads\/2021\/06\/KnaufMuseumIpfhofen_740x555.jpg\"\n\t        class=\"lightbox-builder themify_lightbox\" data-zoom-config=\"700px|500px\"\t       >\n\t\t   \t\t\t\t\t\t<span class=\"zoom\">\n\t\t\t    <svg  aria-label=\"Open\" class=\"tf_fa tf-ti-search\" role=\"img\"><use href=\"#tf-ti-search\"><\/use><\/svg>\t\t\t<\/span>\n\t\t    \t\t<img loading=\"lazy\" decoding=\"async\" src=\"https:\/\/www.fieger-lamellenfenster.de\/wp-content\/uploads\/2021\/06\/KnaufMuseumIpfhofen_740x555-300x225.jpg\" width=\"300\" height=\"225\" class=\"wp-post-image wp-image-4849\" title=\"Knauf Museum Ipfhofen\" alt=\"Fieger FLL Lamellen kreative Umsetzung f\u00fcr blickdichte L\u00fcftungs- und Entrauchungsregler im Ka\" srcset=\"https:\/\/www.fieger-lamellenfenster.de\/wp-content\/uploads\/2021\/06\/KnaufMuseumIpfhofen_740x555-300x225.jpg 300w, https:\/\/www.fieger-lamellenfenster.de\/wp-content\/uploads\/2021\/06\/KnaufMuseumIpfhofen_740x555.jpg 740w\" sizes=\"(max-width: 300px) 100vw, 300px\" \/>\t    <\/a>\n\t\n\t\t<\/div>\n\t<!-- \/image-wrap -->\n    \n    \t<\/div>\n<!-- \/module image -->                    <\/div>\n                            <\/div>\n                        <div  data-lazy=\"1\" class=\"module_column sub_column col4-1 tb_kh6d110\">\n                                                        <div class=\"tb-column-inner tf_box tf_w\">\n                        <!-- module image -->\n<div  class=\"module module-image tb_gqyt110   image-center tf_mw\" data-lazy=\"1\">\n        <div class=\"image-wrap tf_rel tf_mw\">\n\t\t    <a href=\"https:\/\/www.fieger-lamellenfenster.de\/wp-content\/uploads\/2021\/06\/EcoleDeDrizeCarougeSchweiz_740x555.jpg\"\n\t        class=\"lightbox-builder themify_lightbox\" data-zoom-config=\"700px|500px\"\t       >\n\t\t   \t\t\t\t\t\t<span class=\"zoom\">\n\t\t\t    <svg  aria-label=\"Open\" class=\"tf_fa tf-ti-search\" role=\"img\"><use href=\"#tf-ti-search\"><\/use><\/svg>\t\t\t<\/span>\n\t\t    \t\t<img loading=\"lazy\" decoding=\"async\" src=\"https:\/\/www.fieger-lamellenfenster.de\/wp-content\/uploads\/2021\/06\/EcoleDeDrizeCarougeSchweiz_740x555-300x225.jpg\" width=\"300\" height=\"225\" class=\"wp-post-image wp-image-4841\" title=\"\u00c9cole De Drize Carouge\" alt=\"FLW 32 mit hoher \" srcset=\"https:\/\/www.fieger-lamellenfenster.de\/wp-content\/uploads\/2021\/06\/EcoleDeDrizeCarougeSchweiz_740x555-300x225.jpg 300w, https:\/\/www.fieger-lamellenfenster.de\/wp-content\/uploads\/2021\/06\/EcoleDeDrizeCarougeSchweiz_740x555.jpg 740w\" sizes=\"(max-width: 300px) 100vw, 300px\" \/>\t    <\/a>\n\t\n\t\t<\/div>\n\t<!-- \/image-wrap -->\n    \n    \t<\/div>\n<!-- \/module image -->                    <\/div>\n                            <\/div>\n                        <div  data-lazy=\"1\" class=\"module_column sub_column col4-1 tb_5cxv110 last\">\n                                                        <div class=\"tb-column-inner tf_box tf_w\">\n                        <!-- module image -->\n<div  class=\"module module-image tb_owic110   image-center tf_mw\" data-lazy=\"1\">\n        <div class=\"image-wrap tf_rel tf_mw\">\n\t\t    <a href=\"https:\/\/www.fieger-lamellenfenster.de\/wp-content\/uploads\/2021\/06\/Freisitz-Lohmeyer_740x555.jpg\"\n\t        class=\"lightbox-builder themify_lightbox\" data-zoom-config=\"700px|500px\"\t       >\n\t\t   \t\t\t\t\t\t<span class=\"zoom\">\n\t\t\t    <svg  aria-label=\"Open\" class=\"tf_fa tf-ti-search\" role=\"img\"><use href=\"#tf-ti-search\"><\/use><\/svg>\t\t\t<\/span>\n\t\t    \t\t<img loading=\"lazy\" decoding=\"async\" src=\"https:\/\/www.fieger-lamellenfenster.de\/wp-content\/uploads\/2021\/06\/Freisitz-Lohmeyer_740x555-300x225.jpg\" width=\"300\" height=\"225\" class=\"wp-post-image wp-image-4845\" title=\"Freisitz Lohmeyer\" alt=\"Einsatz von Fieger Lamellenfenster in Wohngeb\u00e4uden und Winterg\u00e4rten\" srcset=\"https:\/\/www.fieger-lamellenfenster.de\/wp-content\/uploads\/2021\/06\/Freisitz-Lohmeyer_740x555-300x225.jpg 300w, https:\/\/www.fieger-lamellenfenster.de\/wp-content\/uploads\/2021\/06\/Freisitz-Lohmeyer_740x555.jpg 740w\" sizes=\"(max-width: 300px) 100vw, 300px\" \/>\t    <\/a>\n\t\n\t\t<\/div>\n\t<!-- \/image-wrap -->\n    \n    \t<\/div>\n<!-- \/module image -->                    <\/div>\n                            <\/div>\n            \t    <\/div>\n\t<\/div><!-- \/themify_builder_sub_row -->\n\t<!-- module divider -->\n<div  class=\"module tf_mw module-divider tb_kkbm929 solid   \" style=\"border-width: 1px;border-color: #d1d1d1;margin-top: 20px;margin-bottom: 20px;\" data-lazy=\"1\">\n    <\/div>\n<!-- \/module divider -->\n<!-- module text -->\n<div  class=\"module module-text tb_3axf490   \" data-lazy=\"1\">\n        <div  class=\"tb_text_wrap\">\n    <h3>Para dise\u00f1adores y arquitectos<\/h3>\n<p>Las ventanas de lamas son inmejorablemente vers\u00e1tiles en t\u00e9rminos de dise\u00f1o, energ\u00eda, protecci\u00f3n contra incendios y conceptos de ventilaci\u00f3n. Comente sus ideas con nosotros. Le acompa\u00f1amos desde la fase de planificaci\u00f3n hasta la instalaci\u00f3n, pasando por el proceso de licitaci\u00f3n.<\/p>    <\/div>\n<\/div>\n<!-- \/module text -->                    <\/div>\n                            <\/div>\n            \t    <\/div>\n\t    <!-- \/row_inner -->\n\t<\/div>\n\t<!-- \/module_row -->\n\t\t\t\t<!-- module_row -->\n\t<div  data-anchor=\"tecnicos\" data-lazy=\"1\" class=\"module_row themify_builder_row tb_has_section tb_section-tecnicos tb_t4nh944 tf_w tf_clearfix\">\n\t    \t\t\t<div class=\"row_inner col_align_top tb_col_count_2 tf_box tf_rel\">\n\t\t            <div  data-lazy=\"1\" class=\"module_column tb-column col3-1 tb_qolu989 first\">\n                                                        <div class=\"tb-column-inner tf_box tf_w\">\n                        \t<div  data-lazy=\"1\" class=\"module_subrow themify_builder_sub_row tb_qwsg779 tf_w tf_clearfix\">\n\t    \t\t\t<div class=\"subrow_inner col_align_top tb_col_count_1 tf_box tf_w\">\n\t\t            <div  data-lazy=\"1\" class=\"module_column sub_column col-full tb_n0c4400 first\">\n                                                <\/div>\n            \t    <\/div>\n\t<\/div><!-- \/themify_builder_sub_row -->\n\t                    <\/div>\n                            <\/div>\n                        <div  data-lazy=\"1\" class=\"module_column tb-column col3-2 tb_vrl9344 last\">\n                                                        <div class=\"tb-column-inner tf_box tf_w\">\n                        <!-- module image -->\n<div  class=\"module module-image tb_g9xq333   image-center auto_fullwidth tf_mw\" data-lazy=\"1\">\n        <div class=\"image-wrap tf_rel tf_mw\">\n\t\t    <a href=\"https:\/\/www.fieger-lamellenfenster.de\/wp-content\/uploads\/2021\/06\/Komatsu-Duesseldorf_740x555.jpg\"\n\t        class=\"lightbox-builder themify_lightbox\" data-zoom-config=\"700px|500px\"\t       >\n\t\t   \t\t\t\t\t\t<span class=\"zoom\">\n\t\t\t    <svg  aria-label=\"Open\" class=\"tf_fa tf-ti-search\" role=\"img\"><use href=\"#tf-ti-search\"><\/use><\/svg>\t\t\t<\/span>\n\t\t    \t\t<img loading=\"lazy\" decoding=\"async\" src=\"https:\/\/www.fieger-lamellenfenster.de\/wp-content\/uploads\/2021\/06\/Komatsu-Duesseldorf_740x555-740x555.jpg\" width=\"740\" height=\"555\" class=\"wp-post-image wp-image-4800\" title=\"Komatsu D\u00fcsseldorf\" alt=\"Kontrollierte Be- und Entl\u00fcftung mit Fieger Lamellenfenster bei Komatsu D\u00fcsseldorf, Deutschland\" srcset=\"https:\/\/www.fieger-lamellenfenster.de\/wp-content\/uploads\/2021\/06\/Komatsu-Duesseldorf_740x555.jpg 740w, https:\/\/www.fieger-lamellenfenster.de\/wp-content\/uploads\/2021\/06\/Komatsu-Duesseldorf_740x555-300x225.jpg 300w\" sizes=\"(max-width: 740px) 100vw, 740px\" \/>\t    <\/a>\n\t\n\t\t<\/div>\n\t<!-- \/image-wrap -->\n    \n    \t<\/div>\n<!-- \/module image -->\t<div  data-lazy=\"1\" class=\"module_subrow themify_builder_sub_row tb_0y3b187 tf_w tf_clearfix\">\n\t    \t\t\t<div class=\"subrow_inner col_align_top tb_col_count_4 tf_box tf_w\">\n\t\t            <div  data-lazy=\"1\" class=\"module_column sub_column col4-1 tb_dqom187 first\">\n                                                        <div class=\"tb-column-inner tf_box tf_w\">\n                        <!-- module image -->\n<div  class=\"module module-image tb_r3ow187   image-center tf_mw\" data-lazy=\"1\">\n        <div class=\"image-wrap tf_rel tf_mw\">\n\t\t    <a href=\"https:\/\/www.fieger-lamellenfenster.de\/wp-content\/uploads\/2021\/06\/ow_fieger_740x555.jpg\"\n\t        class=\"lightbox-builder themify_lightbox\" data-zoom-config=\"700px|500px\"\t       >\n\t\t   \t\t\t\t\t\t<span class=\"zoom\">\n\t\t\t    <svg  aria-label=\"Open\" class=\"tf_fa tf-ti-search\" role=\"img\"><use href=\"#tf-ti-search\"><\/use><\/svg>\t\t\t<\/span>\n\t\t    \t\t<img loading=\"lazy\" decoding=\"async\" src=\"https:\/\/www.fieger-lamellenfenster.de\/wp-content\/uploads\/2021\/06\/ow_fieger_740x555-300x225.jpg\" width=\"300\" height=\"225\" class=\"wp-post-image wp-image-4824\" title=\"Universit\u00e4tsbibliothek Marburg\" alt=\"Aerosole ziehen ab, frischer Sauerstoff str\u00f6mt ein - Aussenansicht an der Universit\u00e4tsbibliothek Marburg, Deutschland\" srcset=\"https:\/\/www.fieger-lamellenfenster.de\/wp-content\/uploads\/2021\/06\/ow_fieger_740x555-300x225.jpg 300w, https:\/\/www.fieger-lamellenfenster.de\/wp-content\/uploads\/2021\/06\/ow_fieger_740x555.jpg 740w\" sizes=\"(max-width: 300px) 100vw, 300px\" \/>\t    <\/a>\n\t\n\t\t<\/div>\n\t<!-- \/image-wrap -->\n    \n    \t<\/div>\n<!-- \/module image -->                    <\/div>\n                            <\/div>\n                        <div  data-lazy=\"1\" class=\"module_column sub_column col4-1 tb_5snf188\">\n                                                        <div class=\"tb-column-inner tf_box tf_w\">\n                        <!-- module image -->\n<div  class=\"module module-image tb_d8nb188   image-center tf_mw\" data-lazy=\"1\">\n        <div class=\"image-wrap tf_rel tf_mw\">\n\t\t    <a href=\"https:\/\/www.fieger-lamellenfenster.de\/wp-content\/uploads\/2021\/06\/MercedesAutohausHamburg_740x555.jpg\"\n\t        class=\"lightbox-builder themify_lightbox\" data-zoom-config=\"700px|500px\"\t       >\n\t\t   \t\t\t\t\t\t<span class=\"zoom\">\n\t\t\t    <svg  aria-label=\"Open\" class=\"tf_fa tf-ti-search\" role=\"img\"><use href=\"#tf-ti-search\"><\/use><\/svg>\t\t\t<\/span>\n\t\t    \t\t<img loading=\"lazy\" decoding=\"async\" src=\"https:\/\/www.fieger-lamellenfenster.de\/wp-content\/uploads\/2021\/06\/MercedesAutohausHamburg_740x555-300x225.jpg\" width=\"300\" height=\"225\" class=\"wp-post-image wp-image-4820\" title=\"Mercedes Autohaus Hamburg\" alt=\"Lamellenfenster Einsatz im Mercedes Autohaus Hamburg, Deutschland\" srcset=\"https:\/\/www.fieger-lamellenfenster.de\/wp-content\/uploads\/2021\/06\/MercedesAutohausHamburg_740x555-300x225.jpg 300w, https:\/\/www.fieger-lamellenfenster.de\/wp-content\/uploads\/2021\/06\/MercedesAutohausHamburg_740x555.jpg 740w\" sizes=\"(max-width: 300px) 100vw, 300px\" \/>\t    <\/a>\n\t\n\t\t<\/div>\n\t<!-- \/image-wrap -->\n    \n    \t<\/div>\n<!-- \/module image -->                    <\/div>\n                            <\/div>\n                        <div  data-lazy=\"1\" class=\"module_column sub_column col4-1 tb_z43s188\">\n                                                        <div class=\"tb-column-inner tf_box tf_w\">\n                        <!-- module image -->\n<div  class=\"module module-image tb_d6k5188   image-center tf_mw\" data-lazy=\"1\">\n        <div class=\"image-wrap tf_rel tf_mw\">\n\t\t    <a href=\"https:\/\/www.fieger-lamellenfenster.de\/wp-content\/uploads\/2021\/06\/EstrelBerlin_740x555.jpg\"\n\t        class=\"lightbox-builder themify_lightbox\" data-zoom-config=\"700px|500px\"\t       >\n\t\t   \t\t\t\t\t\t<span class=\"zoom\">\n\t\t\t    <svg  aria-label=\"Open\" class=\"tf_fa tf-ti-search\" role=\"img\"><use href=\"#tf-ti-search\"><\/use><\/svg>\t\t\t<\/span>\n\t\t    \t\t<img loading=\"lazy\" decoding=\"async\" src=\"https:\/\/www.fieger-lamellenfenster.de\/wp-content\/uploads\/2021\/06\/EstrelBerlin_740x555-300x225.jpg\" width=\"300\" height=\"225\" class=\"wp-post-image wp-image-4816\" title=\"Estrel Showtheater Berlin\" alt=\" RWA Fenster hervorragende M\u00f6glichkeiten zum nat\u00fcrlichen Rauch- und W\u00e4rmeabzug\" srcset=\"https:\/\/www.fieger-lamellenfenster.de\/wp-content\/uploads\/2021\/06\/EstrelBerlin_740x555-300x225.jpg 300w, https:\/\/www.fieger-lamellenfenster.de\/wp-content\/uploads\/2021\/06\/EstrelBerlin_740x555.jpg 740w\" sizes=\"(max-width: 300px) 100vw, 300px\" \/>\t    <\/a>\n\t\n\t\t<\/div>\n\t<!-- \/image-wrap -->\n    \n    \t<\/div>\n<!-- \/module image -->                    <\/div>\n                            <\/div>\n                        <div  data-lazy=\"1\" class=\"module_column sub_column col4-1 tb_fqi8188 last\">\n                                                        <div class=\"tb-column-inner tf_box tf_w\">\n                        <!-- module image -->\n<div  class=\"module module-image tb_5ddp188   image-center tf_mw\" data-lazy=\"1\">\n        <div class=\"image-wrap tf_rel tf_mw\">\n\t\t    <a href=\"https:\/\/www.fieger-lamellenfenster.de\/wp-content\/uploads\/2021\/06\/Altmarkt-Galerie-Dresden_740x555.jpg\"\n\t        class=\"lightbox-builder themify_lightbox\" data-zoom-config=\"700px|500px\"\t       >\n\t\t   \t\t\t\t\t\t<span class=\"zoom\">\n\t\t\t    <svg  aria-label=\"Open\" class=\"tf_fa tf-ti-search\" role=\"img\"><use href=\"#tf-ti-search\"><\/use><\/svg>\t\t\t<\/span>\n\t\t    \t\t<img loading=\"lazy\" decoding=\"async\" src=\"https:\/\/www.fieger-lamellenfenster.de\/wp-content\/uploads\/2021\/06\/Altmarkt-Galerie-Dresden_740x555-300x225.jpg\" width=\"300\" height=\"225\" class=\"wp-post-image wp-image-4812\" title=\"Altmarkt Galerie Dresden\" alt=\"Kontrollierte Be- und Entl\u00fcftung\" srcset=\"https:\/\/www.fieger-lamellenfenster.de\/wp-content\/uploads\/2021\/06\/Altmarkt-Galerie-Dresden_740x555-300x225.jpg 300w, https:\/\/www.fieger-lamellenfenster.de\/wp-content\/uploads\/2021\/06\/Altmarkt-Galerie-Dresden_740x555.jpg 740w\" sizes=\"(max-width: 300px) 100vw, 300px\" \/>\t    <\/a>\n\t\n\t\t<\/div>\n\t<!-- \/image-wrap -->\n    \n    \t<\/div>\n<!-- \/module image -->                    <\/div>\n                            <\/div>\n            \t    <\/div>\n\t<\/div><!-- \/themify_builder_sub_row -->\n\t<!-- module divider -->\n<div  class=\"module tf_mw module-divider tb_250z404 solid   \" style=\"border-width: 1px;border-color: #d1d1d1;margin-top: 20px;margin-bottom: 20px;\" data-lazy=\"1\">\n    <\/div>\n<!-- \/module divider -->\n<!-- module text -->\n<div  class=\"module module-text tb_24bp300   \" data-lazy=\"1\">\n        <div  class=\"tb_text_wrap\">\n    <h3>Para expertos del gremio<\/h3>\n<p>Le asistiremos en todo momento, con la preparaci\u00f3n de planos a medida, fabricaci\u00f3n de calidad garantizada y apoyo a la instalaci\u00f3n.<\/p>    <\/div>\n<\/div>\n<!-- \/module text -->                    <\/div>\n                            <\/div>\n            \t    <\/div>\n\t    <!-- \/row_inner -->\n\t<\/div>\n\t<!-- \/module_row -->\n\t\t\t\t<!-- module_row -->\n\t<div  data-anchor=\"regulada\" data-lazy=\"1\" class=\"module_row themify_builder_row tb_has_section tb_section-regulada tb_7aij377 tf_w tf_clearfix\">\n\t    \t\t\t<div class=\"row_inner col_align_top tb_col_count_2 tf_box tf_rel\">\n\t\t            <div  data-lazy=\"1\" class=\"module_column tb-column col3-1 tb_0xib777 first\">\n                                                        <div class=\"tb-column-inner tf_box tf_w\">\n                        \t<div  data-lazy=\"1\" class=\"module_subrow themify_builder_sub_row tb_mgis490 tf_w tf_clearfix\">\n\t    \t\t\t<div class=\"subrow_inner col_align_top tb_col_count_1 tf_box tf_w\">\n\t\t            <div  data-lazy=\"1\" class=\"module_column sub_column col-full tb_s750709 first\">\n                                                <\/div>\n            \t    <\/div>\n\t<\/div><!-- \/themify_builder_sub_row -->\n\t                    <\/div>\n                            <\/div>\n                        <div  data-lazy=\"1\" class=\"module_column tb-column col3-2 tb_rrh6400 last\">\n                                                        <div class=\"tb-column-inner tf_box tf_w\">\n                        <!-- module image -->\n<div  class=\"module module-image tb_ib6s330   image-center auto_fullwidth tf_mw\" data-lazy=\"1\">\n        <div class=\"image-wrap tf_rel tf_mw\">\n\t\t    <a href=\"https:\/\/www.fieger-lamellenfenster.de\/wp-content\/uploads\/2021\/06\/Banbridge-Health-and-Care-Centre_740x555.jpg\"\n\t        class=\"lightbox-builder themify_lightbox\" data-zoom-config=\"700px|500px\"\t       >\n\t\t   \t\t\t\t\t\t<span class=\"zoom\">\n\t\t\t    <svg  aria-label=\"Open\" class=\"tf_fa tf-ti-search\" role=\"img\"><use href=\"#tf-ti-search\"><\/use><\/svg>\t\t\t<\/span>\n\t\t    \t\t<img loading=\"lazy\" decoding=\"async\" src=\"https:\/\/www.fieger-lamellenfenster.de\/wp-content\/uploads\/2021\/06\/Banbridge-Health-and-Care-Centre_740x555-740x555.jpg\" width=\"740\" height=\"555\" class=\"wp-post-image wp-image-4867\" title=\"Banbridge Health and Care Centre\" alt=\"Das Banbridge Health and Care Centre in Nord Irland mit FLW 28 airtec Lamellenfenster von Fieger ist Gewinner des RIBA National Award 2016\" srcset=\"https:\/\/www.fieger-lamellenfenster.de\/wp-content\/uploads\/2021\/06\/Banbridge-Health-and-Care-Centre_740x555.jpg 740w, https:\/\/www.fieger-lamellenfenster.de\/wp-content\/uploads\/2021\/06\/Banbridge-Health-and-Care-Centre_740x555-300x225.jpg 300w\" sizes=\"(max-width: 740px) 100vw, 740px\" \/>\t    <\/a>\n\t\n\t\t<\/div>\n\t<!-- \/image-wrap -->\n    \n    \t<\/div>\n<!-- \/module image -->\t<div  data-lazy=\"1\" class=\"module_subrow themify_builder_sub_row tb_xqhd794 tf_w tf_clearfix\">\n\t    \t\t\t<div class=\"subrow_inner col_align_top tb_col_count_4 tf_box tf_w\">\n\t\t            <div  data-lazy=\"1\" class=\"module_column sub_column col4-1 tb_6t1c794 first\">\n                                                        <div class=\"tb-column-inner tf_box tf_w\">\n                        <!-- module image -->\n<div  class=\"module module-image tb_j66l794   image-center tf_mw\" data-lazy=\"1\">\n        <div class=\"image-wrap tf_rel tf_mw\">\n\t\t    <a href=\"https:\/\/www.fieger-lamellenfenster.de\/wp-content\/uploads\/2021\/06\/Greenfaulds-High-School_740x555.jpg\"\n\t        class=\"lightbox-builder themify_lightbox\" data-zoom-config=\"700px|500px\"\t       >\n\t\t   \t\t\t\t\t\t<span class=\"zoom\">\n\t\t\t    <svg  aria-label=\"Open\" class=\"tf_fa tf-ti-search\" role=\"img\"><use href=\"#tf-ti-search\"><\/use><\/svg>\t\t\t<\/span>\n\t\t    \t\t<img loading=\"lazy\" decoding=\"async\" src=\"https:\/\/www.fieger-lamellenfenster.de\/wp-content\/uploads\/2021\/06\/Greenfaulds-High-School_740x555-300x225.jpg\" width=\"300\" height=\"225\" class=\"wp-post-image wp-image-4871\" title=\"Greenfaulds HighSchool\" alt=\"Sensorgesteuerte, intelligente FIEGER Lamellenfenstern ist die Qualit\u00e4t der Raumluft in Schul-, Seminar- und B\u00fcror\u00e4umen \u00fcber die automatische L\u00fcftung gesichert.\" srcset=\"https:\/\/www.fieger-lamellenfenster.de\/wp-content\/uploads\/2021\/06\/Greenfaulds-High-School_740x555-300x225.jpg 300w, https:\/\/www.fieger-lamellenfenster.de\/wp-content\/uploads\/2021\/06\/Greenfaulds-High-School_740x555.jpg 740w\" sizes=\"(max-width: 300px) 100vw, 300px\" \/>\t    <\/a>\n\t\n\t\t<\/div>\n\t<!-- \/image-wrap -->\n    \n    \t<\/div>\n<!-- \/module image -->                    <\/div>\n                            <\/div>\n                        <div  data-lazy=\"1\" class=\"module_column sub_column col4-1 tb_no8x794\">\n                                                        <div class=\"tb-column-inner tf_box tf_w\">\n                        <!-- module image -->\n<div  class=\"module module-image tb_182v794   image-center tf_mw\" data-lazy=\"1\">\n        <div class=\"image-wrap tf_rel tf_mw\">\n\t\t    <a href=\"https:\/\/www.fieger-lamellenfenster.de\/wp-content\/uploads\/2021\/06\/Unibibliothek-Marburg_740x555.jpg\"\n\t        class=\"lightbox-builder themify_lightbox\" data-zoom-config=\"700px|500px\"\t       >\n\t\t   \t\t\t\t\t\t<span class=\"zoom\">\n\t\t\t    <svg  aria-label=\"Open\" class=\"tf_fa tf-ti-search\" role=\"img\"><use href=\"#tf-ti-search\"><\/use><\/svg>\t\t\t<\/span>\n\t\t    \t\t<img loading=\"lazy\" decoding=\"async\" src=\"https:\/\/www.fieger-lamellenfenster.de\/wp-content\/uploads\/2021\/06\/Unibibliothek-Marburg_740x555-300x225.jpg\" width=\"300\" height=\"225\" class=\"wp-post-image wp-image-4879\" title=\"Universit\u00e4tsbibliothek Marburg\" alt=\"Aerosole ziehen ab, frischer Sauerstoff str\u00f6mt ein - Aussenansicht an der\" srcset=\"https:\/\/www.fieger-lamellenfenster.de\/wp-content\/uploads\/2021\/06\/Unibibliothek-Marburg_740x555-300x225.jpg 300w, https:\/\/www.fieger-lamellenfenster.de\/wp-content\/uploads\/2021\/06\/Unibibliothek-Marburg_740x555.jpg 740w\" sizes=\"(max-width: 300px) 100vw, 300px\" \/>\t    <\/a>\n\t\n\t\t<\/div>\n\t<!-- \/image-wrap -->\n    \n    \t<\/div>\n<!-- \/module image -->                    <\/div>\n                            <\/div>\n                        <div  data-lazy=\"1\" class=\"module_column sub_column col4-1 tb_uvgh794\">\n                                                        <div class=\"tb-column-inner tf_box tf_w\">\n                        <!-- module image -->\n<div  class=\"module module-image tb_5lt2794   image-center tf_mw\" data-lazy=\"1\">\n        <div class=\"image-wrap tf_rel tf_mw\">\n\t\t    <a href=\"https:\/\/www.fieger-lamellenfenster.de\/wp-content\/uploads\/2021\/06\/A-R-S-Vertrieb-Anspach_740x555.jpg\"\n\t        class=\"lightbox-builder themify_lightbox\" data-zoom-config=\"700px|500px\"\t       >\n\t\t   \t\t\t\t\t\t<span class=\"zoom\">\n\t\t\t    <svg  aria-label=\"Open\" class=\"tf_fa tf-ti-search\" role=\"img\"><use href=\"#tf-ti-search\"><\/use><\/svg>\t\t\t<\/span>\n\t\t    \t\t<img loading=\"lazy\" decoding=\"async\" src=\"https:\/\/www.fieger-lamellenfenster.de\/wp-content\/uploads\/2021\/06\/A-R-S-Vertrieb-Anspach_740x555-300x225.jpg\" width=\"300\" height=\"225\" class=\"wp-post-image wp-image-4863\" title=\"Adolf-Reichwein-Schule Neu-Anspach\" alt=\"Aerosole ziehen ab, frischer Sauerstoff str\u00f6mt ein: Mit sensorgesteuerten, intelligenten FIEGER Lamellenfenstern\" srcset=\"https:\/\/www.fieger-lamellenfenster.de\/wp-content\/uploads\/2021\/06\/A-R-S-Vertrieb-Anspach_740x555-300x225.jpg 300w, https:\/\/www.fieger-lamellenfenster.de\/wp-content\/uploads\/2021\/06\/A-R-S-Vertrieb-Anspach_740x555.jpg 740w\" sizes=\"(max-width: 300px) 100vw, 300px\" \/>\t    <\/a>\n\t\n\t\t<\/div>\n\t<!-- \/image-wrap -->\n    \n    \t<\/div>\n<!-- \/module image -->                    <\/div>\n                            <\/div>\n                        <div  data-lazy=\"1\" class=\"module_column sub_column col4-1 tb_djl1794 last\">\n                                                        <div class=\"tb-column-inner tf_box tf_w\">\n                        <!-- module image -->\n<div  class=\"module module-image tb_c6p4794   image-center tf_mw\" data-lazy=\"1\">\n        <div class=\"image-wrap tf_rel tf_mw\">\n\t\t    <a href=\"https:\/\/www.fieger-lamellenfenster.de\/wp-content\/uploads\/2021\/06\/TESA_Hamburg_740x555.jpg\"\n\t        class=\"lightbox-builder themify_lightbox\" data-zoom-config=\"700px|500px\"\t       >\n\t\t   \t\t\t\t\t\t<span class=\"zoom\">\n\t\t\t    <svg  aria-label=\"Open\" class=\"tf_fa tf-ti-search\" role=\"img\"><use href=\"#tf-ti-search\"><\/use><\/svg>\t\t\t<\/span>\n\t\t    \t\t<img loading=\"lazy\" decoding=\"async\" src=\"https:\/\/www.fieger-lamellenfenster.de\/wp-content\/uploads\/2021\/06\/TESA_Hamburg_740x555-300x225.jpg\" width=\"300\" height=\"225\" class=\"wp-post-image wp-image-4914\" title=\"TESA Hamburg\" alt=\"FIEGER Lamellenfenster steigern durch den AirTec-Effekt die Energieeffizienz im Geb\u00e4ude\" srcset=\"https:\/\/www.fieger-lamellenfenster.de\/wp-content\/uploads\/2021\/06\/TESA_Hamburg_740x555-300x225.jpg 300w, https:\/\/www.fieger-lamellenfenster.de\/wp-content\/uploads\/2021\/06\/TESA_Hamburg_740x555.jpg 740w\" sizes=\"(max-width: 300px) 100vw, 300px\" \/>\t    <\/a>\n\t\n\t\t<\/div>\n\t<!-- \/image-wrap -->\n    \n    \t<\/div>\n<!-- \/module image -->                    <\/div>\n                            <\/div>\n            \t    <\/div>\n\t<\/div><!-- \/themify_builder_sub_row -->\n\t<!-- module divider -->\n<div  class=\"module tf_mw module-divider tb_8g8k439 solid   \" style=\"border-width: 1px;border-color: #d1d1d1;margin-top: 20px;margin-bottom: 20px;\" data-lazy=\"1\">\n    <\/div>\n<!-- \/module divider -->\n<!-- module text -->\n<div  class=\"module module-text tb_42j9490   \" data-lazy=\"1\">\n        <div  class=\"tb_text_wrap\">\n    <h3>Ventilaci\u00f3n controlada\u00a0para escuelas, universidades, edificios p\u00fablicos, comercio e industria<\/h3>\n<p>Los aerosoles desaparecen, el ox\u00edgeno puro entra. Con las ventanas de lamas FIEGER controladas por sensores, la calidad del aire interior de las escuelas, los seminarios y las oficinas queda garantizada mediante la ventilaci\u00f3n autom\u00e1tica.<\/p>    <\/div>\n<\/div>\n<!-- \/module text -->                    <\/div>\n                            <\/div>\n            \t    <\/div>\n\t    <!-- \/row_inner -->\n\t<\/div>\n\t<!-- \/module_row -->\n\t\t\t\t<!-- module_row -->\n\t<div  data-anchor=\"eficienciaenergetica\" data-lazy=\"1\" class=\"module_row themify_builder_row tb_has_section tb_section-eficienciaenergetica tb_oyoa999 tf_w tf_clearfix\">\n\t    \t\t\t<div class=\"row_inner col_align_top tb_col_count_2 tf_box tf_rel\">\n\t\t            <div  data-lazy=\"1\" class=\"module_column tb-column col3-1 tb_a26n468 first\">\n                                                        <div class=\"tb-column-inner tf_box tf_w\">\n                        \t<div  data-lazy=\"1\" class=\"module_subrow themify_builder_sub_row tb_mwki007 tf_w tf_clearfix\">\n\t    \t\t\t<div class=\"subrow_inner col_align_top tb_col_count_1 tf_box tf_w\">\n\t\t            <div  data-lazy=\"1\" class=\"module_column sub_column col-full tb_86ct940 first\">\n                                                <\/div>\n            \t    <\/div>\n\t<\/div><!-- \/themify_builder_sub_row -->\n\t                    <\/div>\n                            <\/div>\n                        <div  data-lazy=\"1\" class=\"module_column tb-column col3-2 tb_tpsc797 last\">\n                                                        <div class=\"tb-column-inner tf_box tf_w\">\n                        <!-- module image -->\n<div  class=\"module module-image tb_nijw250   image-center auto_fullwidth tf_mw\" data-lazy=\"1\" id=\"climatizacion\">\n        <div class=\"image-wrap tf_rel tf_mw\">\n\t\t    <a href=\"https:\/\/www.fieger-lamellenfenster.de\/wp-content\/uploads\/2021\/06\/Karl-Friedrich-Gymnasium-Mannheim_740x555.jpg\"\n\t        class=\"lightbox-builder themify_lightbox\" data-zoom-config=\"700px|500px\"\t       >\n\t\t   \t\t\t\t\t\t<span class=\"zoom\">\n\t\t\t    <svg  aria-label=\"Open\" class=\"tf_fa tf-ti-search\" role=\"img\"><use href=\"#tf-ti-search\"><\/use><\/svg>\t\t\t<\/span>\n\t\t    \t\t<img loading=\"lazy\" decoding=\"async\" src=\"https:\/\/www.fieger-lamellenfenster.de\/wp-content\/uploads\/2021\/06\/Karl-Friedrich-Gymnasium-Mannheim_740x555-740x555.jpg\" width=\"740\" height=\"555\" class=\"wp-post-image wp-image-4875\" title=\"Karl-Friedrich-Gymnasium Mannheim\" alt=\"Energieeffizienz durch kontrollierte L\u00fcftung und nat\u00fcrliche Klimatisierung in einem Klassenzimmer des \" srcset=\"https:\/\/www.fieger-lamellenfenster.de\/wp-content\/uploads\/2021\/06\/Karl-Friedrich-Gymnasium-Mannheim_740x555.jpg 740w, https:\/\/www.fieger-lamellenfenster.de\/wp-content\/uploads\/2021\/06\/Karl-Friedrich-Gymnasium-Mannheim_740x555-300x225.jpg 300w\" sizes=\"(max-width: 740px) 100vw, 740px\" \/>\t    <\/a>\n\t\n\t\t<\/div>\n\t<!-- \/image-wrap -->\n    \n    \t<\/div>\n<!-- \/module image -->\t<div  data-lazy=\"1\" class=\"module_subrow themify_builder_sub_row tb_apqt876 tf_w tf_clearfix\">\n\t    \t\t\t<div class=\"subrow_inner col_align_top tb_col_count_4 tf_box tf_w\">\n\t\t            <div  data-lazy=\"1\" class=\"module_column sub_column col4-1 tb_vvsh876 first\">\n                                                        <div class=\"tb-column-inner tf_box tf_w\">\n                        <!-- module image -->\n<div  class=\"module module-image tb_045o876   image-center tf_mw\" data-lazy=\"1\">\n        <div class=\"image-wrap tf_rel tf_mw\">\n\t\t    <a href=\"https:\/\/www.fieger-lamellenfenster.de\/wp-content\/uploads\/2021\/11\/Airtec_ES_700x500.jpg\"\n\t        class=\"lightbox-builder themify_lightbox\" data-zoom-config=\"700px|500px\"\t       >\n\t\t   \t\t\t\t\t\t<span class=\"zoom\">\n\t\t\t    <svg  aria-label=\"Open\" class=\"tf_fa tf-ti-search\" role=\"img\"><use href=\"#tf-ti-search\"><\/use><\/svg>\t\t\t<\/span>\n\t\t    \t\t<img loading=\"lazy\" decoding=\"async\" src=\"https:\/\/www.fieger-lamellenfenster.de\/wp-content\/uploads\/2021\/11\/Airtec_ES_700x500-300x225.jpg\" width=\"300\" height=\"225\" class=\"wp-post-image wp-image-7048\" title=\"Airtec_ES_700x500\" alt=\"Airtec certificado Aire interior saludable y climatizaci\u00f3n inteligente\">\t    <\/a>\n\t\n\t\t<\/div>\n\t<!-- \/image-wrap -->\n    \n    \t<\/div>\n<!-- \/module image -->                    <\/div>\n                            <\/div>\n                        <div  data-lazy=\"1\" class=\"module_column sub_column col4-1 tb_fjrm876\">\n                                                        <div class=\"tb-column-inner tf_box tf_w\">\n                        <!-- module image -->\n<div  class=\"module module-image tb_feq7876   image-center tf_mw\" data-lazy=\"1\">\n        <div class=\"image-wrap tf_rel tf_mw\">\n\t\t    <a href=\"https:\/\/www.fieger-lamellenfenster.de\/wp-content\/uploads\/2021\/06\/Sporthalle-Koeln_740x555.jpg\"\n\t        class=\"lightbox-builder themify_lightbox\" data-zoom-config=\"700px|500px\"\t       >\n\t\t   \t\t\t\t\t\t<span class=\"zoom\">\n\t\t\t    <svg  aria-label=\"Open\" class=\"tf_fa tf-ti-search\" role=\"img\"><use href=\"#tf-ti-search\"><\/use><\/svg>\t\t\t<\/span>\n\t\t    \t\t<img loading=\"lazy\" decoding=\"async\" src=\"https:\/\/www.fieger-lamellenfenster.de\/wp-content\/uploads\/2021\/06\/Sporthalle-Koeln_740x555-300x225.jpg\" width=\"300\" height=\"225\" class=\"wp-post-image wp-image-4924\" title=\"Sporthalle K\u00f6ln\" alt=\"Be- und Entl\u00fcftung an schwer erreichbaren Stellen mit Fieger Lamellenfenster - Sporthalle des Carl-Bosch-Gymnasium Ludwigshafen, Deutschland\" srcset=\"https:\/\/www.fieger-lamellenfenster.de\/wp-content\/uploads\/2021\/06\/Sporthalle-Koeln_740x555-300x225.jpg 300w, https:\/\/www.fieger-lamellenfenster.de\/wp-content\/uploads\/2021\/06\/Sporthalle-Koeln_740x555.jpg 740w\" sizes=\"(max-width: 300px) 100vw, 300px\" \/>\t    <\/a>\n\t\n\t\t<\/div>\n\t<!-- \/image-wrap -->\n    \n    \t<\/div>\n<!-- \/module image -->                    <\/div>\n                            <\/div>\n                        <div  data-lazy=\"1\" class=\"module_column sub_column col4-1 tb_z47v876\">\n                                                        <div class=\"tb-column-inner tf_box tf_w\">\n                        <!-- module image -->\n<div  class=\"module module-image tb_a1kh876   image-center tf_mw\" data-lazy=\"1\">\n        <div class=\"image-wrap tf_rel tf_mw\">\n\t\t    <a href=\"https:\/\/www.fieger-lamellenfenster.de\/wp-content\/uploads\/2021\/06\/Grundschule-Puchheim740x555.jpg\"\n\t        class=\"lightbox-builder themify_lightbox\" data-zoom-config=\"700px|500px\"\t       >\n\t\t   \t\t\t\t\t\t<span class=\"zoom\">\n\t\t\t    <svg  aria-label=\"Open\" class=\"tf_fa tf-ti-search\" role=\"img\"><use href=\"#tf-ti-search\"><\/use><\/svg>\t\t\t<\/span>\n\t\t    \t\t<img loading=\"lazy\" decoding=\"async\" src=\"https:\/\/www.fieger-lamellenfenster.de\/wp-content\/uploads\/2021\/06\/Grundschule-Puchheim740x555-300x225.jpg\" width=\"300\" height=\"225\" class=\"wp-post-image wp-image-4920\" title=\"Grundschule Puchheim\" alt=\"Wie hier in der Grundschule Puchheim, Deutschland, kontrollierte Be- und Entl\u00fcftung k\u00f6nnen FIEGER Lamellenfenster eine Klimaanlage nahezu komplett ersetzen\" srcset=\"https:\/\/www.fieger-lamellenfenster.de\/wp-content\/uploads\/2021\/06\/Grundschule-Puchheim740x555-300x225.jpg 300w, https:\/\/www.fieger-lamellenfenster.de\/wp-content\/uploads\/2021\/06\/Grundschule-Puchheim740x555.jpg 740w\" sizes=\"(max-width: 300px) 100vw, 300px\" \/>\t    <\/a>\n\t\n\t\t<\/div>\n\t<!-- \/image-wrap -->\n    \n    \t<\/div>\n<!-- \/module image -->                    <\/div>\n                            <\/div>\n                        <div  data-lazy=\"1\" class=\"module_column sub_column col4-1 tb_2cng876 last\">\n                                                        <div class=\"tb-column-inner tf_box tf_w\">\n                        <!-- module image -->\n<div  class=\"module module-image tb_dy76876   image-center tf_mw\" data-lazy=\"1\">\n        <div class=\"image-wrap tf_rel tf_mw\">\n\t\t    <a href=\"https:\/\/www.fieger-lamellenfenster.de\/wp-content\/uploads\/2021\/06\/Carl-Bosch-Gymnasium_740x555.jpg\"\n\t        class=\"lightbox-builder themify_lightbox\" data-zoom-config=\"700px|500px\"\t       >\n\t\t   \t\t\t\t\t\t<span class=\"zoom\">\n\t\t\t    <svg  aria-label=\"Open\" class=\"tf_fa tf-ti-search\" role=\"img\"><use href=\"#tf-ti-search\"><\/use><\/svg>\t\t\t<\/span>\n\t\t    \t\t<img loading=\"lazy\" decoding=\"async\" src=\"https:\/\/www.fieger-lamellenfenster.de\/wp-content\/uploads\/2021\/06\/Carl-Bosch-Gymnasium_740x555-300x225.jpg\" width=\"300\" height=\"225\" class=\"wp-post-image wp-image-4928\" title=\"Carl-Bosch-Gymnasium\" alt=\"Be- und Entl\u00fcftung an schwer erreichbaren Stellen mit Fieger Lamellenfenster - Sporthalle \" srcset=\"https:\/\/www.fieger-lamellenfenster.de\/wp-content\/uploads\/2021\/06\/Carl-Bosch-Gymnasium_740x555-300x225.jpg 300w, https:\/\/www.fieger-lamellenfenster.de\/wp-content\/uploads\/2021\/06\/Carl-Bosch-Gymnasium_740x555.jpg 740w\" sizes=\"(max-width: 300px) 100vw, 300px\" \/>\t    <\/a>\n\t\n\t\t<\/div>\n\t<!-- \/image-wrap -->\n    \n    \t<\/div>\n<!-- \/module image -->                    <\/div>\n                            <\/div>\n            \t    <\/div>\n\t<\/div><!-- \/themify_builder_sub_row -->\n\t<!-- module divider -->\n<div  class=\"module tf_mw module-divider tb_jz4u477 solid   \" style=\"border-width: 1px;border-color: #d1d1d1;margin-top: 20px;margin-bottom: 20px;\" data-lazy=\"1\">\n    <\/div>\n<!-- \/module divider -->\n<!-- module text -->\n<div  class=\"module module-text tb_za84900   \" data-lazy=\"1\">\n        <div  class=\"tb_text_wrap\">\n    <h3>Eficiencia energ\u00e9tica gracias a la ventilaci\u00f3n controlada y a la climatizaci\u00f3n natural<\/h3>\n<p>Especialmente \u00fatiles para edificios p\u00fablicos de grandes dimensiones, salas de exposiciones y naves industriales: Las ventanas de lamas FIEGER mejoran la eficiencia energ\u00e9tica del edificio durante las estaciones fr\u00edas y c\u00e1lidas gracias al efecto AirTec: en las \u00e9pocas de uso de la calefacci\u00f3n, el intercambio de aire controlado o la combinaci\u00f3n con un sistema de ventilaci\u00f3n con recuperaci\u00f3n de energ\u00eda, evitan p\u00e9rdida de calor.<\/p>\n<p>Las ventanas de lamas despliegan todo su potencial cuando hace calor: la refrigeraci\u00f3n nocturna controlada de forma inteligente y la ventilaci\u00f3n controlada pueden sustituir casi por completo al aire acondicionado. Un ejemplo de proyecto de construcci\u00f3n ecol\u00f3gica: en la calurosa California, una empresa inform\u00e1tica puede prescindir del aire acondicionado casi todo el a\u00f1o en su sede de 262.000 metros cuadrados con elementos de ventilaci\u00f3n desarrollados por FIEGER.<\/p>    <\/div>\n<\/div>\n<!-- \/module text -->                    <\/div>\n                            <\/div>\n            \t    <\/div>\n\t    <!-- \/row_inner -->\n\t<\/div>\n\t<!-- \/module_row -->\n\t\t\t\t<!-- module_row -->\n\t<div  data-anchor=\"salida\" data-lazy=\"1\" class=\"module_row themify_builder_row tb_has_section tb_section-salida tb_uk0b308 tf_w tf_clearfix\">\n\t    \t\t\t<div class=\"row_inner col_align_top tb_col_count_2 tf_box tf_rel\">\n\t\t            <div  data-lazy=\"1\" class=\"module_column tb-column col3-1 tb_h8be309 first\">\n                                                        <div class=\"tb-column-inner tf_box tf_w\">\n                        \t<div  data-lazy=\"1\" class=\"module_subrow themify_builder_sub_row tb_uctf309 tf_w tf_clearfix\">\n\t    \t\t\t<div class=\"subrow_inner col_align_top tb_col_count_1 tf_box tf_w\">\n\t\t            <div  data-lazy=\"1\" class=\"module_column sub_column col-full tb_yqdd309 first\">\n                                                <\/div>\n            \t    <\/div>\n\t<\/div><!-- \/themify_builder_sub_row -->\n\t                    <\/div>\n                            <\/div>\n                        <div  data-lazy=\"1\" class=\"module_column tb-column col3-2 tb_yvcj310 last\">\n                                                        <div class=\"tb-column-inner tf_box tf_w\">\n                        <!-- module image -->\n<div  class=\"module module-image tb_93ce309   image-center auto_fullwidth tf_mw\" data-lazy=\"1\" id=\"extraccion\">\n        <div class=\"image-wrap tf_rel tf_mw\">\n\t\t    <a href=\"https:\/\/www.fieger-lamellenfenster.de\/wp-content\/uploads\/2021\/06\/MundsburgTowerHamburg_740x555.jpg\"\n\t        class=\"lightbox-builder themify_lightbox\" data-zoom-config=\"700px|500px\"\t       >\n\t\t   \t\t\t\t\t\t<span class=\"zoom\">\n\t\t\t    <svg  aria-label=\"Open\" class=\"tf_fa tf-ti-search\" role=\"img\"><use href=\"#tf-ti-search\"><\/use><\/svg>\t\t\t<\/span>\n\t\t    \t\t<img loading=\"lazy\" decoding=\"async\" src=\"https:\/\/www.fieger-lamellenfenster.de\/wp-content\/uploads\/2021\/06\/MundsburgTowerHamburg_740x555-740x555.jpg\" width=\"740\" height=\"555\" class=\"wp-post-image wp-image-4905\" title=\"Mundsburg Tower Hamburg\" alt=\"FIEGER Lamellenfenster mit SmoTec bieten als RWA Fenster\" srcset=\"https:\/\/www.fieger-lamellenfenster.de\/wp-content\/uploads\/2021\/06\/MundsburgTowerHamburg_740x555.jpg 740w, https:\/\/www.fieger-lamellenfenster.de\/wp-content\/uploads\/2021\/06\/MundsburgTowerHamburg_740x555-300x225.jpg 300w\" sizes=\"(max-width: 740px) 100vw, 740px\" \/>\t    <\/a>\n\t\n\t\t<\/div>\n\t<!-- \/image-wrap -->\n    \n    \t<\/div>\n<!-- \/module image -->\t<div  data-lazy=\"1\" class=\"module_subrow themify_builder_sub_row tb_9zxw968 tf_w tf_clearfix\">\n\t    \t\t\t<div class=\"subrow_inner col_align_top tb_col_count_4 tf_box tf_w\">\n\t\t            <div  data-lazy=\"1\" class=\"module_column sub_column col4-1 tb_frf7968 first\">\n                                                        <div class=\"tb-column-inner tf_box tf_w\">\n                        <!-- module image -->\n<div  class=\"module module-image tb_imn1968   image-center tf_mw\" data-lazy=\"1\">\n        <div class=\"image-wrap tf_rel tf_mw\">\n\t\t    <a href=\"https:\/\/www.fieger-lamellenfenster.de\/wp-content\/uploads\/2021\/11\/Smotec_ES_700x500.jpg\"\n\t        class=\"lightbox-builder themify_lightbox\" data-zoom-config=\"700px|500px\"\t       >\n\t\t   \t\t\t\t\t\t<span class=\"zoom\">\n\t\t\t    <svg  aria-label=\"Open\" class=\"tf_fa tf-ti-search\" role=\"img\"><use href=\"#tf-ti-search\"><\/use><\/svg>\t\t\t<\/span>\n\t\t    \t\t<img loading=\"lazy\" decoding=\"async\" src=\"https:\/\/www.fieger-lamellenfenster.de\/wp-content\/uploads\/2021\/11\/Smotec_ES_700x500-300x225.jpg\" width=\"300\" height=\"225\" class=\"wp-post-image wp-image-7040\" title=\"Smotec_ES_700x500\" alt=\"smotec certificaci\u00f3n puede controlar la extracci\u00f3n natural de humos y calor (NSHEV)\">\t    <\/a>\n\t\n\t\t<\/div>\n\t<!-- \/image-wrap -->\n    \n    \t<\/div>\n<!-- \/module image -->                    <\/div>\n                            <\/div>\n                        <div  data-lazy=\"1\" class=\"module_column sub_column col4-1 tb_x9il968\">\n                                                        <div class=\"tb-column-inner tf_box tf_w\">\n                        <!-- module image -->\n<div  class=\"module module-image tb_o69r968   image-center tf_mw\" data-lazy=\"1\">\n        <div class=\"image-wrap tf_rel tf_mw\">\n\t\t    <a href=\"https:\/\/www.fieger-lamellenfenster.de\/wp-content\/uploads\/2021\/06\/Friars-Road_740x555.jpg\"\n\t        class=\"lightbox-builder themify_lightbox\" data-zoom-config=\"700px|500px\"\t       >\n\t\t   \t\t\t\t\t\t<span class=\"zoom\">\n\t\t\t    <svg  aria-label=\"Open\" class=\"tf_fa tf-ti-search\" role=\"img\"><use href=\"#tf-ti-search\"><\/use><\/svg>\t\t\t<\/span>\n\t\t    \t\t<img loading=\"lazy\" decoding=\"async\" src=\"https:\/\/www.fieger-lamellenfenster.de\/wp-content\/uploads\/2021\/06\/Friars-Road_740x555-300x225.jpg\" width=\"300\" height=\"225\" class=\"wp-post-image wp-image-4901\" title=\"Friars Road\" alt=\"FIEGER Lamellenfenster mit SmoTec bieten als RWA Fenster im Mundsburg Tower Hamburg, Deutschland  hervorragende M\u00f6glichkeiten zum nat\u00fcrlichen Rauch- und W\u00e4rmeabzug\" srcset=\"https:\/\/www.fieger-lamellenfenster.de\/wp-content\/uploads\/2021\/06\/Friars-Road_740x555-300x225.jpg 300w, https:\/\/www.fieger-lamellenfenster.de\/wp-content\/uploads\/2021\/06\/Friars-Road_740x555.jpg 740w\" sizes=\"(max-width: 300px) 100vw, 300px\" \/>\t    <\/a>\n\t\n\t\t<\/div>\n\t<!-- \/image-wrap -->\n    \n    \t<\/div>\n<!-- \/module image -->                    <\/div>\n                            <\/div>\n                        <div  data-lazy=\"1\" class=\"module_column sub_column col4-1 tb_gu4y968\">\n                                                        <div class=\"tb-column-inner tf_box tf_w\">\n                        <!-- module image -->\n<div  class=\"module module-image tb_umff968   image-center tf_mw\" data-lazy=\"1\">\n        <div class=\"image-wrap tf_rel tf_mw\">\n\t\t    <a href=\"https:\/\/www.fieger-lamellenfenster.de\/wp-content\/uploads\/2021\/06\/BuchwaldsBroHorsenDaenemark_740x555.jpg\"\n\t        class=\"lightbox-builder themify_lightbox\" data-zoom-config=\"700px|500px\"\t       >\n\t\t   \t\t\t\t\t\t<span class=\"zoom\">\n\t\t\t    <svg  aria-label=\"Open\" class=\"tf_fa tf-ti-search\" role=\"img\"><use href=\"#tf-ti-search\"><\/use><\/svg>\t\t\t<\/span>\n\t\t    \t\t<img loading=\"lazy\" decoding=\"async\" src=\"https:\/\/www.fieger-lamellenfenster.de\/wp-content\/uploads\/2021\/06\/BuchwaldsBroHorsenDaenemark_740x555-300x225.jpg\" width=\"300\" height=\"225\" class=\"wp-post-image wp-image-4893\" title=\"Buchwalds Bro Horsen D\u00e4nemark\" alt=\"Aussenansicht der fl\u00e4chenb\u00fcndige, \u00f6ffenbaren Glasfassaden in Buchwalds Bro Horsen, Danmark\" srcset=\"https:\/\/www.fieger-lamellenfenster.de\/wp-content\/uploads\/2021\/06\/BuchwaldsBroHorsenDaenemark_740x555-300x225.jpg 300w, https:\/\/www.fieger-lamellenfenster.de\/wp-content\/uploads\/2021\/06\/BuchwaldsBroHorsenDaenemark_740x555.jpg 740w\" sizes=\"(max-width: 300px) 100vw, 300px\" \/>\t    <\/a>\n\t\n\t\t<\/div>\n\t<!-- \/image-wrap -->\n    \n    \t<\/div>\n<!-- \/module image -->                    <\/div>\n                            <\/div>\n                        <div  data-lazy=\"1\" class=\"module_column sub_column col4-1 tb_5qmw968 last\">\n                                                        <div class=\"tb-column-inner tf_box tf_w\">\n                        <!-- module image -->\n<div  class=\"module module-image tb_tt21968   image-center tf_mw\" data-lazy=\"1\">\n        <div class=\"image-wrap tf_rel tf_mw\">\n\t\t    <a href=\"https:\/\/www.fieger-lamellenfenster.de\/wp-content\/uploads\/2021\/06\/Adelaide-House-Newcastle_740x555.jpg\"\n\t        class=\"lightbox-builder themify_lightbox\" data-zoom-config=\"700px|500px\"\t       >\n\t\t   \t\t\t\t\t\t<span class=\"zoom\">\n\t\t\t    <svg  aria-label=\"Open\" class=\"tf_fa tf-ti-search\" role=\"img\"><use href=\"#tf-ti-search\"><\/use><\/svg>\t\t\t<\/span>\n\t\t    \t\t<img loading=\"lazy\" decoding=\"async\" src=\"https:\/\/www.fieger-lamellenfenster.de\/wp-content\/uploads\/2021\/06\/Adelaide-House-Newcastle_740x555-300x225.jpg\" width=\"300\" height=\"225\" class=\"wp-post-image wp-image-4889\" title=\"Adelaide House Newcastle\" alt=\"Fieger FLW Lamellenfenster im Treppenhaus der Golspie-Street-Glasgow Scotland\" srcset=\"https:\/\/www.fieger-lamellenfenster.de\/wp-content\/uploads\/2021\/06\/Adelaide-House-Newcastle_740x555-300x225.jpg 300w, https:\/\/www.fieger-lamellenfenster.de\/wp-content\/uploads\/2021\/06\/Adelaide-House-Newcastle_740x555.jpg 740w\" sizes=\"(max-width: 300px) 100vw, 300px\" \/>\t    <\/a>\n\t\n\t\t<\/div>\n\t<!-- \/image-wrap -->\n    \n    \t<\/div>\n<!-- \/module image -->                    <\/div>\n                            <\/div>\n            \t    <\/div>\n\t<\/div><!-- \/themify_builder_sub_row -->\n\t<!-- module divider -->\n<div  class=\"module tf_mw module-divider tb_ed1m312 solid   \" style=\"border-width: 1px;border-color: #d1d1d1;margin-top: 20px;margin-bottom: 20px;\" data-lazy=\"1\">\n    <\/div>\n<!-- \/module divider -->\n<!-- module text -->\n<div  class=\"module module-text tb_btqd312   \" data-lazy=\"1\">\n        <div  class=\"tb_text_wrap\">\n    <h3>Extracci\u00f3n natural de humos en la protecci\u00f3n contra incendios<\/h3>\n<p>En el 90 % de los casos, los humos suponen la causa de muerte en v\u00edctimas de incendio en edificios. Dise\u00f1ada para la extracci\u00f3n de humos, las ventanas de lamas FIEGER ofrecen \u00f3ptimas posibilidades para la extracci\u00f3n natural de humos y calor. Las ventanas de lamas FIEGER, certificadas seg\u00fan la norma DIN EN 12101-2 como NSHEV (aireadores naturales de humo y calor), se abren autom\u00e1ticamente cuando se combinan con un sistema SHEVS; de esa forma, pueden salvar vidas.<\/p>    <\/div>\n<\/div>\n<!-- \/module text -->                    <\/div>\n                            <\/div>\n            \t    <\/div>\n\t    <!-- \/row_inner -->\n\t<\/div>\n\t<!-- \/module_row -->\n\t\t\t\t<!-- module_row -->\n\t<div  data-anchor=\"antirrobos\" data-lazy=\"1\" class=\"module_row themify_builder_row tb_has_section tb_section-antirrobos tb_4oid877 tf_w tf_clearfix\">\n\t    \t\t\t<div class=\"row_inner col_align_top tb_col_count_2 tf_box tf_rel\">\n\t\t            <div  data-lazy=\"1\" class=\"module_column tb-column col3-1 tb_s8vn877 first\">\n                                                        <div class=\"tb-column-inner tf_box tf_w\">\n                        \t<div  data-lazy=\"1\" class=\"module_subrow themify_builder_sub_row tb_9d2x878 tf_w tf_clearfix\">\n\t    \t\t\t<div class=\"subrow_inner col_align_top tb_col_count_1 tf_box tf_w\">\n\t\t            <div  data-lazy=\"1\" class=\"module_column sub_column col-full tb_yigr878 first\">\n                                                <\/div>\n            \t    <\/div>\n\t<\/div><!-- \/themify_builder_sub_row -->\n\t                    <\/div>\n                            <\/div>\n                        <div  data-lazy=\"1\" class=\"module_column tb-column col3-2 tb_7mmg878 last\">\n                                                        <div class=\"tb-column-inner tf_box tf_w\">\n                        <!-- module divider -->\n<div  class=\"module tf_mw module-divider tb_yzmm881 solid   \" style=\"border-width: 1px;border-color: #d1d1d1;margin-top: 20px;margin-bottom: 20px;\" data-lazy=\"1\">\n    <\/div>\n<!-- \/module divider -->\n<!-- module text -->\n<div  class=\"module module-text tb_qhqu881   \" data-lazy=\"1\">\n        <div  class=\"tb_text_wrap\">\n    <h3>Protecci\u00f3n antirrobos mediante barras transversales adicionales.<\/h3>\n<p>Las ventanas de lamas en s\u00ed mismas no incitan al robo. Gracias a sus barras transversales adicionales, que adem\u00e1s pueden acoplarse a una central de alarma, se pueden dise\u00f1ar ventanas de lamas antirrobo m\u00e1s grandes. Asimismo, las ventanas FLW40 ofrecen una protecci\u00f3n antirrobo RC2 seg\u00fan la norma EN 1627 \u2013 EN 1630 y as\u00ed como un acristalamiento P4A para dificultar a\u00fan m\u00e1s los robos.<\/p>    <\/div>\n<\/div>\n<!-- \/module text -->                    <\/div>\n                            <\/div>\n            \t    <\/div>\n\t    <!-- \/row_inner -->\n\t<\/div>\n\t<!-- \/module_row -->\n\t\t\t\t<!-- module_row -->\n\t<div  data-anchor=\"certificaciones\" data-lazy=\"1\" class=\"module_row themify_builder_row tb_has_section tb_section-certificaciones tb_kk6e670 tf_w tf_clearfix\">\n\t    \t\t\t<div class=\"row_inner col_align_top tb_col_count_2 tf_box tf_rel\">\n\t\t            <div  data-lazy=\"1\" class=\"module_column tb-column col3-1 tb_oi58670 first\">\n                                                        <div class=\"tb-column-inner tf_box tf_w\">\n                        \t<div  data-lazy=\"1\" class=\"module_subrow themify_builder_sub_row tb_kt56671 tf_w tf_clearfix\">\n\t    \t\t\t<div class=\"subrow_inner col_align_top tb_col_count_1 tf_box tf_w\">\n\t\t            <div  data-lazy=\"1\" class=\"module_column sub_column col-full tb_7c2w671 first\">\n                                                <\/div>\n            \t    <\/div>\n\t<\/div><!-- \/themify_builder_sub_row -->\n\t                    <\/div>\n                            <\/div>\n                        <div  data-lazy=\"1\" class=\"module_column tb-column col3-2 tb_pfpf672 last\">\n                                                        <div class=\"tb-column-inner tf_box tf_w\">\n                        <!-- module divider -->\n<div  class=\"module tf_mw module-divider tb_zooz674 solid   \" style=\"border-width: 1px;border-color: #d1d1d1;margin-top: 20px;margin-bottom: 20px;\" data-lazy=\"1\">\n    <\/div>\n<!-- \/module divider -->\n<!-- module text -->\n<div  class=\"module module-text tb_gjp2674   \" data-lazy=\"1\">\n        <div  class=\"tb_text_wrap\">\n    <h3>Nuestros certificados m\u00e1s importantes seg\u00fan las normas DIN<\/h3>    <\/div>\n<\/div>\n<!-- \/module text --><!-- module icon -->\n<div  class=\"module module-icon tb_iagh143  small squared icon_vertical \" data-lazy=\"1\">\n        <div class=\"module-icon-item\">\n\t    \t\t\t\t\t\t    <img loading=\"lazy\" decoding=\"async\" width=\"74\" height=\"74\" src=\"https:\/\/www.fieger-lamellenfenster.de\/wp-content\/uploads\/2021\/03\/FIEGER_icon_Liste.png\" class=\"tf_box wp-post-image wp-image-1121\" title=\"Protecci\u00f3n contra ca\u00eddas: Todas las ventanas de lamas FLW cumplen con la certificaci\u00f3n DIN 18008. \" alt=\"Protecci\u00f3n contra ca\u00eddas: Todas las ventanas de lamas FLW cumplen con la certificaci\u00f3n DIN 18008. \">\t\t\t\t\t\t    \t    \t    <span>Protecci\u00f3n contra ca\u00eddas: Todas las ventanas de lamas FLW cumplen con la certificaci\u00f3n DIN 18008. <\/span>\n\t\t    \t\t\t\t        <\/div>\n\t        <div class=\"module-icon-item\">\n\t    \t\t\t\t\t\t    <img loading=\"lazy\" decoding=\"async\" width=\"74\" height=\"74\" src=\"https:\/\/www.fieger-lamellenfenster.de\/wp-content\/uploads\/2021\/03\/FIEGER_icon_Liste.png\" class=\"tf_box wp-post-image wp-image-1121\" title=\"Ventilaci\u00f3n natural o extracci\u00f3n de humos y\u00a0 calor (NSHEV).Todas las ventanas de lamas FIEGER tienen la certificaci\u00f3n DIN EN 12101-2.\" alt=\"Ventilaci\u00f3n natural o extracci\u00f3n de humos y\u00a0 calor (NSHEV).Todas las ventanas de lamas FIEGER tienen la certificaci\u00f3n DIN EN 12101-2.\">\t\t\t\t\t\t    \t    \t    <span>Ventilaci\u00f3n natural o extracci\u00f3n de humos y\u00a0 calor (NSHEV).Todas las ventanas de lamas FIEGER tienen la certificaci\u00f3n DIN EN 12101-2.<\/span>\n\t\t    \t\t\t\t        <\/div>\n\t        <div class=\"module-icon-item\">\n\t    \t\t\t\t\t\t    <img loading=\"lazy\" decoding=\"async\" width=\"74\" height=\"74\" src=\"https:\/\/www.fieger-lamellenfenster.de\/wp-content\/uploads\/2021\/03\/FIEGER_icon_Liste.png\" class=\"tf_box wp-post-image wp-image-1121\" title=\"Permeabilidad al aire: todas las ventanas de lamas FLW tienen una permeabilidad al aire de clase 4 seg\u00fan la norma DIN EN 12207.\" alt=\"Permeabilidad al aire: todas las ventanas de lamas FLW tienen una permeabilidad al aire de clase 4 seg\u00fan la norma DIN EN 12207.\">\t\t\t\t\t\t    \t    \t    <span>Permeabilidad al aire: todas las ventanas de lamas FLW tienen una permeabilidad al aire de clase 4 seg\u00fan la norma DIN EN 12207.<\/span>\n\t\t    \t\t\t\t        <\/div>\n\t        <div class=\"module-icon-item\">\n\t    \t\t\t\t\t\t    <img loading=\"lazy\" decoding=\"async\" width=\"74\" height=\"74\" src=\"https:\/\/www.fieger-lamellenfenster.de\/wp-content\/uploads\/2021\/03\/FIEGER_icon_Liste.png\" class=\"tf_box wp-post-image wp-image-1121\" title=\"Ventanas y puertas. Norma de producto DIN EN 14351-1: Todas ventanas de lamas FLW tienen la certificaci\u00f3n DIN EN 14351-1\" alt=\"Ventanas y puertas. Norma de producto DIN EN 14351-1: Todas ventanas de lamas FLW tienen la certificaci\u00f3n DIN EN 14351-1\">\t\t\t\t\t\t    \t    \t    <span>Ventanas y puertas. Norma de producto DIN EN 14351-1: Todas ventanas de lamas FLW tienen la certificaci\u00f3n DIN EN 14351-1<\/span>\n\t\t    \t\t\t\t        <\/div>\n\t        <div class=\"module-icon-item\">\n\t    \t\t<a href=\"https:\/\/www.fieger-lamellenfenster.de\/wp-content\/uploads\/2021\/12\/Produktuebersicht_297x210mm-spanisch.pdf\" class=\"lightbox-builder themify_lightbox\">\n\t    \t\t\t\t\t\t    <img loading=\"lazy\" decoding=\"async\" width=\"74\" height=\"74\" src=\"https:\/\/www.fieger-lamellenfenster.de\/wp-content\/uploads\/2021\/03\/FIEGER_icon_Liste.png\" class=\"tf_box wp-post-image wp-image-1121\" title=\"Aqu\u00ed encontrar\u00e1 m\u00e1s informaci\u00f3n sobre nuestras certificaciones seg\u00fan las normas DIN. \" alt=\"Aqu\u00ed encontrar\u00e1 m\u00e1s informaci\u00f3n sobre nuestras certificaciones seg\u00fan las normas DIN. \">\t\t\t\t\t\t    \t    \t    <span>Aqu\u00ed encontrar\u00e1 m\u00e1s informaci\u00f3n sobre nuestras certificaciones seg\u00fan las normas DIN. <\/span>\n\t\t    \t\t\t\t\t\t<\/a>\n\t\t        <\/div>\n\t<\/div>\n<!-- \/module icon -->\n                    <\/div>\n                            <\/div>\n            \t    <\/div>\n\t    <!-- \/row_inner -->\n\t<\/div>\n\t<!-- \/module_row -->\n\t<\/div>\n<!--\/themify_builder_content-->","protected":false},"excerpt":{"rendered":"<p>Soluciones convincentespara el dise\u00f1o, ventilaci\u00f3n, eficiencia energ\u00e9tica y seguridad Las ventanas de lamas FIEGER est\u00e1n disponibles en todos los colores, desde acristalamiento simple hasta acristalamiento triple, como ventana de protecci\u00f3n solar, como ventanas de protecci\u00f3n t\u00e9rmica, con vidrio float, vidrio de seguridad templado, vidrio&nbsp;de seguridad laminado, una combinaci\u00f3n de estos vidrios, con lamas de paneles [&hellip;]<\/p>\n","protected":false},"author":18,"featured_media":0,"parent":0,"menu_order":2,"comment_status":"closed","ping_status":"closed","template":"","meta":{"footnotes":""},"_links":{"self":[{"href":"https:\/\/www.fieger-lamellenfenster.de\/es\/wp-json\/wp\/v2\/pages\/5707"}],"collection":[{"href":"https:\/\/www.fieger-lamellenfenster.de\/es\/wp-json\/wp\/v2\/pages"}],"about":[{"href":"https:\/\/www.fieger-lamellenfenster.de\/es\/wp-json\/wp\/v2\/types\/page"}],"author":[{"embeddable":true,"href":"https:\/\/www.fieger-lamellenfenster.de\/es\/wp-json\/wp\/v2\/users\/18"}],"replies":[{"embeddable":true,"href":"https:\/\/www.fieger-lamellenfenster.de\/es\/wp-json\/wp\/v2\/comments?post=5707"}],"version-history":[{"count":83,"href":"https:\/\/www.fieger-lamellenfenster.de\/es\/wp-json\/wp\/v2\/pages\/5707\/revisions"}],"predecessor-version":[{"id":11435,"href":"https:\/\/www.fieger-lamellenfenster.de\/es\/wp-json\/wp\/v2\/pages\/5707\/revisions\/11435"}],"wp:attachment":[{"href":"https:\/\/www.fieger-lamellenfenster.de\/es\/wp-json\/wp\/v2\/media?parent=5707"}],"curies":[{"name":"wp","href":"https:\/\/api.w.org\/{rel}","templated":true}]}}