{"id":5705,"date":"2021-07-09T11:09:17","date_gmt":"2021-07-09T09:09:17","guid":{"rendered":"https:\/\/www.fieger-lamellenfenster.de\/inicio\/"},"modified":"2025-06-27T13:40:56","modified_gmt":"2025-06-27T11:40:56","slug":"inicio","status":"publish","type":"page","link":"https:\/\/www.fieger-lamellenfenster.de\/es\/","title":{"rendered":"Inicio"},"content":{"rendered":"<div class=\"wp-block-themepunch-revslider revslider\" data-modal=\"false\" data-slidertitle=\"Homepage_ES\" style=\"\">\n\t\t\t<!-- START Homepage_ES REVOLUTION SLIDER 6.6.20 --><p class=\"rs-p-wp-fix\"><\/p>\n\t\t\t<rs-module-wrap id=\"rev_slider_50_1_wrapper\" data-source=\"gallery\" style=\"visibility:hidden;background:transparent;padding:0;margin:0px auto;margin-top:0;margin-bottom:0;\">\n\t\t\t\t<rs-module id=\"rev_slider_50_1\" style=\"\" data-version=\"6.6.20\">\n\t\t\t\t\t<rs-slides style=\"overflow: hidden; position: absolute;\">\n\t\t\t\t\t\t<rs-slide style=\"position: absolute;\" data-key=\"rs-68\" data-title=\"Slide1\" data-duration=\"4000ms\" data-in=\"o:0;\" data-out=\"a:false;\" data-d3=\"f:turn;d:vertical;su:true;\">\n\t\t\t\t\t\t\t<img decoding=\"async\" src=\"\/\/www.fieger-lamellenfenster.de\/wp-content\/plugins\/revslider\/public\/assets\/assets\/dummy.png\" alt=\"FIEGER Lamellenfenster mit SmoTec bieten als RWA Fenster im Mundsburg Tower Hamburg, Deutschland hervorragende M\u00f6glichkeiten zum nat\u00fcrlichen Rauch- und W\u00e4rmeabzug\" title=\"slider-home mundsburg-tower-hamburg-1920&#215;1080\" width=\"1920\" height=\"1080\" class=\"rev-slidebg tp-rs-img rs-lazyload\" data-lazyload=\"\/\/www.fieger-lamellenfenster.de\/wp-content\/uploads\/2021\/03\/mundsburg-tower-hamburg-1920x1080-1.jpg\" data-no-retina>\n<!--\n\t\t\t\t\t\t\t--><rs-layer\n\t\t\t\t\t\t\t\tid=\"slider-50-slide-68-layer-1\" \n\t\t\t\t\t\t\t\tdata-type=\"text\"\n\t\t\t\t\t\t\t\tdata-color=\"#000000\"\n\t\t\t\t\t\t\t\tdata-rsp_ch=\"on\"\n\t\t\t\t\t\t\t\tdata-xy=\"x:r,r,r,l;xo:-350px,-350px,-350px,0;yo:150px,150px,150px,1px;\"\n\t\t\t\t\t\t\t\tdata-text=\"w:nowrap,nowrap,nowrap,normal;s:32;l:41,41,41,38;fw:700;a:left,left,left,center;\"\n\t\t\t\t\t\t\t\tdata-dim=\"w:942px,942px,942px,100%;\"\n\t\t\t\t\t\t\t\tdata-vbility=\"t,t,t,f\"\n\t\t\t\t\t\t\t\tdata-padding=\"t:5,5,5,20;r:80,80,80,31;b:5,5,5,20;l:15,15,15,6;\"\n\t\t\t\t\t\t\t\tdata-frame_0=\"x:right;\"\n\t\t\t\t\t\t\t\tdata-frame_1=\"sp:1000;\"\n\t\t\t\t\t\t\t\tdata-frame_999=\"o:0;st:w;\"\n\t\t\t\t\t\t\t\tstyle=\"z-index:6;background-color:rgba(255,255,255,0.9);font-family:'Oswald';\"\n\t\t\t\t\t\t\t><font color=\"#c02126\">\u00a1\u00c1BRANSE <\/font> A NUEVAS <font color=\"#c02126\"> PERSPECTIVAS!<\/font> \n\t\t\t\t\t\t\t<\/rs-layer><!--\n-->\t\t\t\t\t\t<\/rs-slide>\n\t\t\t\t\t\t<rs-slide style=\"position: absolute;\" data-key=\"rs-69\" data-title=\"Slide2\" data-duration=\"4000ms\" data-in=\"o:0;\" data-out=\"a:false;\" data-d3=\"f:turn;d:vertical;su:true;\">\n\t\t\t\t\t\t\t<img decoding=\"async\" src=\"\/\/www.fieger-lamellenfenster.de\/wp-content\/plugins\/revslider\/public\/assets\/assets\/dummy.png\" alt=\"Aluminiumlamellen FLL Knauf Museum Iphofen, Deutschland\" title=\"SliderBig_Knauf_Museum_Iphofen-1920&#215;1080\" width=\"1920\" height=\"1080\" class=\"rev-slidebg tp-rs-img rs-lazyload\" data-lazyload=\"\/\/www.fieger-lamellenfenster.de\/wp-content\/uploads\/2021\/03\/SliderBig_Knauf_Museum_Ipfhofen-1920x1080-1.jpg\" data-no-retina>\n<!--\n\t\t\t\t\t\t\t--><rs-layer\n\t\t\t\t\t\t\t\tid=\"slider-50-slide-69-layer-2\" \n\t\t\t\t\t\t\t\tdata-type=\"text\"\n\t\t\t\t\t\t\t\tdata-color=\"#000000\"\n\t\t\t\t\t\t\t\tdata-rsp_ch=\"on\"\n\t\t\t\t\t\t\t\tdata-xy=\"xo:-350px,-350px,-350px,-135px;yo:150px,150px,150px,57px;\"\n\t\t\t\t\t\t\t\tdata-text=\"w:nowrap;s:32,32,32,11;l:41,41,41,15;fw:700;a:right;\"\n\t\t\t\t\t\t\t\tdata-dim=\"w:952px,952px,952px,368px;\"\n\t\t\t\t\t\t\t\tdata-vbility=\"t,t,t,f\"\n\t\t\t\t\t\t\t\tdata-padding=\"t:5,5,5,2;r:15,15,15,6;b:5,5,5,2;l:80,80,80,31;\"\n\t\t\t\t\t\t\t\tdata-frame_0=\"x:right;\"\n\t\t\t\t\t\t\t\tdata-frame_1=\"sp:1000;\"\n\t\t\t\t\t\t\t\tdata-frame_999=\"o:0;st:w;\"\n\t\t\t\t\t\t\t\tstyle=\"z-index:8;background-color:rgba(255,255,255,0.9);font-family:'Oswald';\"\n\t\t\t\t\t\t\t><font color=\"#c02126\">FIEGER <\/font> NO LO HACE  TODO DISTINTO,  <br>PERO  HACE  <font color=\"#c02126\">MUCHAS COSAS MEJOR.<\/font> \n\t\t\t\t\t\t\t<\/rs-layer><!--\n-->\t\t\t\t\t\t<\/rs-slide>\n\t\t\t\t\t\t<rs-slide style=\"position: absolute;\" data-key=\"rs-70\" data-title=\"Slide3\" data-duration=\"4000ms\" data-in=\"o:0;\" data-out=\"a:false;\" data-d3=\"f:turn;d:vertical;su:true;\">\n\t\t\t\t\t\t\t<img decoding=\"async\" src=\"\/\/www.fieger-lamellenfenster.de\/wp-content\/plugins\/revslider\/public\/assets\/assets\/dummy.png\" alt=\"FLW Lamellenfenster Aussenansicht Gymnasium Wuerzburg\" title=\"SliderBig_Gymnasium_Wuerzburg-1920&#215;1080\" width=\"1920\" height=\"1080\" class=\"rev-slidebg tp-rs-img rs-lazyload\" data-lazyload=\"\/\/www.fieger-lamellenfenster.de\/wp-content\/uploads\/2021\/03\/SliderBig_Gymnasium_Wuerzburg-1920x1080-1.jpg\" data-no-retina>\n<!--\n\t\t\t\t\t\t\t--><rs-layer\n\t\t\t\t\t\t\t\tid=\"slider-50-slide-70-layer-1\" \n\t\t\t\t\t\t\t\tdata-type=\"text\"\n\t\t\t\t\t\t\t\tdata-color=\"#000000\"\n\t\t\t\t\t\t\t\tdata-rsp_ch=\"on\"\n\t\t\t\t\t\t\t\tdata-xy=\"x:r;xo:-350px,-350px,-350px,-135px;yo:150px,150px,150px,57px;\"\n\t\t\t\t\t\t\t\tdata-text=\"w:nowrap;s:32,32,32,11;l:41,41,41,15;fw:700;\"\n\t\t\t\t\t\t\t\tdata-dim=\"w:895px,895px,895px,346px;\"\n\t\t\t\t\t\t\t\tdata-vbility=\"t,t,t,f\"\n\t\t\t\t\t\t\t\tdata-padding=\"t:5,5,5,2;r:80,80,80,31;b:5,5,5,2;l:15,15,15,6;\"\n\t\t\t\t\t\t\t\tdata-frame_0=\"x:right;\"\n\t\t\t\t\t\t\t\tdata-frame_1=\"sp:1000;\"\n\t\t\t\t\t\t\t\tdata-frame_999=\"o:0;st:w;\"\n\t\t\t\t\t\t\t\tstyle=\"z-index:6;background-color:rgba(255,255,255,0.9);font-family:'Oswald';\"\n\t\t\t\t\t\t\t><font color=\"#c02126\">FIEGER HACE <\/font>  A LOS ARQUITECTOS  <font color=\"#c02126\"><br> M\u00c1S CREATIVOS.<\/font> \n\t\t\t\t\t\t\t<\/rs-layer><!--\n-->\t\t\t\t\t\t<\/rs-slide>\n\t\t\t\t\t\t<rs-slide style=\"position: absolute;\" data-key=\"rs-71\" data-title=\"Slide4\" data-duration=\"4000ms\" data-in=\"o:0;\" data-out=\"a:false;\" data-d3=\"f:turn;d:vertical;su:true;\">\n\t\t\t\t\t\t\t<img decoding=\"async\" src=\"\/\/www.fieger-lamellenfenster.de\/wp-content\/plugins\/revslider\/public\/assets\/assets\/dummy.png\" alt=\"Fieger_Lamellenfenster FLL Licht _Schatten Gestaltung mit Aluminiumlamellen\" title=\"SliderBig_LichtSchatten-1920&#215;1080\" width=\"1920\" height=\"1080\" class=\"rev-slidebg tp-rs-img rs-lazyload\" data-lazyload=\"\/\/www.fieger-lamellenfenster.de\/wp-content\/uploads\/2021\/03\/SliderBig_LichtSchatten-1920x1080-1.jpg\" data-no-retina>\n<!--\n\t\t\t\t\t\t\t--><rs-layer\n\t\t\t\t\t\t\t\tid=\"slider-50-slide-71-layer-2\" \n\t\t\t\t\t\t\t\tdata-type=\"text\"\n\t\t\t\t\t\t\t\tdata-color=\"#000000\"\n\t\t\t\t\t\t\t\tdata-rsp_ch=\"on\"\n\t\t\t\t\t\t\t\tdata-xy=\"xo:-350px,-350px,-350px,-135px;yo:150px,150px,150px,57px;\"\n\t\t\t\t\t\t\t\tdata-text=\"w:nowrap;s:32,32,32,11;l:41,41,41,15;fw:700;a:right;\"\n\t\t\t\t\t\t\t\tdata-dim=\"w:1003px,1003px,1003px,388px;\"\n\t\t\t\t\t\t\t\tdata-vbility=\"t,t,t,f\"\n\t\t\t\t\t\t\t\tdata-padding=\"t:5,5,5,2;r:15,15,15,6;b:5,5,5,2;l:80,80,80,31;\"\n\t\t\t\t\t\t\t\tdata-frame_0=\"x:right;\"\n\t\t\t\t\t\t\t\tdata-frame_1=\"sp:1000;\"\n\t\t\t\t\t\t\t\tdata-frame_999=\"o:0;st:w;\"\n\t\t\t\t\t\t\t\tstyle=\"z-index:8;background-color:rgba(255,255,255,0.9);font-family:'Oswald';\"\n\t\t\t\t\t\t\t><font color=\"#c02126\">FIEGER  <\/font>DA <font color=\"#c02126\"> MOVILIDAD <\/font> A LUZ Y SOMBRA.<\/font> \n\t\t\t\t\t\t\t<\/rs-layer><!--\n-->\t\t\t\t\t\t<\/rs-slide>\n\t\t\t\t\t\t<rs-slide style=\"position: absolute;\" data-key=\"rs-72\" data-title=\"Slide5\" data-duration=\"4000ms\" data-in=\"o:0;\" data-out=\"a:false;\" data-d3=\"f:turn;d:vertical;su:true;\">\n\t\t\t\t\t\t\t<img decoding=\"async\" src=\"\/\/www.fieger-lamellenfenster.de\/wp-content\/plugins\/revslider\/public\/assets\/assets\/dummy.png\" alt=\"Energieeffizienz durch kontrollierte L\u00fcftung und nat\u00fcrliche Klimatisierung in einem Klassenzimmer des Karl-Friedrich-Gymnasium Mannheim, Deutschland\" title=\"SliderBig_Schueler-1280&#215;720\" width=\"1280\" height=\"720\" class=\"rev-slidebg tp-rs-img rs-lazyload\" data-lazyload=\"\/\/www.fieger-lamellenfenster.de\/wp-content\/uploads\/2021\/04\/SliderBig_Schueler-1280x720-1.jpg\" data-no-retina>\n<!--\n\t\t\t\t\t\t\t--><rs-layer\n\t\t\t\t\t\t\t\tid=\"slider-50-slide-72-layer-1\" \n\t\t\t\t\t\t\t\tdata-type=\"text\"\n\t\t\t\t\t\t\t\tdata-color=\"#000000\"\n\t\t\t\t\t\t\t\tdata-rsp_ch=\"on\"\n\t\t\t\t\t\t\t\tdata-xy=\"x:r;xo:-350px,-350px,-350px,-135px;yo:150px,150px,150px,57px;\"\n\t\t\t\t\t\t\t\tdata-text=\"w:nowrap;s:32,32,32,11;l:41,41,41,15;fw:700;\"\n\t\t\t\t\t\t\t\tdata-dim=\"w:890px,890px,890px,343px;\"\n\t\t\t\t\t\t\t\tdata-vbility=\"t,t,t,f\"\n\t\t\t\t\t\t\t\tdata-padding=\"t:5,5,5,2;r:80,80,80,31;b:5,5,5,2;l:15,15,15,6;\"\n\t\t\t\t\t\t\t\tdata-frame_0=\"x:right;\"\n\t\t\t\t\t\t\t\tdata-frame_1=\"sp:1000;\"\n\t\t\t\t\t\t\t\tdata-frame_999=\"o:0;st:w;\"\n\t\t\t\t\t\t\t\tstyle=\"z-index:6;background-color:rgba(255,255,255,0.9);font-family:'Oswald';\"\n\t\t\t\t\t\t\t><font color=\"#c02126\">FIEGER HACE<\/font>  A ALUMNOS Y   <br>ESTUDIANTES  <font color=\"#c02126\">M\u00c1S INTELIGENTES.<\/font> \n\t\t\t\t\t\t\t<\/rs-layer><!--\n-->\t\t\t\t\t\t<\/rs-slide>\n\t\t\t\t\t<\/rs-slides>\n\t\t\t\t\t<rs-static-layers><!--\n\t\t\t\t\t--><\/rs-static-layers>\n\t\t\t\t<\/rs-module>\n\t\t\t\t<script>\n\t\t\t\t\tsetREVStartSize({c: 'rev_slider_50_1',rl:[1240,1240,1240,480],el:[500,500,500,314],gw:[1240,1240,1240,480],gh:[500,500,500,314],type:'standard',justify:'',layout:'fullwidth',mh:\"0\"});if (window.RS_MODULES!==undefined && window.RS_MODULES.modules!==undefined && window.RS_MODULES.modules[\"revslider501\"]!==undefined) {window.RS_MODULES.modules[\"revslider501\"].once = false;window.revapi50 = undefined;if (window.RS_MODULES.checkMinimal!==undefined) window.RS_MODULES.checkMinimal()}\n\t\t\t\t<\/script>\n\t\t\t<\/rs-module-wrap>\n\t\t\t<!-- END REVOLUTION SLIDER -->\n<\/div>\n\n<!--themify_builder_content-->\n<div id=\"themify_builder_content-5705\" data-postid=\"5705\" class=\"themify_builder_content themify_builder_content-5705 themify_builder tf_clear\">\n    \t\t\t<!-- module_row -->\n\t<div  data-lazy=\"1\" class=\"module_row themify_builder_row tb_e4uo341 tb_first tf_w tf_clearfix\">\n\t    \t\t\t<div class=\"row_inner col_align_top tb_col_count_1 tf_box tf_rel\">\n\t\t            <div  data-lazy=\"1\" class=\"module_column tb-column col-full tb_e1bs343 first\">\n                                                        <div class=\"tb-column-inner tf_box tf_w\">\n                        <!-- module fancy heading -->\n<div  class=\"module module-fancy-heading tb_y1s7876 \" data-lazy=\"1\">\n        <h1 class=\"fancy-heading tf_textc\">\n    <span class=\"main-head tf_block\">\n\t\t\t\t\tLa elecci\u00f3n de planificadores y profesionales:\t\t    <\/span>\n\n\t\n    <span class=\"sub-head tf_block tf_rel\">\n\t\t\t\t\tla ventana de lamas FIEGER\t\t    <\/span>\n    <\/h1>\n<\/div>\n<!-- \/module fancy heading -->\n\t<div  data-lazy=\"1\" class=\"module_subrow themify_builder_sub_row tb_ptrx723 tf_w tf_clearfix\">\n\t    \t\t\t<div class=\"subrow_inner col_align_top tb_col_count_2 tf_box tf_w\">\n\t\t            <div  data-lazy=\"1\" class=\"module_column sub_column tb_oa4v724 first\">\n                                                        <div class=\"tb-column-inner tf_box tf_w\">\n                        <!-- module text -->\n<div  class=\"module module-text tb_lwtd394   \" data-lazy=\"1\">\n        <div  class=\"tb_text_wrap\">\n    <p>Tanto en la ultramoderna M\u00e9diath\u00e8que de Pontivy de los arquitectos Opus 5 como en la escuela Geschwister-Scholl-Schule en Bensheim: las ventanas de lamas FIEGER suponen la soluci\u00f3n perfecta para fachadas en cuestiones de dise\u00f1o, luminosidad, extracci\u00f3n de humos, regular el aire interior, climatizaci\u00f3n natural y seguridad del edificio.<\/p>    <\/div>\n<\/div>\n<!-- \/module text -->                    <\/div>\n                            <\/div>\n                        <div  data-lazy=\"1\" class=\"module_column sub_column tb_cill724 last\">\n                                                        <div class=\"tb-column-inner tf_box tf_w\">\n                        <!-- module text -->\n<div  class=\"module module-text tb_ptif789   \" data-lazy=\"1\">\n        <div  class=\"tb_text_wrap\">\n    <p>Desde las soluciones est\u00e1ndar hasta los dise\u00f1os m\u00e1s singulares hechos a medida: las ventanas de lamas patentadas de FIEGER, perfectamente ideadas con un mecanismo de cremallera libre de mantenimiento, ofrecen infinitas posibilidades en la planificaci\u00f3n de fachadas. Preciso y f\u00e1cil de instalar &#8211; vida \u00fatil perdurable.<br><\/p>    <\/div>\n<\/div>\n<!-- \/module text -->                    <\/div>\n                            <\/div>\n            \t    <\/div>\n\t<\/div><!-- \/themify_builder_sub_row -->\n\t                    <\/div>\n                            <\/div>\n            \t    <\/div>\n\t    <!-- \/row_inner -->\n\t<\/div>\n\t<!-- \/module_row -->\n\t\t\t\t<!-- module_row -->\n\t<div  data-lazy=\"1\" class=\"module_row themify_builder_row tb_04zm452 tf_w tf_clearfix\">\n\t    \t\t\t<div class=\"row_inner col_align_top tb_col_count_2 tf_box tf_rel\">\n\t\t            <div  data-lazy=\"1\" class=\"module_column tb-column col4-2 tb_mwre454 first\">\n                                                        <div class=\"tb-column-inner tf_box tf_w\">\n                        \t<div  data-lazy=\"1\" class=\"module_subrow themify_builder_sub_row tb_gpza911 tf_w tf_clearfix\">\n\t    \t\t\t<div class=\"subrow_inner col_align_top tb_col_count_1 tf_box tf_w\">\n\t\t            <div  data-lazy=\"1\" class=\"module_column sub_column col-full tb_p556914 first\">\n                                                        <div class=\"tb-column-inner tf_box tf_w\">\n                        <!-- module image -->\n<div  class=\"module module-image tb_8fm6569   image-left tf_mw\" data-lazy=\"1\">\n        <div class=\"image-wrap tf_rel tf_mw\">\n\t\t    <a href=\"https:\/\/www.fieger-lamellenfenster.de\/wp-content\/uploads\/2021\/12\/FiegerWebtrailer30S02-1.mp4\"\n\t        class=\"lightbox-builder themify_lightbox\" data-zoom-config=\"600px|350px\"\t       >\n\t\t   \t\t<img loading=\"lazy\" decoding=\"async\" src=\"https:\/\/www.fieger-lamellenfenster.de\/wp-content\/uploads\/2021\/06\/screenshotVideoHome-550x350.jpg\" width=\"550\" height=\"350\" class=\"wp-post-image wp-image-5169\" title=\"screenshotVideoHome\" alt=\"Fieger Lamellenfenster Aussenansicht Nacht\" srcset=\"https:\/\/www.fieger-lamellenfenster.de\/wp-content\/uploads\/2021\/06\/screenshotVideoHome.jpg 550w, https:\/\/www.fieger-lamellenfenster.de\/wp-content\/uploads\/2021\/06\/screenshotVideoHome-300x191.jpg 300w\" sizes=\"(max-width: 550px) 100vw, 550px\" \/>\t    <\/a>\n\t\n\t\t<\/div>\n\t<!-- \/image-wrap -->\n    \n    \t<\/div>\n<!-- \/module image -->                    <\/div>\n                            <\/div>\n            \t    <\/div>\n\t<\/div><!-- \/themify_builder_sub_row -->\n\t                    <\/div>\n                            <\/div>\n                        <div  data-lazy=\"1\" class=\"module_column tb-column col4-2 tb_qsit454 last\">\n                                                        <div class=\"tb-column-inner tf_box tf_w\">\n                        <!-- module text -->\n<div  class=\"module module-text tb_epix334   \" data-lazy=\"1\">\n        <div  class=\"tb_text_wrap\">\n    <h3>\u00bfQUE Busca? Ventana para<\/h3>    <\/div>\n<\/div>\n<!-- \/module text --><!-- module icon -->\n<div  class=\"module module-icon tb_3jk5685  small squared icon_vertical \" data-lazy=\"1\">\n        <div class=\"module-icon-item\">\n\t    \t\t<a href=\"#airtec\">\n\t    \t\t\t\t\t\t    <img loading=\"lazy\" decoding=\"async\" width=\"74\" height=\"74\" src=\"https:\/\/www.fieger-lamellenfenster.de\/wp-content\/uploads\/2021\/03\/FIEGER_icon_Liste.png\" class=\"tf_box wp-post-image wp-image-1121\" title=\"\u00bfVentilaci\u00f3n controlada autom\u00e1tica o manual (Airtec)?\" alt=\"\u00bfVentilaci\u00f3n controlada autom\u00e1tica o manual (Airtec)?\">\t\t\t\t\t\t    \t    \t    <span>\u00bfVentilaci\u00f3n controlada autom\u00e1tica o manual (Airtec)?<\/span>\n\t\t    \t\t\t\t\t\t<\/a>\n\t\t        <\/div>\n\t<\/div>\n<!-- \/module icon -->\n<!-- module icon -->\n<div  class=\"module module-icon tb_aivm126  small squared icon_vertical \" data-lazy=\"1\">\n        <div class=\"module-icon-item\">\n\t    \t\t<a href=\"#smotec\">\n\t    \t\t\t\t\t\t    <img loading=\"lazy\" decoding=\"async\" width=\"74\" height=\"74\" src=\"https:\/\/www.fieger-lamellenfenster.de\/wp-content\/uploads\/2021\/03\/FIEGER_icon_Liste.png\" class=\"tf_box wp-post-image wp-image-1121\" title=\"\u00bfExtracci\u00f3n de humos autom\u00e1tica o manual para la protecci\u00f3n contra incendios (SmoTec)? \" alt=\"\u00bfExtracci\u00f3n de humos autom\u00e1tica o manual para la protecci\u00f3n contra incendios (SmoTec)? \">\t\t\t\t\t\t    \t    \t    <span>\u00bfExtracci\u00f3n de humos autom\u00e1tica o manual para la protecci\u00f3n contra incendios (SmoTec)? <\/span>\n\t\t    \t\t\t\t\t\t<\/a>\n\t\t        <\/div>\n\t<\/div>\n<!-- \/module icon -->\n<!-- module icon -->\n<div  class=\"module module-icon tb_yfnr54  small squared icon_vertical \" data-lazy=\"1\">\n        <div class=\"module-icon-item\">\n\t    \t\t<a href=\"https:\/\/www.fieger-lamellenfenster.de\/es\/soluciones\/#antirrobos\">\n\t    \t\t\t\t\t\t    <img loading=\"lazy\" decoding=\"async\" width=\"74\" height=\"74\" src=\"https:\/\/www.fieger-lamellenfenster.de\/wp-content\/uploads\/2021\/03\/FIEGER_icon_Liste.png\" class=\"tf_box wp-post-image wp-image-1121\" title=\"\u00bfSeguridad, protecci\u00f3n antirrobos?\" alt=\"\u00bfSeguridad, protecci\u00f3n antirrobos?\">\t\t\t\t\t\t    \t    \t    <span>\u00bfSeguridad, protecci\u00f3n antirrobos?<\/span>\n\t\t    \t\t\t\t\t\t<\/a>\n\t\t        <\/div>\n\t<\/div>\n<!-- \/module icon -->\n<!-- module icon -->\n<div  class=\"module module-icon tb_vnm2542  small squared icon_vertical \" data-lazy=\"1\">\n        <div class=\"module-icon-item\">\n\t    \t\t<a href=\"https:\/\/www.fieger-lamellenfenster.de\/es\/soluciones\/#climatizacion\">\n\t    \t\t\t\t\t\t    <img loading=\"lazy\" decoding=\"async\" width=\"74\" height=\"74\" src=\"https:\/\/www.fieger-lamellenfenster.de\/wp-content\/uploads\/2021\/03\/FIEGER_icon_Liste.png\" class=\"tf_box wp-post-image wp-image-1121\" title=\"\u00bfRegulaci\u00f3n de la climatizaci\u00f3n? \" alt=\"\u00bfRegulaci\u00f3n de la climatizaci\u00f3n? \">\t\t\t\t\t\t    \t    \t    <span>\u00bfRegulaci\u00f3n de la climatizaci\u00f3n? <\/span>\n\t\t    \t\t\t\t\t\t<\/a>\n\t\t        <\/div>\n\t<\/div>\n<!-- \/module icon -->\n<!-- module icon -->\n<div  class=\"module module-icon tb_qzbd814  small squared icon_vertical \" data-lazy=\"1\">\n        <div class=\"module-icon-item\">\n\t    \t\t<a href=\"https:\/\/www.fieger-lamellenfenster.de\/es\/proyectos\/\">\n\t    \t\t\t\t\t\t    <img loading=\"lazy\" decoding=\"async\" width=\"74\" height=\"74\" src=\"https:\/\/www.fieger-lamellenfenster.de\/wp-content\/uploads\/2021\/03\/FIEGER_icon_Liste.png\" class=\"tf_box wp-post-image wp-image-1121\" title=\"\u00bfDise\u00f1o creativo de fachadas?\" alt=\"\u00bfDise\u00f1o creativo de fachadas?\">\t\t\t\t\t\t    \t    \t    <span>\u00bfDise\u00f1o creativo de fachadas?<\/span>\n\t\t    \t\t\t\t\t\t<\/a>\n\t\t        <\/div>\n\t<\/div>\n<!-- \/module icon -->\n<!-- module icon -->\n<div  class=\"module module-icon tb_ydff334  small squared icon_vertical \" data-lazy=\"1\">\n        <div class=\"module-icon-item\">\n\t    \t\t<a href=\"#airtec\">\n\t    \t\t\t\t\t\t    <img loading=\"lazy\" decoding=\"async\" width=\"74\" height=\"74\" src=\"https:\/\/www.fieger-lamellenfenster.de\/wp-content\/uploads\/2021\/03\/FIEGER_icon_Liste.png\" class=\"tf_box wp-post-image wp-image-1121\" title=\"\u00bfImplantar un concepto de edificio sostenible?\" alt=\"\u00bfImplantar un concepto de edificio sostenible?\">\t\t\t\t\t\t    \t    \t    <span>\u00bfImplantar un concepto de edificio sostenible?<\/span>\n\t\t    \t\t\t\t\t\t<\/a>\n\t\t        <\/div>\n\t<\/div>\n<!-- \/module icon -->\n<!-- module icon -->\n<div  class=\"module module-icon tb_ak4n835  small squared icon_vertical \" data-lazy=\"1\">\n        <div class=\"module-icon-item\">\n\t    \t\t<a href=\"https:\/\/www.fieger-lamellenfenster.de\/es\/productos\/productos-fds\/\">\n\t    \t\t\t\t\t\t    <img loading=\"lazy\" decoding=\"async\" width=\"74\" height=\"74\" src=\"https:\/\/www.fieger-lamellenfenster.de\/wp-content\/uploads\/2021\/03\/FIEGER_icon_Liste.png\" class=\"tf_box wp-post-image wp-image-1121\" title=\"\u00bfDise\u00f1o de fachada extraordinario con ventanas de lamas a medida? \" alt=\"\u00bfDise\u00f1o de fachada extraordinario con ventanas de lamas a medida? \">\t\t\t\t\t\t    \t    \t    <span>\u00bfDise\u00f1o de fachada extraordinario con ventanas de lamas a medida? <\/span>\n\t\t    \t\t\t\t\t\t<\/a>\n\t\t        <\/div>\n\t<\/div>\n<!-- \/module icon -->\n                    <\/div>\n                            <\/div>\n            \t    <\/div>\n\t    <!-- \/row_inner -->\n\t<\/div>\n\t<!-- \/module_row -->\n\t\t\t\t<!-- module_row -->\n\t<div  data-css_id=\"m4sd6\" id=\"test\" data-lazy=\"1\" class=\"module_row themify_builder_row fullwidth_row_container tb_m4sd6 tf_w tf_clearfix wow\" data-tf-animation=\"fadeIn\" data-tf-animation_delay=\"0.2\">\n\t    \t\t\t<div class=\"row_inner col_align_top tb_col_count_2 tf_box tf_rel\">\n\t\t            <div  data-lazy=\"1\" class=\"module_column tb-column col3-2 tb_zyzj6 first\">\n                                                        <div class=\"tb-column-inner tf_box tf_w\">\n                        <!-- module text -->\n<div  class=\"module module-text tb_q5a66   \" data-lazy=\"1\">\n        <div  class=\"tb_text_wrap\">\n    <h3>Con la ventana de lamas FIEGER<\/h3>\n<p>le brindamos las soluciones m\u00e1s modernas en cuesti\u00f3n de ventanas y accionamientos.<\/p>    <\/div>\n<\/div>\n<!-- \/module text -->                    <\/div>\n                            <\/div>\n                        <div  data-lazy=\"1\" class=\"module_column tb-column col3-1 tb_td0e6 last\">\n                                                        <div class=\"tb-column-inner tf_box tf_w\">\n                        <!-- module buttons -->\n<div  class=\"module module-buttons tb_4keg6 buttons-horizontal solid  squared\" data-lazy=\"1\">\n    \t<div class=\"module-buttons-item tf_inline_b\">\n\t\t\t\t\t\t\t<a href=\"https:\/\/www.fieger-lamellenfenster.de\/es\/contacto\/\" class=\"ui builder_button orange\" >\n\t\t\t\t\t\t\t\t\t\t\t<span class=\"tf_inline_b tf_vmiddle\">Contacto<\/span>\n\t\t\t\t\t\t\t\t\t\t\t<\/a>\n\t\t\t    \t<\/div>\n    <\/div>\n<!-- \/module buttons -->\n                    <\/div>\n                            <\/div>\n            \t    <\/div>\n\t    <!-- \/row_inner -->\n\t<\/div>\n\t<!-- \/module_row -->\n\t\t\t\t<!-- module_row -->\n\t<div  data-lazy=\"1\" class=\"module_row themify_builder_row tb_gztr000 tf_w tf_clearfix\">\n\t    \t\t\t<div class=\"row_inner col_align_top tb_col_count_1 tf_box tf_rel\">\n\t\t            <div  data-lazy=\"1\" class=\"module_column tb-column col-full tb_k6dg048 first\">\n                                                        <div class=\"tb-column-inner tf_box tf_w\">\n                        \t<div  data-lazy=\"1\" class=\"module_subrow themify_builder_sub_row tb_g6o6000 tf_w tf_clearfix\">\n\t    \t\t\t<div class=\"subrow_inner col_align_middle tb_col_count_2 tf_box tf_w\">\n\t\t            <div  data-lazy=\"1\" class=\"module_column sub_column col4-2 tb_73u5400 first\">\n                                                        <div class=\"tb-column-inner tf_box tf_w\">\n                        <!-- module text -->\n<div  class=\"module module-text tb_4iz8922 clicktarget repeat \" data-lazy=\"1\" id=\"airtec\">\n        <div  class=\"tb_text_wrap\">\n        <\/div>\n<\/div>\n<!-- \/module text --><!-- module image -->\n<div  class=\"module module-image tb_qubd087   image-center tf_mw\" data-lazy=\"1\" id=\"air\">\n        <div class=\"image-wrap tf_rel tf_mw\">\n\t\t    <img loading=\"lazy\" decoding=\"async\" src=\"https:\/\/www.fieger-lamellenfenster.de\/wp-content\/uploads\/2021\/11\/AIRTEC_Siegel_ES_RGB-1024x925-250x225.png\" width=\"250\" height=\"225\" class=\"wp-post-image wp-image-6983\" title=\"AIRTEC_Siegel_ES_RGB\" alt=\"Airtec certificado Aire interior saludable y climatizaci\u00f3n inteligente\" srcset=\"https:\/\/www.fieger-lamellenfenster.de\/wp-content\/uploads\/2021\/11\/AIRTEC_Siegel_ES_RGB-1024x925-250x225.png 250w, https:\/\/www.fieger-lamellenfenster.de\/wp-content\/uploads\/2021\/11\/AIRTEC_Siegel_ES_RGB-300x271.png 300w, https:\/\/www.fieger-lamellenfenster.de\/wp-content\/uploads\/2021\/11\/AIRTEC_Siegel_ES_RGB-1024x925.png 1024w, https:\/\/www.fieger-lamellenfenster.de\/wp-content\/uploads\/2021\/11\/AIRTEC_Siegel_ES_RGB-768x694.png 768w, https:\/\/www.fieger-lamellenfenster.de\/wp-content\/uploads\/2021\/11\/AIRTEC_Siegel_ES_RGB.png 1374w\" sizes=\"(max-width: 250px) 100vw, 250px\" \/>\t\n\t\t<\/div>\n\t<!-- \/image-wrap -->\n    \n    \t<\/div>\n<!-- \/module image -->                    <\/div>\n                            <\/div>\n                        <div  data-lazy=\"1\" class=\"module_column sub_column col4-2 tb_r12v006 last\">\n                                                        <div class=\"tb-column-inner tf_box tf_w\">\n                        <!-- module text -->\n<div  class=\"module module-text tb_3kcu000   \" data-lazy=\"1\">\n        <div  class=\"tb_text_wrap\">\n    <h4>Airtec<\/h4>\n<p><b>Aire\u00a0interior\u00a0saludable<\/b> y climatizaci\u00f3n inteligente: descubra las opciones que ofrecen los conceptos de ventilaci\u00f3n de AirTec.<\/p>\n<p><a href=\"https:\/\/www.fieger-lamellenfenster.de\/es\/soluciones\/#climatizacion\">Para saber m\u00e1s<\/a><\/p>    <\/div>\n<\/div>\n<!-- \/module text -->                    <\/div>\n                            <\/div>\n            \t    <\/div>\n\t<\/div><!-- \/themify_builder_sub_row -->\n\t<!-- module divider -->\n<div  class=\"module tf_mw module-divider tb_ybbw490 solid   \" style=\"border-width: 1px;border-color: #bdbdbd;\" data-lazy=\"1\">\n    <\/div>\n<!-- \/module divider -->\n\t<div  data-lazy=\"1\" class=\"module_subrow themify_builder_sub_row tb_4oaf427 tf_w tf_clearfix\">\n\t    \t\t\t<div class=\"subrow_inner col_align_middle tb_col_count_2 tf_box tf_w\">\n\t\t            <div  data-lazy=\"1\" class=\"module_column sub_column col4-2 tb_x6ju428 first\">\n                                                        <div class=\"tb-column-inner tf_box tf_w\">\n                        <!-- module text -->\n<div  class=\"module module-text tb_16hz428 clicktarget  \" data-lazy=\"1\" id=\"smotec\">\n        <div  class=\"tb_text_wrap\">\n        <\/div>\n<\/div>\n<!-- \/module text --><!-- module text -->\n<div  class=\"module module-text tb_k12l429  repeat \" data-lazy=\"1\">\n        <div  class=\"tb_text_wrap\">\n    <h4>Smotec<\/h4>\n<p><span style=\"font-family: Arial, sans-serif;\">Extracci\u00f3n eficaz\u00a0de humo: con SmoTec puede controlar la\u00a0<\/span><b style=\"font-family: Arial, sans-serif;\">extracci\u00f3n natural de humo\u00a0<\/b><span style=\"font-family: Arial, sans-serif;\">y\u00a0calor (NSHEV) con certificaci\u00f3n DIN EN 12101-2, de forma inteligente y fiable.<\/span><\/p>\n<p><a href=\"https:\/\/www.fieger-lamellenfenster.de\/es\/soluciones\/#extraccion\">Para saber m\u00e1s<\/a><\/p>    <\/div>\n<\/div>\n<!-- \/module text -->                    <\/div>\n                            <\/div>\n                        <div  data-lazy=\"1\" class=\"module_column sub_column col4-2 tb_htwp430 last\">\n                                                        <div class=\"tb-column-inner tf_box tf_w\">\n                        <!-- module image -->\n<div  class=\"module module-image tb_0dqx430   image-center tf_mw\" data-lazy=\"1\">\n        <div class=\"image-wrap tf_rel tf_mw\">\n\t\t    <img loading=\"lazy\" decoding=\"async\" src=\"https:\/\/www.fieger-lamellenfenster.de\/wp-content\/uploads\/2021\/11\/SMOTEC_Siegel_ES_RGB-1024x925-250x225.png\" width=\"250\" height=\"225\" class=\"wp-post-image wp-image-6991\" title=\"SMOTEC_Siegel_ES_RGB\" alt=\"smotec certificaci\u00f3n puede controlar la extracci\u00f3n natural de humos y calor (NSHEV)\" srcset=\"https:\/\/www.fieger-lamellenfenster.de\/wp-content\/uploads\/2021\/11\/SMOTEC_Siegel_ES_RGB-1024x925-250x225.png 250w, https:\/\/www.fieger-lamellenfenster.de\/wp-content\/uploads\/2021\/11\/SMOTEC_Siegel_ES_RGB-300x271.png 300w, https:\/\/www.fieger-lamellenfenster.de\/wp-content\/uploads\/2021\/11\/SMOTEC_Siegel_ES_RGB-1024x925.png 1024w, https:\/\/www.fieger-lamellenfenster.de\/wp-content\/uploads\/2021\/11\/SMOTEC_Siegel_ES_RGB-768x694.png 768w, https:\/\/www.fieger-lamellenfenster.de\/wp-content\/uploads\/2021\/11\/SMOTEC_Siegel_ES_RGB.png 1374w\" sizes=\"(max-width: 250px) 100vw, 250px\" \/>\t\n\t\t<\/div>\n\t<!-- \/image-wrap -->\n    \n    \t<\/div>\n<!-- \/module image -->                    <\/div>\n                            <\/div>\n            \t    <\/div>\n\t<\/div><!-- \/themify_builder_sub_row -->\n\t                    <\/div>\n                            <\/div>\n            \t    <\/div>\n\t    <!-- \/row_inner -->\n\t<\/div>\n\t<!-- \/module_row -->\n\t\t\t\t<!-- module_row -->\n\t<div  data-lazy=\"1\" class=\"module_row themify_builder_row tb_j7d7724 tf_w tf_clearfix\">\n\t    \t\t\t<div class=\"row_inner col_align_top tb_col_count_1 tf_box tf_rel\">\n\t\t            <div  data-lazy=\"1\" class=\"module_column tb-column col-full tb_5a4h725 first\">\n                                                        <div class=\"tb-column-inner tf_box tf_w\">\n                        <!-- module text -->\n<div  class=\"module module-text tb_213t283 clicktarget  \" data-lazy=\"1\" id=\"produkte\">\n        <div  class=\"tb_text_wrap\">\n        <\/div>\n<\/div>\n<!-- \/module text --><!-- module fancy heading -->\n<div  class=\"module module-fancy-heading tb_a4c4766 \" data-lazy=\"1\" id=\"UnsereProdukte\">\n        <h2 class=\"fancy-heading tf_textc\">\n    <span class=\"main-head tf_block\">\n\t\t\t\t\tVentanas de lamas FIEGER: \t\t    <\/span>\n\n\t\n    <span class=\"sub-head tf_block tf_rel\">\n\t\t\t\t\tNuestros productos\t\t    <\/span>\n    <\/h2>\n<\/div>\n<!-- \/module fancy heading -->\n\t<div  data-lazy=\"1\" class=\"module_subrow themify_builder_sub_row tb_aj8d816 tf_w tf_clearfix\">\n\t    \t\t\t<div class=\"subrow_inner col_align_top tb_col_count_2 tf_box tf_w\">\n\t\t            <div  data-lazy=\"1\" class=\"module_column sub_column tb_q42s817 first\">\n                                                        <div class=\"tb-column-inner tf_box tf_w\">\n                        <!-- module text -->\n<div  class=\"module module-text tb_tqci817   \" data-lazy=\"1\">\n        <div  class=\"tb_text_wrap\">\n    <p>Las ventanas de lamas ahorran espacio, proporcionan luz, facilitan una <strong>ventilaci\u00f3n<\/strong> controlada, apoyan una <strong>climatizaci\u00f3n<\/strong> natural que ahorra energ\u00eda y ayudan a la&nbsp;<b>extracci\u00f3n de humos<\/b> en caso de incendio.<\/p>    <\/div>\n<\/div>\n<!-- \/module text -->                    <\/div>\n                            <\/div>\n                        <div  data-lazy=\"1\" class=\"module_column sub_column tb_vjwt817 last\">\n                                                        <div class=\"tb-column-inner tf_box tf_w\">\n                        <!-- module text -->\n<div  class=\"module module-text tb_ktxj818   \" data-lazy=\"1\">\n        <div  class=\"tb_text_wrap\">\n    <p style=\"caret-color: rgb(33, 33, 33); color: rgb(33, 33, 33); font-family: Calibri; margin-right: 0cm; margin-bottom: 15.6pt; margin-left: 0cm;\"><span lang=\"ES\" style=\"font-family: Arial, sans-serif; color: gray;\">La gran ventaja de FIEGER: gracias al accionamiento de cremallera libre de mantenimiento, la ventana se puede abrir de manera uniforme. Cuenta con un perfil estilizado a ras en el exterior, y un mecanismo oculto; adem\u00e1s, cumple con requisitos de dise\u00f1o inmejorables, satisfacen las m\u00e1s altas exigencias de dise\u00f1o.<\/span><\/p>    <\/div>\n<\/div>\n<!-- \/module text -->                    <\/div>\n                            <\/div>\n            \t    <\/div>\n\t<\/div><!-- \/themify_builder_sub_row -->\n\t\t<div  data-lazy=\"1\" class=\"module_subrow themify_builder_sub_row tb_l8nr748 tf_w tf_clearfix\">\n\t    \t\t\t<div class=\"subrow_inner col_align_top tb_col_count_3 tf_box tf_w\">\n\t\t            <div  data-lazy=\"1\" class=\"module_column sub_column col3-1 tb_zg8d748 first\">\n                                                        <div class=\"tb-column-inner tf_box tf_w\">\n                        <!-- module image -->\n<div  class=\"module module-image tb_0gjb402   image-center tf_mw\" data-lazy=\"1\">\n        <div class=\"image-wrap tf_rel tf_mw\">\n\t\t    <img loading=\"lazy\" decoding=\"async\" src=\"https:\/\/www.fieger-lamellenfenster.de\/wp-content\/uploads\/2021\/04\/Geschwister-Scholl-Schule-big1-358x258-1-358x258.jpg\" width=\"358\" height=\"258\" class=\"wp-post-image wp-image-1311\" title=\"Geschwister-Scholl-Schule-big1-358x258\" alt=\"Klassenraum in der Geschwister Scholl Schule Bensheim eine Umweltschule Europas mit Fieger Lamellenfester f\u00fcr die Klimatisierung\" srcset=\"https:\/\/www.fieger-lamellenfenster.de\/wp-content\/uploads\/2021\/04\/Geschwister-Scholl-Schule-big1-358x258-1-358x258.jpg 358w, https:\/\/www.fieger-lamellenfenster.de\/wp-content\/uploads\/2021\/04\/Geschwister-Scholl-Schule-big1-358x258-1-300x216.jpg 300w, https:\/\/www.fieger-lamellenfenster.de\/wp-content\/uploads\/2021\/04\/Geschwister-Scholl-Schule-big1-358x258-1.jpg 727w\" sizes=\"(max-width: 358px) 100vw, 358px\" \/>\t\n\t\t<\/div>\n\t<!-- \/image-wrap -->\n    \n    \t<\/div>\n<!-- \/module image --><!-- module text -->\n<div  class=\"module module-text tb_mg2y464  repeat  tb_gs345da\" data-lazy=\"1\">\n        <div  class=\"tb_text_wrap\">\n    <h3><a href=\"https:\/\/www.fieger-lamellenfenster.de\/es\/productos\/productos-flw-40\/\"><img loading=\"lazy\" decoding=\"async\" class=\"alignnone wp-image-2131\" src=\"https:\/\/www.fieger-lamellenfenster.de\/wp-content\/uploads\/2021\/04\/FLW_40_AIRSMO_RGB-300x95.png\" alt=\"\" width=\"180\" height=\"57\" srcset=\"https:\/\/www.fieger-lamellenfenster.de\/wp-content\/uploads\/2021\/04\/FLW_40_AIRSMO_RGB-300x95.png 300w, https:\/\/www.fieger-lamellenfenster.de\/wp-content\/uploads\/2021\/04\/FLW_40_AIRSMO_RGB.png 750w\" sizes=\"(max-width: 180px) 100vw, 180px\" \/><\/a><\/h3>\n<p><b>El summum<\/b><strong>\u00a0de la eficiencia energ\u00e9tica<br \/>\n<\/strong>Vidrio aislante triple o paneles aislantes<br \/>\n<strong>36\u201340 mm<\/strong><\/p>\n    <\/div>\n<\/div>\n<!-- \/module text -->                    <\/div>\n                            <\/div>\n                        <div  data-lazy=\"1\" class=\"module_column sub_column col3-1 tb_hvo6378\">\n                                                        <div class=\"tb-column-inner tf_box tf_w\">\n                        <!-- module image -->\n<div  class=\"module module-image tb_7peb380   image-center tf_mw\" data-lazy=\"1\">\n        <div class=\"image-wrap tf_rel tf_mw\">\n\t\t    <img loading=\"lazy\" decoding=\"async\" src=\"https:\/\/www.fieger-lamellenfenster.de\/wp-content\/uploads\/2021\/04\/KFG-big-1024x453-1-358x258.jpg\" width=\"358\" height=\"258\" class=\"wp-post-image wp-image-1322\" title=\"KFG-big-1024x453\" alt=\"Energieeffizienz durch kontrollierte L\u00fcftung und nat\u00fcrliche Klimatisierung - Aussenansicht des Karl-Friedrich-Gymnasium Mannheim, Deutschland\" srcset=\"https:\/\/www.fieger-lamellenfenster.de\/wp-content\/uploads\/2021\/04\/KFG-big-1024x453-1-358x258.jpg 358w, https:\/\/www.fieger-lamellenfenster.de\/wp-content\/uploads\/2021\/04\/KFG-big-1024x453-1-300x216.jpg 300w, https:\/\/www.fieger-lamellenfenster.de\/wp-content\/uploads\/2021\/04\/KFG-big-1024x453-1.jpg 563w\" sizes=\"(max-width: 358px) 100vw, 358px\" \/>\t\n\t\t<\/div>\n\t<!-- \/image-wrap -->\n    \n    \t<\/div>\n<!-- \/module image --><!-- module text -->\n<div  class=\"module module-text tb_7adc381  repeat  tb_gs345da\" data-lazy=\"1\">\n        <div  class=\"tb_text_wrap\">\n    <h3><a href=\"https:\/\/www.fieger-lamellenfenster.de\/es\/productos\/productos-flw-32\/\"><img loading=\"lazy\" decoding=\"async\" class=\"alignnone wp-image-2155\" src=\"https:\/\/www.fieger-lamellenfenster.de\/wp-content\/uploads\/2021\/04\/FLW_32_AIRSMO_RGB-300x95.png\" alt=\"\" width=\"180\" height=\"57\" srcset=\"https:\/\/www.fieger-lamellenfenster.de\/wp-content\/uploads\/2021\/04\/FLW_32_AIRSMO_RGB-300x95.png 300w, https:\/\/www.fieger-lamellenfenster.de\/wp-content\/uploads\/2021\/04\/FLW_32_AIRSMO_RGB.png 750w\" sizes=\"(max-width: 180px) 100vw, 180px\" \/><\/a><\/h3>\n<p><strong>La soluci\u00f3n vers\u00e1til<br \/>\n<\/strong>Vidrio aislante doble, triple o paneles aislantes<br \/>\n<strong>28\u201332 mm<\/strong><\/p>\n    <\/div>\n<\/div>\n<!-- \/module text -->                    <\/div>\n                            <\/div>\n                        <div  data-lazy=\"1\" class=\"module_column sub_column col3-1 tb_w6dw376 last\">\n                                                        <div class=\"tb-column-inner tf_box tf_w\">\n                        <!-- module image -->\n<div  class=\"module module-image tb_p41o143   image-center tf_mw\" data-lazy=\"1\">\n        <div class=\"image-wrap tf_rel tf_mw\">\n\t\t    <img loading=\"lazy\" decoding=\"async\" src=\"https:\/\/www.fieger-lamellenfenster.de\/wp-content\/uploads\/2021\/04\/FLL_1-358x258.jpg\" width=\"358\" height=\"258\" class=\"wp-post-image wp-image-1354\" title=\"FLL_1\" alt=\"Fieger FLL Aluminiumlamellen Sigmund-Freud- Institut Frankfurt am Main, Deutschland\" srcset=\"https:\/\/www.fieger-lamellenfenster.de\/wp-content\/uploads\/2021\/04\/FLL_1-358x258.jpg 358w, https:\/\/www.fieger-lamellenfenster.de\/wp-content\/uploads\/2021\/04\/FLL_1-300x217.jpg 300w, https:\/\/www.fieger-lamellenfenster.de\/wp-content\/uploads\/2021\/04\/FLL_1.jpg 399w\" sizes=\"(max-width: 358px) 100vw, 358px\" \/>\t\n\t\t<\/div>\n\t<!-- \/image-wrap -->\n    \n    \t<\/div>\n<!-- \/module image --><!-- module text -->\n<div  class=\"module module-text tb_jikm143  repeat  tb_gs345da\" data-lazy=\"1\">\n        <div  class=\"tb_text_wrap\">\n    <h3><a href=\"https:\/\/www.fieger-lamellenfenster.de\/es\/productos\/productos-fll-131\/\"><img loading=\"lazy\" decoding=\"async\" class=\"alignnone wp-image-2139\" src=\"https:\/\/www.fieger-lamellenfenster.de\/wp-content\/uploads\/2021\/04\/FLL_131_AIRSMO_RGB-300x95.png\" alt=\"\" width=\"180\" height=\"57\" srcset=\"https:\/\/www.fieger-lamellenfenster.de\/wp-content\/uploads\/2021\/04\/FLL_131_AIRSMO_RGB-300x95.png 300w, https:\/\/www.fieger-lamellenfenster.de\/wp-content\/uploads\/2021\/04\/FLL_131_AIRSMO_RGB.png 751w\" sizes=\"(max-width: 180px) 100vw, 180px\" \/><\/a><\/h3>\n<p><b>El controlador de ventilaci\u00f3n y extracci\u00f3n de humos opaco\u00a0<\/b><br \/>\nLamas de paneles aislados de aluminio<\/p>\n    <\/div>\n<\/div>\n<!-- \/module text -->                    <\/div>\n                            <\/div>\n            \t    <\/div>\n\t<\/div><!-- \/themify_builder_sub_row -->\n\t\t<div  data-lazy=\"1\" class=\"module_subrow themify_builder_sub_row tb_guk1142 tf_w tf_clearfix\">\n\t    \t\t\t<div class=\"subrow_inner col_align_top tb_col_count_3 tf_box tf_w\">\n\t\t            <div  data-lazy=\"1\" class=\"module_column sub_column col3-1 tb_p7nl143 first\">\n                                                        <div class=\"tb-column-inner tf_box tf_w\">\n                        <!-- module image -->\n<div  class=\"module module-image tb_tny8144   image-center tf_mw\" data-lazy=\"1\">\n        <div class=\"image-wrap tf_rel tf_mw\">\n\t\t    <img loading=\"lazy\" decoding=\"async\" src=\"https:\/\/www.fieger-lamellenfenster.de\/wp-content\/uploads\/2021\/04\/FLM-University-Brisbane-640x416-1-358x258.jpg\" width=\"358\" height=\"258\" class=\"wp-post-image wp-image-1350\" title=\"FLM-University-Brisbane-640x416\" alt=\"Fieger FLM Lamellenfenster ohne Profil University Brisbane\" srcset=\"https:\/\/www.fieger-lamellenfenster.de\/wp-content\/uploads\/2021\/04\/FLM-University-Brisbane-640x416-1-358x258.jpg 358w, https:\/\/www.fieger-lamellenfenster.de\/wp-content\/uploads\/2021\/04\/FLM-University-Brisbane-640x416-1-300x216.jpg 300w, https:\/\/www.fieger-lamellenfenster.de\/wp-content\/uploads\/2021\/04\/FLM-University-Brisbane-640x416-1.jpg 577w\" sizes=\"(max-width: 358px) 100vw, 358px\" \/>\t\n\t\t<\/div>\n\t<!-- \/image-wrap -->\n    \n    \t<\/div>\n<!-- \/module image --><!-- module text -->\n<div  class=\"module module-text tb_mx5n144  repeat  tb_gs345da\" data-lazy=\"1\">\n        <div  class=\"tb_text_wrap\">\n    <h3><a href=\"https:\/\/www.fieger-lamellenfenster.de\/es\/productos\/productos-flm-pg-flm-lg\/\"><img loading=\"lazy\" decoding=\"async\" class=\"alignnone wp-image-2143\" src=\"https:\/\/www.fieger-lamellenfenster.de\/wp-content\/uploads\/2021\/04\/FLM_LG_AIRSMO_RGB-300x95.png\" alt=\"\" width=\"180\" height=\"57\" srcset=\"https:\/\/www.fieger-lamellenfenster.de\/wp-content\/uploads\/2021\/04\/FLM_LG_AIRSMO_RGB-300x95.png 300w, https:\/\/www.fieger-lamellenfenster.de\/wp-content\/uploads\/2021\/04\/FLM_LG_AIRSMO_RGB.png 751w\" sizes=\"(max-width: 180px) 100vw, 180px\" \/><\/a><\/h3>\n<p><strong>El acristalamiento transformable<br><\/strong>Monol\u00edtico hasta 12 mm o<br>VSG 2&#215;6 mm<\/p>    <\/div>\n<\/div>\n<!-- \/module text -->                    <\/div>\n                            <\/div>\n                        <div  data-lazy=\"1\" class=\"module_column sub_column col3-1 tb_21uz144\">\n                                                        <div class=\"tb-column-inner tf_box tf_w\">\n                        <!-- module image -->\n<div  class=\"module module-image tb_c795145   image-center tf_mw\" data-lazy=\"1\">\n        <div class=\"image-wrap tf_rel tf_mw\">\n\t\t    <img loading=\"lazy\" decoding=\"async\" src=\"https:\/\/www.fieger-lamellenfenster.de\/wp-content\/uploads\/2021\/04\/FDS-BMW-Welt-Muenchen-640x427-1-358x258.jpg\" width=\"358\" height=\"258\" class=\"wp-post-image wp-image-1341\" title=\"FDS-BMW-Welt-Muenchen-640x427\" alt=\" Fieger FDS Lamellen Design und Sonderbau in allen denkbaren Formen wie hier in der BMW-Welt M\u00fcnchen\" srcset=\"https:\/\/www.fieger-lamellenfenster.de\/wp-content\/uploads\/2021\/04\/FDS-BMW-Welt-Muenchen-640x427-1-358x258.jpg 358w, https:\/\/www.fieger-lamellenfenster.de\/wp-content\/uploads\/2021\/04\/FDS-BMW-Welt-Muenchen-640x427-1-300x216.jpg 300w, https:\/\/www.fieger-lamellenfenster.de\/wp-content\/uploads\/2021\/04\/FDS-BMW-Welt-Muenchen-640x427-1.jpg 501w\" sizes=\"(max-width: 358px) 100vw, 358px\" \/>\t\n\t\t<\/div>\n\t<!-- \/image-wrap -->\n    \n    \t<\/div>\n<!-- \/module image --><!-- module text -->\n<div  class=\"module module-text tb_k9ot145  repeat  tb_gs345da\" data-lazy=\"1\">\n        <div  class=\"tb_text_wrap\">\n    <h3><a href=\"https:\/\/www.fieger-lamellenfenster.de\/es\/productos\/productos-fds\/\"><img loading=\"lazy\" decoding=\"async\" class=\"alignnone wp-image-2135\" src=\"https:\/\/www.fieger-lamellenfenster.de\/wp-content\/uploads\/2021\/04\/FDS_AIRSMO_RGB-300x95.png\" alt=\"\" width=\"180\" height=\"57\" srcset=\"https:\/\/www.fieger-lamellenfenster.de\/wp-content\/uploads\/2021\/04\/FDS_AIRSMO_RGB-300x95.png 300w, https:\/\/www.fieger-lamellenfenster.de\/wp-content\/uploads\/2021\/04\/FDS_AIRSMO_RGB.png 751w\" sizes=\"(max-width: 180px) 100vw, 180px\" \/><\/a><\/h3>\n<p><strong>El creativo sin l\u00edmites<br \/>\n<\/strong>Dise\u00f1o y construcci\u00f3n especial en todas sus formas<\/p>\n    <\/div>\n<\/div>\n<!-- \/module text -->                    <\/div>\n                            <\/div>\n                        <div  data-lazy=\"1\" class=\"module_column sub_column col3-1 tb_mbw4145 last\">\n                                                <\/div>\n            \t    <\/div>\n\t<\/div><!-- \/themify_builder_sub_row -->\n\t\t<div  data-lazy=\"1\" class=\"module_subrow themify_builder_sub_row tb_pze0765 tf_w tf_clearfix\">\n\t    \t\t\t<div class=\"subrow_inner col_align_top tb_col_count_3 tf_box tf_w\">\n\t\t            <div  data-lazy=\"1\" class=\"module_column sub_column col3-1 tb_c8fb766 first\">\n                                                        <div class=\"tb-column-inner tf_box tf_w\">\n                        <!-- module image -->\n<div  class=\"module module-image tb_nlim766   image-center tf_mw\" data-lazy=\"1\">\n        <div class=\"image-wrap tf_rel tf_mw\">\n\t\t    <img loading=\"lazy\" decoding=\"async\" src=\"https:\/\/www.fieger-lamellenfenster.de\/wp-content\/uploads\/2021\/04\/FLM_1-358x258-1-358x258.jpg\" width=\"358\" height=\"258\" class=\"wp-post-image wp-image-1414\" title=\"FLM_1-358x258\" alt=\"Fieger FLM Lamellenfenster ohne Profil\" srcset=\"https:\/\/www.fieger-lamellenfenster.de\/wp-content\/uploads\/2021\/04\/FLM_1-358x258-1.jpg 358w, https:\/\/www.fieger-lamellenfenster.de\/wp-content\/uploads\/2021\/04\/FLM_1-358x258-1-300x216.jpg 300w\" sizes=\"(max-width: 358px) 100vw, 358px\" \/>\t\n\t\t<\/div>\n\t<!-- \/image-wrap -->\n    \n    \t<\/div>\n<!-- \/module image --><!-- module text -->\n<div  class=\"module module-text tb_irxe766  repeat  tb_gs345da\" data-lazy=\"1\">\n        <div  class=\"tb_text_wrap\">\n    <h3><a href=\"https:\/\/www.fieger-lamellenfenster.de\/es\/productos\/accionamientos-accesorios-asistencia\/#homeantriebe\"><strong>Accionamientos<\/strong><\/a><\/h3>\n<p><strong><br \/><\/strong><b>\u00bfQu\u00e9 accionamiento se ajusta a\u00a0\u00a0su ventana?<\/b><br \/>el\u00e9ctrico\/manual\/neum\u00e1tico<\/p>\n    <\/div>\n<\/div>\n<!-- \/module text -->                    <\/div>\n                            <\/div>\n                        <div  data-lazy=\"1\" class=\"module_column sub_column col3-1 tb_dyae767\">\n                                                        <div class=\"tb-column-inner tf_box tf_w\">\n                        <!-- module image -->\n<div  class=\"module module-image tb_mdxj767   image-center tf_mw\" data-lazy=\"1\">\n        <div class=\"image-wrap tf_rel tf_mw\">\n\t\t    <img loading=\"lazy\" decoding=\"async\" src=\"https:\/\/www.fieger-lamellenfenster.de\/wp-content\/uploads\/2021\/04\/Landscape_einsatzmoeglichkeiten-358x258-1-358x258.jpg\" width=\"358\" height=\"258\" class=\"wp-post-image wp-image-1419\" title=\"Landscape_einsatzmoeglichkeiten-358x258\" alt=\"Fieger FLL Lamellen kreative Umsetzung f\u00fcr blickdichte L\u00fcftungs- und Entrauchungsregler im Knauf Museum Ipfhofen, Deutschland\" srcset=\"https:\/\/www.fieger-lamellenfenster.de\/wp-content\/uploads\/2021\/04\/Landscape_einsatzmoeglichkeiten-358x258-1.jpg 358w, https:\/\/www.fieger-lamellenfenster.de\/wp-content\/uploads\/2021\/04\/Landscape_einsatzmoeglichkeiten-358x258-1-300x216.jpg 300w\" sizes=\"(max-width: 358px) 100vw, 358px\" \/>\t\n\t\t<\/div>\n\t<!-- \/image-wrap -->\n    \n    \t<\/div>\n<!-- \/module image --><!-- module text -->\n<div  class=\"module module-text tb_7jkt767  repeat  tb_gs345da\" data-lazy=\"1\">\n        <div  class=\"tb_text_wrap\">\n    <h3><a href=\"https:\/\/www.fieger-lamellenfenster.de\/es\/productos\/accionamientos-accesorios-asistencia\/#homezubehoer\"><strong>Accesorios<\/strong><\/a><\/h3>\n<p><strong><br \/><\/strong><b>M\u00e1s seguridad gracias a las ampliaciones<\/b><br \/>Ventilaci\u00f3n\/Seguridad\/Energ\u00eda<\/p>\n    <\/div>\n<\/div>\n<!-- \/module text -->                    <\/div>\n                            <\/div>\n                        <div  data-lazy=\"1\" class=\"module_column sub_column col3-1 tb_h4bh767 last\">\n                                                        <div class=\"tb-column-inner tf_box tf_w\">\n                        <!-- module image -->\n<div  class=\"module module-image tb_wd1g767   image-center tf_mw\" data-lazy=\"1\">\n        <div class=\"image-wrap tf_rel tf_mw\">\n\t\t    <img loading=\"lazy\" decoding=\"async\" src=\"https:\/\/www.fieger-lamellenfenster.de\/wp-content\/uploads\/2021\/04\/FLL-Pruefaufbau-358x258-1-358x258.jpg\" width=\"358\" height=\"258\" class=\"wp-post-image wp-image-1424\" title=\"FLL-Pruefaufbau-358x258\" alt=\"Fieger FLL Lamellen kreative Umsetzung f\u00fcr blickdichte L\u00fcftungs- und Entrauchungsregler im Knauf Museum Ipfhofen, Deutschland\" srcset=\"https:\/\/www.fieger-lamellenfenster.de\/wp-content\/uploads\/2021\/04\/FLL-Pruefaufbau-358x258-1.jpg 358w, https:\/\/www.fieger-lamellenfenster.de\/wp-content\/uploads\/2021\/04\/FLL-Pruefaufbau-358x258-1-300x216.jpg 300w\" sizes=\"(max-width: 358px) 100vw, 358px\" \/>\t\n\t\t<\/div>\n\t<!-- \/image-wrap -->\n    \n    \t<\/div>\n<!-- \/module image --><!-- module text -->\n<div  class=\"module module-text tb_9qgi767  repeat  tb_gs345da\" data-lazy=\"1\">\n        <div  class=\"tb_text_wrap\">\n    <h3><a href=\"https:\/\/www.fieger-lamellenfenster.de\/es\/productos\/accionamientos-accesorios-asistencia\/#homeservice\"><span style=\"color: #292929;\">Soporte<\/span><\/a><\/h3>\n<p><strong><br \/><\/strong><strong>Servicios para facilitar su trabajo<br \/><\/strong>Dise\u00f1o\/Licitaci\u00f3n\/Montaje<\/p>\n    <\/div>\n<\/div>\n<!-- \/module text -->                    <\/div>\n                            <\/div>\n            \t    <\/div>\n\t<\/div><!-- \/themify_builder_sub_row -->\n\t                    <\/div>\n                            <\/div>\n            \t    <\/div>\n\t    <!-- \/row_inner -->\n\t<\/div>\n\t<!-- \/module_row -->\n\t\t\t\t<!-- module_row -->\n\t<div  data-lazy=\"1\" class=\"module_row themify_builder_row tb_jwje49 tf_w tf_clearfix\">\n\t    \t\t\t<div class=\"row_inner col_align_top tb_col_count_1 tf_box tf_rel\">\n\t\t            <div  data-lazy=\"1\" class=\"module_column tb-column col-full tb_pwqn51 first\">\n                                                        <div class=\"tb-column-inner tf_box tf_w\">\n                        \t<div  data-lazy=\"1\" class=\"module_subrow themify_builder_sub_row tb_sazo207 tf_w tf_clearfix\">\n\t    \t\t\t<div class=\"subrow_inner col_align_middle tb_col_count_2 tf_box tf_w\">\n\t\t            <div  data-lazy=\"1\" class=\"module_column sub_column col3-1 tb_e838208 first\">\n                                                <\/div>\n                        <div  data-lazy=\"1\" class=\"module_column sub_column col3-2 tb_aexw209 last\">\n                                                        <div class=\"tb-column-inner tf_box tf_w\">\n                        <!-- module text -->\n<div  class=\"module module-text tb_9aht507   \" data-lazy=\"1\">\n        <div  class=\"tb_text_wrap\">\n    <h3>Nuestra herramienta&nbsp;de construcci\u00f3n: la ventana ideal para su proyecto<\/h3>\n<p>\u00bfQu\u00e9 soluci\u00f3n de FIEGER se adapta mejor a sus necesidades? Con nuestra herramienta de construcci\u00f3n podr\u00e1 calcular r\u00e1pidamente los par\u00e1metros de las ventanas FIEGER.<\/p>    <\/div>\n<\/div>\n<!-- \/module text --><!-- module buttons -->\n<div  class=\"module module-buttons tb_2nwp393 buttons-horizontal solid  squared\" data-lazy=\"1\">\n    \t<div class=\"module-buttons-item tf_inline_b\">\n\t\t\t\t\t\t\t<a href=\"https:\/\/www.fieger-lamellenfenster.de\/es\/calculadora-de-construccion\/\" class=\"ui builder_button red\" >\n\t\t\t\t\t\t\t\t\t\t\t<span class=\"tf_inline_b tf_vmiddle\">HERRAMIENTA DE CONSTRUCCI\u00d3N<\/span>\n\t\t\t\t\t\t\t\t\t\t\t<\/a>\n\t\t\t    \t<\/div>\n    <\/div>\n<!-- \/module buttons -->\n<!-- module text -->\n<div  class=\"module module-text tb_pac4256   \" data-lazy=\"1\">\n        <div  class=\"tb_text_wrap\">\n    <p><strong>O nuestro equipo t\u00e9cnico puede asesorarle directamente:<\/strong><br>info@fieger-lamellenfenster.de <br>+49 6201 84434-0<\/p>    <\/div>\n<\/div>\n<!-- \/module text -->                    <\/div>\n                            <\/div>\n            \t    <\/div>\n\t<\/div><!-- \/themify_builder_sub_row -->\n\t                    <\/div>\n                            <\/div>\n            \t    <\/div>\n\t    <!-- \/row_inner -->\n\t<\/div>\n\t<!-- \/module_row -->\n\t\t\t\t<!-- module_row -->\n\t<div  data-lazy=\"1\" class=\"module_row themify_builder_row tb_nfmh624 tf_w tf_clearfix\">\n\t    \t\t\t<div class=\"row_inner col_align_top tb_col_count_1 tf_box tf_rel\">\n\t\t            <div  data-lazy=\"1\" class=\"module_column tb-column col-full tb_has2625 first\">\n                                                        <div class=\"tb-column-inner tf_box tf_w\">\n                        <!-- module fancy heading -->\n<div  class=\"module module-fancy-heading tb_tdzw805 \" data-lazy=\"1\">\n        <h3 class=\"fancy-heading tf_textc\">\n    <span class=\"main-head tf_block\">\n\t\t\t\t\tProyectos actuales\t\t    <\/span>\n\n\t\n    <span class=\"sub-head tf_block tf_rel\">\n\t\t\t\t\t\u00bfC\u00f3mo ser\u00eda mi fachada con ventanas de lamas FIEGER? Aqu\u00ed est\u00e1n nuestros proyectos preferidos. <br> Sienta la inspiraci\u00f3n y d\u00e9jese convencer por la diversidad de FIEGER. \t\t    <\/span>\n    <\/h3>\n<\/div>\n<!-- \/module fancy heading -->\n<!-- module post -->\n<div  class=\"module module-portfolio tb_bcnq204 \">\n        <div  class=\"builder-posts-wrap loops-wrapper portfolio tf_tiles_more auto_tiles polaroid classic tf_clear tf_clearfix\" data-lazy=\"1\">\n\t<article id=\"portfolio-8016\" class=\"post tf_clearfix portfolio-post cat-115 cat-126 cat-106 post-8016 portfolio type-portfolio status-publish has-post-thumbnail hentry portfolio-category-flm-pg-lg-es portfolio-category-smotec-es portfolio-category-todos-es has-post-title no-post-date has-post-category has-post-tag has-post-comment has-post-author \">\n\t\n\t\n\t\t\t\t<figure class=\"post-image tf_clearfix\">\n\t\t\t    \t\t\t\t\t\t\t\t<a href=\"https:\/\/www.fieger-lamellenfenster.de\/es\/projekt\/chartwell-court\/\">\n\t\t\t\t\t\t\t\t<img loading=\"lazy\" decoding=\"async\" width=\"1500\" height=\"1130\" src=\"https:\/\/www.fieger-lamellenfenster.de\/wp-content\/uploads\/2021\/11\/ChartwellCourtBrighton1500x1130.jpg\" class=\"wp-post-image wp-image-6763\" title=\"ChartwellCourtBrighton1500x1130\" alt=\"Smotec Fieger Lamellenfenster - Chartwell Court Brighton Gro\u00dfbritannien\">\t\t\t\t\t\t\t\t    \t\t\t\t<\/a>\n\t\t\t\t\t\t\t    \t\t\t<\/figure>\n\t\t\t\n\t<div class=\"post-content\">\n\n\t\t\n\t\t\t<div class=\"post-content-inner\">\n\n\t\t\t\t\t\t\n\t\t\t\t\t\t\n\t\t\t\t\t\t<h2 class=\"post-title entry-title\"><a href=\"https:\/\/www.fieger-lamellenfenster.de\/es\/projekt\/chartwell-court\/\">Chartwell Court<\/a><\/h2>\n\t\t\n\t\t\t<div class=\"entry-content\">\n\n        \n\t<\/div><!-- \/.entry-content -->\n\t\n\t\t\n\t\t\t<\/div>\n\t\t\t<!-- \/.post-content-inner -->\n\t\t\n\t<\/div>\n\t<!-- \/.post-content -->\n\t<\/article>\n<!-- \/.post -->\n<article id=\"portfolio-8018\" class=\"post tf_clearfix portfolio-post cat-115 cat-126 cat-106 post-8018 portfolio type-portfolio status-publish has-post-thumbnail hentry portfolio-category-flm-pg-lg-es portfolio-category-smotec-es portfolio-category-todos-es has-post-title no-post-date has-post-category has-post-tag has-post-comment has-post-author \">\n\t\n\t\n\t\t\t\t<figure class=\"post-image tf_clearfix\">\n\t\t\t    \t\t\t\t\t\t\t\t<a href=\"https:\/\/www.fieger-lamellenfenster.de\/es\/projekt\/north-sighthill-regeneration\/\">\n\t\t\t\t\t\t\t\t<img loading=\"lazy\" decoding=\"async\" width=\"1500\" height=\"1130\" src=\"https:\/\/www.fieger-lamellenfenster.de\/wp-content\/uploads\/2021\/11\/NorthSighthillRegenerationEdinburgh_1500x1130.jpg\" class=\"wp-post-image wp-image-6741\" title=\"NorthSighthillRegenerationEdinburgh_1500x1130\" alt=\" North Sighthill Regeneration Edinburgh FIEGER FLM  Lamellenfenster, \u201eDIN EN 12101-2\u201c-zertifizierte NRWG Nat\u00fcrliche Rauch- und W\u00e4rmeabzugsger\u00e4te\" srcset=\"https:\/\/www.fieger-lamellenfenster.de\/wp-content\/uploads\/2021\/11\/NorthSighthillRegenerationEdinburgh_1500x1130.jpg 1500w, https:\/\/www.fieger-lamellenfenster.de\/wp-content\/uploads\/2021\/11\/NorthSighthillRegenerationEdinburgh_1500x1130-300x226.jpg 300w, https:\/\/www.fieger-lamellenfenster.de\/wp-content\/uploads\/2021\/11\/NorthSighthillRegenerationEdinburgh_1500x1130-1024x771.jpg 1024w, https:\/\/www.fieger-lamellenfenster.de\/wp-content\/uploads\/2021\/11\/NorthSighthillRegenerationEdinburgh_1500x1130-768x579.jpg 768w\" sizes=\"(max-width: 1500px) 100vw, 1500px\" \/>\t\t\t\t\t\t\t\t    \t\t\t\t<\/a>\n\t\t\t\t\t\t\t    \t\t\t<\/figure>\n\t\t\t\n\t<div class=\"post-content\">\n\n\t\t\n\t\t\t<div class=\"post-content-inner\">\n\n\t\t\t\t\t\t\n\t\t\t\t\t\t\n\t\t\t\t\t\t<h2 class=\"post-title entry-title\"><a href=\"https:\/\/www.fieger-lamellenfenster.de\/es\/projekt\/north-sighthill-regeneration\/\">North Sighthill Regeneration<\/a><\/h2>\n\t\t\n\t\t\t<div class=\"entry-content\">\n\n        \n\t<\/div><!-- \/.entry-content -->\n\t\n\t\t\n\t\t\t<\/div>\n\t\t\t<!-- \/.post-content-inner -->\n\t\t\n\t<\/div>\n\t<!-- \/.post-content -->\n\t<\/article>\n<!-- \/.post -->\n<article id=\"portfolio-8020\" class=\"post tf_clearfix portfolio-post cat-116 cat-126 cat-106 post-8020 portfolio type-portfolio status-publish has-post-thumbnail hentry portfolio-category-flw-es portfolio-category-smotec-es portfolio-category-todos-es has-post-title no-post-date has-post-category has-post-tag has-post-comment has-post-author \">\n\t\n\t\n\t\t\t\t<figure class=\"post-image tf_clearfix\">\n\t\t\t    \t\t\t\t\t\t\t\t<a href=\"https:\/\/www.fieger-lamellenfenster.de\/es\/projekt\/banbridge-health-care-centre\/\">\n\t\t\t\t\t\t\t\t<img loading=\"lazy\" decoding=\"async\" width=\"1500\" height=\"1130\" src=\"https:\/\/www.fieger-lamellenfenster.de\/wp-content\/uploads\/2021\/06\/Banbridge-Health-and-Care-CentreTitel-2.jpg\" class=\"wp-post-image wp-image-5413\" title=\"Banbridge-Health-and-Care-CentreTitel\" alt=\"Das Banbridge Health and Care Centre in Nord Irland mit FLW 28 airtec Lamellenfenster von Fieger ist Gewinner des RIBA National Award 2016 \" srcset=\"https:\/\/www.fieger-lamellenfenster.de\/wp-content\/uploads\/2021\/06\/Banbridge-Health-and-Care-CentreTitel-2.jpg 1500w, https:\/\/www.fieger-lamellenfenster.de\/wp-content\/uploads\/2021\/06\/Banbridge-Health-and-Care-CentreTitel-2-300x226.jpg 300w, https:\/\/www.fieger-lamellenfenster.de\/wp-content\/uploads\/2021\/06\/Banbridge-Health-and-Care-CentreTitel-2-1024x771.jpg 1024w, https:\/\/www.fieger-lamellenfenster.de\/wp-content\/uploads\/2021\/06\/Banbridge-Health-and-Care-CentreTitel-2-768x579.jpg 768w\" sizes=\"(max-width: 1500px) 100vw, 1500px\" \/>\t\t\t\t\t\t\t\t    \t\t\t\t<\/a>\n\t\t\t\t\t\t\t    \t\t\t<\/figure>\n\t\t\t\n\t<div class=\"post-content\">\n\n\t\t\n\t\t\t<div class=\"post-content-inner\">\n\n\t\t\t\t\t\t\n\t\t\t\t\t\t\n\t\t\t\t\t\t<h2 class=\"post-title entry-title\"><a href=\"https:\/\/www.fieger-lamellenfenster.de\/es\/projekt\/banbridge-health-care-centre\/\">Banbridge Health &#038; Care Centre<\/a><\/h2>\n\t\t\n\t\t\t<div class=\"entry-content\">\n\n        \n\t<\/div><!-- \/.entry-content -->\n\t\n\t\t\n\t\t\t<\/div>\n\t\t\t<!-- \/.post-content-inner -->\n\t\t\n\t<\/div>\n\t<!-- \/.post-content -->\n\t<\/article>\n<!-- \/.post -->\n<article id=\"portfolio-8022\" class=\"post tf_clearfix portfolio-post cat-116 cat-126 cat-106 post-8022 portfolio type-portfolio status-publish has-post-thumbnail hentry portfolio-category-flw-es portfolio-category-smotec-es portfolio-category-todos-es has-post-title no-post-date has-post-category has-post-tag has-post-comment has-post-author \">\n\t\n\t\n\t\t\t\t<figure class=\"post-image tf_clearfix\">\n\t\t\t    \t\t\t\t\t\t\t\t<a href=\"https:\/\/www.fieger-lamellenfenster.de\/es\/projekt\/boroughmuir-high-school\/\">\n\t\t\t\t\t\t\t\t<img loading=\"lazy\" decoding=\"async\" width=\"1027\" height=\"685\" src=\"https:\/\/www.fieger-lamellenfenster.de\/wp-content\/uploads\/2021\/06\/Boroughmuir-High-School_titel.jpg\" class=\"wp-post-image wp-image-5350\" title=\"Boroughmuir-High-School_titel\" alt=\"Boroughmuir High School Edinburgh mit Fieger Lamellenfester FLW 28 die L\u00f6sung f\u00fcr nat\u00fcrliche Be und Entl\u00fcftung Airtec \" srcset=\"https:\/\/www.fieger-lamellenfenster.de\/wp-content\/uploads\/2021\/06\/Boroughmuir-High-School_titel.jpg 1027w, https:\/\/www.fieger-lamellenfenster.de\/wp-content\/uploads\/2021\/06\/Boroughmuir-High-School_titel-300x200.jpg 300w, https:\/\/www.fieger-lamellenfenster.de\/wp-content\/uploads\/2021\/06\/Boroughmuir-High-School_titel-1024x683.jpg 1024w, https:\/\/www.fieger-lamellenfenster.de\/wp-content\/uploads\/2021\/06\/Boroughmuir-High-School_titel-768x512.jpg 768w\" sizes=\"(max-width: 1027px) 100vw, 1027px\" \/>\t\t\t\t\t\t\t\t    \t\t\t\t<\/a>\n\t\t\t\t\t\t\t    \t\t\t<\/figure>\n\t\t\t\n\t<div class=\"post-content\">\n\n\t\t\n\t\t\t<div class=\"post-content-inner\">\n\n\t\t\t\t\t\t\n\t\t\t\t\t\t\n\t\t\t\t\t\t<h2 class=\"post-title entry-title\"><a href=\"https:\/\/www.fieger-lamellenfenster.de\/es\/projekt\/boroughmuir-high-school\/\">Boroughmuir High School<\/a><\/h2>\n\t\t\n\t\t\t<div class=\"entry-content\">\n\n        \n\t<\/div><!-- \/.entry-content -->\n\t\n\t\t\n\t\t\t<\/div>\n\t\t\t<!-- \/.post-content-inner -->\n\t\t\n\t<\/div>\n\t<!-- \/.post-content -->\n\t<\/article>\n<!-- \/.post -->\n<\/div><!-- .builder-posts-wrap -->\n    <\/div>\n    <!-- \/module post -->\n<!-- module buttons -->\n<div  class=\"module module-buttons tb_i8vn505 buttons-horizontal solid  squared\" data-lazy=\"1\">\n    \t<div class=\"module-buttons-item tf_inline_b\">\n\t\t\t\t\t\t\t<a href=\"https:\/\/www.fieger-lamellenfenster.de\/es\/proyectos\/\" class=\"ui builder_button red\" >\n\t\t\t\t\t\t\t\t\t\t\t<span class=\"tf_inline_b tf_vmiddle\">M\u00e1s proyectos<\/span>\n\t\t\t\t\t\t\t\t\t\t\t<\/a>\n\t\t\t    \t<\/div>\n    <\/div>\n<!-- \/module buttons -->\n                    <\/div>\n                            <\/div>\n            \t    <\/div>\n\t    <!-- \/row_inner -->\n\t<\/div>\n\t<!-- \/module_row -->\n\t\t\t\t<!-- module_row -->\n\t<div  data-lazy=\"1\" class=\"module_row themify_builder_row tb_vgmd88 tf_w tf_clearfix\">\n\t    \t\t\t<div class=\"row_inner col_align_top tb_col_count_1 tf_box tf_rel\">\n\t\t            <div  data-lazy=\"1\" class=\"module_column tb-column col-full tb_dtch89 first\">\n                                                        <div class=\"tb-column-inner tf_box tf_w\">\n                        <!-- module fancy heading -->\n<div  class=\"module module-fancy-heading tb_vf90672 \" data-lazy=\"1\">\n        <h3 class=\"fancy-heading tf_textc\">\n    <span class=\"main-head tf_block\">\n\t\t\t\t\tNoticias\t\t    <\/span>\n\n\t\n    <span class=\"sub-head tf_block tf_rel\">\n\t\t\t\t\t\t\t    <\/span>\n    <\/h3>\n<\/div>\n<!-- \/module fancy heading -->\n<!-- module post -->\n<div  class=\"module module-post tb_4fs4682 \">\n        <div  class=\"builder-posts-wrap loops-wrapper grid3 masonry boxed tf_rel tf_clear tf_clearfix\" data-lazy=\"1\">\n\t<article id=\"post-7980\" class=\"post tf_clearfix post-7980 type-post status-publish format-standard has-post-thumbnail hentry category-sin-categorizar category-todos-es has-post-title has-post-date has-post-category has-post-tag has-post-comment has-post-author \">\n\t    \n\t\t\t\t<figure class=\"post-image tf_clearfix\">\n\t\t\t    \t\t\t\t\t\t\t\t<a href=\"https:\/\/www.fieger-lamellenfenster.de\/es\/smart-natural-ventilation-the-sustainable-solution\/\">\n\t\t\t\t\t\t\t\t<img loading=\"lazy\" decoding=\"async\" src=\"https:\/\/www.fieger-lamellenfenster.de\/wp-content\/uploads\/2019\/10\/newsFriedrich-List-Schule-Lueftung-1024x771-360x220.jpg\" width=\"360\" height=\"220\" class=\"wp-post-image wp-image-5265\" title=\"newsFriedrich-List-Schule-Lueftung\" alt=\"Friedrich List Schule L\u00fcftungskonzept\">\t\t\t\t\t\t\t\t    \t\t\t\t<\/a>\n\t\t\t\t\t\t\t    \t\t\t<\/figure>\n\t\t\t\t<div class=\"post-content\">\n\t\t<div class=\"post-content-inner\">\n\n\t\t\t\t\t\t\t\t<div class=\"post-date-wrap post-date-inline\">\n\t\t<time class=\"post-date entry-date updated\" datetime=\"2021-12-15\">\n\t\t\t\t\t<span class=\"year\">15 diciembre, 2021<\/span>\n\t\t\t\t<\/time>\n\t<\/div><!-- .post-date-wrap -->\n\t\t\t\t\n\t\t\t<h2 class=\"post-title entry-title\"><a href=\"https:\/\/www.fieger-lamellenfenster.de\/es\/smart-natural-ventilation-the-sustainable-solution\/\">Smart Natural Ventilation &#8211; The Sustainable Solution<\/a><\/h2>\n\t\t\t\n\t\t\t\n\t\t\t\t<div class=\"entry-content\">\n\n        \n\t\t<p>Sustainable and energy-efficient building-construction with FIEGER [&hellip;]<\/p>\n\n\t\t\n\t\t    <p><a href=\"https:\/\/www.fieger-lamellenfenster.de\/es\/smart-natural-ventilation-the-sustainable-solution\/\" class=\"more-link\">weiterlesen<\/a><\/p>\n\n\t\t\n\t    \n\t<\/div><!-- \/.entry-content -->\n\t\n\t\t<\/div>\n\t\t<!-- \/.post-content-inner -->\n\t<\/div>\n\t<!-- \/.post-content -->\n\t\n<\/article>\n<!-- \/.post -->\n<\/div><!-- .builder-posts-wrap -->\n    <\/div>\n    <!-- \/module post -->\n                    <\/div>\n                            <\/div>\n            \t    <\/div>\n\t    <!-- \/row_inner -->\n\t<\/div>\n\t<!-- \/module_row -->\n\t<\/div>\n<!--\/themify_builder_content-->","protected":false},"excerpt":{"rendered":"<p>La elecci\u00f3n de planificadores y profesionales:la ventana de lamas FIEGER Tanto en la ultramoderna M\u00e9diath\u00e8que de Pontivy de los arquitectos Opus 5 como en la escuela Geschwister-Scholl-Schule en Bensheim: las ventanas de lamas FIEGER suponen la soluci\u00f3n perfecta para fachadas en cuestiones de dise\u00f1o, luminosidad, extracci\u00f3n de humos, regular el aire interior, climatizaci\u00f3n natural y [&hellip;]<\/p>\n","protected":false},"author":18,"featured_media":0,"parent":0,"menu_order":0,"comment_status":"closed","ping_status":"closed","template":"","meta":{"footnotes":""},"_links":{"self":[{"href":"https:\/\/www.fieger-lamellenfenster.de\/es\/wp-json\/wp\/v2\/pages\/5705"}],"collection":[{"href":"https:\/\/www.fieger-lamellenfenster.de\/es\/wp-json\/wp\/v2\/pages"}],"about":[{"href":"https:\/\/www.fieger-lamellenfenster.de\/es\/wp-json\/wp\/v2\/types\/page"}],"author":[{"embeddable":true,"href":"https:\/\/www.fieger-lamellenfenster.de\/es\/wp-json\/wp\/v2\/users\/18"}],"replies":[{"embeddable":true,"href":"https:\/\/www.fieger-lamellenfenster.de\/es\/wp-json\/wp\/v2\/comments?post=5705"}],"version-history":[{"count":70,"href":"https:\/\/www.fieger-lamellenfenster.de\/es\/wp-json\/wp\/v2\/pages\/5705\/revisions"}],"predecessor-version":[{"id":11507,"href":"https:\/\/www.fieger-lamellenfenster.de\/es\/wp-json\/wp\/v2\/pages\/5705\/revisions\/11507"}],"wp:attachment":[{"href":"https:\/\/www.fieger-lamellenfenster.de\/es\/wp-json\/wp\/v2\/media?parent=5705"}],"curies":[{"name":"wp","href":"https:\/\/api.w.org\/{rel}","templated":true}]}}